{"id":40308,"date":"2022-01-15T21:29:36","date_gmt":"2022-01-15T20:29:36","guid":{"rendered":"https:\/startseite-2\/"},"modified":"2026-03-30T09:44:42","modified_gmt":"2026-03-30T07:44:42","slug":"startseite-2","status":"publish","type":"page","link":"https:\/\/www.lift-mtb.com\/de\/","title":{"rendered":"Startseite"},"content":{"rendered":"<p><div class=\"fusion-fullwidth fullwidth-box fusion-builder-row-1 fusion-flex-container hundred-percent-fullwidth non-hundred-percent-height-scrolling\" style=\"--awb-border-radius-top-left:0px;--awb-border-radius-top-right:0px;--awb-border-radius-bottom-right:0px;--awb-border-radius-bottom-left:0px;--awb-background-color:var(--awb-color8);--awb-flex-wrap:wrap;\" ><div class=\"fusion-builder-row fusion-row fusion-flex-align-items-flex-start fusion-flex-content-wrap\" style=\"width:104% !important;max-width:104% !important;margin-left: calc(-4% \/ 2 );margin-right: calc(-4% \/ 2 );\"><div class=\"fusion-layout-column fusion_builder_column fusion-builder-column-0 fusion_builder_column_1_1 1_1 fusion-flex-column\" style=\"--awb-bg-size:cover;--awb-width-large:100%;--awb-margin-top-large:20px;--awb-spacing-right-large:1.92%;--awb-margin-bottom-large:0px;--awb-spacing-left-large:1.92%;--awb-width-medium:100%;--awb-order-medium:0;--awb-spacing-right-medium:1.92%;--awb-spacing-left-medium:1.92%;--awb-width-small:100%;--awb-order-small:0;--awb-margin-top-small:20px;--awb-spacing-right-small:1.92%;--awb-margin-bottom-small:0px;--awb-spacing-left-small:1.92%;\"><div class=\"fusion-column-wrapper fusion-column-has-shadow fusion-flex-justify-content-flex-start fusion-content-layout-column\"><div class=\"fusion-title title fusion-title-1 fusion-title-center fusion-title-text fusion-title-size-one\" style=\"--awb-margin-bottom:0px;\"><div class=\"title-sep-container title-sep-container-left\"><div class=\"title-sep sep- sep-solid\" style=\"border-color:#e2e2e2;\"><\/div><\/div><span class=\"awb-title-spacer\"><\/span><h1 class=\"fusion-title-heading title-heading-center fusion-responsive-typography-calculated\" style=\"margin:0;--fontSize:48;line-height:1.14;\"><div class=\"j4064rt mgz-element mgz-element-row mgz-hidden-md mgz-hidden-sm mgz-hidden-xs full_width_row mgz-row-equal-height content-middle\">\n<div class=\"mgz-element-inner j4064rt-s\">\n<div class=\"inner-content mgz-container\">\n<div class=\"n05i8vd mgz-element mgz-element-column mgz-col-xs-12\">\n<div class=\"mgz-element-inner n05i8vd-s\">\n<div class=\"lyy335n mgz-element mgz-child mgz-element-text\">\n<div class=\"mgz-element-inner lyy335n-s\">\n<p style=\"text-align: center;\"><span style=\"color: #ffffff;\"><b>Kit Motor<\/b><b> Tretlager f\u00fcr Fahrr\u00e4der.<\/b><\/span><\/p>\n<p style=\"text-align: center;\"><span style=\"color: #ffffff;\">R\u00fcsten Sie IHR Fahrrad <b>schnell<\/b> auf Elektroantrieb um.<\/span><\/p>\n<\/div>\n<\/div>\n<\/div>\n<\/div>\n<\/div>\n<\/div>\n<\/div><\/h1><span class=\"awb-title-spacer\"><\/span><div class=\"title-sep-container title-sep-container-right\"><div class=\"title-sep sep- sep-solid\" style=\"border-color:#e2e2e2;\"><\/div><\/div><\/div><\/div><\/div><\/div><\/div><div class=\"fusion-fullwidth fullwidth-box fusion-builder-row-2 fusion-flex-container nonhundred-percent-fullwidth non-hundred-percent-height-scrolling fusion-no-medium-visibility fusion-no-large-visibility\" style=\"--awb-border-radius-top-left:0px;--awb-border-radius-top-right:0px;--awb-border-radius-bottom-right:0px;--awb-border-radius-bottom-left:0px;--awb-padding-top-small:0px;--awb-padding-right-small:0px;--awb-padding-bottom-small:0px;--awb-padding-left-small:0px;--awb-margin-top-small:0px;--awb-margin-bottom-small:0px;--awb-flex-wrap:wrap;\" ><div class=\"fusion-builder-row fusion-row fusion-flex-align-items-flex-start fusion-flex-content-wrap\" style=\"max-width:1430px;margin-left: calc(-4% \/ 2 );margin-right: calc(-4% \/ 2 );\"><div class=\"fusion-layout-column fusion_builder_column fusion-builder-column-1 fusion_builder_column_1_1 1_1 fusion-flex-column fusion-column-inner-bg-wrapper\" style=\"--awb-padding-bottom-small:0px;--awb-inner-bg-size:cover;--awb-width-large:100%;--awb-margin-top-large:0px;--awb-spacing-right-large:1.92%;--awb-margin-bottom-large:0px;--awb-spacing-left-large:1.92%;--awb-width-medium:100%;--awb-order-medium:0;--awb-spacing-right-medium:1.92%;--awb-spacing-left-medium:1.92%;--awb-width-small:100%;--awb-order-small:0;--awb-spacing-right-small:1.92%;--awb-spacing-left-small:1.92%;\"><span class=\"fusion-column-inner-bg hover-type-zoomin\"><span class=\"fusion-column-anchor\"><span class=\"fusion-column-inner-bg-image\"><\/span><\/span><\/span><div class=\"fusion-column-wrapper fusion-column-has-shadow fusion-flex-justify-content-flex-start fusion-content-layout-column\"><div class=\"fusion-image-carousel fusion-image-carousel-auto fusion-image-carousel-1 fusion-no-medium-visibility fusion-no-large-visibility fusion-carousel-border\"><div class=\"awb-carousel awb-swiper awb-swiper-carousel awb-carousel--carousel awb-swiper-dots-position-bottom\" data-layout=\"carousel\" data-autoplay=\"yes\" data-autoplayspeed=\"4500\" data-autoplaypause=\"no\" data-columns=\"1\" data-columnsmedium=\"1\" data-columnssmall=\"1\" data-itemmargin=\"11\" data-itemwidth=\"180\" data-touchscroll=\"drag\" data-freemode=\"no\" data-imagesize=\"auto\" data-scrollitems=\"0\" data-centeredslides=\"no\" data-rotationangle=\"50\" data-depth=\"100\" data-speed=\"500\" data-shadow=\"no\" data-pagination=\"bullets\" style=\"--awb-columns:1;--awb-column-spacing:11px;--awb-border-width:1px;--awb-border-color:#e9eaee;--awb-dots-align:center;\"><div class=\"swiper-wrapper awb-image-carousel-wrapper fusion-flex-align-items-center\"><div class=\"swiper-slide\"><div class=\"fusion-carousel-item-wrapper\"><div class=\"fusion-image-wrapper hover-type-none\"><img decoding=\"async\" width=\"2560\" height=\"1440\" src=\"https:\/\/www.lift-mtb.com\/wp-content\/uploads\/2025\/05\/lift-mtb-made-in-kit-scaled.jpg\" class=\"attachment-full size-full\" alt=\"\" srcset=\"https:\/\/www.lift-mtb.com\/wp-content\/uploads\/2025\/05\/lift-mtb-made-in-kit-200x113.jpg 200w, https:\/\/www.lift-mtb.com\/wp-content\/uploads\/2025\/05\/lift-mtb-made-in-kit-300x169.jpg 300w, https:\/\/www.lift-mtb.com\/wp-content\/uploads\/2025\/05\/lift-mtb-made-in-kit-400x225.jpg 400w, https:\/\/www.lift-mtb.com\/wp-content\/uploads\/2025\/05\/lift-mtb-made-in-kit-500x281.jpg 500w, https:\/\/www.lift-mtb.com\/wp-content\/uploads\/2025\/05\/lift-mtb-made-in-kit-600x338.jpg 600w, https:\/\/www.lift-mtb.com\/wp-content\/uploads\/2025\/05\/lift-mtb-made-in-kit-700x394.jpg 700w, https:\/\/www.lift-mtb.com\/wp-content\/uploads\/2025\/05\/lift-mtb-made-in-kit-768x432.jpg 768w, https:\/\/www.lift-mtb.com\/wp-content\/uploads\/2025\/05\/lift-mtb-made-in-kit-800x450.jpg 800w, https:\/\/www.lift-mtb.com\/wp-content\/uploads\/2025\/05\/lift-mtb-made-in-kit-1024x576.jpg 1024w, https:\/\/www.lift-mtb.com\/wp-content\/uploads\/2025\/05\/lift-mtb-made-in-kit-1200x675.jpg 1200w, https:\/\/www.lift-mtb.com\/wp-content\/uploads\/2025\/05\/lift-mtb-made-in-kit-1536x864.jpg 1536w, https:\/\/www.lift-mtb.com\/wp-content\/uploads\/2025\/05\/lift-mtb-made-in-kit-scaled.jpg 2560w\" sizes=\"(max-width: 2560px) 100vw, 2560px\" \/><\/div><\/div><\/div><div class=\"swiper-slide\"><div class=\"fusion-carousel-item-wrapper\"><div class=\"fusion-image-wrapper hover-type-none\"><img decoding=\"async\" width=\"3840\" height=\"2160\" src=\"https:\/\/www.lift-mtb.com\/wp-content\/uploads\/2022\/05\/change-your-bike-into-ebike169.png\" class=\"attachment-full size-full\" alt=\"e-bike Umbausatz\" srcset=\"https:\/\/www.lift-mtb.com\/wp-content\/uploads\/2022\/05\/change-your-bike-into-ebike169-200x113.png 200w, https:\/\/www.lift-mtb.com\/wp-content\/uploads\/2022\/05\/change-your-bike-into-ebike169-300x169.png 300w, https:\/\/www.lift-mtb.com\/wp-content\/uploads\/2022\/05\/change-your-bike-into-ebike169-400x225.png 400w, https:\/\/www.lift-mtb.com\/wp-content\/uploads\/2022\/05\/change-your-bike-into-ebike169-500x281.png 500w, https:\/\/www.lift-mtb.com\/wp-content\/uploads\/2022\/05\/change-your-bike-into-ebike169-533x300.png 533w, https:\/\/www.lift-mtb.com\/wp-content\/uploads\/2022\/05\/change-your-bike-into-ebike169-600x338.png 600w, https:\/\/www.lift-mtb.com\/wp-content\/uploads\/2022\/05\/change-your-bike-into-ebike169-700x394.png 700w, https:\/\/www.lift-mtb.com\/wp-content\/uploads\/2022\/05\/change-your-bike-into-ebike169-768x432.png 768w, https:\/\/www.lift-mtb.com\/wp-content\/uploads\/2022\/05\/change-your-bike-into-ebike169-800x450.png 800w, https:\/\/www.lift-mtb.com\/wp-content\/uploads\/2022\/05\/change-your-bike-into-ebike169-1024x576.png 1024w, https:\/\/www.lift-mtb.com\/wp-content\/uploads\/2022\/05\/change-your-bike-into-ebike169-1200x675.png 1200w, https:\/\/www.lift-mtb.com\/wp-content\/uploads\/2022\/05\/change-your-bike-into-ebike169-1536x864.png 1536w, https:\/\/www.lift-mtb.com\/wp-content\/uploads\/2022\/05\/change-your-bike-into-ebike169.png 3840w\" sizes=\"(max-width: 3840px) 100vw, 3840px\" \/><\/div><\/div><\/div><div class=\"swiper-slide\"><div class=\"fusion-carousel-item-wrapper\"><div class=\"fusion-image-wrapper hover-type-none\"><img decoding=\"async\" width=\"2560\" height=\"1440\" src=\"https:\/\/www.lift-mtb.com\/wp-content\/uploads\/2025\/05\/coloree-marketing-plan-presentation-scaled.jpg\" class=\"attachment-full size-full\" alt=\"\" srcset=\"https:\/\/www.lift-mtb.com\/wp-content\/uploads\/2025\/05\/coloree-marketing-plan-presentation-200x113.jpg 200w, https:\/\/www.lift-mtb.com\/wp-content\/uploads\/2025\/05\/coloree-marketing-plan-presentation-300x169.jpg 300w, https:\/\/www.lift-mtb.com\/wp-content\/uploads\/2025\/05\/coloree-marketing-plan-presentation-400x225.jpg 400w, https:\/\/www.lift-mtb.com\/wp-content\/uploads\/2025\/05\/coloree-marketing-plan-presentation-500x281.jpg 500w, https:\/\/www.lift-mtb.com\/wp-content\/uploads\/2025\/05\/coloree-marketing-plan-presentation-600x338.jpg 600w, https:\/\/www.lift-mtb.com\/wp-content\/uploads\/2025\/05\/coloree-marketing-plan-presentation-700x394.jpg 700w, https:\/\/www.lift-mtb.com\/wp-content\/uploads\/2025\/05\/coloree-marketing-plan-presentation-768x432.jpg 768w, https:\/\/www.lift-mtb.com\/wp-content\/uploads\/2025\/05\/coloree-marketing-plan-presentation-800x450.jpg 800w, https:\/\/www.lift-mtb.com\/wp-content\/uploads\/2025\/05\/coloree-marketing-plan-presentation-1024x576.jpg 1024w, https:\/\/www.lift-mtb.com\/wp-content\/uploads\/2025\/05\/coloree-marketing-plan-presentation-1200x675.jpg 1200w, https:\/\/www.lift-mtb.com\/wp-content\/uploads\/2025\/05\/coloree-marketing-plan-presentation-1536x864.jpg 1536w, https:\/\/www.lift-mtb.com\/wp-content\/uploads\/2025\/05\/coloree-marketing-plan-presentation-scaled.jpg 2560w\" sizes=\"(max-width: 2560px) 100vw, 2560px\" \/><\/div><\/div><\/div><div class=\"swiper-slide\"><div class=\"fusion-carousel-item-wrapper\"><div class=\"fusion-image-wrapper hover-type-none\"><img decoding=\"async\" width=\"2200\" height=\"1238\" src=\"https:\/\/www.lift-mtb.com\/wp-content\/uploads\/2022\/05\/lift-mtb-electric-motor-kit-1-scaled.jpg\" class=\"attachment-full size-full\" alt=\"\u00e9clairage puissant vtt\" srcset=\"https:\/\/www.lift-mtb.com\/wp-content\/uploads\/2022\/05\/lift-mtb-electric-motor-kit-1-200x113.jpg 200w, https:\/\/www.lift-mtb.com\/wp-content\/uploads\/2022\/05\/lift-mtb-electric-motor-kit-1-300x169.jpg 300w, https:\/\/www.lift-mtb.com\/wp-content\/uploads\/2022\/05\/lift-mtb-electric-motor-kit-1-400x225.jpg 400w, https:\/\/www.lift-mtb.com\/wp-content\/uploads\/2022\/05\/lift-mtb-electric-motor-kit-1-500x281.jpg 500w, https:\/\/www.lift-mtb.com\/wp-content\/uploads\/2022\/05\/lift-mtb-electric-motor-kit-1-533x300.jpg 533w, https:\/\/www.lift-mtb.com\/wp-content\/uploads\/2022\/05\/lift-mtb-electric-motor-kit-1-600x338.jpg 600w, https:\/\/www.lift-mtb.com\/wp-content\/uploads\/2022\/05\/lift-mtb-electric-motor-kit-1-700x394.jpg 700w, https:\/\/www.lift-mtb.com\/wp-content\/uploads\/2022\/05\/lift-mtb-electric-motor-kit-1-768x432.jpg 768w, https:\/\/www.lift-mtb.com\/wp-content\/uploads\/2022\/05\/lift-mtb-electric-motor-kit-1-800x450.jpg 800w, https:\/\/www.lift-mtb.com\/wp-content\/uploads\/2022\/05\/lift-mtb-electric-motor-kit-1-1024x576.jpg 1024w, https:\/\/www.lift-mtb.com\/wp-content\/uploads\/2022\/05\/lift-mtb-electric-motor-kit-1-1200x675.jpg 1200w, https:\/\/www.lift-mtb.com\/wp-content\/uploads\/2022\/05\/lift-mtb-electric-motor-kit-1-1536x864.jpg 1536w, https:\/\/www.lift-mtb.com\/wp-content\/uploads\/2022\/05\/lift-mtb-electric-motor-kit-1-scaled.jpg 2200w\" sizes=\"(max-width: 2200px) 100vw, 2200px\" \/><\/div><\/div><\/div><div class=\"swiper-slide\"><div class=\"fusion-carousel-item-wrapper\"><div class=\"fusion-image-wrapper hover-type-none\"><img decoding=\"async\" width=\"1920\" height=\"1080\" src=\"https:\/\/www.lift-mtb.com\/wp-content\/uploads\/2022\/05\/whip-ebike-169.jpg\" class=\"attachment-full size-full\" alt=\"whip ebike\" srcset=\"https:\/\/www.lift-mtb.com\/wp-content\/uploads\/2022\/05\/whip-ebike-169-200x113.jpg 200w, https:\/\/www.lift-mtb.com\/wp-content\/uploads\/2022\/05\/whip-ebike-169-300x169.jpg 300w, https:\/\/www.lift-mtb.com\/wp-content\/uploads\/2022\/05\/whip-ebike-169-400x225.jpg 400w, https:\/\/www.lift-mtb.com\/wp-content\/uploads\/2022\/05\/whip-ebike-169-500x281.jpg 500w, https:\/\/www.lift-mtb.com\/wp-content\/uploads\/2022\/05\/whip-ebike-169-533x300.jpg 533w, https:\/\/www.lift-mtb.com\/wp-content\/uploads\/2022\/05\/whip-ebike-169-600x338.jpg 600w, https:\/\/www.lift-mtb.com\/wp-content\/uploads\/2022\/05\/whip-ebike-169-700x394.jpg 700w, https:\/\/www.lift-mtb.com\/wp-content\/uploads\/2022\/05\/whip-ebike-169-768x432.jpg 768w, https:\/\/www.lift-mtb.com\/wp-content\/uploads\/2022\/05\/whip-ebike-169-800x450.jpg 800w, https:\/\/www.lift-mtb.com\/wp-content\/uploads\/2022\/05\/whip-ebike-169-1024x576.jpg 1024w, https:\/\/www.lift-mtb.com\/wp-content\/uploads\/2022\/05\/whip-ebike-169-1200x675.jpg 1200w, https:\/\/www.lift-mtb.com\/wp-content\/uploads\/2022\/05\/whip-ebike-169-1536x864.jpg 1536w, https:\/\/www.lift-mtb.com\/wp-content\/uploads\/2022\/05\/whip-ebike-169.jpg 1920w\" sizes=\"(max-width: 1920px) 100vw, 1920px\" \/><\/div><\/div><\/div><div class=\"swiper-slide\"><div class=\"fusion-carousel-item-wrapper\"><div class=\"fusion-image-wrapper hover-type-none\"><img decoding=\"async\" width=\"3840\" height=\"2160\" src=\"https:\/\/www.lift-mtb.com\/wp-content\/uploads\/2022\/08\/girly-e-bike2-1.png\" class=\"attachment-full size-full\" alt=\"action VTT lift\" srcset=\"https:\/\/www.lift-mtb.com\/wp-content\/uploads\/2022\/08\/girly-e-bike2-1-200x113.png 200w, https:\/\/www.lift-mtb.com\/wp-content\/uploads\/2022\/08\/girly-e-bike2-1-300x169.png 300w, https:\/\/www.lift-mtb.com\/wp-content\/uploads\/2022\/08\/girly-e-bike2-1-400x225.png 400w, https:\/\/www.lift-mtb.com\/wp-content\/uploads\/2022\/08\/girly-e-bike2-1-500x281.png 500w, https:\/\/www.lift-mtb.com\/wp-content\/uploads\/2022\/08\/girly-e-bike2-1-600x338.png 600w, https:\/\/www.lift-mtb.com\/wp-content\/uploads\/2022\/08\/girly-e-bike2-1-700x394.png 700w, https:\/\/www.lift-mtb.com\/wp-content\/uploads\/2022\/08\/girly-e-bike2-1-768x432.png 768w, https:\/\/www.lift-mtb.com\/wp-content\/uploads\/2022\/08\/girly-e-bike2-1-800x450.png 800w, https:\/\/www.lift-mtb.com\/wp-content\/uploads\/2022\/08\/girly-e-bike2-1-1024x576.png 1024w, https:\/\/www.lift-mtb.com\/wp-content\/uploads\/2022\/08\/girly-e-bike2-1-1200x675.png 1200w, https:\/\/www.lift-mtb.com\/wp-content\/uploads\/2022\/08\/girly-e-bike2-1-1536x864.png 1536w, https:\/\/www.lift-mtb.com\/wp-content\/uploads\/2022\/08\/girly-e-bike2-1.png 3840w\" sizes=\"(max-width: 3840px) 100vw, 3840px\" \/><\/div><\/div><\/div><\/div><div class=\"awb-swiper-button awb-swiper-button-prev\"><i class=\"awb-icon-angle-left\" aria-hidden=\"true\"><\/i><\/div><div class=\"awb-swiper-button awb-swiper-button-next\"><i class=\"awb-icon-angle-right\" aria-hidden=\"true\"><\/i><\/div><\/div><\/div><\/div><\/div><\/div><\/div><div class=\"fusion-fullwidth fullwidth-box fusion-builder-row-3 fusion-flex-container nonhundred-percent-fullwidth non-hundred-percent-height-scrolling fusion-no-small-visibility\" style=\"--awb-border-radius-top-left:0px;--awb-border-radius-top-right:0px;--awb-border-radius-bottom-right:0px;--awb-border-radius-bottom-left:0px;--awb-flex-wrap:wrap;\" ><div class=\"fusion-builder-row fusion-row fusion-flex-align-items-flex-start fusion-flex-content-wrap\" style=\"max-width:1430px;margin-left: calc(-4% \/ 2 );margin-right: calc(-4% \/ 2 );\"><div class=\"fusion-layout-column fusion_builder_column fusion-builder-column-2 fusion_builder_column_1_1 1_1 fusion-flex-column\" style=\"--awb-bg-size:cover;--awb-width-large:100%;--awb-margin-top-large:0px;--awb-spacing-right-large:1.92%;--awb-margin-bottom-large:20px;--awb-spacing-left-large:1.92%;--awb-width-medium:100%;--awb-order-medium:0;--awb-spacing-right-medium:1.92%;--awb-spacing-left-medium:1.92%;--awb-width-small:100%;--awb-order-small:0;--awb-spacing-right-small:1.92%;--awb-spacing-left-small:1.92%;\"><div class=\"fusion-column-wrapper fusion-column-has-shadow fusion-flex-justify-content-flex-start fusion-content-layout-column\"><div class=\"fusion-image-carousel fusion-image-carousel-auto fusion-image-carousel-2 fusion-no-small-visibility fusion-carousel-border\"><div class=\"awb-carousel awb-swiper awb-swiper-carousel awb-carousel--carousel awb-swiper-dots-position-bottom\" data-layout=\"carousel\" data-autoplay=\"yes\" data-autoplayspeed=\"4500\" data-autoplaypause=\"no\" data-columns=\"2\" data-columnsmedium=\"1\" data-columnssmall=\"1\" data-itemmargin=\"11\" data-itemwidth=\"180\" data-touchscroll=\"drag\" data-freemode=\"no\" data-imagesize=\"auto\" data-scrollitems=\"0\" data-centeredslides=\"no\" data-rotationangle=\"50\" data-depth=\"100\" data-speed=\"500\" data-shadow=\"no\" data-pagination=\"bullets\" style=\"--awb-columns:2;--awb-column-spacing:11px;--awb-border-width:1px;--awb-border-color:#e9eaee;--awb-dots-align:center;\"><div class=\"swiper-wrapper awb-image-carousel-wrapper fusion-flex-align-items-center\"><div class=\"swiper-slide\"><div class=\"fusion-carousel-item-wrapper\"><div class=\"fusion-image-wrapper hover-type-none\"><img decoding=\"async\" width=\"2560\" height=\"1440\" src=\"https:\/\/www.lift-mtb.com\/wp-content\/uploads\/2025\/05\/lift-mtb-made-in-kit-scaled.jpg\" class=\"attachment-full size-full\" alt=\"\" srcset=\"https:\/\/www.lift-mtb.com\/wp-content\/uploads\/2025\/05\/lift-mtb-made-in-kit-200x113.jpg 200w, https:\/\/www.lift-mtb.com\/wp-content\/uploads\/2025\/05\/lift-mtb-made-in-kit-400x225.jpg 400w, https:\/\/www.lift-mtb.com\/wp-content\/uploads\/2025\/05\/lift-mtb-made-in-kit-600x338.jpg 600w, https:\/\/www.lift-mtb.com\/wp-content\/uploads\/2025\/05\/lift-mtb-made-in-kit-800x450.jpg 800w, https:\/\/www.lift-mtb.com\/wp-content\/uploads\/2025\/05\/lift-mtb-made-in-kit-1200x675.jpg 1200w, https:\/\/www.lift-mtb.com\/wp-content\/uploads\/2025\/05\/lift-mtb-made-in-kit-scaled.jpg 2560w\" sizes=\"(min-width: 2200px) 100vw, (min-width: 732px) 682px, (min-width: 640px) 732px, \" \/><\/div><\/div><\/div><div class=\"swiper-slide\"><div class=\"fusion-carousel-item-wrapper\"><div class=\"fusion-image-wrapper hover-type-none\"><img decoding=\"async\" width=\"1920\" height=\"1080\" src=\"https:\/\/www.lift-mtb.com\/wp-content\/uploads\/2022\/05\/whip-ebike-169.jpg\" class=\"attachment-full size-full\" alt=\"whip ebike\" srcset=\"https:\/\/www.lift-mtb.com\/wp-content\/uploads\/2022\/05\/whip-ebike-169-200x113.jpg 200w, https:\/\/www.lift-mtb.com\/wp-content\/uploads\/2022\/05\/whip-ebike-169-400x225.jpg 400w, https:\/\/www.lift-mtb.com\/wp-content\/uploads\/2022\/05\/whip-ebike-169-600x338.jpg 600w, https:\/\/www.lift-mtb.com\/wp-content\/uploads\/2022\/05\/whip-ebike-169-800x450.jpg 800w, https:\/\/www.lift-mtb.com\/wp-content\/uploads\/2022\/05\/whip-ebike-169-1200x675.jpg 1200w, https:\/\/www.lift-mtb.com\/wp-content\/uploads\/2022\/05\/whip-ebike-169.jpg 1920w\" sizes=\"(min-width: 2200px) 100vw, (min-width: 732px) 682px, (min-width: 640px) 732px, \" \/><\/div><\/div><\/div><div class=\"swiper-slide\"><div class=\"fusion-carousel-item-wrapper\"><div class=\"fusion-image-wrapper hover-type-none\"><img decoding=\"async\" width=\"2560\" height=\"1440\" src=\"https:\/\/www.lift-mtb.com\/wp-content\/uploads\/2025\/05\/coloree-marketing-plan-presentation-scaled.jpg\" class=\"attachment-full size-full\" alt=\"\" srcset=\"https:\/\/www.lift-mtb.com\/wp-content\/uploads\/2025\/05\/coloree-marketing-plan-presentation-200x113.jpg 200w, https:\/\/www.lift-mtb.com\/wp-content\/uploads\/2025\/05\/coloree-marketing-plan-presentation-400x225.jpg 400w, https:\/\/www.lift-mtb.com\/wp-content\/uploads\/2025\/05\/coloree-marketing-plan-presentation-600x338.jpg 600w, https:\/\/www.lift-mtb.com\/wp-content\/uploads\/2025\/05\/coloree-marketing-plan-presentation-800x450.jpg 800w, https:\/\/www.lift-mtb.com\/wp-content\/uploads\/2025\/05\/coloree-marketing-plan-presentation-1200x675.jpg 1200w, https:\/\/www.lift-mtb.com\/wp-content\/uploads\/2025\/05\/coloree-marketing-plan-presentation-scaled.jpg 2560w\" sizes=\"(min-width: 2200px) 100vw, (min-width: 732px) 682px, (min-width: 640px) 732px, \" \/><\/div><\/div><\/div><div class=\"swiper-slide\"><div class=\"fusion-carousel-item-wrapper\"><div class=\"fusion-image-wrapper hover-type-none\"><img decoding=\"async\" width=\"3840\" height=\"2160\" src=\"https:\/\/www.lift-mtb.com\/wp-content\/uploads\/2022\/05\/change-your-bike-into-ebike169.png\" class=\"attachment-full size-full\" alt=\"e-bike Umbausatz\" srcset=\"https:\/\/www.lift-mtb.com\/wp-content\/uploads\/2022\/05\/change-your-bike-into-ebike169-200x113.png 200w, https:\/\/www.lift-mtb.com\/wp-content\/uploads\/2022\/05\/change-your-bike-into-ebike169-400x225.png 400w, https:\/\/www.lift-mtb.com\/wp-content\/uploads\/2022\/05\/change-your-bike-into-ebike169-600x338.png 600w, https:\/\/www.lift-mtb.com\/wp-content\/uploads\/2022\/05\/change-your-bike-into-ebike169-800x450.png 800w, https:\/\/www.lift-mtb.com\/wp-content\/uploads\/2022\/05\/change-your-bike-into-ebike169-1200x675.png 1200w, https:\/\/www.lift-mtb.com\/wp-content\/uploads\/2022\/05\/change-your-bike-into-ebike169.png 3840w\" sizes=\"(min-width: 2200px) 100vw, (min-width: 732px) 682px, (min-width: 640px) 732px, \" \/><\/div><\/div><\/div><div class=\"swiper-slide\"><div class=\"fusion-carousel-item-wrapper\"><div class=\"fusion-image-wrapper hover-type-none\"><img decoding=\"async\" width=\"3840\" height=\"2160\" src=\"https:\/\/www.lift-mtb.com\/wp-content\/uploads\/2022\/08\/girly-e-bike2-1.png\" class=\"attachment-full size-full\" alt=\"action VTT lift\" srcset=\"https:\/\/www.lift-mtb.com\/wp-content\/uploads\/2022\/08\/girly-e-bike2-1-200x113.png 200w, https:\/\/www.lift-mtb.com\/wp-content\/uploads\/2022\/08\/girly-e-bike2-1-400x225.png 400w, https:\/\/www.lift-mtb.com\/wp-content\/uploads\/2022\/08\/girly-e-bike2-1-600x338.png 600w, https:\/\/www.lift-mtb.com\/wp-content\/uploads\/2022\/08\/girly-e-bike2-1-800x450.png 800w, https:\/\/www.lift-mtb.com\/wp-content\/uploads\/2022\/08\/girly-e-bike2-1-1200x675.png 1200w, https:\/\/www.lift-mtb.com\/wp-content\/uploads\/2022\/08\/girly-e-bike2-1.png 3840w\" sizes=\"(min-width: 2200px) 100vw, (min-width: 732px) 682px, (min-width: 640px) 732px, \" \/><\/div><\/div><\/div><div class=\"swiper-slide\"><div class=\"fusion-carousel-item-wrapper\"><div class=\"fusion-image-wrapper hover-type-none\"><img decoding=\"async\" width=\"2200\" height=\"1238\" src=\"https:\/\/www.lift-mtb.com\/wp-content\/uploads\/2022\/05\/lift-mtb-electric-motor-kit-1-scaled.jpg\" class=\"attachment-full size-full\" alt=\"\u00e9clairage puissant vtt\" srcset=\"https:\/\/www.lift-mtb.com\/wp-content\/uploads\/2022\/05\/lift-mtb-electric-motor-kit-1-200x113.jpg 200w, https:\/\/www.lift-mtb.com\/wp-content\/uploads\/2022\/05\/lift-mtb-electric-motor-kit-1-400x225.jpg 400w, https:\/\/www.lift-mtb.com\/wp-content\/uploads\/2022\/05\/lift-mtb-electric-motor-kit-1-600x338.jpg 600w, https:\/\/www.lift-mtb.com\/wp-content\/uploads\/2022\/05\/lift-mtb-electric-motor-kit-1-800x450.jpg 800w, https:\/\/www.lift-mtb.com\/wp-content\/uploads\/2022\/05\/lift-mtb-electric-motor-kit-1-1200x675.jpg 1200w, https:\/\/www.lift-mtb.com\/wp-content\/uploads\/2022\/05\/lift-mtb-electric-motor-kit-1-scaled.jpg 2200w\" sizes=\"(min-width: 2200px) 100vw, (min-width: 732px) 682px, (min-width: 640px) 732px, \" \/><\/div><\/div><\/div><\/div><div class=\"awb-swiper-button awb-swiper-button-prev\"><i class=\"awb-icon-angle-left\" aria-hidden=\"true\"><\/i><\/div><div class=\"awb-swiper-button awb-swiper-button-next\"><i class=\"awb-icon-angle-right\" aria-hidden=\"true\"><\/i><\/div><\/div><\/div><\/div><\/div><\/div><\/div><div class=\"fusion-fullwidth fullwidth-box fusion-builder-row-4 fusion-flex-container has-pattern-background has-mask-background nonhundred-percent-fullwidth non-hundred-percent-height-scrolling\" style=\"--awb-border-radius-top-left:0px;--awb-border-radius-top-right:0px;--awb-border-radius-bottom-right:0px;--awb-border-radius-bottom-left:0px;--awb-padding-right:0px;--awb-padding-left:0px;--awb-flex-wrap:wrap;\" ><div class=\"fusion-builder-row fusion-row fusion-flex-align-items-flex-start fusion-flex-content-wrap\" style=\"max-width:1430px;margin-left: calc(-4% \/ 2 );margin-right: calc(-4% \/ 2 );\"><div class=\"fusion-layout-column fusion_builder_column fusion-builder-column-3 fusion_builder_column_1_1 1_1 fusion-flex-column\" style=\"--awb-bg-color:var(--awb-color1);--awb-bg-color-hover:var(--awb-color1);--awb-bg-size:cover;--awb-width-large:100%;--awb-margin-top-large:0px;--awb-spacing-right-large:1.92%;--awb-margin-bottom-large:0px;--awb-spacing-left-large:1.92%;--awb-width-medium:100%;--awb-order-medium:0;--awb-spacing-right-medium:1.92%;--awb-spacing-left-medium:1.92%;--awb-width-small:100%;--awb-order-small:0;--awb-spacing-right-small:1.92%;--awb-spacing-left-small:1.92%;\"><div class=\"fusion-column-wrapper fusion-column-has-shadow fusion-flex-justify-content-center fusion-content-layout-column\"><div class=\"fusion-separator fusion-full-width-sep\" style=\"align-self: center;margin-left: auto;margin-right: auto;margin-top:20px;width:100%;\"><\/div><div class=\"fusion-text fusion-text-1\" style=\"--awb-text-transform:none;--awb-margin-right:10px;--awb-margin-left:10px;\"><div id=\"lfb_bootstraped\" class=\"lfb_bootstraped notranslate\"><div id=\"lfb_form\" data-usevisual=\"0\" data-progressbar=\"0\" data-qttype=\"0\" data-imgtitlesstyle=\"\" data-emaillaststep=\"0\"       data-formtitle=\"Configuration V4 - Allemand\" data-formsession=\"69edb2da47868\" data-autoclick=\"0\"  data-subs=\"\" data-form=\"23\" class=\"lfb_bootstraped  \" data-stylefields=\"\" data-animspeed=\"0.3\" data-sumstepsclick=\"0\" data-sumhidesteps=\"0\">\r\n                <div id=\"lfb_loader\"><div class=\"lfb_spinner\"><div class=\"double-bounce1\"><\/div><div class=\"double-bounce2\"><\/div><\/div><\/div><div id=\"lfb_passModal\" class=\"modal\" data-backdrop=\"\"><div class=\"modal-dialog\"><div class=\"modal-content\"><div class=\"modal-header\"><span class=\"fas fa-lock\"><\/span><span>Senden Sie mir mein Passwort<\/span><a href=\"javascript:\" class=\"close\" data-bs-dismiss=\"modal\" aria-label=\"Close\"><span class=\"fas fa-times\"><\/span><\/a><\/div> <div class=\"modal-body p-0\">Ihr Passwort wurde per E-Mail gesendet<\/div><div class=\"modal-footer\"><a href=\"javascript:\"  data-bs-dismiss=\"modal\" class=\"btn btn-primary btn-circle\"><span class=\"fas fa-check\"><\/span><\/a><\/div><\/div><\/div><\/div><div id=\"lfb_stripeModal\" class=\"modal\" data-backdrop=\"\"><div class=\"modal-dialog\"><div class=\"modal-content\"><div class=\"modal-header\"><span class=\"fab fa-cc-stripe\"><\/span><span>eine Zahlung vornehmen<\/span><a href=\"javascript:\" class=\"close\" data-bs-dismiss=\"modal\" aria-label=\"Close\"><span class=\"fas fa-times\"><\/span><\/a><\/div> <div class=\"modal-body p-0\"><div data-panel=\"form\" class=\"p-2\"><div class=\"lfb_amountTextContainer\" class=\"p-2 mb-3 \"><div class=\"m-0 lfb_amountText text-center pb-2\">Insgesamt zu zahlen :<br\/> <strong data-info=\"amount\">$5<\/strong><\/div><\/div><form method=\"post\" id=\"lfb_stripePaymentForm\" class=\"pl-4 pr-4 pt-3\" ><div class=\"row\"><div class=\"form-group col-md-6\"><div id=\"lfb_stripe_card-element\" class=\"form-control\"><\/div><\/div><div class=\"form-group col-md-3\"><div id=\"lfb_stripe_expiration-element\" class=\"form-control\"><\/div><\/div><div class=\"form-group col-md-3\"><div id=\"lfb_stripe_cvc-element\" class=\"form-control\"><\/div><\/div><div id=\"lfb_stripe_card-error\" class=\" col-md-12\"><\/div><div class=\"form-group col-md-12\"><input placeholder=\"Name des Karteninhabers\" name=\"ownerName\" class=\"form-control\" type=\"text\"\/><\/div><\/div><\/form><div class=\"text-center lfb_stripeLogoContainer\"><img decoding=\"async\" class=\"lfb_stripeLogo\" src=\"https:\/\/www.lift-mtb.com\/wp-content\/plugins\/WP_Estimation_Form\/assets\/img\/powered_by_stripe@2x.png\" alt=\"Powered by Stripe\" \/><\/div><\/div><div data-panel=\"loading\"><div class=\" text-center\"><span class=\"fas fa-hourglass-half big\"><\/span><\/div><\/div><div data-panel=\"fail\"><div class=\"text-center\"><p><span class=\"fas fa-times big\"><\/span><\/p><div>Fehler bei der Zahlung<\/div><div data-info=\"error\" class=\"text-center\"><\/div><\/div><\/div><\/div><div class=\"modal-footer\"><a href=\"javascript:\" data-action=\"pay\"  class=\"btn btn-primary\"><span class=\"fas fa-check\"><\/span>Jetzt bezahlen<\/a><\/div><\/div><\/div><\/div><a id=\"lfb_close_btn\" href=\"javascript:\"><span class=\"fas fa-times\"><\/span><\/a>\r\n                <div id=\"lfb_panel\">\r\n                <div class=\"container-fluid\">\r\n                    <div class=\"row\">\r\n                        <div class=\"\" ><div id=\"startInfos\" class=\"\"><h1 id=\"lfb_mainFormTitle\">Konfigurator LIFT-MTB<\/h1>\r\n                        <p>Konfigurieren Sie das passende Motorpaket!<\/p>\r\n                            <\/div><p class=\"lfb_startBtnContainer \">\r\n                                <a href=\"javascript:\"  class=\"btn btn-large btn-primary\" id=\"lfb_btnStart\"><span class=\"fa fa-thumbs-up\"><\/span>Starten Sie die Konfiguration <\/a>\r\n                            <\/p> <div id=\"genPrice\" class=\"genPrice \">\r\n                                <div class=\"progress\">\r\n                                    <div class=\"progress-bar\">\r\n                                        <div class=\"progress-bar-price \">\r\n                                            <span>0$<\/span>\r\n                                            \r\n                                        <\/div>\r\n                                    <\/div>\r\n\r\n                                <\/div>\r\n                            <\/div>\r\n                            <!-- \/genPrice --><h2 id=\"finalText\" class=\"lfb_stepTitle\">Vielen Dank f\u00fcr Ihre Konfiguration, wir werden Ihren Warenkorb anzeigen<\/h2>\r\n                        <\/div>\r\n                        <!-- \/col -->\r\n                    <\/div>\r\n                    <!-- \/row -->\r\n                <div id=\"lfb_mainPanel\" class=\"palette-clouds\" data-savecart=\"1\"> <input type=\"hidden\" name=\"action\" value=\"lfb_upload_form\"\/>\r\n                <input type=\"hidden\" id=\"lfb_formSession\" name=\"formSession\" value=\"69edb2da47868\"\/><div class=\"lfb_genSlide\" data-start=\"0\"    data-showstepsum=\"1\" data-stepid=\"232\" data-title=\"Motorposition - Rahmen oder Intern?\" data-required=\"true\" data-dependitem=\"0\">\t<h2 class=\"lfb_stepTitle\">Motorposition - Rahmen oder Intern?<\/h2>\t<div class=\"lfb_genContent container lfb_noDes\" >\t\t<div class=\"row lfb_row  lfb_sortable\"><div class=\"lfb_itemBloc lfb_richtext  col-md-2  lfb_item lfb_itemContainer_1764  \"   data-id=\"1764\" data-itemtype=\"richtext\" data-itemid=\"1764\" data-title=\"Contenu personnalis\u00e9\"    ><div class=\"lfb_richTextContent\"><div style=\"text-align: center; \"><span style=\"font-size: 18px;\">Wir bieten zwei Versionen der Motorplatine (unter Rahmen oder intern) an, die Sie je nach Rahmengeometrie ausw\u00e4hlen k\u00f6nnen.<\/span><\/div><\/div><\/div><div class=\"lfb_itemBloc col-md-2  lfb_item lfb_itemContainer_1762   lfb_picRow\"  data-id=\"1762\" data-itemtype=\"imageButton\"><div class=\"lfb_imageButtonContainer\"><div class=\"lfb_imageButtonHeader\">Motor unter Rahmen<\/div><img decoding=\"async\"  class=\"lfb_imageButtonImg .jpg\" src=\"http:\/\/lift-mtb.com\/wp-content\/uploads\/2022\/10\/moteur-sous-cadre-2-1-sur-1-scaled-e1665492174186.jpg\" data-bs-placement=\"bottom\" title=\"Motor unter Rahmen\" data-originaltitle=\"Motor unter Rahmen\"  data-originallabel=\"Motor unter Rahmen\"   alt=\"\" \/><div class=\"lfb_imageButtonDescription\"><\/div><a       data-urlvariable=\"1\" data-sentattribute=\"price\" data-variablename=\"\" class=\"lfb_button lfb_imageButton btn btn-primary btn-wide \" data-callnextstep=\"1\"                  data-showprice=\"1\"  data-showinsummary=\"true\" data-woovar=\"0\" data-eddvar=\"0\" data-operation=\"\" data-itemid=\"1762\"  data-group=\"interne_or_sous cadre\"  data-prodid=\"29443\" data-title=\"Motor unter Rahmen\"  title=\"Motor unter Rahmen\"  data-originallabel=\"Motor unter Rahmen\"  data-originaltitle=\"Motor unter Rahmen\"  data-price=\"624.166\" data-addtototal=\"0\"><span class=\"lfb_buttonTitle\">ausw\u00e4hlen<\/span><\/a><\/div><\/div><div class=\"lfb_itemBloc col-md-2  lfb_item lfb_itemContainer_1765   lfb_picRow\"  data-id=\"1765\" data-itemtype=\"imageButton\"><div class=\"lfb_imageButtonContainer\"><div class=\"lfb_imageButtonHeader\">Innenmotor<\/div><img decoding=\"async\"  class=\"lfb_imageButtonImg .jpg\" src=\"http:\/\/lift-mtb.com\/wp-content\/uploads\/2022\/10\/interne-2-1-sur-1-scaled-e1665492228442.jpg\" data-bs-placement=\"bottom\" title=\"Innenmotor\" data-originaltitle=\"Innenmotor\"  data-originallabel=\"Innenmotor\"   alt=\"\" \/><div class=\"lfb_imageButtonDescription\"><\/div><a       data-urlvariable=\"1\" data-sentattribute=\"price\" data-variablename=\"\" class=\"lfb_button lfb_imageButton btn btn-primary btn-wide \" data-callnextstep=\"1\"                  data-showprice=\"1\"  data-showinsummary=\"true\" data-woovar=\"0\" data-eddvar=\"0\" data-operation=\"\" data-itemid=\"1765\"  data-group=\"interne_or_sous cadre\"  data-prodid=\"10447\" data-title=\"Innenmotor\"  title=\"Innenmotor\"  data-originallabel=\"Innenmotor\"  data-originaltitle=\"Innenmotor\"  data-price=\"624.166\" data-addtototal=\"0\"><span class=\"lfb_buttonTitle\">ausw\u00e4hlen<\/span><\/a><\/div><\/div> <\/div> <\/div><div class=\"lfb_errorMsg alert alert-danger\">Sie m\u00fcssen ein Element ausw\u00e4hlen, um fortzufahren<\/div><div class=\"text-center lfb_btnNextContainer\"><a href=\"javascript:\" id=\"lfb_btnNext_232\" class=\"btn btn-wide btn-primary lfb_btn-next \"><span class=\"fa fa-check\"><\/span>Als n\u00e4chstes<\/a><br\/><div class=\"lfb_linkPreviousCt\"><a href=\"javascript:\"  class=\"linkPrevious\"><span class=\"fa fa-arrow-left me-2\"><\/span>Vorheriger Schritt<\/a><\/div><\/div><\/div><div class=\"lfb_genSlide\" data-start=\"0\"    data-showstepsum=\"1\" data-stepid=\"233\" data-title=\"Adapter zur Befestigung des Motors am Rahmen\" data-required=\"true\" data-dependitem=\"0\">\t<h2 class=\"lfb_stepTitle\">Adapter zur Befestigung des Motors am Rahmen<\/h2>\t<div class=\"lfb_genContent container lfb_noDes\" >\t\t<div class=\"row lfb_row  lfb_sortable\"><div class=\"lfb_itemBloc col-md-2  lfb_item lfb_itemContainer_1771   lfb_picRow\"  data-id=\"1771\" data-itemtype=\"imageButton\"><div class=\"lfb_imageButtonContainer\"><div class=\"lfb_imageButtonHeader\">TYP C Adapter f\u00fcr BB30 Tretlager PRESS<\/div><img decoding=\"async\"  class=\"lfb_imageButtonImg .jpg\" src=\"http:\/\/lift-mtb.com\/wp-content\/uploads\/2022\/08\/adaptateur-bb30-46mm-web-1-300x199.jpg\" data-bs-placement=\"bottom\" title=\"TYP C Adapter f\u00fcr BB30 Tretlager PRESS\" data-originaltitle=\"TYP C Adapter f\u00fcr BB30 Tretlager PRESS\"  data-originallabel=\"TYP C Adapter f\u00fcr BB30 Tretlager PRESS\"   alt=\"\" \/><div class=\"lfb_imageButtonDescription\">Adapter f\u00fcr Rahmen BB30\/ K\u00fcvette in den Rahmen Innendurchmesser 42mm gedr\u00fcckt.<\/div><a       data-urlvariable=\"1\" data-sentattribute=\"price\" data-variablename=\"\" class=\"lfb_button lfb_imageButton btn btn-primary btn-wide \" data-callnextstep=\"1\"                  data-showprice=\"1\"  data-showinsummary=\"true\" data-woovar=\"8535\" data-eddvar=\"0\" data-operation=\"\" data-itemid=\"1771\"    data-prodid=\"8527\" data-title=\"TYP C Adapter f\u00fcr BB30 Tretlager PRESS\"  title=\"TYP C Adapter f\u00fcr BB30 Tretlager PRESS\"  data-originallabel=\"TYP C Adapter f\u00fcr BB30 Tretlager PRESS\"  data-originaltitle=\"TYP C Adapter f\u00fcr BB30 Tretlager PRESS\"  data-price=\"66.666\" data-addtototal=\"0\"><span class=\"lfb_buttonTitle\">ausw\u00e4hlen<\/span><\/a><\/div><\/div><div class=\"lfb_itemBloc col-md-2  lfb_item lfb_itemContainer_1772   lfb_picRow\"  data-id=\"1772\" data-itemtype=\"imageButton\"><div class=\"lfb_imageButtonContainer\"><div class=\"lfb_imageButtonHeader\">Adaptateur TYPE D pour boitier de p\u00e9dalier BB92 PRESS\u00c9<\/div><img decoding=\"async\"  class=\"lfb_imageButtonImg .jpg\" src=\"http:\/\/lift-mtb.com\/wp-content\/uploads\/2022\/08\/adaptateur-bb92-41mm-web-3-300x199.jpg\" data-bs-placement=\"bottom\" title=\"Adaptateur TYPE D pour boitier de p\u00e9dalier BB92 PRESS\u00c9\" data-originaltitle=\"Adaptateur TYPE D pour boitier de p\u00e9dalier BB92 PRESS\u00c9\"  data-originallabel=\"Adaptateur TYPE D pour boitier de p\u00e9dalier BB92 PRESS\u00c9\"   alt=\"\" \/><div class=\"lfb_imageButtonDescription\">Adaptateur pour cadre BB92 \/ cuvette press\u00e9e dans le cadre diam\u00e8tre int\u00e9rieur du cadre 41mm<\/div><a       data-urlvariable=\"1\" data-sentattribute=\"price\" data-variablename=\"\" class=\"lfb_button lfb_imageButton btn btn-primary btn-wide \" data-callnextstep=\"1\"                  data-showprice=\"1\"  data-showinsummary=\"true\" data-woovar=\"8571\" data-eddvar=\"0\" data-operation=\"\" data-itemid=\"1772\"    data-prodid=\"8547\" data-title=\"Adaptateur TYPE D pour boitier de p\u00e9dalier BB92 PRESS\u00c9\"  title=\"Adaptateur TYPE D pour boitier de p\u00e9dalier BB92 PRESS\u00c9\"  data-originallabel=\"Adaptateur TYPE D pour boitier de p\u00e9dalier BB92 PRESS\u00c9\"  data-originaltitle=\"Adaptateur TYPE D pour boitier de p\u00e9dalier BB92 PRESS\u00c9\"  data-price=\"82.5\" data-addtototal=\"0\"><span class=\"lfb_buttonTitle\">S\u00e9lectionner<\/span><\/a><\/div><\/div><div class=\"lfb_itemBloc lfb_richtext  col-md-2  lfb_item lfb_itemContainer_1774  \"   data-id=\"1774\" data-itemtype=\"richtext\" data-itemid=\"1774\" data-title=\"Contenu personnalis\u00e9\"    ><div class=\"lfb_richTextContent\"><span style=\"font-size: 18px;\">Das LIFT-MTB-System wird an den 3 ISCG-Pads um das Tretlagergeh\u00e4use Ihres Fahrrads befestigt.<\/span><br><br><br><span style=\"font-size: 18px;\">Wenn Ihr Rahmen keinen Adapter hat, w\u00e4hlen Sie einfach einen Motoradapter, der mit dem Standard Ihres Tretlagergeh\u00e4uses unten kompatibel ist.<\/span><p style=\"margin-bottom: 0px; font-family: Arial, &quot;Helvetica Neue&quot;, Helvetica, sans-serif, websafe; font-size: 18px;\"><span style=\"font-size: 18px;\">&nbsp;<\/span><\/p><\/div><\/div><div class=\"lfb_itemBloc col-md-2  lfb_item lfb_itemContainer_1775   lfb_picRow\"  data-id=\"1775\" data-itemtype=\"imageButton\"><div class=\"lfb_imageButtonContainer\"><div class=\"lfb_imageButtonHeader\">TYP A Adapter f\u00fcr BSA Innenlager mit Gewinde<\/div><img decoding=\"async\"  class=\"lfb_imageButtonImg .jpg\" src=\"http:\/\/lift-mtb.com\/wp-content\/uploads\/2022\/08\/adaptateur-bsa-web-1-300x199.jpg\" data-bs-placement=\"bottom\" title=\"TYP A Adapter f\u00fcr BSA Innenlager mit Gewinde\" data-originaltitle=\"TYP A Adapter f\u00fcr BSA Innenlager mit Gewinde\"  data-originallabel=\"TYP A Adapter f\u00fcr BSA Innenlager mit Gewinde\"   alt=\"\" \/><div class=\"lfb_imageButtonDescription\">Gewinderahmenadapter f\u00fcr ein verschraubtes Tretlagergeh\u00e4use Typ BSA\/ Befestigung zwischen Rahmen und Geh\u00e4use. <br><\/div><a       data-urlvariable=\"1\" data-sentattribute=\"price\" data-variablename=\"\" class=\"lfb_button lfb_imageButton btn btn-primary btn-wide \" data-callnextstep=\"1\"                  data-showprice=\"1\"  data-showinsummary=\"true\" data-woovar=\"0\" data-eddvar=\"0\" data-operation=\"\" data-itemid=\"1775\"    data-prodid=\"8480\" data-title=\"TYP A Adapter f\u00fcr BSA Innenlager mit Gewinde\"  title=\"TYP A Adapter f\u00fcr BSA Innenlager mit Gewinde\"  data-originallabel=\"TYP A Adapter f\u00fcr BSA Innenlager mit Gewinde\"  data-originaltitle=\"TYP A Adapter f\u00fcr BSA Innenlager mit Gewinde\"  data-price=\"25\" data-addtototal=\"0\"><span class=\"lfb_buttonTitle\">ausw\u00e4hlen<\/span><\/a><\/div><\/div><div class=\"lfb_itemBloc col-md-2  lfb_item lfb_itemContainer_1776   lfb_picRow\"  data-id=\"1776\" data-itemtype=\"imageButton\"><div class=\"lfb_imageButtonContainer\"><div class=\"lfb_imageButtonHeader\">TYPE B Adapter f\u00fcr Tretlagergeh\u00e4use PF 30 GEDR\u00dcCKT<\/div><img decoding=\"async\"  class=\"lfb_imageButtonImg .jpg\" src=\"http:\/\/lift-mtb.com\/wp-content\/uploads\/2022\/08\/adaptateur-pf30-42mm-web-1-300x199.jpg\" data-bs-placement=\"bottom\" title=\"TYPE B Adapter f\u00fcr Tretlagergeh\u00e4use PF 30 GEDR\u00dcCKT\" data-originaltitle=\"TYPE B Adapter f\u00fcr Tretlagergeh\u00e4use PF 30 GEDR\u00dcCKT\"  data-originallabel=\"TYPE B Adapter f\u00fcr Tretlagergeh\u00e4use PF 30 GEDR\u00dcCKT\"   alt=\"\" \/><div class=\"lfb_imageButtonDescription\">Adapter f\u00fcr Rahmen PF30\/ K\u00fcvette gepresst in den Rahmen Innendurchmesser 46mm.<\/div><a       data-urlvariable=\"1\" data-sentattribute=\"price\" data-variablename=\"\" class=\"lfb_button lfb_imageButton btn btn-primary btn-wide \" data-callnextstep=\"1\"                  data-showprice=\"1\"  data-showinsummary=\"true\" data-woovar=\"8523\" data-eddvar=\"0\" data-operation=\"\" data-itemid=\"1776\"    data-prodid=\"8497\" data-title=\"TYPE B Adapter f\u00fcr Tretlagergeh\u00e4use PF 30 GEDR\u00dcCKT\"  title=\"TYPE B Adapter f\u00fcr Tretlagergeh\u00e4use PF 30 GEDR\u00dcCKT\"  data-originallabel=\"TYPE B Adapter f\u00fcr Tretlagergeh\u00e4use PF 30 GEDR\u00dcCKT\"  data-originaltitle=\"TYPE B Adapter f\u00fcr Tretlagergeh\u00e4use PF 30 GEDR\u00dcCKT\"  data-price=\"66.666\" data-addtototal=\"0\"><span class=\"lfb_buttonTitle\">ausw\u00e4hlen<\/span><\/a><\/div><\/div><div class=\"lfb_itemBloc col-md-12  lfb_item lfb_itemContainer_1766  \"  data-id=\"1766\" data-itemtype=\"layeredImage\"><div class=\"clearfix\"><\/div><div  class=\" lfb_layeredImage\" data-itemid=\"1766\" data-title=\"Layered Image\"   ><img decoding=\"async\" src=\"http:\/\/lift-mtb.com\/wp-content\/uploads\/2022\/08\/bsa-mesure.png\" class=\"lfb_baseLayer\"  alt=\"Layered Image\" \/><\/div><div class=\"clearfix\"><\/div><\/div><div class=\"lfb_itemBloc col-md-12  lfb_item lfb_itemContainer_1767  \"  data-id=\"1767\" data-itemtype=\"layeredImage\"><div class=\"clearfix\"><\/div><div  class=\" lfb_layeredImage\" data-itemid=\"1767\" data-title=\"Layered Image\"   ><img decoding=\"async\" src=\"http:\/\/lift-mtb.com\/wp-content\/uploads\/2022\/08\/bb30-mesures-1.jpg\" class=\"lfb_baseLayer\"  alt=\"Layered Image\" \/><\/div><div class=\"clearfix\"><\/div><\/div><div class=\"lfb_itemBloc col-md-12  lfb_item lfb_itemContainer_1768  \"  data-id=\"1768\" data-itemtype=\"layeredImage\"><div class=\"clearfix\"><\/div><div  class=\" lfb_layeredImage\" data-itemid=\"1768\" data-title=\"Layered Image\"   ><img decoding=\"async\" src=\"http:\/\/lift-mtb.com\/wp-content\/uploads\/2022\/08\/pf-30-mesures.jpg\" class=\"lfb_baseLayer\"  alt=\"Layered Image\" \/><\/div><div class=\"clearfix\"><\/div><\/div><div class=\"lfb_itemBloc col-md-12  lfb_item lfb_itemContainer_1770  \"  data-id=\"1770\" data-itemtype=\"layeredImage\"><div class=\"clearfix\"><\/div><div  class=\" lfb_layeredImage\" data-itemid=\"1770\" data-title=\"Layered Image\"   ><img decoding=\"async\" src=\"http:\/\/lift-mtb.com\/wp-content\/uploads\/2022\/08\/bb92-mesures.jpg\" class=\"lfb_baseLayer\"  alt=\"Layered Image\" \/><\/div><div class=\"clearfix\"><\/div><\/div><div class=\"lfb_itemBloc col-md-2  lfb_item lfb_itemContainer_1777   lfb_picRow\"  data-id=\"1777\" data-itemtype=\"imageButton\"><div class=\"lfb_imageButtonContainer\"><div class=\"lfb_imageButtonHeader\">Mein Rahmen verf\u00fcgt bereits \u00fcber ISCG-Befestigungsstifte<\/div><img decoding=\"async\"  class=\"lfb_imageButtonImg .jpg\" src=\"http:\/\/lift-mtb.com\/wp-content\/uploads\/2016\/01\/iscg-tabs-1-sur-1.jpg\" data-bs-placement=\"bottom\" title=\"Mein Rahmen verf\u00fcgt bereits \u00fcber ISCG-Befestigungsstifte\" data-originaltitle=\"Mein Rahmen verf\u00fcgt bereits \u00fcber ISCG-Befestigungsstifte\"  data-originallabel=\"Mein Rahmen verf\u00fcgt bereits \u00fcber ISCG-Befestigungsstifte\"   alt=\"ISCG 05\" \/><div class=\"lfb_imageButtonDescription\">Ohne Adapter.<\/div><a       data-urlvariable=\"1\" data-sentattribute=\"price\" data-variablename=\"\" class=\"lfb_button lfb_imageButton btn btn-primary btn-wide \" data-callnextstep=\"1\"        data-hideqtsum=\"true\"            data-showinsummary=\"true\" data-woovar=\"0\" data-eddvar=\"0\" data-operation=\"\" data-itemid=\"1777\"    data-prodid=\"0\" data-title=\"Mein Rahmen verf\u00fcgt bereits \u00fcber ISCG-Befestigungsstifte\"  title=\"Mein Rahmen verf\u00fcgt bereits \u00fcber ISCG-Befestigungsstifte\"  data-originallabel=\"Mein Rahmen verf\u00fcgt bereits \u00fcber ISCG-Befestigungsstifte\"  data-originaltitle=\"Mein Rahmen verf\u00fcgt bereits \u00fcber ISCG-Befestigungsstifte\"  data-price=\"0\" data-addtototal=\"0\"><span class=\"lfb_buttonTitle\">ausw\u00e4hlen<\/span><\/a><\/div><\/div> <\/div> <\/div><div class=\"lfb_errorMsg alert alert-danger\">Sie m\u00fcssen ein Element ausw\u00e4hlen, um fortzufahren<\/div><div class=\"text-center lfb_btnNextContainer\"><a href=\"javascript:\" id=\"lfb_btnNext_233\" class=\"btn btn-wide btn-primary lfb_btn-next \"><span class=\"fa fa-check\"><\/span>Als n\u00e4chstes<\/a><br\/><div class=\"lfb_linkPreviousCt\"><a href=\"javascript:\"  class=\"linkPrevious\"><span class=\"fa fa-arrow-left me-2\"><\/span>Vorheriger Schritt<\/a><\/div><\/div><\/div><div class=\"lfb_genSlide\" data-start=\"1\"    data-showstepsum=\"1\" data-stepid=\"234\" data-title=\"Lieferung\" data-required=\"true\" data-dependitem=\"0\">\t<h2 class=\"lfb_stepTitle\">Lieferung<\/h2>\t<div class=\"lfb_genContent container lfb_noDes\" >\t\t<div class=\"row lfb_row  lfb_sortable\"><div class=\"lfb_itemBloc lfb_richtext  col-md-2  lfb_item lfb_itemContainer_1782  \"   data-id=\"1782\" data-itemtype=\"richtext\" data-itemid=\"1782\" data-title=\"Contenu personnalis\u00e9\"    ><div class=\"lfb_richTextContent\"><p><span style=\"font-size: 14px;\"><\/span><span>\ufeffWir verkaufen und versenden weltweit:<br><br>&nbsp;&nbsp;&nbsp; - Wenn Sie sich in einem europ\u00e4ischen Land befinden, gilt die Mehrwertsteuer.<br>&nbsp;&nbsp;&nbsp; - Wenn Sie sich in einem Land au\u00dferhalb Europas befinden, verkaufen wir zollfreie Produkte.<br><br>W\u00e4hlen Sie Ihren Standort.<\/span><\/p><\/div><\/div><div class=\"lfb_itemBloc col-md-2  lfb_item lfb_itemContainer_1778   lfb_picRow\"  data-id=\"1778\" data-itemtype=\"imageButton\"><div class=\"lfb_imageButtonContainer\"><div class=\"lfb_imageButtonHeader\">Livraison HORS Europe<\/div><img decoding=\"async\"  class=\"lfb_imageButtonImg .png\" src=\"http:\/\/lift-mtb.com\/wp-content\/uploads\/2022\/08\/sans-titre-9-1.png\" data-bs-placement=\"bottom\" title=\"Livraison HORS Europe\" data-originaltitle=\"Livraison HORS Europe\"  data-originallabel=\"Livraison HORS Europe\"   alt=\"\" \/><div class=\"lfb_imageButtonDescription\"><\/div><a       data-urlvariable=\"1\" data-sentattribute=\"price\" data-variablename=\"\" class=\"lfb_button lfb_imageButton btn btn-primary btn-wide \" data-callnextstep=\"1\"     data-usecalculationvar=\"1\" data-calculationvar=\"[variable] = 1\"  data-hideqtsum=\"true\"            data-showinsummary=\"true\" data-woovar=\"0\" data-eddvar=\"0\" data-operation=\"\" data-itemid=\"1778\"  data-group=\"tva\"  data-prodid=\"0\" data-title=\"Livraison HORS Europe\"  title=\"Livraison HORS Europe\"  data-originallabel=\"Livraison HORS Europe\"  data-originaltitle=\"Livraison HORS Europe\"  data-price=\"0\" data-addtototal=\"0\"><span class=\"lfb_buttonTitle\">S\u00e9lectionner<\/span><\/a><\/div><\/div><div class=\"lfb_itemBloc col-md-2  lfb_item lfb_itemContainer_1780   lfb_picRow\"  data-id=\"1780\" data-itemtype=\"imageButton\"><div class=\"lfb_imageButtonContainer\"><div class=\"lfb_imageButtonHeader\">Livraison en Europe<\/div><img decoding=\"async\"  class=\"lfb_imageButtonImg .jpg\" src=\"http:\/\/lift-mtb.com\/wp-content\/uploads\/2022\/08\/europe-2.jpg\" data-bs-placement=\"bottom\" title=\"Livraison en Europe\" data-originaltitle=\"Livraison en Europe\"  data-originallabel=\"Livraison en Europe\"   alt=\"\" \/><div class=\"lfb_imageButtonDescription\"><\/div><a       data-urlvariable=\"1\" data-sentattribute=\"price\" data-variablename=\"\" class=\"lfb_button lfb_imageButton btn btn-primary btn-wide \" data-callnextstep=\"1\"     data-usecalculationvar=\"1\" data-calculationvar=\"[variable] = 1.2\"  data-hideqtsum=\"true\"            data-showinsummary=\"true\" data-woovar=\"0\" data-eddvar=\"0\" data-operation=\"\" data-itemid=\"1780\"  data-group=\"tva\"  data-prodid=\"0\" data-title=\"Livraison en Europe\"  title=\"Livraison en Europe\"  data-originallabel=\"Livraison en Europe\"  data-originaltitle=\"Livraison en Europe\"  data-price=\"0\" data-addtototal=\"0\"><span class=\"lfb_buttonTitle\">S\u00e9lectionner<\/span><\/a><\/div><\/div> <\/div> <\/div><div class=\"lfb_errorMsg alert alert-danger\">Sie m\u00fcssen ein Element ausw\u00e4hlen, um fortzufahren<\/div><div class=\"text-center lfb_btnNextContainer\"><a href=\"javascript:\" id=\"lfb_btnNext_234\" class=\"btn btn-wide btn-primary lfb_btn-next \"><span class=\"fa fa-check\"><\/span>Als n\u00e4chstes<\/a><\/div><\/div><div class=\"lfb_genSlide\" data-start=\"0\"    data-showstepsum=\"1\" data-stepid=\"235\" data-title=\"Motorposition - Rahmen oder Intern?\" data-required=\"true\" data-dependitem=\"0\">\t<h2 class=\"lfb_stepTitle\">Motorposition - Rahmen oder Intern?<\/h2>\t<div class=\"lfb_genContent container lfb_noDes\" >\t\t<div class=\"row lfb_row  lfb_sortable\"><div class=\"lfb_itemBloc lfb_richtext  col-md-2  lfb_item lfb_itemContainer_1787  \"   data-id=\"1787\" data-itemtype=\"richtext\" data-itemid=\"1787\" data-title=\"Contenu personnalis\u00e9\"    ><div class=\"lfb_richTextContent\"><div style=\"text-align: center; \"><span style=\"font-size: 18px;\">Wir bieten zwei Versionen der Motorplatine (unter Rahmen oder intern) an, die Sie je nach Rahmengeometrie ausw\u00e4hlen k\u00f6nnen.<\/span><\/div><\/div><\/div><div class=\"lfb_itemBloc col-md-2  lfb_item lfb_itemContainer_1783   lfb_picRow\"  data-id=\"1783\" data-itemtype=\"imageButton\"><div class=\"lfb_imageButtonContainer\"><div class=\"lfb_imageButtonHeader\">Motor unter Rahmen<\/div><img decoding=\"async\"  class=\"lfb_imageButtonImg .jpg\" src=\"http:\/\/lift-mtb.com\/wp-content\/uploads\/2022\/10\/moteur-sous-cadre-2-1-sur-1-scaled-e1665492174186.jpg\" data-bs-placement=\"bottom\" title=\"Motor unter Rahmen\" data-originaltitle=\"Motor unter Rahmen\"  data-originallabel=\"Motor unter Rahmen\"   alt=\"\" \/><div class=\"lfb_imageButtonDescription\"><\/div><a       data-urlvariable=\"1\" data-sentattribute=\"price\" data-variablename=\"\" class=\"lfb_button lfb_imageButton btn btn-primary btn-wide \" data-callnextstep=\"1\"                  data-showprice=\"1\"  data-showinsummary=\"true\" data-woovar=\"0\" data-eddvar=\"0\" data-operation=\"\" data-itemid=\"1783\"  data-group=\"interne_or_sous cadre\"  data-prodid=\"29443\" data-title=\"Motor unter Rahmen\"  title=\"Motor unter Rahmen\"  data-originallabel=\"Motor unter Rahmen\"  data-originaltitle=\"Motor unter Rahmen\"  data-price=\"749\" data-addtototal=\"0\"><span class=\"lfb_buttonTitle\">ausw\u00e4hlen<\/span><\/a><\/div><\/div><div class=\"lfb_itemBloc col-md-2  lfb_item lfb_itemContainer_1784   lfb_picRow\"  data-id=\"1784\" data-itemtype=\"imageButton\"><div class=\"lfb_imageButtonContainer\"><div class=\"lfb_imageButtonHeader\">Innenmotor<\/div><img decoding=\"async\"  class=\"lfb_imageButtonImg .jpg\" src=\"http:\/\/lift-mtb.com\/wp-content\/uploads\/2022\/10\/interne-2-1-sur-1-scaled-e1665492228442.jpg\" data-bs-placement=\"bottom\" title=\"Innenmotor\" data-originaltitle=\"Innenmotor\"  data-originallabel=\"Innenmotor\"   alt=\"\" \/><div class=\"lfb_imageButtonDescription\"><\/div><a       data-urlvariable=\"1\" data-sentattribute=\"price\" data-variablename=\"\" class=\"lfb_button lfb_imageButton btn btn-primary btn-wide \" data-callnextstep=\"1\"                  data-showprice=\"1\"  data-showinsummary=\"true\" data-woovar=\"0\" data-eddvar=\"0\" data-operation=\"\" data-itemid=\"1784\"  data-group=\"interne_or_sous cadre\"  data-prodid=\"10447\" data-title=\"Innenmotor\"  title=\"Innenmotor\"  data-originallabel=\"Innenmotor\"  data-originaltitle=\"Innenmotor\"  data-price=\"749\" data-addtototal=\"0\"><span class=\"lfb_buttonTitle\">ausw\u00e4hlen<\/span><\/a><\/div><\/div> <\/div> <\/div><div class=\"lfb_errorMsg alert alert-danger\">Sie m\u00fcssen ein Element ausw\u00e4hlen, um fortzufahren<\/div><div class=\"text-center lfb_btnNextContainer\"><a href=\"javascript:\" id=\"lfb_btnNext_235\" class=\"btn btn-wide btn-primary lfb_btn-next \"><span class=\"fa fa-check\"><\/span>Als n\u00e4chstes<\/a><br\/><div class=\"lfb_linkPreviousCt\"><a href=\"javascript:\"  class=\"linkPrevious\"><span class=\"fa fa-arrow-left me-2\"><\/span>Vorheriger Schritt<\/a><\/div><\/div><\/div><div class=\"lfb_genSlide\" data-start=\"0\"    data-showstepsum=\"1\" data-stepid=\"239\" data-title=\"Adapter zur Befestigung des Motors am Rahmen\" data-required=\"true\" data-dependitem=\"0\">\t<h2 class=\"lfb_stepTitle\">Adapter zur Befestigung des Motors am Rahmen<\/h2>\t<div class=\"lfb_genContent container lfb_noDes\" >\t\t<div class=\"row lfb_row  lfb_sortable\"><div class=\"lfb_itemBloc col-md-2  lfb_item lfb_itemContainer_1814   lfb_picRow\"  data-id=\"1814\" data-itemtype=\"imageButton\"><div class=\"lfb_imageButtonContainer\"><div class=\"lfb_imageButtonHeader\">TYPE B Adapter f\u00fcr Tretlagergeh\u00e4use PF 30 GEDR\u00dcCKT<\/br><\/div><img decoding=\"async\"  class=\"lfb_imageButtonImg .jpg\" src=\"http:\/\/lift-mtb.com\/wp-content\/uploads\/2022\/08\/adaptateur-pf30-42mm-web-1-300x199.jpg\" data-bs-placement=\"bottom\" title=\"TYPE B Adapter f\u00fcr Tretlagergeh\u00e4use PF 30 GEDR\u00dcCKT<\/br>\" data-originaltitle=\"TYPE B Adapter f\u00fcr Tretlagergeh\u00e4use PF 30 GEDR\u00dcCKT<\/br>\"  data-originallabel=\"TYPE B Adapter f\u00fcr Tretlagergeh\u00e4use PF 30 GEDR\u00dcCKT<\/br>\"   alt=\"\" \/><div class=\"lfb_imageButtonDescription\">Adapter f\u00fcr Rahmen PF30\/ K\u00fcvette gepresst in den Rahmen Innendurchmesser 46mm.<\/div><a       data-urlvariable=\"1\" data-sentattribute=\"price\" data-variablename=\"\" class=\"lfb_button lfb_imageButton btn btn-primary btn-wide \" data-callnextstep=\"1\"                  data-showprice=\"1\"  data-showinsummary=\"true\" data-woovar=\"8523\" data-eddvar=\"0\" data-operation=\"\" data-itemid=\"1814\"    data-prodid=\"8497\" data-title=\"TYPE B Adapter f\u00fcr Tretlagergeh\u00e4use PF 30 GEDR\u00dcCKT<\/br>\"  title=\"TYPE B Adapter f\u00fcr Tretlagergeh\u00e4use PF 30 GEDR\u00dcCKT<\/br>\"  data-originallabel=\"TYPE B Adapter f\u00fcr Tretlagergeh\u00e4use PF 30 GEDR\u00dcCKT<\/br>\"  data-originaltitle=\"TYPE B Adapter f\u00fcr Tretlagergeh\u00e4use PF 30 GEDR\u00dcCKT<\/br>\"  data-price=\"80\" data-addtototal=\"0\"><span class=\"lfb_buttonTitle\">ausw\u00e4hlen<\/span><\/a><\/div><\/div><div class=\"lfb_itemBloc col-md-2  lfb_item lfb_itemContainer_1819   lfb_picRow\"  data-id=\"1819\" data-itemtype=\"imageButton\"><div class=\"lfb_imageButtonContainer\"><div class=\"lfb_imageButtonHeader\">TYP A Adapter f\u00fcr BSA Innenlager mit Gewinde<\/br><\/div><img decoding=\"async\"  class=\"lfb_imageButtonImg .jpg\" src=\"http:\/\/lift-mtb.com\/wp-content\/uploads\/2022\/08\/adaptateur-bsa-web-1-300x199.jpg\" data-bs-placement=\"bottom\" title=\"TYP A Adapter f\u00fcr BSA Innenlager mit Gewinde<\/br>\" data-originaltitle=\"TYP A Adapter f\u00fcr BSA Innenlager mit Gewinde<\/br>\"  data-originallabel=\"TYP A Adapter f\u00fcr BSA Innenlager mit Gewinde<\/br>\"   alt=\"\" \/><div class=\"lfb_imageButtonDescription\">Gewinderahmenadapter f\u00fcr ein verschraubtes Tretlagergeh\u00e4use Typ BSA\/ Befestigung zwischen Rahmen und Geh\u00e4use. <\/div><a       data-urlvariable=\"1\" data-sentattribute=\"price\" data-variablename=\"\" class=\"lfb_button lfb_imageButton btn btn-primary btn-wide \" data-callnextstep=\"1\"                  data-showprice=\"1\"  data-showinsummary=\"true\" data-woovar=\"0\" data-eddvar=\"0\" data-operation=\"\" data-itemid=\"1819\"    data-prodid=\"8480\" data-title=\"TYP A Adapter f\u00fcr BSA Innenlager mit Gewinde<\/br>\"  title=\"TYP A Adapter f\u00fcr BSA Innenlager mit Gewinde<\/br>\"  data-originallabel=\"TYP A Adapter f\u00fcr BSA Innenlager mit Gewinde<\/br>\"  data-originaltitle=\"TYP A Adapter f\u00fcr BSA Innenlager mit Gewinde<\/br>\"  data-price=\"30\" data-addtototal=\"0\"><span class=\"lfb_buttonTitle\">ausw\u00e4hlen<\/span><\/a><\/div><\/div><div class=\"lfb_itemBloc col-md-2  lfb_item lfb_itemContainer_1821   lfb_picRow\"  data-id=\"1821\" data-itemtype=\"imageButton\"><div class=\"lfb_imageButtonContainer\"><div class=\"lfb_imageButtonHeader\">TYP C Adapter f\u00fcr BB30 Tretlager PRESS<\/br><\/div><img decoding=\"async\"  class=\"lfb_imageButtonImg .jpg\" src=\"http:\/\/lift-mtb.com\/wp-content\/uploads\/2022\/08\/adaptateur-bb30-46mm-web-1-300x199.jpg\" data-bs-placement=\"bottom\" title=\"TYP C Adapter f\u00fcr BB30 Tretlager PRESS<\/br>\" data-originaltitle=\"TYP C Adapter f\u00fcr BB30 Tretlager PRESS<\/br>\"  data-originallabel=\"TYP C Adapter f\u00fcr BB30 Tretlager PRESS<\/br>\"   alt=\"\" \/><div class=\"lfb_imageButtonDescription\">Adapter f\u00fcr Rahmen BB30\/ K\u00fcvette in den Rahmen Innendurchmesser 42mm gedr\u00fcckt.<\/div><a       data-urlvariable=\"1\" data-sentattribute=\"price\" data-variablename=\"\" class=\"lfb_button lfb_imageButton btn btn-primary btn-wide \" data-callnextstep=\"1\"                  data-showprice=\"1\"  data-showinsummary=\"true\" data-woovar=\"8535\" data-eddvar=\"0\" data-operation=\"\" data-itemid=\"1821\"    data-prodid=\"8527\" data-title=\"TYP C Adapter f\u00fcr BB30 Tretlager PRESS<\/br>\"  title=\"TYP C Adapter f\u00fcr BB30 Tretlager PRESS<\/br>\"  data-originallabel=\"TYP C Adapter f\u00fcr BB30 Tretlager PRESS<\/br>\"  data-originaltitle=\"TYP C Adapter f\u00fcr BB30 Tretlager PRESS<\/br>\"  data-price=\"80\" data-addtototal=\"0\"><span class=\"lfb_buttonTitle\">ausw\u00e4hlen<\/span><\/a><\/div><\/div><div class=\"lfb_itemBloc col-md-2  lfb_item lfb_itemContainer_1822   lfb_picRow\"  data-id=\"1822\" data-itemtype=\"imageButton\"><div class=\"lfb_imageButtonContainer\"><div class=\"lfb_imageButtonHeader\">TYP D Adapter f\u00fcr BB92 Tretlagergeh\u00e4use<\/br><\/div><img decoding=\"async\"  class=\"lfb_imageButtonImg .jpg\" src=\"http:\/\/lift-mtb.com\/wp-content\/uploads\/2022\/08\/adaptateur-bb92-41mm-web-3-300x199.jpg\" data-bs-placement=\"bottom\" title=\"TYP D Adapter f\u00fcr BB92 Tretlagergeh\u00e4use<\/br>\" data-originaltitle=\"TYP D Adapter f\u00fcr BB92 Tretlagergeh\u00e4use<\/br>\"  data-originallabel=\"TYP D Adapter f\u00fcr BB92 Tretlagergeh\u00e4use<\/br>\"   alt=\"\" \/><div class=\"lfb_imageButtonDescription\">Adapter f\u00fcr Rahmen BB92\/ K\u00fcvette gepresst in Rahmen Innendurchmesser 41mm<\/div><a       data-urlvariable=\"1\" data-sentattribute=\"price\" data-variablename=\"\" class=\"lfb_button lfb_imageButton btn btn-primary btn-wide \" data-callnextstep=\"1\"                  data-showprice=\"1\"  data-showinsummary=\"true\" data-woovar=\"8571\" data-eddvar=\"0\" data-operation=\"\" data-itemid=\"1822\"    data-prodid=\"8547\" data-title=\"TYP D Adapter f\u00fcr BB92 Tretlagergeh\u00e4use<\/br>\"  title=\"TYP D Adapter f\u00fcr BB92 Tretlagergeh\u00e4use<\/br>\"  data-originallabel=\"TYP D Adapter f\u00fcr BB92 Tretlagergeh\u00e4use<\/br>\"  data-originaltitle=\"TYP D Adapter f\u00fcr BB92 Tretlagergeh\u00e4use<\/br>\"  data-price=\"99\" data-addtototal=\"0\"><span class=\"lfb_buttonTitle\">ausw\u00e4hlen<\/span><\/a><\/div><\/div><div class=\"lfb_itemBloc lfb_richtext  col-md-2  lfb_item lfb_itemContainer_1824  \"   data-id=\"1824\" data-itemtype=\"richtext\" data-itemid=\"1824\" data-title=\"Contenu personnalis\u00e9\"    ><div class=\"lfb_richTextContent\"><span style=\"font-size: 18px;\">Das LIFT-MTB-System wird an den 3 ISCG-Pads um das Tretlagergeh\u00e4use Ihres Fahrrads befestigt.<\/span><br><br><br><span style=\"font-size: 18px;\">Wenn Ihr Rahmen keinen Adapter hat, w\u00e4hlen Sie einfach einen Motoradapter, der mit dem Standard Ihres Tretlagergeh\u00e4uses unten kompatibel ist.<\/span><\/div><\/div><div class=\"lfb_itemBloc col-md-12  lfb_item lfb_itemContainer_1815  \"  data-id=\"1815\" data-itemtype=\"layeredImage\"><div class=\"clearfix\"><\/div><div  class=\" lfb_layeredImage\" data-itemid=\"1815\" data-title=\"Layered Image\"   ><img decoding=\"async\" src=\"http:\/\/lift-mtb.com\/wp-content\/uploads\/2022\/08\/bsa-mesure.png\" class=\"lfb_baseLayer\"  alt=\"Layered Image\" \/><\/div><div class=\"clearfix\"><\/div><\/div><div class=\"lfb_itemBloc col-md-12  lfb_item lfb_itemContainer_1816  \"  data-id=\"1816\" data-itemtype=\"layeredImage\"><div class=\"clearfix\"><\/div><div  class=\" lfb_layeredImage\" data-itemid=\"1816\" data-title=\"Layered Image\"   ><img decoding=\"async\" src=\"http:\/\/lift-mtb.com\/wp-content\/uploads\/2022\/08\/bb30-mesures-1.jpg\" class=\"lfb_baseLayer\"  alt=\"Layered Image\" \/><\/div><div class=\"clearfix\"><\/div><\/div><div class=\"lfb_itemBloc col-md-12  lfb_item lfb_itemContainer_1817  \"  data-id=\"1817\" data-itemtype=\"layeredImage\"><div class=\"clearfix\"><\/div><div  class=\" lfb_layeredImage\" data-itemid=\"1817\" data-title=\"Layered Image\"   ><img decoding=\"async\" src=\"http:\/\/lift-mtb.com\/wp-content\/uploads\/2022\/08\/pf-30-mesures.jpg\" class=\"lfb_baseLayer\"  alt=\"Layered Image\" \/><\/div><div class=\"clearfix\"><\/div><\/div><div class=\"lfb_itemBloc col-md-12  lfb_item lfb_itemContainer_1820  \"  data-id=\"1820\" data-itemtype=\"layeredImage\"><div class=\"clearfix\"><\/div><div  class=\" lfb_layeredImage\" data-itemid=\"1820\" data-title=\"Layered Image\"   ><img decoding=\"async\" src=\"http:\/\/lift-mtb.com\/wp-content\/uploads\/2022\/08\/bb92-mesures.jpg\" class=\"lfb_baseLayer\"  alt=\"Layered Image\" \/><\/div><div class=\"clearfix\"><\/div><\/div><div class=\"lfb_itemBloc col-md-2  lfb_item lfb_itemContainer_1825   lfb_picRow\"  data-id=\"1825\" data-itemtype=\"imageButton\"><div class=\"lfb_imageButtonContainer\"><div class=\"lfb_imageButtonHeader\">Mein Rahmen verf\u00fcgt bereits \u00fcber ISCG-Befestigungsstifte<\/div><img decoding=\"async\"  class=\"lfb_imageButtonImg .jpg\" src=\"http:\/\/lift-mtb.com\/wp-content\/uploads\/2016\/01\/iscg-tabs-1-sur-1.jpg\" data-bs-placement=\"bottom\" title=\"Mein Rahmen verf\u00fcgt bereits \u00fcber ISCG-Befestigungsstifte\" data-originaltitle=\"Mein Rahmen verf\u00fcgt bereits \u00fcber ISCG-Befestigungsstifte\"  data-originallabel=\"Mein Rahmen verf\u00fcgt bereits \u00fcber ISCG-Befestigungsstifte\"   alt=\"ISCG 05\" \/><div class=\"lfb_imageButtonDescription\">Ohne Adapter.<\/div><a       data-urlvariable=\"1\" data-sentattribute=\"price\" data-variablename=\"\" class=\"lfb_button lfb_imageButton btn btn-primary btn-wide \" data-callnextstep=\"1\"        data-hideqtsum=\"true\"            data-showinsummary=\"true\" data-woovar=\"0\" data-eddvar=\"0\" data-operation=\"\" data-itemid=\"1825\"    data-prodid=\"0\" data-title=\"Mein Rahmen verf\u00fcgt bereits \u00fcber ISCG-Befestigungsstifte\"  title=\"Mein Rahmen verf\u00fcgt bereits \u00fcber ISCG-Befestigungsstifte\"  data-originallabel=\"Mein Rahmen verf\u00fcgt bereits \u00fcber ISCG-Befestigungsstifte\"  data-originaltitle=\"Mein Rahmen verf\u00fcgt bereits \u00fcber ISCG-Befestigungsstifte\"  data-price=\"0\" data-addtototal=\"0\"><span class=\"lfb_buttonTitle\">ausw\u00e4hlen<\/span><\/a><\/div><\/div> <\/div> <\/div><div class=\"lfb_errorMsg alert alert-danger\">Sie m\u00fcssen ein Element ausw\u00e4hlen, um fortzufahren<\/div><div class=\"text-center lfb_btnNextContainer\"><a href=\"javascript:\" id=\"lfb_btnNext_239\" class=\"btn btn-wide btn-primary lfb_btn-next \"><span class=\"fa fa-check\"><\/span>Als n\u00e4chstes<\/a><br\/><div class=\"lfb_linkPreviousCt\"><a href=\"javascript:\"  class=\"linkPrevious\"><span class=\"fa fa-arrow-left me-2\"><\/span>Vorheriger Schritt<\/a><\/div><\/div><\/div><div class=\"lfb_genSlide\" data-start=\"0\"    data-showstepsum=\"1\" data-stepid=\"241\" data-title=\"Rahmenhalterung f\u00fcr eine quadratische Batterie\"  data-dependitem=\"0\">\t<h2 class=\"lfb_stepTitle\">Rahmenhalterung f\u00fcr eine quadratische Batterie<\/h2>\t<div class=\"lfb_genContent container lfb_noDes\" >\t\t<div class=\"row lfb_row  lfb_sortable\"><div class=\"lfb_itemBloc col-md-2  lfb_item lfb_itemContainer_1839   lfb_picRow\"  data-id=\"1839\" data-itemtype=\"imageButton\"><div class=\"lfb_imageButtonContainer\"><div class=\"lfb_imageButtonHeader\">Rahmenhalterung f\u00fcr eine quadratische Batterie<\/div><img decoding=\"async\"  class=\"lfb_imageButtonImg jpeg\" src=\"http:\/\/lift-mtb.com\/wp-content\/uploads\/2022\/03\/support-alu-pour-batterie-de-velo-electrique.jpeg\" data-bs-placement=\"bottom\" title=\"Rahmenhalterung f\u00fcr eine quadratische Batterie\" data-originaltitle=\"Rahmenhalterung f\u00fcr eine quadratische Batterie\"  data-originallabel=\"Rahmenhalterung f\u00fcr eine quadratische Batterie\"   alt=\"\" \/><div class=\"lfb_imageButtonDescription\">Erm\u00f6glicht die Befestigung an Ihrem Rahmen mit 2 Flaschenhalterschrauben, einem kompakten Rucksack-Akku mit 8,7 Ah\/ 300 Wh , 11,6 Ah\/ 400Wh, 14 Ah\/ 500 Wh.\nBatteriehalter aus Aluminium, Flaschenhalter.<\/div><a       data-urlvariable=\"1\" data-sentattribute=\"price\" data-variablename=\"\" class=\"lfb_button lfb_imageButton btn btn-primary btn-wide \" data-callnextstep=\"1\"                  data-showprice=\"1\"  data-showinsummary=\"true\" data-woovar=\"0\" data-eddvar=\"0\" data-operation=\"\" data-itemid=\"1839\"    data-prodid=\"4664\" data-title=\"Rahmenhalterung f\u00fcr eine quadratische Batterie\"  title=\"Rahmenhalterung f\u00fcr eine quadratische Batterie\"  data-originallabel=\"Rahmenhalterung f\u00fcr eine quadratische Batterie\"  data-originaltitle=\"Rahmenhalterung f\u00fcr eine quadratische Batterie\"  data-price=\"59\" data-addtototal=\"0\"><span class=\"lfb_buttonTitle\">ausw\u00e4hlen<\/span><\/a><\/div><\/div> <\/div> <\/div><div class=\"lfb_errorMsg alert alert-danger\">Sie m\u00fcssen ein Element ausw\u00e4hlen, um fortzufahren<\/div><div class=\"text-center lfb_btnNextContainer\"><a href=\"javascript:\" id=\"lfb_btnNext_241\" class=\"btn btn-wide btn-primary lfb_btn-next \"><span class=\"fa fa-check\"><\/span>Als n\u00e4chstes<\/a><br\/><div class=\"lfb_linkPreviousCt\"><a href=\"javascript:\"  class=\"linkPrevious\"><span class=\"fa fa-arrow-left me-2\"><\/span>Vorheriger Schritt<\/a><\/div><\/div><\/div><div class=\"lfb_genSlide\" data-start=\"0\"    data-showstepsum=\"1\" data-stepid=\"243\" data-title=\"Rahmenhalterung f\u00fcr eine quadratische Batterie\"  data-dependitem=\"0\">\t<h2 class=\"lfb_stepTitle\">Rahmenhalterung f\u00fcr eine quadratische Batterie<\/h2>\t<div class=\"lfb_genContent container lfb_noDes\" >\t\t<div class=\"row lfb_row  lfb_sortable\"><div class=\"lfb_itemBloc col-md-2  lfb_item lfb_itemContainer_1846   lfb_picRow\"  data-id=\"1846\" data-itemtype=\"imageButton\"><div class=\"lfb_imageButtonContainer\"><div class=\"lfb_imageButtonHeader\">Halterung f\u00fcr eine quadratische Batterie<\/div><img decoding=\"async\"  class=\"lfb_imageButtonImg jpeg\" src=\"http:\/\/lift-mtb.com\/wp-content\/uploads\/2022\/03\/support-alu-pour-batterie-de-velo-electrique.jpeg\" data-bs-placement=\"bottom\" title=\"Halterung f\u00fcr eine quadratische Batterie\" data-originaltitle=\"Halterung f\u00fcr eine quadratische Batterie\"  data-originallabel=\"Halterung f\u00fcr eine quadratische Batterie\"   alt=\"\" \/><div class=\"lfb_imageButtonDescription\">Erm\u00f6glicht die Befestigung an Ihrem Rahmen mit 2 Flaschenhalterschrauben, einem kompakten Rucksack-Akku mit 8,7 Ah\/ 300 Wh , 11,6 Ah\/ 400Wh, 14 Ah\/ 500 Wh.<\/div><a       data-urlvariable=\"1\" data-sentattribute=\"price\" data-variablename=\"\" class=\"lfb_button lfb_imageButton btn btn-primary btn-wide \" data-callnextstep=\"1\"                  data-showprice=\"1\"  data-showinsummary=\"true\" data-woovar=\"0\" data-eddvar=\"0\" data-operation=\"\" data-itemid=\"1846\"    data-prodid=\"4664\" data-title=\"Halterung f\u00fcr eine quadratische Batterie\"  title=\"Halterung f\u00fcr eine quadratische Batterie\"  data-originallabel=\"Halterung f\u00fcr eine quadratische Batterie\"  data-originaltitle=\"Halterung f\u00fcr eine quadratische Batterie\"  data-price=\"49.17\" data-addtototal=\"0\"><span class=\"lfb_buttonTitle\">ausw\u00e4hlen<\/span><\/a><\/div><\/div> <\/div> <\/div><div class=\"lfb_errorMsg alert alert-danger\">Sie m\u00fcssen ein Element ausw\u00e4hlen, um fortzufahren<\/div><div class=\"text-center lfb_btnNextContainer\"><a href=\"javascript:\" id=\"lfb_btnNext_243\" class=\"btn btn-wide btn-primary lfb_btn-next \"><span class=\"fa fa-check\"><\/span>Als n\u00e4chstes<\/a><br\/><div class=\"lfb_linkPreviousCt\"><a href=\"javascript:\"  class=\"linkPrevious\"><span class=\"fa fa-arrow-left me-2\"><\/span>Vorheriger Schritt<\/a><\/div><\/div><\/div><div class=\"lfb_genSlide\" data-start=\"0\"    data-showstepsum=\"1\" data-stepid=\"244\" data-title=\"Was f\u00fcr ein Fahrrad?\" data-required=\"true\" data-dependitem=\"0\">\t<h2 class=\"lfb_stepTitle\">Was f\u00fcr ein Fahrrad?<\/h2>\t<div class=\"lfb_genContent container lfb_noDes\" >\t\t<div class=\"row lfb_row  lfb_sortable\"><div class=\"lfb_itemBloc col-md-2  lfb_item lfb_itemContainer_1847   lfb_picRow\"  data-id=\"1847\" data-itemtype=\"imageButton\"><div class=\"lfb_imageButtonContainer\"><div class=\"lfb_imageButtonHeader\">Rahmen Fat Bike<\/div><img decoding=\"async\"  class=\"lfb_imageButtonImg .jpg\" src=\"http:\/\/lift-mtb.com\/wp-content\/uploads\/2022\/09\/cadre-velo-fat-bike.jpg\" data-bs-placement=\"bottom\" title=\"Rahmen Fat Bike\" data-originaltitle=\"Rahmen Fat Bike\"  data-originallabel=\"Rahmen Fat Bike\"   alt=\"\" \/><div class=\"lfb_imageButtonDescription\"><\/div><a       data-urlvariable=\"1\" data-sentattribute=\"price\" data-variablename=\"\" class=\"lfb_button lfb_imageButton btn btn-primary btn-wide \" data-callnextstep=\"1\"        data-hideqtsum=\"true\"            data-showinsummary=\"true\" data-woovar=\"0\" data-eddvar=\"0\" data-operation=\"\" data-itemid=\"1847\"  data-group=\"cadre\"  data-prodid=\"0\" data-title=\"Rahmen Fat Bike\"  title=\"Rahmen Fat Bike\"  data-originallabel=\"Rahmen Fat Bike\"  data-originaltitle=\"Rahmen Fat Bike\"  data-price=\"0\" data-addtototal=\"0\"><span class=\"lfb_buttonTitle\">ausw\u00e4hlen<\/span><\/a><\/div><\/div><div class=\"lfb_itemBloc col-md-2  lfb_item lfb_itemContainer_1849   lfb_picRow\"  data-id=\"1849\" data-itemtype=\"imageButton\"><div class=\"lfb_imageButtonContainer\"><div class=\"lfb_imageButtonHeader\">Standard-Rahmen<\/div><img decoding=\"async\"  class=\"lfb_imageButtonImg .jpg\" src=\"http:\/\/lift-mtb.com\/wp-content\/uploads\/2022\/09\/cadre-velo-normal.jpg\" data-bs-placement=\"bottom\" title=\"Standard-Rahmen\" data-originaltitle=\"Standard-Rahmen\"  data-originallabel=\"Standard-Rahmen\"   alt=\"\" \/><div class=\"lfb_imageButtonDescription\"><\/div><a       data-urlvariable=\"1\" data-sentattribute=\"price\" data-variablename=\"\" class=\"lfb_button lfb_imageButton btn btn-primary btn-wide \" data-callnextstep=\"1\"        data-hideqtsum=\"true\"            data-showinsummary=\"true\" data-woovar=\"0\" data-eddvar=\"0\" data-operation=\"\" data-itemid=\"1849\"  data-group=\"cadre\"  data-prodid=\"0\" data-title=\"Standard-Rahmen\"  title=\"Standard-Rahmen\"  data-originallabel=\"Standard-Rahmen\"  data-originaltitle=\"Standard-Rahmen\"  data-price=\"0\" data-addtototal=\"0\"><span class=\"lfb_buttonTitle\">ausw\u00e4hlen<\/span><\/a><\/div><\/div><div class=\"lfb_itemBloc col-md-2  lfb_item lfb_itemContainer_1851   lfb_picRow\"  data-id=\"1851\" data-itemtype=\"imageButton\"><div class=\"lfb_imageButtonContainer\"><div class=\"lfb_imageButtonHeader\">Tandem<\/div><img decoding=\"async\"  class=\"lfb_imageButtonImg .jpg\" src=\"http:\/\/lift-mtb.com\/wp-content\/uploads\/2022\/09\/cadre-velo-tandem.jpg\" data-bs-placement=\"bottom\" title=\"Tandem\" data-originaltitle=\"Tandem\"  data-originallabel=\"Tandem\"   alt=\"\" \/><div class=\"lfb_imageButtonDescription\"><\/div><a       data-urlvariable=\"1\" data-sentattribute=\"price\" data-variablename=\"\" class=\"lfb_button lfb_imageButton btn btn-primary btn-wide \" data-callnextstep=\"1\"        data-hideqtsum=\"true\"            data-showinsummary=\"true\" data-woovar=\"0\" data-eddvar=\"0\" data-operation=\"\" data-itemid=\"1851\"  data-group=\"cadre\"  data-prodid=\"0\" data-title=\"Tandem\"  title=\"Tandem\"  data-originallabel=\"Tandem\"  data-originaltitle=\"Tandem\"  data-price=\"0\" data-addtototal=\"0\"><span class=\"lfb_buttonTitle\">ausw\u00e4hlen<\/span><\/a><\/div><\/div> <\/div> <\/div><div class=\"lfb_errorMsg alert alert-danger\">Sie m\u00fcssen ein Element ausw\u00e4hlen, um fortzufahren<\/div><div class=\"text-center lfb_btnNextContainer\"><a href=\"javascript:\" id=\"lfb_btnNext_244\" class=\"btn btn-wide btn-primary lfb_btn-next \"><span class=\"fa fa-check\"><\/span>Als n\u00e4chstes<\/a><br\/><div class=\"lfb_linkPreviousCt\"><a href=\"javascript:\"  class=\"linkPrevious\"><span class=\"fa fa-arrow-left me-2\"><\/span>Vorheriger Schritt<\/a><\/div><\/div><\/div><div class=\"lfb_genSlide\" data-start=\"0\"    data-showstepsum=\"1\" data-stepid=\"236\" data-title=\"Wahl der Kapazit\u00e4t der Batterie?\" data-required=\"true\" data-dependitem=\"0\">\t<h2 class=\"lfb_stepTitle\">Wahl der Kapazit\u00e4t der Batterie?<\/h2>\t<div class=\"lfb_genContent container lfb_noDes\" >\t\t<div class=\"row lfb_row  lfb_sortable\"><div class=\"lfb_itemBloc col-md-2  lfb_item lfb_itemContainer_1793 lfb_disabled  lfb_picRow\"  data-id=\"1793\" data-itemtype=\"imageButton\"><div class=\"lfb_imageButtonContainer\"><div class=\"lfb_imageButtonHeader\">Flachbatterie 36 V - 14 Ah \/ 500 Wh<\/div><img decoding=\"async\"  class=\"lfb_imageButtonImg .jpg\" src=\"http:\/\/lift-mtb.com\/wp-content\/uploads\/2022\/08\/battery-flat-500wh-2022-1-300x197.jpg\" data-bs-placement=\"bottom\" title=\"Flachbatterie 36 V - 14 Ah \/ 500 Wh\" data-originaltitle=\"Flachbatterie 36 V - 14 Ah \/ 500 Wh\"  data-originallabel=\"Flachbatterie 36 V - 14 Ah \/ 500 Wh\"   alt=\"\" \/><div class=\"lfb_imageButtonDescription\">Flacher Rucksack-Akku f\u00fcr optimalen Tragekomfort in Taschenposition und lange Akkulaufzeit.\n<\/br>Ein Bestseller, der eine sehr gute Autonomie erm\u00f6glicht.<\/br>Durchschnittliche Reichweite von:\n D+ 1400 m \/ 56 Km<\/div><a       data-urlvariable=\"1\" data-sentattribute=\"price\" data-variablename=\"\" class=\"lfb_button lfb_imageButton btn btn-primary btn-wide \" data-callnextstep=\"1\"              data-useshowconditions=\"true\" data-showconditions=\"[{\\'interaction\\':\\'238_1810\\',\\'action\\':\\'clicked\\'}]\" data-showconditionsoperator=\"\"  data-showprice=\"1\"  data-showinsummary=\"true\" data-woovar=\"0\" data-eddvar=\"0\" data-operation=\"\" data-itemid=\"1793\"  data-group=\"batterie\"  data-prodid=\"6873\" data-title=\"Flachbatterie 36 V - 14 Ah \/ 500 Wh\"  title=\"Flachbatterie 36 V - 14 Ah \/ 500 Wh\"  data-originallabel=\"Flachbatterie 36 V - 14 Ah \/ 500 Wh\"  data-originaltitle=\"Flachbatterie 36 V - 14 Ah \/ 500 Wh\"  data-price=\"501\" data-addtototal=\"0\"><span class=\"lfb_buttonTitle\">ausw\u00e4hlen<\/span><\/a><\/div><\/div><div class=\"lfb_itemBloc col-md-2  lfb_item lfb_itemContainer_1794 lfb_disabled  lfb_picRow\"  data-id=\"1794\" data-itemtype=\"imageButton\"><div class=\"lfb_imageButtonContainer\"><div class=\"lfb_imageButtonHeader\">Quadratische Batterie 36 V 14 Ah \/ 500 Wh<\/div><img decoding=\"async\"  class=\"lfb_imageButtonImg .jpg\" src=\"http:\/\/lift-mtb.com\/wp-content\/uploads\/2022\/08\/battery-square-500wh-2022-1-300x199.jpg\" data-bs-placement=\"bottom\" title=\"Quadratische Batterie 36 V 14 Ah \/ 500 Wh\" data-originaltitle=\"Quadratische Batterie 36 V 14 Ah \/ 500 Wh\"  data-originallabel=\"Quadratische Batterie 36 V 14 Ah \/ 500 Wh\"   alt=\"\" \/><div class=\"lfb_imageButtonDescription\">Zellenanordnung mit hoher Kapazit\u00e4t, um mit der Aluminiumhalterung Rahmen, Tasche und auf einem schmalen Rahmen kompatibel zu sein.<\/br>Durchschnittliche Reichweite von:\n D+ 1400 m \/ 56 Km<\/div><a       data-urlvariable=\"1\" data-sentattribute=\"price\" data-variablename=\"\" class=\"lfb_button lfb_imageButton btn btn-primary btn-wide \" data-callnextstep=\"1\"              data-useshowconditions=\"true\" data-showconditions=\"[]\" data-showconditionsoperator=\"\"  data-showprice=\"1\"  data-showinsummary=\"true\" data-woovar=\"0\" data-eddvar=\"0\" data-operation=\"\" data-itemid=\"1794\"  data-group=\"batterie\"  data-prodid=\"6861\" data-title=\"Quadratische Batterie 36 V 14 Ah \/ 500 Wh\"  title=\"Quadratische Batterie 36 V 14 Ah \/ 500 Wh\"  data-originallabel=\"Quadratische Batterie 36 V 14 Ah \/ 500 Wh\"  data-originaltitle=\"Quadratische Batterie 36 V 14 Ah \/ 500 Wh\"  data-price=\"501\" data-addtototal=\"0\"><span class=\"lfb_buttonTitle\">ausw\u00e4hlen<\/span><\/a><\/div><\/div><div class=\"lfb_itemBloc col-md-2  lfb_item lfb_itemContainer_1795 lfb_disabled  lfb_picRow\"  data-id=\"1795\" data-itemtype=\"imageButton\"><div class=\"lfb_imageButtonContainer\"><div class=\"lfb_imageButtonHeader\">x2 batteries 36 V - 8.7Ah \/ 600 Wh<\/div><img decoding=\"async\"  class=\"lfb_imageButtonImg .jpg\" src=\"http:\/\/lift-mtb.com\/wp-content\/uploads\/2022\/08\/x2-battery-300wh-600wh-2022-1-300x199.jpg\" data-bs-placement=\"bottom\" title=\"x2 batteries 36 V - 8.7Ah \/ 600 Wh\" data-originaltitle=\"x2 batteries 36 V - 8.7Ah \/ 600 Wh\"  data-originallabel=\"x2 batteries 36 V - 8.7Ah \/ 600 Wh\"   alt=\"\" \/><div class=\"lfb_imageButtonDescription\">Set mit 2 kompakten Batterien, Rucksack Gebrauch, oder Rahmen mit Alu-Batteriehalter.\n<\/br>Kapazit\u00e4t identisch mit 17,4\/ 600 Wh Batterie.\nPerfekte Mischung aus Vielseitigkeit und gro\u00dfer Kapazit\u00e4t.<\/br>Durchschnittliche Reichweite von:\n D+ 1750 m \/ 69 Km<\/div><a       data-urlvariable=\"1\" data-sentattribute=\"price\" data-variablename=\"\" class=\"lfb_button lfb_imageButton btn btn-primary btn-wide \" data-callnextstep=\"1\"              data-useshowconditions=\"true\" data-showconditions=\"[]\" data-showconditionsoperator=\"\"  data-showprice=\"1\"  data-showinsummary=\"true\" data-woovar=\"0\" data-eddvar=\"0\" data-operation=\"\" data-itemid=\"1795\"  data-group=\"batterie\"  data-prodid=\"6900\" data-title=\"x2 batteries 36 V - 8.7Ah \/ 600 Wh\"  title=\"x2 batteries 36 V - 8.7Ah \/ 600 Wh\"  data-originallabel=\"x2 batteries 36 V - 8.7Ah \/ 600 Wh\"  data-originaltitle=\"x2 batteries 36 V - 8.7Ah \/ 600 Wh\"  data-price=\"651\" data-addtototal=\"0\"><span class=\"lfb_buttonTitle\">ausw\u00e4hlen<\/span><\/a><\/div><\/div><div class=\"lfb_itemBloc col-md-2  lfb_item lfb_itemContainer_1788 lfb_disabled  lfb_picRow\"  data-id=\"1788\" data-itemtype=\"imageButton\"><div class=\"lfb_imageButtonContainer\"><div class=\"lfb_imageButtonHeader\">Batterie,36 V - 8.7 Ah \/ 300 Wh<\/div><img decoding=\"async\"  class=\"lfb_imageButtonImg .jpg\" src=\"http:\/\/lift-mtb.com\/wp-content\/uploads\/2022\/08\/battery-square-300wh-2022-1-300x199.jpg\" data-bs-placement=\"bottom\" title=\"Batterie,36 V - 8.7 Ah \/ 300 Wh\" data-originaltitle=\"Batterie,36 V - 8.7 Ah \/ 300 Wh\"  data-originallabel=\"Batterie,36 V - 8.7 Ah \/ 300 Wh\"   alt=\"\" \/><div class=\"lfb_imageButtonDescription\">Kompakt und sehr leicht, Rucksack im Einsatz & kompatibel mit Aluminiumrahmen Halterung. <\/br> Ideal f\u00fcr Ihre sportlichen Ausfl\u00fcge! <\/br>Durchschnittliche Reichweite von:\n D+ 850m \/ 34Km\n\n<\/div><a       data-urlvariable=\"1\" data-sentattribute=\"price\" data-variablename=\"\" class=\"lfb_button lfb_imageButton btn btn-primary btn-wide \" data-callnextstep=\"1\"              data-useshowconditions=\"true\" data-showconditions=\"[]\" data-showconditionsoperator=\"\"  data-showprice=\"1\"  data-showinsummary=\"true\" data-woovar=\"0\" data-eddvar=\"0\" data-operation=\"\" data-itemid=\"1788\"  data-group=\"batterie\"  data-prodid=\"6832\" data-title=\"Batterie,36 V - 8.7 Ah \/ 300 Wh\"  title=\"Batterie,36 V - 8.7 Ah \/ 300 Wh\"  data-originallabel=\"Batterie,36 V - 8.7 Ah \/ 300 Wh\"  data-originaltitle=\"Batterie,36 V - 8.7 Ah \/ 300 Wh\"  data-price=\"301\" data-addtototal=\"0\"><span class=\"lfb_buttonTitle\">ausw\u00e4hlen<\/span><\/a><\/div><\/div><div class=\"lfb_itemBloc col-md-2  lfb_item lfb_itemContainer_1789 lfb_disabled  lfb_picRow\"  data-id=\"1789\" data-itemtype=\"imageButton\"><div class=\"lfb_imageButtonContainer\"><div class=\"lfb_imageButtonHeader\">Batterie 36 V - 11.5 Ah \/ 400 Wh<\/div><img decoding=\"async\"  class=\"lfb_imageButtonImg .jpg\" src=\"http:\/\/lift-mtb.com\/wp-content\/uploads\/2022\/08\/battery-square-400wh-2022-1-300x199.jpg\" data-bs-placement=\"bottom\" title=\"Batterie 36 V - 11.5 Ah \/ 400 Wh\" data-originaltitle=\"Batterie 36 V - 11.5 Ah \/ 400 Wh\"  data-originallabel=\"Batterie 36 V - 11.5 Ah \/ 400 Wh\"   alt=\"\" \/><div class=\"lfb_imageButtonDescription\">Sehr vielseitiges und leichtes Modell, Rucksack-Einsatz & kompatibel mit Aluminiumrahmen Halterung. <\/br> Sehr gutes Gewicht\/ Autonomie-Verh\u00e4ltnis. <\/br>Durchschnittliche Reichweite von:\n D+ 1150m \/ 46 Km<\/div><a       data-urlvariable=\"1\" data-sentattribute=\"price\" data-variablename=\"\" class=\"lfb_button lfb_imageButton btn btn-primary btn-wide \" data-callnextstep=\"1\"              data-useshowconditions=\"true\" data-showconditions=\"[]\" data-showconditionsoperator=\"\"  data-showprice=\"1\"  data-showinsummary=\"true\" data-woovar=\"0\" data-eddvar=\"0\" data-operation=\"\" data-itemid=\"1789\"  data-group=\"batterie\"  data-prodid=\"6849\" data-title=\"Batterie 36 V - 11.5 Ah \/ 400 Wh\"  title=\"Batterie 36 V - 11.5 Ah \/ 400 Wh\"  data-originallabel=\"Batterie 36 V - 11.5 Ah \/ 400 Wh\"  data-originaltitle=\"Batterie 36 V - 11.5 Ah \/ 400 Wh\"  data-price=\"401\" data-addtototal=\"0\"><span class=\"lfb_buttonTitle\">ausw\u00e4hlen<\/span><\/a><\/div><\/div><div class=\"lfb_itemBloc col-md-2  lfb_item lfb_itemContainer_1791 lfb_disabled  lfb_picRow\"  data-id=\"1791\" data-itemtype=\"imageButton\"><div class=\"lfb_imageButtonContainer\"><div class=\"lfb_imageButtonHeader\">Flachbatterie 36 V - 17 Ah \/ 600 Wh<\/div><img decoding=\"async\"  class=\"lfb_imageButtonImg .jpg\" src=\"http:\/\/lift-mtb.com\/wp-content\/uploads\/2022\/08\/battery-flat-600wh-2022-1-300x197.jpg\" data-bs-placement=\"bottom\" title=\"Flachbatterie 36 V - 17 Ah \/ 600 Wh\" data-originaltitle=\"Flachbatterie 36 V - 17 Ah \/ 600 Wh\"  data-originallabel=\"Flachbatterie 36 V - 17 Ah \/ 600 Wh\"   alt=\"\" \/><div class=\"lfb_imageButtonDescription\">Flacher Rucksack-Akku, der idealen Komfort und eine lange Laufzeit f\u00fcr jeden Ausflug bietet. <\/br>Ideal f\u00fcr lange Touren.<\/br><\/br>Durchschnittliche Reichweite von:\n D+ 1750 m \/ 69 Km <\/div><a       data-urlvariable=\"1\" data-sentattribute=\"price\" data-variablename=\"\" class=\"lfb_button lfb_imageButton btn btn-primary btn-wide \" data-callnextstep=\"1\"              data-useshowconditions=\"true\" data-showconditions=\"[{\\'interaction\\':\\'238_1810\\',\\'action\\':\\'clicked\\'}]\" data-showconditionsoperator=\"\"  data-showprice=\"1\"  data-showinsummary=\"true\" data-woovar=\"0\" data-eddvar=\"0\" data-operation=\"\" data-itemid=\"1791\"  data-group=\"batterie\"  data-prodid=\"6889\" data-title=\"Flachbatterie 36 V - 17 Ah \/ 600 Wh\"  title=\"Flachbatterie 36 V - 17 Ah \/ 600 Wh\"  data-originallabel=\"Flachbatterie 36 V - 17 Ah \/ 600 Wh\"  data-originaltitle=\"Flachbatterie 36 V - 17 Ah \/ 600 Wh\"  data-price=\"601\" data-addtototal=\"0\"><span class=\"lfb_buttonTitle\">ausw\u00e4hlen<\/span><\/a><\/div><\/div><div class=\"lfb_itemBloc col-md-2  lfb_item lfb_itemContainer_1796 lfb_disabled  lfb_picRow\"  data-id=\"1796\" data-itemtype=\"imageButton\"><div class=\"lfb_imageButtonContainer\"><div class=\"lfb_imageButtonHeader\">Batterie starre flasche - 17 Ah \/ 600 Wh<\/div><img decoding=\"async\"  class=\"lfb_imageButtonImg .jpg\" src=\"http:\/\/lift-mtb.com\/wp-content\/uploads\/2022\/08\/batterie-de-rechange-vttae.jpg\" data-bs-placement=\"bottom\" title=\"Batterie starre flasche - 17 Ah \/ 600 Wh\" data-originaltitle=\"Batterie starre flasche - 17 Ah \/ 600 Wh\"  data-originallabel=\"Batterie starre flasche - 17 Ah \/ 600 Wh\"   alt=\"\" \/><div class=\"lfb_imageButtonDescription\">Diese Befestigung an den Befestigungspunkten der Flaschent\u00fcr des Fahrrads je nach verf\u00fcgbarem Platz am Rahmen ist nicht mit allen Rahmen kompatibel, \u00fcberpr\u00fcfen Sie die Abmessungen sorgf\u00e4ltig.\n<\/br>Lithium-Ionen-Akku in Frankreich mit Zellen von Panasonic oder LG montiert.\n<\/br>Wird mit dem Ladeger\u00e4t geliefert.\n<\/br>Durchschnittliche Reichweite von:\n D+ 1750 m \/ 69 Km <\/div><a       data-urlvariable=\"1\" data-sentattribute=\"price\" data-variablename=\"\" class=\"lfb_button lfb_imageButton btn btn-primary btn-wide \" data-callnextstep=\"1\"              data-useshowconditions=\"true\" data-showconditions=\"[{\\'interaction\\':\\'238_1811\\',\\'action\\':\\'clicked\\'}]\" data-showconditionsoperator=\"\"  data-showprice=\"1\"  data-showinsummary=\"true\" data-woovar=\"7295\" data-eddvar=\"0\" data-operation=\"\" data-itemid=\"1796\"  data-group=\"batterie\"  data-prodid=\"6911\" data-title=\"Batterie starre flasche - 17 Ah \/ 600 Wh\"  title=\"Batterie starre flasche - 17 Ah \/ 600 Wh\"  data-originallabel=\"Batterie starre flasche - 17 Ah \/ 600 Wh\"  data-originaltitle=\"Batterie starre flasche - 17 Ah \/ 600 Wh\"  data-price=\"651\" data-addtototal=\"0\"><span class=\"lfb_buttonTitle\">ausw\u00e4hlen<\/span><\/a><\/div><\/div><div class=\"lfb_itemBloc col-md-2  lfb_item lfb_itemContainer_1797 lfb_disabled  lfb_picRow\"  data-id=\"1797\" data-itemtype=\"imageButton\"><div class=\"lfb_imageButtonContainer\"><div class=\"lfb_imageButtonHeader\">Batterie starre flasche - 14 Ah \/ 500 Wh<\/div><img decoding=\"async\"  class=\"lfb_imageButtonImg .jpg\" src=\"http:\/\/lift-mtb.com\/wp-content\/uploads\/2022\/08\/batterie-de-rechange-vttae.jpg\" data-bs-placement=\"bottom\" title=\"Batterie starre flasche - 14 Ah \/ 500 Wh\" data-originaltitle=\"Batterie starre flasche - 14 Ah \/ 500 Wh\"  data-originallabel=\"Batterie starre flasche - 14 Ah \/ 500 Wh\"   alt=\"\" \/><div class=\"lfb_imageButtonDescription\">Diese Befestigung an den Befestigungspunkten der Flaschent\u00fcr des Fahrrads je nach verf\u00fcgbarem Platz am Rahmen ist nicht mit allen Rahmen kompatibel, \u00fcberpr\u00fcfen Sie die Abmessungen sorgf\u00e4ltig.\n<\/br>Lithium-Ionen-Akku in Frankreich mit Zellen von Panasonic oder LG montiert.\n<\/br>Wird mit dem Ladeger\u00e4t geliefert.\n<\/br>Durchschnittliche Reichweite von:\n D+ 1400 m \/ 56 Km\n<\/div><a       data-urlvariable=\"1\" data-sentattribute=\"price\" data-variablename=\"\" class=\"lfb_button lfb_imageButton btn btn-primary btn-wide \" data-callnextstep=\"1\"              data-useshowconditions=\"true\" data-showconditions=\"[{\\'interaction\\':\\'238_1811\\',\\'action\\':\\'clicked\\'}]\" data-showconditionsoperator=\"\"  data-showprice=\"1\"  data-showinsummary=\"true\" data-woovar=\"7293\" data-eddvar=\"0\" data-operation=\"\" data-itemid=\"1797\"  data-group=\"batterie\"  data-prodid=\"6911\" data-title=\"Batterie starre flasche - 14 Ah \/ 500 Wh\"  title=\"Batterie starre flasche - 14 Ah \/ 500 Wh\"  data-originallabel=\"Batterie starre flasche - 14 Ah \/ 500 Wh\"  data-originaltitle=\"Batterie starre flasche - 14 Ah \/ 500 Wh\"  data-price=\"551\" data-addtototal=\"0\"><span class=\"lfb_buttonTitle\">ausw\u00e4hlen<\/span><\/a><\/div><\/div> <\/div> <\/div><div class=\"lfb_errorMsg alert alert-danger\">Sie m\u00fcssen ein Element ausw\u00e4hlen, um fortzufahren<\/div><div class=\"text-center lfb_btnNextContainer\"><a href=\"javascript:\" id=\"lfb_btnNext_236\" class=\"btn btn-wide btn-primary lfb_btn-next \"><span class=\"fa fa-check\"><\/span>Als n\u00e4chstes<\/a><br\/><div class=\"lfb_linkPreviousCt\"><a href=\"javascript:\"  class=\"linkPrevious\"><span class=\"fa fa-arrow-left me-2\"><\/span>Vorheriger Schritt<\/a><\/div><\/div><\/div><div class=\"lfb_genSlide\" data-start=\"0\"    data-showstepsum=\"1\" data-stepid=\"240\" data-title=\"Wahl der Kapazit\u00e4t der Batterie?\" data-required=\"true\" data-dependitem=\"0\">\t<h2 class=\"lfb_stepTitle\">Wahl der Kapazit\u00e4t der Batterie?<\/h2>\t<div class=\"lfb_genContent container lfb_noDes\" >\t\t<div class=\"row lfb_row  lfb_sortable\"><div class=\"lfb_itemBloc col-md-2  lfb_item lfb_itemContainer_1826   lfb_picRow\"  data-id=\"1826\" data-itemtype=\"imageButton\"><div class=\"lfb_imageButtonContainer\"><div class=\"lfb_imageButtonHeader\">Batterie 36 V - 8.7 Ah \/ 300 Wh<\/div><img decoding=\"async\"  class=\"lfb_imageButtonImg .jpg\" src=\"http:\/\/lift-mtb.com\/wp-content\/uploads\/2022\/08\/battery-square-300wh-2022-1-300x199.jpg\" data-bs-placement=\"bottom\" title=\"Batterie 36 V - 8.7 Ah \/ 300 Wh\" data-originaltitle=\"Batterie 36 V - 8.7 Ah \/ 300 Wh\"  data-originallabel=\"Batterie 36 V - 8.7 Ah \/ 300 Wh\"   alt=\"\" \/><div class=\"lfb_imageButtonDescription\">Kompakt und sehr leicht, Rucksack im Einsatz & kompatibel mit Aluminiumrahmen Halterung. <\/br> Ideal f\u00fcr Ihre sportlichen Ausfl\u00fcge! <\/br>Durchschnittliche Reichweite von:\n D+ 850m \/ 34Km\n\n<\/div><a       data-urlvariable=\"1\" data-sentattribute=\"price\" data-variablename=\"\" class=\"lfb_button lfb_imageButton btn btn-primary btn-wide \"                   data-showprice=\"1\"  data-showinsummary=\"true\" data-woovar=\"0\" data-eddvar=\"0\" data-operation=\"\" data-itemid=\"1826\"  data-group=\"batterie\"  data-prodid=\"6832\" data-title=\"Batterie 36 V - 8.7 Ah \/ 300 Wh\"  title=\"Batterie 36 V - 8.7 Ah \/ 300 Wh\"  data-originallabel=\"Batterie 36 V - 8.7 Ah \/ 300 Wh\"  data-originaltitle=\"Batterie 36 V - 8.7 Ah \/ 300 Wh\"  data-price=\"250.83\" data-addtototal=\"0\"><span class=\"lfb_buttonTitle\">ausw\u00e4hlen<\/span><\/a><\/div><\/div><div class=\"lfb_itemBloc col-md-2  lfb_item lfb_itemContainer_1827   lfb_picRow\"  data-id=\"1827\" data-itemtype=\"imageButton\"><div class=\"lfb_imageButtonContainer\"><div class=\"lfb_imageButtonHeader\">Batterie 36 V - 11.5 Ah \/ 400 Wh<\/div><img decoding=\"async\"  class=\"lfb_imageButtonImg .jpg\" src=\"http:\/\/lift-mtb.com\/wp-content\/uploads\/2022\/08\/battery-square-400wh-2022-1-300x199.jpg\" data-bs-placement=\"bottom\" title=\"Batterie 36 V - 11.5 Ah \/ 400 Wh\" data-originaltitle=\"Batterie 36 V - 11.5 Ah \/ 400 Wh\"  data-originallabel=\"Batterie 36 V - 11.5 Ah \/ 400 Wh\"   alt=\"\" \/><div class=\"lfb_imageButtonDescription\">Sehr vielseitiges und leichtes Modell, Rucksack-Einsatz & kompatibel mit Aluminiumrahmen Halterung. <\/br> Sehr gutes Gewicht\/ Autonomie-Verh\u00e4ltnis. <\/br>Durchschnittliche Reichweite von:\n D+ 1150m \/ 46 Km<\/div><a       data-urlvariable=\"1\" data-sentattribute=\"price\" data-variablename=\"\" class=\"lfb_button lfb_imageButton btn btn-primary btn-wide \"                   data-showprice=\"1\"  data-showinsummary=\"true\" data-woovar=\"0\" data-eddvar=\"0\" data-operation=\"\" data-itemid=\"1827\"  data-group=\"batterie\"  data-prodid=\"6849\" data-title=\"Batterie 36 V - 11.5 Ah \/ 400 Wh\"  title=\"Batterie 36 V - 11.5 Ah \/ 400 Wh\"  data-originallabel=\"Batterie 36 V - 11.5 Ah \/ 400 Wh\"  data-originaltitle=\"Batterie 36 V - 11.5 Ah \/ 400 Wh\"  data-price=\"334.175\" data-addtototal=\"0\"><span class=\"lfb_buttonTitle\">ausw\u00e4hlen<\/span><\/a><\/div><\/div><div class=\"lfb_itemBloc col-md-2  lfb_item lfb_itemContainer_1829 lfb_disabled  lfb_picRow\"  data-id=\"1829\" data-itemtype=\"imageButton\"><div class=\"lfb_imageButtonContainer\"><div class=\"lfb_imageButtonHeader\">Flachbatterie 36 V - 17 Ah \/ 600 Wh<\/div><img decoding=\"async\"  class=\"lfb_imageButtonImg .jpg\" src=\"http:\/\/lift-mtb.com\/wp-content\/uploads\/2022\/08\/battery-flat-600wh-2022-1-300x197.jpg\" data-bs-placement=\"bottom\" title=\"Flachbatterie 36 V - 17 Ah \/ 600 Wh\" data-originaltitle=\"Flachbatterie 36 V - 17 Ah \/ 600 Wh\"  data-originallabel=\"Flachbatterie 36 V - 17 Ah \/ 600 Wh\"   alt=\"\" \/><div class=\"lfb_imageButtonDescription\">Flacher Rucksack-Akku, der idealen Komfort und eine lange Laufzeit f\u00fcr jeden Ausflug bietet. <\/br>Ideal f\u00fcr lange Touren.<\/br><\/br>Durchschnittliche Reichweite von:\n D+ 1750 m \/ 69 Km <\/div><a       data-urlvariable=\"1\" data-sentattribute=\"price\" data-variablename=\"\" class=\"lfb_button lfb_imageButton btn btn-primary btn-wide \"               data-useshowconditions=\"true\" data-showconditions=\"[{\\'interaction\\':\\'242_1841\\',\\'action\\':\\'clicked\\'}]\" data-showconditionsoperator=\"\"  data-showprice=\"1\"  data-showinsummary=\"true\" data-woovar=\"0\" data-eddvar=\"0\" data-operation=\"\" data-itemid=\"1829\"  data-group=\"batterie\"  data-prodid=\"6889\" data-title=\"Flachbatterie 36 V - 17 Ah \/ 600 Wh\"  title=\"Flachbatterie 36 V - 17 Ah \/ 600 Wh\"  data-originallabel=\"Flachbatterie 36 V - 17 Ah \/ 600 Wh\"  data-originaltitle=\"Flachbatterie 36 V - 17 Ah \/ 600 Wh\"  data-price=\"500.83\" data-addtototal=\"0\"><span class=\"lfb_buttonTitle\">ausw\u00e4hlen<\/span><\/a><\/div><\/div><div class=\"lfb_itemBloc col-md-2  lfb_item lfb_itemContainer_1831 lfb_disabled  lfb_picRow\"  data-id=\"1831\" data-itemtype=\"imageButton\"><div class=\"lfb_imageButtonContainer\"><div class=\"lfb_imageButtonHeader\">Flachbatterie 36 V - 14 Ah \/ 500 Wh<\/div><img decoding=\"async\"  class=\"lfb_imageButtonImg .jpg\" src=\"http:\/\/lift-mtb.com\/wp-content\/uploads\/2022\/08\/battery-flat-500wh-2022-1-300x197.jpg\" data-bs-placement=\"bottom\" title=\"Flachbatterie 36 V - 14 Ah \/ 500 Wh\" data-originaltitle=\"Flachbatterie 36 V - 14 Ah \/ 500 Wh\"  data-originallabel=\"Flachbatterie 36 V - 14 Ah \/ 500 Wh\"   alt=\"\" \/><div class=\"lfb_imageButtonDescription\">Flacher Rucksack-Akku f\u00fcr optimalen Tragekomfort in Taschenposition und lange Akkulaufzeit.\n<\/br>Ein Bestseller, der eine sehr gute Autonomie erm\u00f6glicht.<\/br>Durchschnittliche Reichweite von:\n D+ 1400 m \/ 56 Km<\/div><a       data-urlvariable=\"1\" data-sentattribute=\"price\" data-variablename=\"\" class=\"lfb_button lfb_imageButton btn btn-primary btn-wide \"               data-useshowconditions=\"true\" data-showconditions=\"[{\\'interaction\\':\\'242_1841\\',\\'action\\':\\'clicked\\'}]\" data-showconditionsoperator=\"\"  data-showprice=\"1\"  data-showinsummary=\"true\" data-woovar=\"0\" data-eddvar=\"0\" data-operation=\"\" data-itemid=\"1831\"  data-group=\"batterie\"  data-prodid=\"6873\" data-title=\"Flachbatterie 36 V - 14 Ah \/ 500 Wh\"  title=\"Flachbatterie 36 V - 14 Ah \/ 500 Wh\"  data-originallabel=\"Flachbatterie 36 V - 14 Ah \/ 500 Wh\"  data-originaltitle=\"Flachbatterie 36 V - 14 Ah \/ 500 Wh\"  data-price=\"417.5\" data-addtototal=\"0\"><span class=\"lfb_buttonTitle\">ausw\u00e4hlen<\/span><\/a><\/div><\/div><div class=\"lfb_itemBloc col-md-2  lfb_item lfb_itemContainer_1832   lfb_picRow\"  data-id=\"1832\" data-itemtype=\"imageButton\"><div class=\"lfb_imageButtonContainer\"><div class=\"lfb_imageButtonHeader\">Quadratische Batterie 36 V 14 Ah \/ 500 Wh<\/div><img decoding=\"async\"  class=\"lfb_imageButtonImg .jpg\" src=\"http:\/\/lift-mtb.com\/wp-content\/uploads\/2022\/08\/battery-square-500wh-2022-1-300x199.jpg\" data-bs-placement=\"bottom\" title=\"Quadratische Batterie 36 V 14 Ah \/ 500 Wh\" data-originaltitle=\"Quadratische Batterie 36 V 14 Ah \/ 500 Wh\"  data-originallabel=\"Quadratische Batterie 36 V 14 Ah \/ 500 Wh\"   alt=\"\" \/><div class=\"lfb_imageButtonDescription\">Montage von Zellen mit hoher Kapazit\u00e4t, um mit der Aluminiumhalterung Rahmen, Tasche und auf einem schmalen Rahmen kompatibel zu sein.<\/br>Durchschnittliche Reichweite von:\n D+ 1400 m \/ 56 Km<\/div><a       data-urlvariable=\"1\" data-sentattribute=\"price\" data-variablename=\"\" class=\"lfb_button lfb_imageButton btn btn-primary btn-wide \"                   data-showprice=\"1\"  data-showinsummary=\"true\" data-woovar=\"0\" data-eddvar=\"0\" data-operation=\"\" data-itemid=\"1832\"  data-group=\"batterie\"  data-prodid=\"6861\" data-title=\"Quadratische Batterie 36 V 14 Ah \/ 500 Wh\"  title=\"Quadratische Batterie 36 V 14 Ah \/ 500 Wh\"  data-originallabel=\"Quadratische Batterie 36 V 14 Ah \/ 500 Wh\"  data-originaltitle=\"Quadratische Batterie 36 V 14 Ah \/ 500 Wh\"  data-price=\"417.5\" data-addtototal=\"0\"><span class=\"lfb_buttonTitle\">ausw\u00e4hlen<\/span><\/a><\/div><\/div><div class=\"lfb_itemBloc col-md-2  lfb_item lfb_itemContainer_1833   lfb_picRow\"  data-id=\"1833\" data-itemtype=\"imageButton\"><div class=\"lfb_imageButtonContainer\"><div class=\"lfb_imageButtonHeader\">x2 batteries 36 V - 8.7Ah \/ 600 Wh<\/div><img decoding=\"async\"  class=\"lfb_imageButtonImg .jpg\" src=\"http:\/\/lift-mtb.com\/wp-content\/uploads\/2022\/08\/x2-battery-300wh-600wh-2022-1-300x199.jpg\" data-bs-placement=\"bottom\" title=\"x2 batteries 36 V - 8.7Ah \/ 600 Wh\" data-originaltitle=\"x2 batteries 36 V - 8.7Ah \/ 600 Wh\"  data-originallabel=\"x2 batteries 36 V - 8.7Ah \/ 600 Wh\"   alt=\"\" \/><div class=\"lfb_imageButtonDescription\">Set mit 2 kompakten Batterien, Rucksack Gebrauch, oder Rahmen mit Alu-Batteriehalter.\n<\/br>Kapazit\u00e4t identisch mit 17,4\/ 600 Wh Batterie.\nPerfekte Mischung aus Vielseitigkeit und gro\u00dfer Kapazit\u00e4t.<\/br>Durchschnittliche Reichweite von:\n D+ 1750 m \/ 69 Km<\/div><a       data-urlvariable=\"1\" data-sentattribute=\"price\" data-variablename=\"\" class=\"lfb_button lfb_imageButton btn btn-primary btn-wide \"                   data-showprice=\"1\"  data-showinsummary=\"true\" data-woovar=\"0\" data-eddvar=\"0\" data-operation=\"\" data-itemid=\"1833\"  data-group=\"batterie\"  data-prodid=\"6900\" data-title=\"x2 batteries 36 V - 8.7Ah \/ 600 Wh\"  title=\"x2 batteries 36 V - 8.7Ah \/ 600 Wh\"  data-originallabel=\"x2 batteries 36 V - 8.7Ah \/ 600 Wh\"  data-originaltitle=\"x2 batteries 36 V - 8.7Ah \/ 600 Wh\"  data-price=\"542.5\" data-addtototal=\"0\"><span class=\"lfb_buttonTitle\">ausw\u00e4hlen<\/span><\/a><\/div><\/div><div class=\"lfb_itemBloc col-md-2  lfb_item lfb_itemContainer_1834 lfb_disabled  lfb_picRow\"  data-id=\"1834\" data-itemtype=\"imageButton\"><div class=\"lfb_imageButtonContainer\"><div class=\"lfb_imageButtonHeader\">Batterie starre flasche - 17 Ah \/ 600 Wh<\/div><img decoding=\"async\"  class=\"lfb_imageButtonImg .jpg\" src=\"http:\/\/lift-mtb.com\/wp-content\/uploads\/2022\/08\/batterie-de-rechange-vttae.jpg\" data-bs-placement=\"bottom\" title=\"Batterie starre flasche - 17 Ah \/ 600 Wh\" data-originaltitle=\"Batterie starre flasche - 17 Ah \/ 600 Wh\"  data-originallabel=\"Batterie starre flasche - 17 Ah \/ 600 Wh\"   alt=\"\" \/><div class=\"lfb_imageButtonDescription\">Diese Befestigung an den Befestigungspunkten der Flaschent\u00fcr des Fahrrads je nach verf\u00fcgbarem Platz am Rahmen ist nicht mit allen Rahmen kompatibel, \u00fcberpr\u00fcfen Sie die Abmessungen sorgf\u00e4ltig.\n<\/br>Lithium-Ionen-Akku in Frankreich mit Zellen von Panasonic oder LG montiert.\n<\/br>Wird mit dem Ladeger\u00e4t geliefert.\n<\/br>Durchschnittliche Reichweite von:\n D+ 1750 m \/ 69 Km <\/div><a       data-urlvariable=\"1\" data-sentattribute=\"price\" data-variablename=\"\" class=\"lfb_button lfb_imageButton btn btn-primary btn-wide \"               data-useshowconditions=\"true\" data-showconditions=\"[{\\'interaction\\':\\'242_1842\\',\\'action\\':\\'clicked\\'}]\" data-showconditionsoperator=\"\"  data-showprice=\"1\"  data-showinsummary=\"true\" data-woovar=\"7295\" data-eddvar=\"0\" data-operation=\"\" data-itemid=\"1834\"  data-group=\"batterie\"  data-prodid=\"6911\" data-title=\"Batterie starre flasche - 17 Ah \/ 600 Wh\"  title=\"Batterie starre flasche - 17 Ah \/ 600 Wh\"  data-originallabel=\"Batterie starre flasche - 17 Ah \/ 600 Wh\"  data-originaltitle=\"Batterie starre flasche - 17 Ah \/ 600 Wh\"  data-price=\"542.5\" data-addtototal=\"0\"><span class=\"lfb_buttonTitle\">ausw\u00e4hlen<\/span><\/a><\/div><\/div> <\/div> <\/div><div class=\"lfb_errorMsg alert alert-danger\">Sie m\u00fcssen ein Element ausw\u00e4hlen, um fortzufahren<\/div><div class=\"text-center lfb_btnNextContainer\"><a href=\"javascript:\" id=\"lfb_btnNext_240\" class=\"btn btn-wide btn-primary lfb_btn-next \"><span class=\"fa fa-check\"><\/span>Als n\u00e4chstes<\/a><br\/><div class=\"lfb_linkPreviousCt\"><a href=\"javascript:\"  class=\"linkPrevious\"><span class=\"fa fa-arrow-left me-2\"><\/span>Vorheriger Schritt<\/a><\/div><\/div><\/div><div class=\"lfb_genSlide\" data-start=\"0\"    data-showstepsum=\"1\" data-stepid=\"238\" data-title=\"Brauchen Sie einen Akku? \"  data-dependitem=\"0\">\t<h2 class=\"lfb_stepTitle\">Brauchen Sie einen Akku? <\/h2>\t<div class=\"lfb_genContent container lfb_noDes\" >\t\t<div class=\"row lfb_row  lfb_sortable\"><div class=\"lfb_itemBloc col-md-2  lfb_item lfb_itemContainer_1810 lfb_disabled  lfb_picRow\"  data-id=\"1810\" data-itemtype=\"imageButton\"><div class=\"lfb_imageButtonContainer\"><div class=\"lfb_imageButtonHeader\">Rucksack<\/div><img decoding=\"async\"  class=\"lfb_imageButtonImg .png\" src=\"http:\/\/lift-mtb.com\/wp-content\/uploads\/2022\/08\/sac-a-dos-batterie-vtt-electrique-300x200.png\" data-bs-placement=\"bottom\" title=\"Rucksack\" data-originaltitle=\"Rucksack\"  data-originallabel=\"Rucksack\"   alt=\"\" \/><div class=\"lfb_imageButtonDescription\">Verwendung eines Rucksacks zum Tragen der Batterie.<\/br> Wir empfehlen die Marke EVOC auf unserer Website.<\/div><a       data-urlvariable=\"1\" data-sentattribute=\"price\" data-variablename=\"\" class=\"lfb_button lfb_imageButton btn btn-primary btn-wide \" data-callnextstep=\"1\"        data-hideqtsum=\"true\"      data-useshowconditions=\"true\" data-showconditions=\"[{\\'interaction\\':\\'238_1813\\',\\'action\\':\\'clicked\\'}]\" data-showconditionsoperator=\"\"    data-showinsummary=\"true\" data-woovar=\"0\" data-eddvar=\"0\" data-operation=\"\" data-itemid=\"1810\"  data-group=\"sac\"  data-prodid=\"0\" data-title=\"Rucksack\"  title=\"Rucksack\"  data-originallabel=\"Rucksack\"  data-originaltitle=\"Rucksack\"  data-price=\"0\" data-addtototal=\"no\"><span class=\"lfb_buttonTitle\">ausw\u00e4hlen<\/span><\/a><\/div><\/div><div class=\"lfb_itemBloc col-md-2  lfb_item lfb_itemContainer_1811 lfb_disabled  lfb_picRow\"  data-id=\"1811\" data-itemtype=\"imageButton\"><div class=\"lfb_imageButtonContainer\"><div class=\"lfb_imageButtonHeader\">am Rahmen<\/div><img decoding=\"async\"  class=\"lfb_imageButtonImg .png\" src=\"http:\/\/lift-mtb.com\/wp-content\/uploads\/2022\/08\/batterie-vtt-electrique-sur-cadre-2200x1469-1.png\" data-bs-placement=\"bottom\" title=\"am Rahmen\" data-originaltitle=\"am Rahmen\"  data-originallabel=\"am Rahmen\"   alt=\"\" \/><div class=\"lfb_imageButtonDescription\">Verwenden Sie einen Akku, der mit einer Befestigung am Rahmen Ihres Fahrrads kompatibel ist.\nWir bieten unseren Benutzern 2 Arten von Batteriehaltern zur Befestigung am Rahmen an. <\/div><a       data-urlvariable=\"1\" data-sentattribute=\"price\" data-variablename=\"\" class=\"lfb_button lfb_imageButton btn btn-primary btn-wide \" data-callnextstep=\"1\"        data-hideqtsum=\"true\"      data-useshowconditions=\"true\" data-showconditions=\"[{\\'interaction\\':\\'238_1813\\',\\'action\\':\\'clicked\\'}]\" data-showconditionsoperator=\"\"    data-showinsummary=\"true\" data-woovar=\"0\" data-eddvar=\"0\" data-operation=\"\" data-itemid=\"1811\"  data-group=\"sac\"  data-prodid=\"0\" data-title=\"am Rahmen\"  title=\"am Rahmen\"  data-originallabel=\"am Rahmen\"  data-originaltitle=\"am Rahmen\"  data-price=\"0\" data-addtototal=\"0\"><span class=\"lfb_buttonTitle\">ausw\u00e4hlen<\/span><\/a><\/div><\/div><div class=\"lfb_itemBloc col-md-2  lfb_item lfb_itemContainer_1813  \"  data-id=\"1813\" data-itemtype=\"checkbox\"><div  ><label for=\"cb_1813\">Non \/ Oui<\/label><br\/><input id=\"cb_1813\" data-urlvariable=\"1\" data-sentattribute=\"price\" data-variablename=\"\" type=\"checkbox\"  data-hideqtsum=\"true\"                 data-showinsummary=\"true\"   class=\"prechecked\"   data-operation=\"\" data-originaltitle=\"Non \/ Oui\"  data-originallabel=\"Non \/ Oui\"  data-itemid=\"1813\" data-prodid=\"0\"  data-woovar=\"0\" data-eddvar=\"0\"   data-toggle=\"switch\" data-checkboxstyle=\"switch\" checked data-price=\"0\"  data-addtototal=\"0\" data-title=\"Non \/ Oui\" \/> <\/div><p class=\"lfb_itemDes \">Si vous avez d\u00e9j\u00e0 une batterie, pensez \u00e0 v\u00e9rifier la compatibilit\u00e9 avec les sp\u00e9cifications du moteur.\n <\/br>(type de connecteur, voltage, taux de d\u00e9charge admissible en pic, taux de d\u00e9charge en continue, fusible etc...)<\/p><\/div> <\/div> <\/div><div class=\"lfb_errorMsg alert alert-danger\">Sie m\u00fcssen ein Element ausw\u00e4hlen, um fortzufahren<\/div><div class=\"text-center lfb_btnNextContainer\"><a href=\"javascript:\" id=\"lfb_btnNext_238\" class=\"btn btn-wide btn-primary lfb_btn-next \"><span class=\"fa fa-check\"><\/span>Als n\u00e4chstes<\/a><br\/><div class=\"lfb_linkPreviousCt\"><a href=\"javascript:\"  class=\"linkPrevious\"><span class=\"fa fa-arrow-left me-2\"><\/span>Vorheriger Schritt<\/a><\/div><\/div><\/div><div class=\"lfb_genSlide\" data-start=\"0\"    data-showstepsum=\"1\" data-stepid=\"242\" data-title=\"Brauchen Sie einen Akku?\"  data-dependitem=\"0\">\t<h2 class=\"lfb_stepTitle\">Brauchen Sie einen Akku?<\/h2>\t<div class=\"lfb_genContent container lfb_noDes\" >\t\t<div class=\"row lfb_row  lfb_sortable\"><div class=\"lfb_itemBloc col-md-2  lfb_item lfb_itemContainer_1841 lfb_disabled  lfb_picRow\"  data-id=\"1841\" data-itemtype=\"imageButton\"><div class=\"lfb_imageButtonContainer\"><div class=\"lfb_imageButtonHeader\">Rucksack<\/div><img decoding=\"async\"  class=\"lfb_imageButtonImg .png\" src=\"http:\/\/lift-mtb.com\/wp-content\/uploads\/2022\/08\/sac-a-dos-batterie-vtt-electrique-300x200.png\" data-bs-placement=\"bottom\" title=\"Rucksack\" data-originaltitle=\"Rucksack\"  data-originallabel=\"Rucksack\"   alt=\"\" \/><div class=\"lfb_imageButtonDescription\">Verwendung eines Rucksacks zum Tragen der Batterie.<\/br> Wir empfehlen die Marke EVOC auf unserer Website.<\/div><a       data-urlvariable=\"1\" data-sentattribute=\"price\" data-variablename=\"\" class=\"lfb_button lfb_imageButton btn btn-primary btn-wide \" data-callnextstep=\"1\"        data-hideqtsum=\"true\"      data-useshowconditions=\"true\" data-showconditions=\"[{\\'interaction\\':\\'242_1844\\',\\'action\\':\\'clicked\\'}]\" data-showconditionsoperator=\"\"    data-showinsummary=\"true\" data-woovar=\"0\" data-eddvar=\"0\" data-operation=\"\" data-itemid=\"1841\"  data-group=\"sac\"  data-prodid=\"0\" data-title=\"Rucksack\"  title=\"Rucksack\"  data-originallabel=\"Rucksack\"  data-originaltitle=\"Rucksack\"  data-price=\"0\" data-addtototal=\"no\"><span class=\"lfb_buttonTitle\">ausw\u00e4hlen<\/span><\/a><\/div><\/div><div class=\"lfb_itemBloc col-md-2  lfb_item lfb_itemContainer_1842 lfb_disabled  lfb_picRow\"  data-id=\"1842\" data-itemtype=\"imageButton\"><div class=\"lfb_imageButtonContainer\"><div class=\"lfb_imageButtonHeader\">am Rahmen<\/div><img decoding=\"async\"  class=\"lfb_imageButtonImg .png\" src=\"http:\/\/lift-mtb.com\/wp-content\/uploads\/2022\/08\/batterie-vtt-electrique-sur-cadre-2200x1469-1.png\" data-bs-placement=\"bottom\" title=\"am Rahmen\" data-originaltitle=\"am Rahmen\"  data-originallabel=\"am Rahmen\"   alt=\"\" \/><div class=\"lfb_imageButtonDescription\">Verwenden Sie einen Akku, der mit einer Befestigung am Rahmen Ihres Fahrrads kompatibel ist.\nWir bieten unseren Benutzern 2 Arten von Batteriehaltern zur Befestigung am Rahmen an.<\/div><a       data-urlvariable=\"1\" data-sentattribute=\"price\" data-variablename=\"\" class=\"lfb_button lfb_imageButton btn btn-primary btn-wide \" data-callnextstep=\"1\"        data-hideqtsum=\"true\"      data-useshowconditions=\"true\" data-showconditions=\"[{\\'interaction\\':\\'242_1844\\',\\'action\\':\\'clicked\\'}]\" data-showconditionsoperator=\"\"    data-showinsummary=\"true\" data-woovar=\"0\" data-eddvar=\"0\" data-operation=\"\" data-itemid=\"1842\"  data-group=\"sac\"  data-prodid=\"0\" data-title=\"am Rahmen\"  title=\"am Rahmen\"  data-originallabel=\"am Rahmen\"  data-originaltitle=\"am Rahmen\"  data-price=\"0\" data-addtototal=\"0\"><span class=\"lfb_buttonTitle\">ausw\u00e4hlen<\/span><\/a><\/div><\/div><div class=\"lfb_itemBloc col-md-2  lfb_item lfb_itemContainer_1844  \"  data-id=\"1844\" data-itemtype=\"checkbox\"><div  ><label for=\"cb_1844\">Non \/ Oui<\/label><br\/><input id=\"cb_1844\" data-urlvariable=\"1\" data-sentattribute=\"price\" data-variablename=\"\" type=\"checkbox\"                   data-showinsummary=\"true\"   class=\"prechecked\"   data-operation=\"\" data-originaltitle=\"Non \/ Oui\"  data-originallabel=\"Non \/ Oui\"  data-itemid=\"1844\" data-prodid=\"0\"  data-woovar=\"0\" data-eddvar=\"0\"   data-toggle=\"switch\" data-checkboxstyle=\"switch\" checked data-price=\"0\"  data-addtototal=\"0\" data-title=\"Non \/ Oui\" \/> <\/div><p class=\"lfb_itemDes \">Si vous avez d\u00e9j\u00e0 une batterie, pensez \u00e0 v\u00e9rifier la compatibilit\u00e9 avec les sp\u00e9cifications du moteur.\n <\/br>(type de connecteur, voltage, taux de d\u00e9charge admissible en pic, continue, etc...)<\/p><\/div> <\/div> <\/div><div class=\"lfb_errorMsg alert alert-danger\">Sie m\u00fcssen ein Element ausw\u00e4hlen, um fortzufahren<\/div><div class=\"text-center lfb_btnNextContainer\"><a href=\"javascript:\" id=\"lfb_btnNext_242\" class=\"btn btn-wide btn-primary lfb_btn-next \"><span class=\"fa fa-check\"><\/span>Als n\u00e4chstes<\/a><br\/><div class=\"lfb_linkPreviousCt\"><a href=\"javascript:\"  class=\"linkPrevious\"><span class=\"fa fa-arrow-left me-2\"><\/span>Vorheriger Schritt<\/a><\/div><\/div><\/div><div class=\"lfb_genSlide\" data-start=\"0\"    data-showstepsum=\"1\" data-stepid=\"231\" data-title=\"Optionen f\u00fcr den LIFT-MTB V4 Kurbelmotor\"  data-dependitem=\"0\">\t<h2 class=\"lfb_stepTitle\">Optionen f\u00fcr den LIFT-MTB V4 Kurbelmotor<\/h2>\t<div class=\"lfb_genContent container lfb_noDes\" >\t\t<div class=\"row lfb_row  lfb_sortable\"><div class=\"lfb_itemBloc lfb_richtext  col-md-2  lfb_item lfb_itemContainer_1759  \"   data-id=\"1759\" data-itemtype=\"richtext\" data-itemid=\"1759\" data-title=\"Contenu personnalis\u00e9\"    ><div class=\"lfb_richTextContent\"><div style=\"text-align: center; \"><span style=\"font-size: 18px;\">Die Optionen des LIFT-MTB Kurbelmotor-Kits sind anpassbar und k\u00f6nnen im Laufe der Zeit hinzugef\u00fcgt werden.<\/span><\/div><\/div><\/div><div class=\"lfb_itemBloc col-md-2  lfb_item lfb_itemContainer_1752 lfb_disabled  lfb_picRow\"  data-id=\"1752\" data-itemtype=\"imageButton\"><div class=\"lfb_imageButtonContainer\"><div class=\"lfb_imageButtonHeader\">Option - Kurbelgarnitur Version PRO<\/div><img decoding=\"async\"  class=\"lfb_imageButtonImg .png\" src=\"http:\/\/lift-mtb.com\/wp-content\/uploads\/2022\/08\/pedalier-v4-pro-300x169.png\" data-bs-placement=\"bottom\" title=\"Option - Kurbelgarnitur Version PRO\" data-originaltitle=\"Option - Kurbelgarnitur Version PRO\"  data-originallabel=\"Option - Kurbelgarnitur Version PRO\"   alt=\"\" \/><div class=\"lfb_imageButtonDescription\">Die PRO-Version aus Alu 7075 T6 spart ca. 250 Gramm.<\/br>\nBietet eine bessere Reaktionsf\u00e4higkeit beim Treten dank des 6-Klinken-Freilaufs mit 72 Eingriffspunkten pro Umdrehung.<\/div><a       data-urlvariable=\"1\" data-sentattribute=\"price\" data-variablename=\"\" class=\"lfb_button lfb_imageButton btn btn-primary btn-wide \"               data-useshowconditions=\"true\" data-showconditions=\"[{\\'interaction\\':\\'244_1851\\',\\'action\\':\\'unclicked\\'}]\" data-showconditionsoperator=\"\"  data-showprice=\"1\"  data-showinsummary=\"true\" data-woovar=\"0\" data-eddvar=\"0\" data-operation=\"\" data-itemid=\"1752\"    data-prodid=\"47578\" data-title=\"Option - Kurbelgarnitur Version PRO\"  title=\"Option - Kurbelgarnitur Version PRO\"  data-originallabel=\"Option - Kurbelgarnitur Version PRO\"  data-originaltitle=\"Option - Kurbelgarnitur Version PRO\"  data-price=\"350\" data-addtototal=\"0\"><span class=\"lfb_buttonTitle\">ausw\u00e4hlen<\/span><\/a><\/div><\/div><div class=\"lfb_itemBloc col-md-12  lfb_item lfb_itemContainer_1754   lfb_picRow\"  data-id=\"1754\" data-itemtype=\"imageButton\"><div class=\"lfb_imageButtonContainer\"><div class=\"lfb_imageButtonHeader\">Option - Stirnlampe 2000 Lumen<\/div><img decoding=\"async\"  class=\"lfb_imageButtonImg .jpg\" src=\"http:\/\/lift-mtb.com\/wp-content\/uploads\/2022\/08\/lampe-pour-vtt-electrique-5-1-sur-1-1-300x199.jpg\" data-bs-placement=\"bottom\" title=\"Option - Stirnlampe 2000 Lumen\" data-originaltitle=\"Option - Stirnlampe 2000 Lumen\"  data-originallabel=\"Option - Stirnlampe 2000 Lumen\"   alt=\"\" \/><div class=\"lfb_imageButtonDescription\">Die leistungsstarke E-Bike-Stirnlampe, die direkt von der Batterie des LIFT MTB Kurbelmotor-Kits mit 3 Leistungsmodi betrieben wird.<\/div><a       data-urlvariable=\"0\" data-sentattribute=\"price\" data-variablename=\"\" class=\"lfb_button lfb_imageButton btn btn-primary btn-wide \"                   data-showprice=\"1\"  data-showinsummary=\"true\" data-woovar=\"0\" data-eddvar=\"0\" data-operation=\"\" data-itemid=\"1754\"    data-prodid=\"9564\" data-title=\"Option - Stirnlampe 2000 Lumen\"  title=\"Option - Stirnlampe 2000 Lumen\"  data-originallabel=\"Option - Stirnlampe 2000 Lumen\"  data-originaltitle=\"Option - Stirnlampe 2000 Lumen\"  data-price=\"59\" data-addtototal=\"0\"><span class=\"lfb_buttonTitle\">ausw\u00e4hlen<\/span><\/a><\/div><\/div><div class=\"lfb_itemBloc col-md-12  lfb_item lfb_itemContainer_1755   lfb_picRow\"  data-id=\"1755\" data-itemtype=\"imageButton\"><div class=\"lfb_imageButtonContainer\"><div class=\"lfb_imageButtonHeader\">Option -  Tretlager Sensor<\/div><img decoding=\"async\"  class=\"lfb_imageButtonImg .png\" src=\"http:\/\/lift-mtb.com\/wp-content\/uploads\/2022\/08\/pas-fond-blanc-300x169.png\" data-bs-placement=\"bottom\" title=\"Option -  Tretlager Sensor\" data-originaltitle=\"Option -  Tretlager Sensor\"  data-originallabel=\"Option -  Tretlager Sensor\"   alt=\"\" \/><div class=\"lfb_imageButtonDescription\">Erm\u00f6glicht den gleichen Betrieb wie ein herk\u00f6mmliches E-Bike.<\/br>\nWenn sich die Kurbel dreht, gibt der Motor Kraft ab, um dem Radfahrer zu helfen, auch ohne den Abzug zu bet\u00e4tigen.<\/div><a       data-urlvariable=\"0\" data-sentattribute=\"price\" data-variablename=\"\" class=\"lfb_button lfb_imageButton btn btn-primary btn-wide \"                   data-showprice=\"1\"  data-showinsummary=\"true\" data-woovar=\"4646\" data-eddvar=\"0\" data-operation=\"\" data-itemid=\"1755\"    data-prodid=\"2882\" data-title=\"Option -  Tretlager Sensor\"  title=\"Option -  Tretlager Sensor\"  data-originallabel=\"Option -  Tretlager Sensor\"  data-originaltitle=\"Option -  Tretlager Sensor\"  data-price=\"99\" data-addtototal=\"0\"><span class=\"lfb_buttonTitle\">ausw\u00e4hlen<\/span><\/a><\/div><\/div><div class=\"lfb_itemBloc col-md-12  lfb_item lfb_itemContainer_1756   lfb_picRow\"  data-id=\"1756\" data-itemtype=\"imageButton\"><div class=\"lfb_imageButtonContainer\"><div class=\"lfb_imageButtonHeader\">Option - Control Screen<\/div><img decoding=\"async\"  class=\"lfb_imageButtonImg .jpg\" src=\"http:\/\/lift-mtb.com\/wp-content\/uploads\/2022\/08\/ecran-lift-mtb-3-1-sur-1-1-300x199.jpg\" data-bs-placement=\"bottom\" title=\"Option - Control Screen\" data-originaltitle=\"Option - Control Screen\"  data-originallabel=\"Option - Control Screen\"   alt=\"\" \/><div class=\"lfb_imageButtonDescription\">Auf dem Display k\u00f6nnen Sie Ihren Verbrauch in Echtzeit, den verbleibenden Akku & den durchschnittlichen Verbrauch \u00fcber eine Portion genau ablesen.<\/div><a       data-urlvariable=\"0\" data-sentattribute=\"price\" data-variablename=\"\" class=\"lfb_button lfb_imageButton btn btn-primary btn-wide \"                   data-showprice=\"1\"  data-showinsummary=\"true\" data-woovar=\"0\" data-eddvar=\"0\" data-operation=\"\" data-itemid=\"1756\"    data-prodid=\"2880\" data-title=\"Option - Control Screen\"  title=\"Option - Control Screen\"  data-originallabel=\"Option - Control Screen\"  data-originaltitle=\"Option - Control Screen\"  data-price=\"59\" data-addtototal=\"0\"><span class=\"lfb_buttonTitle\">ausw\u00e4hlen<\/span><\/a><\/div><\/div><div class=\"lfb_itemBloc col-md-12  lfb_item lfb_itemContainer_1757   lfb_picRow\"  data-id=\"1757\" data-itemtype=\"imageButton\"><div class=\"lfb_imageButtonContainer\"><div class=\"lfb_imageButtonHeader\">Option - Schutz der Platten<\/div><img decoding=\"async\"  class=\"lfb_imageButtonImg .png\" src=\"http:\/\/lift-mtb.com\/wp-content\/uploads\/2022\/08\/bash-300x169.png\" data-bs-placement=\"bottom\" title=\"Option - Schutz der Platten\" data-originaltitle=\"Option - Schutz der Platten\"  data-originallabel=\"Option - Schutz der Platten\"   alt=\"\" \/><div class=\"lfb_imageButtonDescription\">Der Kettenblattschutz sch\u00fctzt die Kettenbl\u00e4tter beim \u00dcberfahren, nur mit Motor in Rahmenposition kompatibel.<\/div><a       data-urlvariable=\"0\" data-sentattribute=\"price\" data-variablename=\"\" class=\"lfb_button lfb_imageButton btn btn-primary btn-wide \"                   data-showprice=\"1\"  data-showinsummary=\"true\" data-woovar=\"0\" data-eddvar=\"0\" data-operation=\"\" data-itemid=\"1757\"    data-prodid=\"8883\" data-title=\"Option - Schutz der Platten\"  title=\"Option - Schutz der Platten\"  data-originallabel=\"Option - Schutz der Platten\"  data-originaltitle=\"Option - Schutz der Platten\"  data-price=\"59\" data-addtototal=\"0\"><span class=\"lfb_buttonTitle\">ausw\u00e4hlen<\/span><\/a><\/div><\/div><div class=\"lfb_itemBloc col-md-12  lfb_item lfb_itemContainer_1758   lfb_picRow\"  data-id=\"1758\" data-itemtype=\"imageButton\"><div class=\"lfb_imageButtonContainer\"><div class=\"lfb_imageButtonHeader\">Option - Anti-Schaltwerk<\/div><img decoding=\"async\"  class=\"lfb_imageButtonImg .png\" src=\"http:\/\/lift-mtb.com\/wp-content\/uploads\/2022\/08\/guide-chaine-fond-blanc-300x169.png\" data-bs-placement=\"bottom\" title=\"Option - Anti-Schaltwerk\" data-originaltitle=\"Option - Anti-Schaltwerk\"  data-originallabel=\"Option - Anti-Schaltwerk\"   alt=\"\" \/><div class=\"lfb_imageButtonDescription\">Die einstellbare Kettenf\u00fchrung LIFT-MTB begrenzt das Risiko einer Entgleisung im \"eingelegten\" Betrieb. \nNur mit Motor unter Rahmen kompatibel.<\/div><a       data-urlvariable=\"0\" data-sentattribute=\"price\" data-variablename=\"\" class=\"lfb_button lfb_imageButton btn btn-primary btn-wide \"                   data-showprice=\"1\"  data-showinsummary=\"true\" data-woovar=\"0\" data-eddvar=\"0\" data-operation=\"\" data-itemid=\"1758\"    data-prodid=\"4652\" data-title=\"Option - Anti-Schaltwerk\"  title=\"Option - Anti-Schaltwerk\"  data-originallabel=\"Option - Anti-Schaltwerk\"  data-originaltitle=\"Option - Anti-Schaltwerk\"  data-price=\"59\" data-addtototal=\"0\"><span class=\"lfb_buttonTitle\">ausw\u00e4hlen<\/span><\/a><\/div><\/div> <\/div> <\/div><div class=\"lfb_errorMsg alert alert-danger\">Sie m\u00fcssen ein Element ausw\u00e4hlen, um fortzufahren<\/div><div class=\"text-center lfb_btnNextContainer\"><a href=\"javascript:\" id=\"lfb_btnNext_231\" class=\"btn btn-wide btn-primary lfb_btn-next \"><span class=\"fa fa-check\"><\/span>Als n\u00e4chstes<\/a><br\/><div class=\"lfb_linkPreviousCt\"><a href=\"javascript:\"  class=\"linkPrevious\"><span class=\"fa fa-arrow-left me-2\"><\/span>Vorheriger Schritt<\/a><\/div><\/div><\/div><div class=\"lfb_genSlide\" data-start=\"0\"    data-showstepsum=\"1\" data-stepid=\"237\" data-title=\"Optionen f\u00fcr den LIFT-MTB V4 Kurbelmotor\"  data-dependitem=\"0\">\t<h2 class=\"lfb_stepTitle\">Optionen f\u00fcr den LIFT-MTB V4 Kurbelmotor<\/h2>\t<div class=\"lfb_genContent container lfb_noDes\" >\t\t<div class=\"row lfb_row  lfb_sortable\"><div class=\"lfb_itemBloc lfb_richtext  col-md-2  lfb_item lfb_itemContainer_1807  \"   data-id=\"1807\" data-itemtype=\"richtext\" data-itemid=\"1807\" data-title=\"Contenu personnalis\u00e9\"    ><div class=\"lfb_richTextContent\"><div style=\"text-align: center; \"><span style=\"font-size: 18px;\">Die Optionen des LIFT-MTB Kurbelmotor-Kits sind anpassbar und k\u00f6nnen im Laufe der Zeit hinzugef\u00fcgt werden.<\/span><\/div><\/div><\/div><div class=\"lfb_itemBloc col-md-12  lfb_item lfb_itemContainer_1798   lfb_picRow\"  data-id=\"1798\" data-itemtype=\"imageButton\"><div class=\"lfb_imageButtonContainer\"><div class=\"lfb_imageButtonHeader\">Option -  Tretlager Sensor<\/div><img decoding=\"async\"  class=\"lfb_imageButtonImg .png\" src=\"http:\/\/lift-mtb.com\/wp-content\/uploads\/2022\/08\/pas-fond-blanc-300x169.png\" data-bs-placement=\"bottom\" title=\"Option -  Tretlager Sensor\" data-originaltitle=\"Option -  Tretlager Sensor\"  data-originallabel=\"Option -  Tretlager Sensor\"   alt=\"\" \/><div class=\"lfb_imageButtonDescription\">Erm\u00f6glicht den gleichen Betrieb wie ein herk\u00f6mmliches E-Bike.<\/br>\nWenn sich die Kurbel dreht, gibt der Motor Kraft ab, um dem Radfahrer zu helfen, auch ohne den Abzug zu bet\u00e4tigen.<\/div><a       data-urlvariable=\"0\" data-sentattribute=\"price\" data-variablename=\"\" class=\"lfb_button lfb_imageButton btn btn-primary btn-wide \"                   data-showprice=\"1\"  data-showinsummary=\"true\" data-woovar=\"4646\" data-eddvar=\"0\" data-operation=\"\" data-itemid=\"1798\"    data-prodid=\"2882\" data-title=\"Option -  Tretlager Sensor\"  title=\"Option -  Tretlager Sensor\"  data-originallabel=\"Option -  Tretlager Sensor\"  data-originaltitle=\"Option -  Tretlager Sensor\"  data-price=\"82.5\" data-addtototal=\"0\"><span class=\"lfb_buttonTitle\">ausw\u00e4hlen<\/span><\/a><\/div><\/div><div class=\"lfb_itemBloc col-md-12  lfb_item lfb_itemContainer_1799   lfb_picRow\"  data-id=\"1799\" data-itemtype=\"imageButton\"><div class=\"lfb_imageButtonContainer\"><div class=\"lfb_imageButtonHeader\">Option - Control Screen<\/div><img decoding=\"async\"  class=\"lfb_imageButtonImg .jpg\" src=\"http:\/\/lift-mtb.com\/wp-content\/uploads\/2022\/08\/ecran-lift-mtb-3-1-sur-1-1-300x199.jpg\" data-bs-placement=\"bottom\" title=\"Option - Control Screen\" data-originaltitle=\"Option - Control Screen\"  data-originallabel=\"Option - Control Screen\"   alt=\"\" \/><div class=\"lfb_imageButtonDescription\">Auf dem Display k\u00f6nnen Sie Ihren Verbrauch in Echtzeit, den verbleibenden Akku & den durchschnittlichen Verbrauch \u00fcber eine Portion genau ablesen.<\/div><a       data-urlvariable=\"0\" data-sentattribute=\"price\" data-variablename=\"\" class=\"lfb_button lfb_imageButton btn btn-primary btn-wide \"                   data-showprice=\"1\"  data-showinsummary=\"true\" data-woovar=\"0\" data-eddvar=\"0\" data-operation=\"\" data-itemid=\"1799\"    data-prodid=\"2880\" data-title=\"Option - Control Screen\"  title=\"Option - Control Screen\"  data-originallabel=\"Option - Control Screen\"  data-originaltitle=\"Option - Control Screen\"  data-price=\"49.166\" data-addtototal=\"0\"><span class=\"lfb_buttonTitle\">ausw\u00e4hlen<\/span><\/a><\/div><\/div><div class=\"lfb_itemBloc col-md-12  lfb_item lfb_itemContainer_1800   lfb_picRow\"  data-id=\"1800\" data-itemtype=\"imageButton\"><div class=\"lfb_imageButtonContainer\"><div class=\"lfb_imageButtonHeader\">Option - Schutz der Platten<\/div><img decoding=\"async\"  class=\"lfb_imageButtonImg .png\" src=\"http:\/\/lift-mtb.com\/wp-content\/uploads\/2022\/08\/bash-300x169.png\" data-bs-placement=\"bottom\" title=\"Option - Schutz der Platten\" data-originaltitle=\"Option - Schutz der Platten\"  data-originallabel=\"Option - Schutz der Platten\"   alt=\"\" \/><div class=\"lfb_imageButtonDescription\">Der Kettenblattschutz sch\u00fctzt die Kettenbl\u00e4tter beim \u00dcberfahren, nur mit Motor in Rahmenposition kompatibel.<\/div><a       data-urlvariable=\"0\" data-sentattribute=\"price\" data-variablename=\"\" class=\"lfb_button lfb_imageButton btn btn-primary btn-wide \"                   data-showprice=\"1\"  data-showinsummary=\"true\" data-woovar=\"0\" data-eddvar=\"0\" data-operation=\"\" data-itemid=\"1800\"    data-prodid=\"8883\" data-title=\"Option - Schutz der Platten\"  title=\"Option - Schutz der Platten\"  data-originallabel=\"Option - Schutz der Platten\"  data-originaltitle=\"Option - Schutz der Platten\"  data-price=\"49.166\" data-addtototal=\"0\"><span class=\"lfb_buttonTitle\">ausw\u00e4hlen<\/span><\/a><\/div><\/div><div class=\"lfb_itemBloc col-md-12  lfb_item lfb_itemContainer_1802   lfb_picRow\"  data-id=\"1802\" data-itemtype=\"imageButton\"><div class=\"lfb_imageButtonContainer\"><div class=\"lfb_imageButtonHeader\">Option - Stirnlampe 2000 Lumen<\/div><img decoding=\"async\"  class=\"lfb_imageButtonImg .jpg\" src=\"http:\/\/lift-mtb.com\/wp-content\/uploads\/2022\/08\/lampe-pour-vtt-electrique-5-1-sur-1-1-300x199.jpg\" data-bs-placement=\"bottom\" title=\"Option - Stirnlampe 2000 Lumen\" data-originaltitle=\"Option - Stirnlampe 2000 Lumen\"  data-originallabel=\"Option - Stirnlampe 2000 Lumen\"   alt=\"\" \/><div class=\"lfb_imageButtonDescription\">Die leistungsstarke E-Bike-Stirnlampe, die direkt von der Batterie des LIFT MTB Kurbelmotor-Kits mit 3 Leistungsmodi betrieben wird.<\/div><a       data-urlvariable=\"0\" data-sentattribute=\"price\" data-variablename=\"\" class=\"lfb_button lfb_imageButton btn btn-primary btn-wide \"                   data-showprice=\"1\"  data-showinsummary=\"true\" data-woovar=\"0\" data-eddvar=\"0\" data-operation=\"\" data-itemid=\"1802\"    data-prodid=\"9564\" data-title=\"Option - Stirnlampe 2000 Lumen\"  title=\"Option - Stirnlampe 2000 Lumen\"  data-originallabel=\"Option - Stirnlampe 2000 Lumen\"  data-originaltitle=\"Option - Stirnlampe 2000 Lumen\"  data-price=\"49.166\" data-addtototal=\"0\"><span class=\"lfb_buttonTitle\">ausw\u00e4hlen<\/span><\/a><\/div><\/div><div class=\"lfb_itemBloc col-md-2  lfb_item lfb_itemContainer_1803 lfb_disabled  lfb_picRow\"  data-id=\"1803\" data-itemtype=\"imageButton\"><div class=\"lfb_imageButtonContainer\"><div class=\"lfb_imageButtonHeader\">Option - Kurbelgarnitur Version PRO<\/div><img decoding=\"async\"  class=\"lfb_imageButtonImg .png\" src=\"http:\/\/lift-mtb.com\/wp-content\/uploads\/2022\/08\/pedalier-v4-pro-300x169.png\" data-bs-placement=\"bottom\" title=\"Option - Kurbelgarnitur Version PRO\" data-originaltitle=\"Option - Kurbelgarnitur Version PRO\"  data-originallabel=\"Option - Kurbelgarnitur Version PRO\"   alt=\"\" \/><div class=\"lfb_imageButtonDescription\">Die PRO-Version aus Alu 7075 T6 spart ca. 250 Gramm.<\/br>\nBietet eine bessere Reaktionsf\u00e4higkeit beim Treten dank des 6-Klinken-Freilaufs mit 72 Eingriffspunkten pro Umdrehung.<\/div><a       data-urlvariable=\"1\" data-sentattribute=\"price\" data-variablename=\"\" class=\"lfb_button lfb_imageButton btn btn-primary btn-wide \"               data-useshowconditions=\"true\" data-showconditions=\"[{\\'interaction\\':\\'244_1851\\',\\'action\\':\\'unclicked\\'}]\" data-showconditionsoperator=\"\"  data-showprice=\"1\"  data-showinsummary=\"true\" data-woovar=\"0\" data-eddvar=\"0\" data-operation=\"\" data-itemid=\"1803\"    data-prodid=\"47578\" data-title=\"Option - Kurbelgarnitur Version PRO\"  title=\"Option - Kurbelgarnitur Version PRO\"  data-originallabel=\"Option - Kurbelgarnitur Version PRO\"  data-originaltitle=\"Option - Kurbelgarnitur Version PRO\"  data-price=\"291.66\" data-addtototal=\"0\"><span class=\"lfb_buttonTitle\">ausw\u00e4hlen<\/span><\/a><\/div><\/div><div class=\"lfb_itemBloc col-md-12  lfb_item lfb_itemContainer_1801   lfb_picRow\"  data-id=\"1801\" data-itemtype=\"imageButton\"><div class=\"lfb_imageButtonContainer\"><div class=\"lfb_imageButtonHeader\">Option - Anti-Schaltwerk<\/div><img decoding=\"async\"  class=\"lfb_imageButtonImg .png\" src=\"http:\/\/lift-mtb.com\/wp-content\/uploads\/2022\/08\/guide-chaine-fond-blanc-300x169.png\" data-bs-placement=\"bottom\" title=\"Option - Anti-Schaltwerk\" data-originaltitle=\"Option - Anti-Schaltwerk\"  data-originallabel=\"Option - Anti-Schaltwerk\"   alt=\"\" \/><div class=\"lfb_imageButtonDescription\">Die einstellbare Kettenf\u00fchrung LIFT-MTB begrenzt das Risiko einer Entgleisung im \"eingelegten\" Betrieb. \nNur mit Motor unter Rahmen kompatibel.<\/div><a       data-urlvariable=\"0\" data-sentattribute=\"price\" data-variablename=\"\" class=\"lfb_button lfb_imageButton btn btn-primary btn-wide \"                   data-showprice=\"1\"  data-showinsummary=\"true\" data-woovar=\"0\" data-eddvar=\"0\" data-operation=\"\" data-itemid=\"1801\"    data-prodid=\"4652\" data-title=\"Option - Anti-Schaltwerk\"  title=\"Option - Anti-Schaltwerk\"  data-originallabel=\"Option - Anti-Schaltwerk\"  data-originaltitle=\"Option - Anti-Schaltwerk\"  data-price=\"49.166\" data-addtototal=\"0\"><span class=\"lfb_buttonTitle\">S\u00e9lectionner<\/span><\/a><\/div><\/div> <\/div> <\/div><div class=\"lfb_errorMsg alert alert-danger\">Sie m\u00fcssen ein Element ausw\u00e4hlen, um fortzufahren<\/div><div class=\"text-center lfb_btnNextContainer\"><a href=\"javascript:\" id=\"lfb_btnNext_237\" class=\"btn btn-wide btn-primary lfb_btn-next \"><span class=\"fa fa-check\"><\/span>Als n\u00e4chstes<\/a><br\/><div class=\"lfb_linkPreviousCt\"><a href=\"javascript:\"  class=\"linkPrevious\"><span class=\"fa fa-arrow-left me-2\"><\/span>Vorheriger Schritt<\/a><\/div><\/div><\/div><div class=\"lfb_genSlide\" id=\"finalSlide\" data-stepid=\"final\" data-title=\"Jetzt ist es vorbei!\">\r\n                <h2 class=\"lfb_stepTitle\">Jetzt ist es vorbei!<\/h2>\r\n                <div class=\"lfb_genContent container\">\r\n                    <div class=\"row lfb_row lfb_genContentSlide active  lfb_sortable\">\r\n                        <p id=\"lfb_finalLabel\" class=\"lfb-hidden\">Der Endpreis betr\u00e4gt:<\/p><h3 id=\"lfb_finalPrice\" class=\"lfb-hidden\"><span><\/span><\/h3><div id=\"lfb_subTxtValue\" class=\"lfb_dynamicHide\"><\/div><div class=\"lfb_itemBloc lfb_richtext  col-md-2  lfb_item lfb_itemContainer_2128  \" data-showinsummary=\"true\"  data-id=\"2128\" data-itemtype=\"richtext\" data-itemid=\"2128\" data-title=\"Contenu personnalis\u00e9\"    ><div class=\"lfb_richTextContent\"><p class=\"MsoNormal\" style=\"margin: 0cm; font-size: 12pt; font-family: Calibri, sans-serif;\"><span lang=\"EN-US\"><b><span style=\"font-size: 18px;\">M\u00f6chten Sie von Matthieu FAURY f\u00fcr weitere informationen kontaktiert werden?<\/span><\/b><o:p><\/o:p><\/span><\/p><\/div><\/div><div class=\"lfb_itemBloc lfb_richtext lfb_shortcode col-md-2  lfb_item lfb_itemContainer_2129  \"  data-id=\"2129\" data-itemtype=\"shortcode\" data-itemid=\"2129\" data-title=\"Shortcode\"    >\n<div class=\"wpcf7 no-js\" id=\"wpcf7-f48417-o1\" lang=\"fr-FR\" dir=\"ltr\" data-wpcf7-id=\"48417\">\n<div class=\"screen-reader-response\"><p role=\"status\" aria-live=\"polite\" aria-atomic=\"true\"><\/p> <ul><\/ul><\/div>\n<form action=\"\/de\/wp-json\/wp\/v2\/pages\/40308#wpcf7-f48417-o1\" method=\"post\" class=\"wpcf7-form init\" aria-label=\"Formulaire de contact\" novalidate=\"novalidate\" data-status=\"init\">\n<fieldset class=\"hidden-fields-container\"><input type=\"hidden\" name=\"_wpcf7\" value=\"48417\" \/><input type=\"hidden\" name=\"_wpcf7_version\" value=\"6.1.5\" \/><input type=\"hidden\" name=\"_wpcf7_locale\" value=\"fr_FR\" \/><input type=\"hidden\" name=\"_wpcf7_unit_tag\" value=\"wpcf7-f48417-o1\" \/><input type=\"hidden\" name=\"_wpcf7_container_post\" value=\"0\" \/><input type=\"hidden\" name=\"_wpcf7_posted_data_hash\" value=\"\" \/>\n<\/fieldset>\n<p><label> Ihren Namen<br \/>\n<span class=\"wpcf7-form-control-wrap\" data-name=\"your-name\"><input size=\"40\" maxlength=\"400\" class=\"wpcf7-form-control wpcf7-text wpcf7-validates-as-required\" autocomplete=\"name\" aria-required=\"true\" aria-invalid=\"false\" value=\"\" type=\"text\" name=\"your-name\" \/><\/span> <\/label>\n<\/p>\n<p><label> Deine E-Mail<br \/>\n<span class=\"wpcf7-form-control-wrap\" data-name=\"your-email\"><input size=\"40\" maxlength=\"400\" class=\"wpcf7-form-control wpcf7-email wpcf7-validates-as-required wpcf7-text wpcf7-validates-as-email\" autocomplete=\"email\" aria-required=\"true\" aria-invalid=\"false\" value=\"\" type=\"email\" name=\"your-email\" \/><\/span> <\/label>\n<\/p>\n<p><label> Ihre Nachricht (optional)<br \/>\n<span class=\"wpcf7-form-control-wrap\" data-name=\"your-message\"><textarea cols=\"40\" rows=\"10\" maxlength=\"2000\" class=\"wpcf7-form-control wpcf7-textarea\" aria-invalid=\"false\" name=\"your-message\"><\/textarea><\/span> <\/label>\n<\/p>\n<p><input class=\"wpcf7-form-control wpcf7-submit has-spinner\" type=\"submit\" value=\"Schicken\" \/>\n<\/p><input type='hidden' class='wpcf7-pum' value='{\"closepopup\":false,\"closedelay\":0,\"openpopup\":false,\"openpopup_id\":0}' \/><div class=\"fusion-alert alert custom alert-custom fusion-alert-center wpcf7-response-output fusion-alert-capitalize awb-alert-native-link-color alert-dismissable awb-alert-close-boxed\" style=\"--awb-border-size:1px;--awb-border-top-left-radius:0px;--awb-border-top-right-radius:0px;--awb-border-bottom-left-radius:0px;--awb-border-bottom-right-radius:0px;\" role=\"alert\"><div class=\"fusion-alert-content-wrapper\"><span class=\"fusion-alert-content\"><\/span><\/div><button type=\"button\" class=\"close toggle-alert\" data-dismiss=\"alert\" aria-label=\"Close\">&times;<\/button><\/div>\n<\/form>\n<\/div>\n<\/div>\r\n                   <div id=\"lfb_summary\" class=\"lfb_summary table-responsive lfb-hidden\">\r\n                        <h4>Vos produits<\/h4>\r\n                        <table class=\"table table-bordered\">\r\n                            <thead>\r\n                                <th>Beschreibung<\/th>\r\n                                <th class=\"lfb_valueTh\">Information<\/th>\r\n                                <th class=\"lfb_quantityTh \">Menge<\/th>\r\n                                <th class=\"lfb_priceTh lfb-hidden lfb_hidePrice\">Preis<\/th>\r\n                            <\/thead>\r\n                            <tbody>\r\n                                <tr id=\"lfb_summaryDiscountTr\" class=\"lfb_static lfb-hidden lfb_hidePrice\"><th colspan=\"3\">Rabatt:<\/th><th id=\"lfb_summaryDiscount\"><span><\/span><\/th><\/tr>\r\n                                <tr id=\"lfb_summaryTotalTr\" class=\"lfb_static lfb-hidden lfb_hidePrice\"><th colspan=\"3\">Total :<\/th><th id=\"lfb_summaryTotal\"><span><\/span><\/th><\/tr>\r\n                            <\/tbody>\r\n                        <\/table>\r\n                    <\/div><div id=\"lfb_lastStepDown\"><\/div><div class=\"text-center lfb_btnNextContainer\"><a href=\"javascript:\" id=\"lfb_btnOrder\" class=\"btn btn-wide btn-primary\"><span class=\"fa fa-check\"><\/span>Warenkorb anzeigen<\/a><br\/><div class=\"lfb_linkPreviousCt\"><a href=\"javascript:\" class=\"linkPrevious\"><span class=\"fa fa-arrow-left me-2\"><\/span>Vorheriger Schritt<\/a><\/div><\/div><div class=\"clearfix\" data-tldinit=\"true\"><\/div><\/div><\/div><\/div><\/div><\/div><\/div><\/div><\/div>\n<\/div><div class=\"fusion-separator fusion-full-width-sep\" style=\"align-self: center;margin-left: auto;margin-right: auto;margin-top:20px;width:100%;\"><\/div><\/div><\/div><\/div><\/div><div class=\"fusion-fullwidth fullwidth-box fusion-builder-row-5 fusion-flex-container has-pattern-background has-mask-background hundred-percent-fullwidth non-hundred-percent-height-scrolling\" style=\"--awb-background-position:left top;--awb-border-sizes-top:0px;--awb-border-sizes-bottom:0px;--awb-border-sizes-left:0px;--awb-border-sizes-right:0px;--awb-border-radius-top-left:0px;--awb-border-radius-top-right:0px;--awb-border-radius-bottom-right:0px;--awb-border-radius-bottom-left:0px;--awb-padding-top:0px;--awb-padding-right:0px;--awb-padding-bottom:0px;--awb-padding-left:0px;--awb-padding-top-small:0px;--awb-margin-bottom:0px;--awb-margin-top-small:0px;--awb-margin-bottom-small:0px;--awb-flex-wrap:wrap;\" ><div class=\"fusion-builder-row fusion-row fusion-flex-align-items-flex-start fusion-flex-justify-content-space-around fusion-flex-content-wrap\" style=\"width:calc( 100% + 0px ) !important;max-width:calc( 100% + 0px ) !important;margin-left: calc(-0px \/ 2 );margin-right: calc(-0px \/ 2 );\"><div class=\"fusion-layout-column fusion_builder_column fusion-builder-column-4 fusion_builder_column_1_2 1_2 fusion-flex-column fusion-flex-align-self-center\" style=\"--awb-padding-top:3%;--awb-padding-right:5%;--awb-padding-bottom:3%;--awb-padding-left:5%;--awb-bg-size:cover;--awb-width-large:50%;--awb-margin-top-large:0px;--awb-spacing-right-large:0px;--awb-margin-bottom-large:0px;--awb-spacing-left-large:0px;--awb-width-medium:100%;--awb-order-medium:0;--awb-spacing-right-medium:0px;--awb-spacing-left-medium:0px;--awb-width-small:100%;--awb-order-small:0;--awb-margin-top-small:0;--awb-spacing-right-small:0px;--awb-margin-bottom-small:0;--awb-spacing-left-small:0px;\"><div class=\"fusion-column-wrapper fusion-column-has-shadow fusion-flex-justify-content-center fusion-content-layout-column\"><div class=\"fusion-title title fusion-title-2 fusion-title-text fusion-title-size-two\"><div class=\"title-sep-container title-sep-container-left fusion-no-large-visibility fusion-no-medium-visibility fusion-no-small-visibility\"><div class=\"title-sep sep- sep-solid\" style=\"border-color:#e2e2e2;\"><\/div><\/div><span class=\"awb-title-spacer fusion-no-large-visibility fusion-no-medium-visibility fusion-no-small-visibility\"><\/span><h2 class=\"fusion-title-heading title-heading-left fusion-responsive-typography-calculated\" style=\"font-family:-apple-system, BlinkMacSystemFont, &#039;Segoe UI&#039;, Roboto, Oxygen-Sans, Ubuntu, Cantarell, &#039;Helvetica Neue&#039; ,sans-serif;font-style:normal;font-weight:400;margin:0;--fontSize:40;line-height:1.2;\"><h2><strong>Montage des Elektromotors f\u00fcr das Fahrrad<br \/>\n<\/strong><\/h2>\n<div id=\"gtx-trans\" style=\"position: absolute; left: -123px; top: -10px;\">\n<div class=\"gtx-trans-icon\"><\/div>\n<\/div><\/h2><span class=\"awb-title-spacer\"><\/span><div class=\"title-sep-container title-sep-container-right\"><div class=\"title-sep sep- sep-solid\" style=\"border-color:#e2e2e2;\"><\/div><\/div><\/div><div class=\"fusion-text fusion-text-2 fusion-no-small-visibility\" style=\"--awb-font-size:var(--awb-typography4-font-size);--awb-line-height:var(--awb-typography4-line-height);--awb-letter-spacing:var(--awb-typography4-letter-spacing);--awb-text-transform:var(--awb-typography4-text-transform);--awb-text-font-family:var(--awb-typography4-font-family);--awb-text-font-weight:var(--awb-typography4-font-weight);--awb-text-font-style:var(--awb-typography4-font-style);\"><ul>\n<li><strong>Einfache<\/strong> Montage Einfache f\u00fcr alle Personen <strong>ohne mechanische F\u00e4higkeiten<\/strong>.<\/li>\n<li>Der <strong>Fahrrad-Motorsatz<\/strong> <b><i>LIFT-MTB<\/i><\/b> ist an 80 % aller Fahrr\u00e4der anpassbar.<\/li>\n<li>Die Montage erfolgt je nach Fahrrad innerhalb oder unterhalb des Rahmens.<\/li>\n<li>Etwa 10 Minuten reichen aus, um den <strong>Tretlagermotor<\/strong> zu montieren oder zu demontieren.<\/li>\n<li>Ein und derselbe <strong>Fahrradmotorensatz<\/strong> kann an mehrere Fahrr\u00e4der angepasst werden.<\/li>\n<\/ul>\n<\/div><div class=\"fusion-text fusion-text-3 fusion-no-medium-visibility fusion-no-large-visibility fusion-text-no-margin\" style=\"--awb-font-size:var(--awb-typography5-font-size);--awb-line-height:var(--awb-typography5-line-height);--awb-letter-spacing:var(--awb-typography5-letter-spacing);--awb-text-transform:var(--awb-typography5-text-transform);--awb-text-font-family:var(--awb-typography5-font-family);--awb-text-font-weight:var(--awb-typography5-font-weight);--awb-text-font-style:var(--awb-typography5-font-style);\"><ul>\n<li><strong>Einfache<\/strong> Montage Einfache f\u00fcr alle Personen <strong>ohne mechanische F\u00e4higkeiten<\/strong>.<\/li>\n<li>Der <strong>Fahrrad-Motorsatz<\/strong> <b><i>LIFT-MTB<\/i><\/b> ist an 80 % aller Fahrr\u00e4der anpassbar.<\/li>\n<li>Die Montage erfolgt je nach Fahrrad innerhalb oder unterhalb des Rahmens.<\/li>\n<li>Etwa 10 Minuten reichen aus, um den <strong>Tretlagermotor<\/strong> zu montieren oder zu demontieren.<\/li>\n<li>Ein und derselbe <strong>Fahrradmotorensatz<\/strong> kann an mehrere Fahrr\u00e4der angepasst werden.<\/li>\n<\/ul>\n<\/div><\/div><\/div><div class=\"fusion-layout-column fusion_builder_column fusion-builder-column-5 fusion_builder_column_1_2 1_2 fusion-flex-column fusion-flex-align-self-stretch fusion-no-small-visibility fusion-column-inner-bg-wrapper\" style=\"--awb-inner-bg-color:rgba(0,0,0,0.77);--awb-inner-bg-color-hover:rgba(0,0,0,0.77);--awb-inner-bg-image:url(&#039;http:\/\/lift-mtb.com\/wp-content\/uploads\/2022\/08\/moteur-velo-960-x-365-px-4.png&#039;);--awb-inner-bg-position:center center;--awb-inner-bg-size:cover;--awb-width-large:50%;--awb-margin-top-large:0px;--awb-spacing-right-large:0px;--awb-margin-bottom-large:0px;--awb-spacing-left-large:0px;--awb-width-medium:100%;--awb-order-medium:0;--awb-spacing-right-medium:0px;--awb-spacing-left-medium:0px;--awb-width-small:100%;--awb-order-small:1;--awb-spacing-right-small:0px;--awb-spacing-left-small:0px;\"><span class=\"fusion-column-inner-bg hover-type-zoomin\"><span class=\"fusion-column-anchor\"><span class=\"fusion-column-inner-bg-image\"><\/span><\/span><\/span><div class=\"fusion-column-wrapper fusion-column-has-shadow fusion-flex-justify-content-center fusion-content-layout-column fusion-empty-column-bg-image fusion-column-has-bg-image\" data-bg-url=\"http:\/\/lift-mtb.com\/wp-content\/uploads\/2022\/08\/moteur-velo-960-x-365-px-4.png\"><img decoding=\"async\" class=\"fusion-empty-dims-img-placeholder fusion-no-large-visibility\" src=\"data:image\/gif;base64,R0lGODlhAQABAAAAACH5BAEKAAEALAAAAAABAAEAAAICTAEAOw==\"><\/div><\/div><div class=\"fusion-layout-column fusion_builder_column fusion-builder-column-6 fusion_builder_column_1_2 1_2 fusion-flex-column fusion-no-medium-visibility fusion-no-large-visibility\" style=\"--awb-bg-size:cover;--awb-width-large:50%;--awb-margin-top-large:0px;--awb-spacing-right-large:0px;--awb-margin-bottom-large:20px;--awb-spacing-left-large:0px;--awb-width-medium:100%;--awb-order-medium:0;--awb-spacing-right-medium:0px;--awb-spacing-left-medium:0px;--awb-width-small:100%;--awb-order-small:3;--awb-spacing-right-small:0px;--awb-spacing-left-small:0px;\"><div class=\"fusion-column-wrapper fusion-column-has-shadow fusion-flex-justify-content-flex-start fusion-content-layout-column\"><div class=\"fusion-image-element \" style=\"--awb-caption-title-font-family:var(--h2_typography-font-family);--awb-caption-title-font-weight:var(--h2_typography-font-weight);--awb-caption-title-font-style:var(--h2_typography-font-style);--awb-caption-title-size:var(--h2_typography-font-size);--awb-caption-title-transform:var(--h2_typography-text-transform);--awb-caption-title-line-height:var(--h2_typography-line-height);--awb-caption-title-letter-spacing:var(--h2_typography-letter-spacing);\"><span class=\" fusion-imageframe imageframe-none imageframe-1 hover-type-none\"><img decoding=\"async\" width=\"2700\" height=\"2700\" alt=\"image demo lift\" title=\"montage lift mtb OK 720\u00a0\u00d7\u00a0490\u00a0px) (3)\" src=\"https:\/\/www.lift-mtb.com\/wp-content\/uploads\/2022\/08\/montage-lift-mtb-ok-720-x-490-px-3.png\" class=\"img-responsive wp-image-34671\" srcset=\"https:\/\/www.lift-mtb.com\/wp-content\/uploads\/2022\/08\/montage-lift-mtb-ok-720-x-490-px-3-150x150.png 150w, https:\/\/www.lift-mtb.com\/wp-content\/uploads\/2022\/08\/montage-lift-mtb-ok-720-x-490-px-3-500x500.png 500w, https:\/\/www.lift-mtb.com\/wp-content\/uploads\/2022\/08\/montage-lift-mtb-ok-720-x-490-px-3-700x700.png 700w, https:\/\/www.lift-mtb.com\/wp-content\/uploads\/2022\/08\/montage-lift-mtb-ok-720-x-490-px-3.png 2700w\" sizes=\"(max-width: 2700px) 100vw, 2700px\" \/><\/span><\/div><\/div><\/div><\/div><\/div><div class=\"fusion-fullwidth fullwidth-box fusion-builder-row-6 fusion-flex-container has-pattern-background has-mask-background hundred-percent-fullwidth non-hundred-percent-height-scrolling\" style=\"--awb-background-position:left top;--awb-border-sizes-top:0px;--awb-border-sizes-bottom:0px;--awb-border-sizes-left:0px;--awb-border-sizes-right:0px;--awb-border-radius-top-left:0px;--awb-border-radius-top-right:0px;--awb-border-radius-bottom-right:0px;--awb-border-radius-bottom-left:0px;--awb-padding-right:0px;--awb-padding-bottom:0px;--awb-padding-left:0px;--awb-margin-bottom:0%;--awb-flex-wrap:wrap;\" ><div class=\"fusion-builder-row fusion-row fusion-flex-align-items-center fusion-flex-content-wrap\" style=\"width:calc( 100% + 0px ) !important;max-width:calc( 100% + 0px ) !important;margin-left: calc(-0px \/ 2 );margin-right: calc(-0px \/ 2 );\"><div class=\"fusion-layout-column fusion_builder_column fusion-builder-column-7 fusion_builder_column_1_2 1_2 fusion-flex-column fusion-flex-align-self-stretch fusion-no-small-visibility fusion-column-inner-bg-wrapper fusion-animated\" style=\"--awb-inner-bg-color:rgba(0,0,0,0.77);--awb-inner-bg-color-hover:rgba(0,0,0,0.77);--awb-inner-bg-image:url(&#039;http:\/\/lift-mtb.com\/wp-content\/uploads\/2022\/08\/downhill-720-x-705-px-960-x-495-px-1-1.png&#039;);--awb-inner-bg-position:center center;--awb-inner-bg-size:cover;--awb-width-large:50%;--awb-margin-top-large:0px;--awb-spacing-right-large:0px;--awb-margin-bottom-large:0px;--awb-spacing-left-large:0px;--awb-width-medium:100%;--awb-order-medium:0;--awb-spacing-right-medium:0px;--awb-spacing-left-medium:0px;--awb-width-small:100%;--awb-order-small:1;--awb-spacing-right-small:0px;--awb-spacing-left-small:0px;\" data-animationType=\"fadeInRight\" data-animationDuration=\"0.5\" data-animationOffset=\"top-into-view\"><span class=\"fusion-column-inner-bg hover-type-zoomin\"><span class=\"fusion-column-anchor\"><span class=\"fusion-column-inner-bg-image\"><\/span><\/span><\/span><div class=\"fusion-column-wrapper fusion-column-has-shadow fusion-flex-justify-content-center fusion-content-layout-column fusion-empty-column-bg-image fusion-column-has-bg-image\" data-bg-url=\"http:\/\/lift-mtb.com\/wp-content\/uploads\/2022\/08\/downhill-720-x-705-px-960-x-495-px-1-1.png\"><img decoding=\"async\" class=\"fusion-empty-dims-img-placeholder fusion-no-large-visibility\" src=\"data:image\/gif;base64,R0lGODlhAQABAAAAACH5BAEKAAEALAAAAAABAAEAAAICTAEAOw==\"><\/div><\/div><div class=\"fusion-layout-column fusion_builder_column fusion-builder-column-8 fusion_builder_column_1_2 1_2 fusion-flex-column fusion-flex-align-self-center\" style=\"--awb-padding-top:3%;--awb-padding-right:5%;--awb-padding-bottom:3%;--awb-padding-left:5%;--awb-bg-size:cover;--awb-width-large:50%;--awb-margin-top-large:0px;--awb-spacing-right-large:0px;--awb-margin-bottom-large:0px;--awb-spacing-left-large:0px;--awb-width-medium:100%;--awb-order-medium:0;--awb-spacing-right-medium:0px;--awb-spacing-left-medium:0px;--awb-width-small:100%;--awb-order-small:0;--awb-margin-top-small:0;--awb-spacing-right-small:0px;--awb-margin-bottom-small:0;--awb-spacing-left-small:0px;\"><div class=\"fusion-column-wrapper fusion-column-has-shadow fusion-flex-justify-content-center fusion-content-layout-column\"><div class=\"fusion-title title fusion-title-3 fusion-title-text fusion-title-size-two\"><div class=\"title-sep-container title-sep-container-left fusion-no-large-visibility fusion-no-medium-visibility fusion-no-small-visibility\"><div class=\"title-sep sep- sep-solid\" style=\"border-color:#e2e2e2;\"><\/div><\/div><span class=\"awb-title-spacer fusion-no-large-visibility fusion-no-medium-visibility fusion-no-small-visibility\"><\/span><h2 class=\"fusion-title-heading title-heading-left fusion-responsive-typography-calculated\" style=\"font-family:-apple-system, BlinkMacSystemFont, &#039;Segoe UI&#039;, Roboto, Oxygen-Sans, Ubuntu, Cantarell, &#039;Helvetica Neue&#039; ,sans-serif;font-style:normal;font-weight:400;margin:0;--fontSize:40;line-height:1.2;\"><h2><b>Verwendung des Elektromotors f\u00fcr das Fahrrad<br \/>\n<\/b><\/h2>\n<div id=\"gtx-trans\" style=\"position: absolute; left: -1px; top: -10px;\">\n<div class=\"gtx-trans-icon\"><\/div>\n<\/div><\/h2><span class=\"awb-title-spacer\"><\/span><div class=\"title-sep-container title-sep-container-right\"><div class=\"title-sep sep- sep-solid\" style=\"border-color:#e2e2e2;\"><\/div><\/div><\/div><div class=\"fusion-text fusion-text-4 fusion-no-small-visibility\" style=\"--awb-font-size:var(--awb-typography4-font-size);--awb-line-height:var(--awb-typography4-line-height);--awb-letter-spacing:var(--awb-typography4-letter-spacing);--awb-text-transform:var(--awb-typography4-text-transform);--awb-text-font-family:var(--awb-typography4-font-family);--awb-text-font-weight:var(--awb-typography4-font-weight);--awb-text-font-style:var(--awb-typography4-font-style);\"><ul>\n<li>Wie die <b>Elektromotoren von Bosch<\/b>, Yamaha, Brose&#8230; ist das <strong>LIFT-MTB-System<\/strong> f\u00fcr alle Praktiken geeignet, Touren, XC, Enduro, Dh.<\/li>\n<li>Die Kraft wird \u00fcber einen sanften und progressiven Lenkergashebel oder einen Tretlagersensor gesteuert.<\/li>\n<li>Erh\u00e4ltlich als ungeflanschte Version (ca. 35 km\/h), oder mit Flansch bei 25kM\/H.<\/li>\n<li>Batterieladeanzeige am Lenker.<\/li>\n<li>Kein Widerstand beim Treten, auch wenn der <strong>Fahrradmotor<\/strong> ausgeschaltet ist.<\/li>\n<li>Reichweite bis zu 90 km und 2500 m H\u00f6henunterschied je nach <strong>Batterie<\/strong>.<\/li>\n<li>Eine sehr einfache Technologie, die einen super zuverl\u00e4ssigen <strong>Fahrradmotor<\/strong> garantiert.<\/li>\n<\/ul>\n<\/div><div class=\"fusion-text fusion-text-5 fusion-no-medium-visibility fusion-no-large-visibility fusion-text-no-margin\" style=\"--awb-font-size:var(--awb-typography5-font-size);--awb-line-height:var(--awb-typography5-line-height);--awb-letter-spacing:var(--awb-typography5-letter-spacing);--awb-text-transform:var(--awb-typography5-text-transform);--awb-text-font-family:var(--awb-typography5-font-family);--awb-text-font-weight:var(--awb-typography5-font-weight);--awb-text-font-style:var(--awb-typography5-font-style);\"><ul>\n<li>Wie die <b>Elektromotoren von Bosch<\/b>, Yamaha, Brose&#8230; ist das <strong>LIFT-MTB-System<\/strong> f\u00fcr alle Praktiken geeignet, Touren, XC, Enduro, Dh.<\/li>\n<li>Die Kraft wird \u00fcber einen sanften und progressiven Lenkergashebel oder einen Tretlagersensor gesteuert.<\/li>\n<li>Erh\u00e4ltlich als ungeflanschte Version (ca. 35 km\/h), oder mit Flansch bei 25kM\/H.<\/li>\n<li>Batterieladeanzeige am Lenker.<\/li>\n<li>Kein Widerstand beim Treten, auch wenn der <strong>Fahrradmotor<\/strong> ausgeschaltet ist.<\/li>\n<li>Reichweite bis zu 90 km und 2500 m H\u00f6henunterschied je nach <strong>Batterie<\/strong>.<\/li>\n<li>Eine sehr einfache Technologie, die einen super zuverl\u00e4ssigen <strong>Fahrradmotor<\/strong> garantiert.<\/li>\n<\/ul>\n<\/div><\/div><\/div><div class=\"fusion-layout-column fusion_builder_column fusion-builder-column-9 fusion_builder_column_1_2 1_2 fusion-flex-column fusion-no-medium-visibility fusion-no-large-visibility\" style=\"--awb-bg-size:cover;--awb-width-large:50%;--awb-margin-top-large:0px;--awb-spacing-right-large:0px;--awb-margin-bottom-large:20px;--awb-spacing-left-large:0px;--awb-width-medium:100%;--awb-order-medium:0;--awb-spacing-right-medium:0px;--awb-spacing-left-medium:0px;--awb-width-small:100%;--awb-order-small:3;--awb-spacing-right-small:0px;--awb-spacing-left-small:0px;\"><div class=\"fusion-column-wrapper fusion-column-has-shadow fusion-flex-justify-content-flex-start fusion-content-layout-column\"><div class=\"fusion-image-element \" style=\"--awb-aspect-ratio:2 \/ 1;--awb-caption-title-font-family:var(--h2_typography-font-family);--awb-caption-title-font-weight:var(--h2_typography-font-weight);--awb-caption-title-font-style:var(--h2_typography-font-style);--awb-caption-title-size:var(--h2_typography-font-size);--awb-caption-title-transform:var(--h2_typography-text-transform);--awb-caption-title-line-height:var(--h2_typography-line-height);--awb-caption-title-letter-spacing:var(--h2_typography-letter-spacing);\"><span class=\" fusion-imageframe imageframe-none imageframe-2 hover-type-none has-aspect-ratio\"><img decoding=\"async\" width=\"2880\" height=\"1485\" alt=\"tout nos kit electrique \" title=\"Motor f\u00fcr Universalfahrrad\" src=\"https:\/\/www.lift-mtb.com\/wp-content\/uploads\/2022\/08\/downhill-720-x-705-px-960-x-495-px-1-1.png\" class=\"img-responsive wp-image-34885 img-with-aspect-ratio\" data-parent-fit=\"cover\" data-parent-container=\".fusion-image-element\" srcset=\"https:\/\/www.lift-mtb.com\/wp-content\/uploads\/2022\/08\/downhill-720-x-705-px-960-x-495-px-1-1-200x103.png 200w, https:\/\/www.lift-mtb.com\/wp-content\/uploads\/2022\/08\/downhill-720-x-705-px-960-x-495-px-1-1-400x206.png 400w, https:\/\/www.lift-mtb.com\/wp-content\/uploads\/2022\/08\/downhill-720-x-705-px-960-x-495-px-1-1-600x309.png 600w, https:\/\/www.lift-mtb.com\/wp-content\/uploads\/2022\/08\/downhill-720-x-705-px-960-x-495-px-1-1-800x413.png 800w, https:\/\/www.lift-mtb.com\/wp-content\/uploads\/2022\/08\/downhill-720-x-705-px-960-x-495-px-1-1-1200x619.png 1200w, https:\/\/www.lift-mtb.com\/wp-content\/uploads\/2022\/08\/downhill-720-x-705-px-960-x-495-px-1-1.png 2880w\" sizes=\"(max-width: 1024px) 100vw, (max-width: 640px) 100vw, 800px\" \/><\/span><\/div><\/div><\/div><\/div><\/div><div class=\"fusion-fullwidth fullwidth-box fusion-builder-row-7 fusion-flex-container has-pattern-background has-mask-background hundred-percent-fullwidth non-hundred-percent-height-scrolling\" style=\"--awb-background-position:left top;--awb-border-sizes-top:0px;--awb-border-sizes-bottom:0px;--awb-border-sizes-left:0px;--awb-border-sizes-right:0px;--awb-border-radius-top-left:0px;--awb-border-radius-top-right:0px;--awb-border-radius-bottom-right:0px;--awb-border-radius-bottom-left:0px;--awb-padding-top:0px;--awb-padding-right:0px;--awb-padding-bottom:0px;--awb-padding-left:0px;--awb-margin-top:0px;--awb-margin-bottom:0%;--awb-flex-wrap:wrap;\" ><div class=\"fusion-builder-row fusion-row fusion-flex-align-items-flex-start fusion-flex-content-wrap\" style=\"width:calc( 100% + 0px ) !important;max-width:calc( 100% + 0px ) !important;margin-left: calc(-0px \/ 2 );margin-right: calc(-0px \/ 2 );\"><div class=\"fusion-layout-column fusion_builder_column fusion-builder-column-10 fusion_builder_column_1_2 1_2 fusion-flex-column fusion-flex-align-self-center\" style=\"--awb-padding-top:3%;--awb-padding-right:5%;--awb-padding-bottom:3%;--awb-padding-left:5%;--awb-padding-left-small:1px;--awb-bg-size:cover;--awb-width-large:50%;--awb-margin-top-large:0px;--awb-spacing-right-large:0px;--awb-margin-bottom-large:0px;--awb-spacing-left-large:0px;--awb-width-medium:100%;--awb-order-medium:0;--awb-spacing-right-medium:0px;--awb-spacing-left-medium:0px;--awb-width-small:100%;--awb-order-small:0;--awb-margin-top-small:0;--awb-spacing-right-small:0px;--awb-margin-bottom-small:0;--awb-spacing-left-small:0px;\"><div class=\"fusion-column-wrapper fusion-column-has-shadow fusion-flex-justify-content-center fusion-content-layout-column\"><div class=\"fusion-title title fusion-title-4 fusion-title-text fusion-title-size-one\"><div class=\"title-sep-container title-sep-container-left fusion-no-large-visibility fusion-no-medium-visibility fusion-no-small-visibility\"><div class=\"title-sep sep- sep-solid\" style=\"border-color:#e2e2e2;\"><\/div><\/div><span class=\"awb-title-spacer fusion-no-large-visibility fusion-no-medium-visibility fusion-no-small-visibility\"><\/span><h1 class=\"fusion-title-heading title-heading-left fusion-responsive-typography-calculated\" style=\"margin:0;--fontSize:48;line-height:1.14;\">Spezifikation des Elektromotors f\u00fcr Fahrr\u00e4der<\/h1><span class=\"awb-title-spacer\"><\/span><div class=\"title-sep-container title-sep-container-right\"><div class=\"title-sep sep- sep-solid\" style=\"border-color:#e2e2e2;\"><\/div><\/div><\/div><div class=\"fusion-text fusion-text-6 fusion-no-small-visibility\" style=\"--awb-font-size:var(--awb-typography4-font-size);--awb-line-height:var(--awb-typography4-line-height);--awb-letter-spacing:var(--awb-typography4-letter-spacing);--awb-text-transform:var(--awb-typography4-text-transform);--awb-text-font-family:var(--awb-typography4-font-family);--awb-text-font-weight:var(--awb-typography4-font-weight);--awb-text-font-style:var(--awb-typography4-font-style);\"><ul>\n<li>Der <i>LIFT-MTB<\/i>&#8211;<strong>Fahrradmotor<\/strong> ist zuverl\u00e4ssig, vielseitig, leicht und <a href=\"http:\/\/www.youtube.com\/watch?v=g0aRczJ2-uA\">leistungsstark<\/a>.<\/li>\n<li>Erhaltung der Kinematik, f\u00fcr ein Fahrrad, das immer noch leistungsf\u00e4hig ist.<\/li>\n<li>Drehmoment am Hinterrad des <strong>Motors f\u00fcr Mountainbikes<\/strong> von 80 bis 110 N.m.<\/li>\n<li>Ideale Gewichtsverteilung und Bodenfreiheit f\u00fcr ein Fahrrad, das Spa\u00df macht und Leistung bringt.<\/li>\n<li>Das Gewicht des <strong>Fahrradantriebs<\/strong> betr\u00e4gt ca. 3,2 kg, Ihr Fahrrad wird also leichter sein als ein handels\u00fcbliches E-Mountainbikes.<\/li>\n<li>Kompakter und leichter <strong>LI-ION-Akku<\/strong> ab 1,6 kg, der in einem Rucksack am Rahmen transportiert werden kann.<\/li>\n<li>Neues, sehr leises Schr\u00e4gzahnradsystem.<\/li>\n<li>Einfache Wartung, die leicht vom Benutzer selbst durchgef\u00fchrt werden kann.<\/li>\n<li>2 Jahre Herstellergarantie.<\/li>\n<\/ul>\n<\/div><div class=\"fusion-text fusion-text-7 fusion-no-medium-visibility fusion-no-large-visibility\" style=\"--awb-font-size:var(--awb-typography5-font-size);--awb-line-height:var(--awb-typography5-line-height);--awb-letter-spacing:var(--awb-typography5-letter-spacing);--awb-text-transform:var(--awb-typography5-text-transform);--awb-text-font-family:var(--awb-typography5-font-family);--awb-text-font-weight:var(--awb-typography5-font-weight);--awb-text-font-style:var(--awb-typography5-font-style);\"><ul>\n<li>Der <i>LIFT-MTB<\/i>&#8211;<strong>Fahrradmotor<\/strong> ist zuverl\u00e4ssig, vielseitig, leicht und leistungsstark.<\/li>\n<li>Erhaltung der Kinematik, f\u00fcr ein Fahrrad, das immer noch leistungsf\u00e4hig ist.<\/li>\n<li>Drehmoment am Hinterrad des <strong>Motors f\u00fcr Mountainbikes<\/strong> von 80 bis 110 N.m.<\/li>\n<li>Ideale Gewichtsverteilung und Bodenfreiheit f\u00fcr ein Fahrrad, das Spa\u00df macht und Leistung bringt.<\/li>\n<li>Das Gewicht des <strong>Fahrradantriebs<\/strong> betr\u00e4gt ca. 3,2 kg, Ihr Fahrrad wird also leichter sein als ein handels\u00fcbliches E-Mountainbikes.<\/li>\n<li>Kompakter und leichter <strong>LI-ION-Akku<\/strong> ab 1,6 kg, der in einem Rucksack am Rahmen transportiert werden kann.<\/li>\n<li>Neues, sehr leises Schr\u00e4gzahnradsystem.<\/li>\n<li>Einfache Wartung, die leicht vom Benutzer selbst durchgef\u00fchrt werden kann.<\/li>\n<li>2 Jahre Herstellergarantie.<\/li>\n<\/ul>\n<\/div><\/div><\/div><div class=\"fusion-layout-column fusion_builder_column fusion-builder-column-11 fusion_builder_column_1_2 1_2 fusion-flex-column fusion-flex-align-self-stretch fusion-no-small-visibility fusion-column-inner-bg-wrapper fusion-animated\" style=\"--awb-inner-bg-image:url(&#039;http:\/\/lift-mtb.com\/wp-content\/uploads\/2022\/08\/moteur-pour-velo-960-x-595-px.png&#039;);--awb-inner-bg-position:center center;--awb-inner-bg-size:cover;--awb-width-large:50%;--awb-margin-top-large:0px;--awb-spacing-right-large:0px;--awb-margin-bottom-large:0px;--awb-spacing-left-large:0px;--awb-width-medium:100%;--awb-order-medium:0;--awb-spacing-right-medium:0px;--awb-spacing-left-medium:0px;--awb-width-small:100%;--awb-order-small:2;--awb-spacing-right-small:0px;--awb-spacing-left-small:0px;\" data-animationType=\"fadeInLeft\" data-animationDuration=\"0.5\" data-animationOffset=\"top-into-view\"><span class=\"fusion-column-inner-bg hover-type-zoomin\"><span class=\"fusion-column-anchor\"><span class=\"fusion-column-inner-bg-image\"><\/span><\/span><\/span><div class=\"fusion-column-wrapper fusion-column-has-shadow fusion-flex-justify-content-flex-start fusion-content-layout-column fusion-empty-column-bg-image fusion-column-has-bg-image\" data-bg-url=\"http:\/\/lift-mtb.com\/wp-content\/uploads\/2022\/08\/moteur-pour-velo-960-x-595-px.png\"><img decoding=\"async\" class=\"fusion-empty-dims-img-placeholder fusion-no-large-visibility\" src=\"data:image\/gif;base64,R0lGODlhAQABAAAAACH5BAEKAAEALAAAAAABAAEAAAICTAEAOw==\"><\/div><\/div><div class=\"fusion-layout-column fusion_builder_column fusion-builder-column-12 fusion_builder_column_1_2 1_2 fusion-flex-column fusion-no-medium-visibility fusion-no-large-visibility\" style=\"--awb-bg-size:cover;--awb-width-large:50%;--awb-margin-top-large:0px;--awb-spacing-right-large:0px;--awb-margin-bottom-large:20px;--awb-spacing-left-large:0px;--awb-width-medium:100%;--awb-order-medium:0;--awb-spacing-right-medium:0px;--awb-spacing-left-medium:0px;--awb-width-small:100%;--awb-order-small:3;--awb-spacing-right-small:0px;--awb-spacing-left-small:0px;\"><div class=\"fusion-column-wrapper fusion-column-has-shadow fusion-flex-justify-content-flex-start fusion-content-layout-column\"><div class=\"fusion-image-element \" style=\"--awb-caption-title-font-family:var(--h2_typography-font-family);--awb-caption-title-font-weight:var(--h2_typography-font-weight);--awb-caption-title-font-style:var(--h2_typography-font-style);--awb-caption-title-size:var(--h2_typography-font-size);--awb-caption-title-transform:var(--h2_typography-text-transform);--awb-caption-title-line-height:var(--h2_typography-line-height);--awb-caption-title-letter-spacing:var(--h2_typography-letter-spacing);\"><span class=\" fusion-imageframe imageframe-none imageframe-3 hover-type-none\"><img decoding=\"async\" width=\"1920\" height=\"1190\" alt=\"image demo lift\" title=\"moteur-pour-velo-960-x-595-px\" src=\"https:\/\/www.lift-mtb.com\/wp-content\/uploads\/2022\/08\/moteur-pour-velo-960-x-595-px.png\" class=\"img-responsive wp-image-34849\" srcset=\"https:\/\/www.lift-mtb.com\/wp-content\/uploads\/2022\/08\/moteur-pour-velo-960-x-595-px-500x310.png 500w, https:\/\/www.lift-mtb.com\/wp-content\/uploads\/2022\/08\/moteur-pour-velo-960-x-595-px-700x434.png 700w, https:\/\/www.lift-mtb.com\/wp-content\/uploads\/2022\/08\/moteur-pour-velo-960-x-595-px.png 1920w\" sizes=\"(max-width: 1920px) 100vw, 1920px\" \/><\/span><\/div><\/div><\/div><div class=\"fusion-layout-column fusion_builder_column fusion-builder-column-13 fusion_builder_column_1_1 1_1 fusion-flex-column\" style=\"--awb-bg-size:cover;--awb-width-large:100%;--awb-margin-top-large:0px;--awb-spacing-right-large:0px;--awb-margin-bottom-large:20px;--awb-spacing-left-large:0px;--awb-width-medium:100%;--awb-order-medium:0;--awb-spacing-right-medium:0px;--awb-spacing-left-medium:0px;--awb-width-small:100%;--awb-order-small:0;--awb-spacing-right-small:0px;--awb-spacing-left-small:0px;\"><div class=\"fusion-column-wrapper fusion-column-has-shadow fusion-flex-justify-content-flex-start fusion-content-layout-column\"><div class=\"fusion-separator fusion-no-small-visibility fusion-full-width-sep\" style=\"align-self: center;margin-left: auto;margin-right: auto;margin-bottom:20px;width:100%;\"><\/div><\/div><\/div><\/div><\/div><div class=\"fusion-fullwidth fullwidth-box fusion-builder-row-8 fusion-flex-container hundred-percent-fullwidth non-hundred-percent-height-scrolling fusion-animated\" style=\"--awb-border-radius-top-left:0px;--awb-border-radius-top-right:0px;--awb-border-radius-bottom-right:0px;--awb-border-radius-bottom-left:0px;--awb-flex-wrap:wrap;\" data-animationType=\"fadeInLeft\" data-animationDuration=\"0.8\" data-animationOffset=\"top-into-view\" ><div class=\"fusion-builder-row fusion-row fusion-flex-align-items-center fusion-flex-align-content-center fusion-flex-justify-content-center fusion-flex-content-wrap\" style=\"width:104% !important;max-width:104% !important;margin-left: calc(-4% \/ 2 );margin-right: calc(-4% \/ 2 );\"><div class=\"fusion-layout-column fusion_builder_column fusion-builder-column-14 fusion_builder_column_1_1 1_1 fusion-flex-column\" style=\"--awb-bg-size:cover;--awb-width-large:100%;--awb-margin-top-large:0px;--awb-spacing-right-large:1.92%;--awb-margin-bottom-large:20px;--awb-spacing-left-large:1.92%;--awb-width-medium:100%;--awb-order-medium:0;--awb-spacing-right-medium:1.92%;--awb-spacing-left-medium:1.92%;--awb-width-small:100%;--awb-order-small:0;--awb-spacing-right-small:1.92%;--awb-spacing-left-small:1.92%;\"><div class=\"fusion-column-wrapper fusion-column-has-shadow fusion-flex-justify-content-flex-start fusion-content-layout-column\"><div class=\"fusion-separator fusion-full-width-sep\" style=\"align-self: center;margin-left: auto;margin-right: auto;width:100%;\"><div class=\"fusion-separator-border sep-double\" style=\"--awb-height:20px;--awb-amount:20px;border-color:#e0dede;border-top-width:1px;border-bottom-width:1px;\"><\/div><\/div><div class=\"fusion-image-element \" style=\"text-align:center;--awb-max-width:1000px;--awb-caption-title-font-family:var(--h2_typography-font-family);--awb-caption-title-font-weight:var(--h2_typography-font-weight);--awb-caption-title-font-style:var(--h2_typography-font-style);--awb-caption-title-size:var(--h2_typography-font-size);--awb-caption-title-transform:var(--h2_typography-text-transform);--awb-caption-title-line-height:var(--h2_typography-line-height);--awb-caption-title-letter-spacing:var(--h2_typography-letter-spacing);\"><span class=\" fusion-imageframe imageframe-none imageframe-4 hover-type-none\"><img decoding=\"async\" width=\"406\" height=\"80\" alt=\"moteur electrique \" title=\"logo-lift\" src=\"https:\/\/www.lift-mtb.com\/wp-content\/uploads\/2020\/09\/logo-lift-e1600386162875.png\" class=\"img-responsive wp-image-4068\"\/><\/span><\/div><\/div><\/div><\/div><\/div><div class=\"fusion-fullwidth fullwidth-box fusion-builder-row-9 fusion-flex-container nonhundred-percent-fullwidth non-hundred-percent-height-scrolling\" style=\"--awb-border-radius-top-left:0px;--awb-border-radius-top-right:0px;--awb-border-radius-bottom-right:0px;--awb-border-radius-bottom-left:0px;--awb-flex-wrap:wrap;\" ><div class=\"fusion-builder-row fusion-row fusion-flex-align-items-flex-start fusion-flex-content-wrap\" style=\"max-width:1430px;margin-left: calc(-4% \/ 2 );margin-right: calc(-4% \/ 2 );\"><div class=\"fusion-layout-column fusion_builder_column fusion-builder-column-15 fusion_builder_column_1_1 1_1 fusion-flex-column\" style=\"--awb-bg-size:cover;--awb-width-large:100%;--awb-margin-top-large:0px;--awb-spacing-right-large:1.92%;--awb-margin-bottom-large:20px;--awb-spacing-left-large:1.92%;--awb-width-medium:100%;--awb-order-medium:0;--awb-spacing-right-medium:1.92%;--awb-spacing-left-medium:1.92%;--awb-width-small:100%;--awb-order-small:0;--awb-spacing-right-small:1.92%;--awb-spacing-left-small:1.92%;\"><div class=\"fusion-column-wrapper fusion-column-has-shadow fusion-flex-justify-content-flex-start fusion-content-layout-column\"><div class=\"fusion-separator fusion-full-width-sep\" style=\"align-self: center;margin-left: auto;margin-right: auto;margin-top:20px;width:100%;\"><\/div><div class=\"fusion-title title fusion-title-5 fusion-title-center fusion-title-text fusion-title-size-two\"><div class=\"title-sep-container title-sep-container-left\"><div class=\"title-sep sep- sep-solid\" style=\"border-color:#e2e2e2;\"><\/div><\/div><span class=\"awb-title-spacer\"><\/span><h2 class=\"fusion-title-heading title-heading-center fusion-responsive-typography-calculated\" style=\"font-family:-apple-system, BlinkMacSystemFont, &#039;Segoe UI&#039;, Roboto, Oxygen-Sans, Ubuntu, Cantarell, &#039;Helvetica Neue&#039; ,sans-serif;font-style:normal;font-weight:400;margin:0;text-transform:uppercase;--fontSize:40;line-height:1.2;\"><p style=\"text-align: center;\"><b>Preisliste f\u00fcr das LIFT-MTB V4 Kit<\/b><\/p>\n<div id=\"gtx-trans\" style=\"position: absolute; left: -15px; top: -10px;\">\n<div class=\"gtx-trans-icon\"><\/div>\n<\/div><\/h2><span class=\"awb-title-spacer\"><\/span><div class=\"title-sep-container title-sep-container-right\"><div class=\"title-sep sep- sep-solid\" style=\"border-color:#e2e2e2;\"><\/div><\/div><\/div><div class=\"fusion-separator\" style=\"align-self: center;margin-left: auto;margin-right: auto;width:100%;max-width:100px;\"><div class=\"fusion-separator-border sep-single sep-solid\" style=\"--awb-height:20px;--awb-amount:20px;--awb-sep-color:var(--awb-color7);border-color:var(--awb-color7);border-top-width:8px;\"><\/div><\/div><style type='text\/css'>\n\t\t\t\t.pricing-table-1.fusion-pricing-table .panel-container, .pricing-table-1.fusion-pricing-table .standout .panel-container,\n\t\t\t\t.pricing-table-1.full-boxed-pricing.fusion-pricing-table {background-color:#f8f8f8;}\n\t\t\t\t.pricing-table-1.fusion-pricing-table .list-group .list-group-item,\n\t\t\t\t.pricing-table-1.fusion-pricing-table .list-group .list-group-item:last-child{background-color:#ffffff; border-color:#ededed;}\n\t\t\t\t.pricing-table-1.full-boxed-pricing.fusion-pricing-table .panel-wrapper:hover .panel-heading,\n\t\t\t\t.pricing-table-1.fusion-pricing-table .panel-wrapper:hover .list-group-item {background-color:#f8f8f8;}\n\t\t\t\t.pricing-table-1.full-boxed-pricing.fusion-pricing-table .panel-heading{background-color:#ffffff;}\n\t\t\t\t.pricing-table-1.fusion-pricing-table .fusion-panel, .pricing-table-1 .panel-wrapper:last-child .fusion-panel,\n\t\t\t\t.pricing-table-1.fusion-pricing-table .standout .fusion-panel, .pricing-table-1.fusion-pricing-table  .panel-heading,\n\t\t\t\t.pricing-table-1.fusion-pricing-table .panel-body, .pricing-table-1.fusion-pricing-table .panel-footer{border-color:#ededed;}\n\t\t\t\t.pricing-table-1.fusion-pricing-table .panel-body, .pricing-table-1.fusion-pricing-table .panel-footer{background-color:#f8f8f8;}\n\t\t\t\t.pricing-table-1.sep-boxed-pricing.fusion-pricing-table .panel-heading h3{color:#333333;}\n\t\t\t\t.pricing-table-1.full-boxed-pricing.fusion-pricing-table .panel-heading h3{color:#333333;}\n\t\t\t\t.pricing-table-1.fusion-pricing-table .panel-body .price .decimal-part{color:#f41000;}\n\t\t\t\t.pricing-table-1.fusion-pricing-table .panel-body .price .integer-part{color:#f41000;}\n\t\t\t\t.pricing-table-1.fusion-pricing-table ul.list-group li{color:#646464;}\n\t\t\t\t<\/style><div class=\"fusion-pricing-table pricing-table-1 full-boxed-pricing row fusion-columns-4 columns-4 fusion-clearfix\"><div class=\"panel-wrapper fusion-column column col-lg-3 col-md-3 col-sm-3 fusion-pricingtable-column\"><div class=\"panel-container\"><div class=\"fusion-panel\"><div class=\"panel-heading\"><h3 class=\"title-row\">Leicht<\/h3><\/div><div class=\"panel-body pricing-row\"><div class=\"price \"><span class=\"integer-part\">1250<\/span><span class=\"currency pos-right price-without-decimal\"> \u20ac<\/span><\/div><\/div><ul class=\"list-group\"><li class=\"list-group-item normal-row\">Kompletter Satz mit kompaktem Akku. Ideal f\u00fcr Sportveranstaltungen<\/li><li class=\"list-group-item normal-row\">Akku 8,7 Ah \/ 300 Wh \/ 1.6kg<\/li><\/ul><div class=\"panel-footer footer-row\"><div class=\"fusion-button-wrapper\"><a class=\"fusion-button button-flat fusion-button-default-size button-default fusion-button-default button-1 fusion-button-default-span fusion-button-default-type\" target=\"_self\" href=\"https:\/de\/produkt-kategorie\/unsere-vorkonfigurierten-kits\/\"><span class=\"fusion-button-text awb-button__text awb-button__text--default\">Entdecken +<\/span><\/a><\/div><\/div><\/div><\/div><\/div><div class=\"panel-wrapper fusion-column column col-lg-3 col-md-3 col-sm-3 fusion-pricingtable-column\"><div class=\"panel-container\"><div class=\"fusion-panel\"><div class=\"panel-heading\"><h3 class=\"title-row\">Vielseitig<\/h3><\/div><div class=\"panel-body pricing-row\"><div class=\"price \"><span class=\"integer-part\">1350<\/span><span class=\"currency pos-right price-without-decimal\"> \u20ac<\/span><\/div><\/div><ul class=\"list-group\"><li class=\"list-group-item normal-row\">Komplettset mit vielseitig einsetzbarem Schlagzeug. Bietet das richtige Verh\u00e4ltnis von Gewicht zu Akkulaufzeit.<\/li><li class=\"list-group-item normal-row\">Akku 11,5 Ah \/ 400 Wh \/ 2.1Kg<\/li><\/ul><div class=\"panel-footer footer-row\"><div class=\"fusion-button-wrapper\"><a class=\"fusion-button button-flat fusion-button-default-size button-default fusion-button-default button-2 fusion-button-default-span fusion-button-default-type\" target=\"_self\" href=\"https:\/de\/produkt-kategorie\/unsere-vorkonfigurierten-kits\/\"><span class=\"fusion-button-text awb-button__text awb-button__text--default\">Entdecken +<\/span><\/a><\/div><\/div><\/div><\/div><\/div><div class=\"panel-wrapper fusion-column column col-lg-3 col-md-3 col-sm-3 fusion-pricingtable-column\"><div class=\"panel-container\"><div class=\"fusion-panel\"><div class=\"panel-heading\"><h3 class=\"title-row\">Komfort<\/h3><\/div><div class=\"panel-body pricing-row\"><div class=\"price \"><span class=\"integer-part\">1450<\/span><span class=\"currency pos-right price-without-decimal\"> \u20ac<\/span><\/div><\/div><ul class=\"list-group\"><li class=\"list-group-item normal-row\">Komplettset mit &#8220;Komfort&#8221;-Batterie Bietet eine komfortable Akkulaufzeit.<\/li><li class=\"list-group-item normal-row\">Batterie 14 Ah \/ 500 Wh \/ 2.5kg<\/li><\/ul><div class=\"panel-footer footer-row\"><div class=\"fusion-button-wrapper\"><a class=\"fusion-button button-flat fusion-button-default-size button-default fusion-button-default button-3 fusion-button-default-span fusion-button-default-type\" target=\"_self\" href=\"https:\/de\/produkt-kategorie\/unsere-vorkonfigurierten-kits\/\"><span class=\"fusion-button-text awb-button__text awb-button__text--default\">Entdecken +<\/span><\/a><\/div><\/div><\/div><\/div><\/div><div class=\"panel-wrapper fusion-column column col-lg-3 col-md-3 col-sm-3 fusion-pricingtable-column\"><div class=\"panel-container\"><div class=\"fusion-panel\"><div class=\"panel-heading\"><h3 class=\"title-row\">Abenteuer<\/h3><\/div><div class=\"panel-body pricing-row\"><div class=\"price \"><span class=\"integer-part\">1500<\/span><span class=\"currency pos-right price-without-decimal\"> \u20ac<\/span><\/div><\/div><ul class=\"list-group\"><li class=\"list-group-item normal-row\">Komplettset mit gro\u00dfem Schlagzeug. Gro\u00dfe Reichweite f\u00fcr lange Ausfl\u00fcge<\/li><li class=\"list-group-item normal-row\">Akku 17,4 Ah \/ 600 Wh \/ 2.9kg<\/li><\/ul><div class=\"panel-footer footer-row\"><div class=\"fusion-button-wrapper\"><a class=\"fusion-button button-flat fusion-button-default-size button-default fusion-button-default button-4 fusion-button-default-span fusion-button-default-type\" target=\"_self\" href=\"https:\/de\/produkt-kategorie\/unsere-vorkonfigurierten-kits\/\"><span class=\"fusion-button-text awb-button__text awb-button__text--default\">Entdecken +<\/span><\/a><\/div><\/div><\/div><\/div><\/div><\/div><div class=\"fusion-separator fusion-full-width-sep\" style=\"align-self: center;margin-left: auto;margin-right: auto;margin-top:20px;width:100%;\"><\/div><\/div><\/div><\/div><\/div><div class=\"fusion-fullwidth fullwidth-box fusion-builder-row-10 fusion-flex-container has-pattern-background has-mask-background nonhundred-percent-fullwidth non-hundred-percent-height-scrolling\" style=\"--awb-border-radius-top-left:0px;--awb-border-radius-top-right:0px;--awb-border-radius-bottom-right:0px;--awb-border-radius-bottom-left:0px;--awb-padding-right:0px;--awb-padding-left:0px;--awb-flex-wrap:wrap;\" ><div class=\"fusion-builder-row fusion-row fusion-flex-align-items-flex-start fusion-flex-content-wrap\" style=\"max-width:1430px;margin-left: calc(-4% \/ 2 );margin-right: calc(-4% \/ 2 );\"><div class=\"fusion-layout-column fusion_builder_column fusion-builder-column-16 fusion_builder_column_1_1 1_1 fusion-flex-column\" style=\"--awb-bg-color:var(--awb-color1);--awb-bg-color-hover:var(--awb-color1);--awb-bg-size:cover;--awb-width-large:100%;--awb-margin-top-large:0px;--awb-spacing-right-large:1.92%;--awb-margin-bottom-large:0px;--awb-spacing-left-large:1.92%;--awb-width-medium:100%;--awb-order-medium:0;--awb-spacing-right-medium:1.92%;--awb-spacing-left-medium:1.92%;--awb-width-small:100%;--awb-order-small:0;--awb-spacing-right-small:1.92%;--awb-spacing-left-small:1.92%;\"><div class=\"fusion-column-wrapper fusion-column-has-shadow fusion-flex-justify-content-center fusion-content-layout-column\"><div class=\"fusion-text fusion-text-8\" style=\"--awb-text-transform:none;--awb-margin-right:10px;--awb-margin-left:10px;\"><div id=\"lfb_bootstraped\" class=\"lfb_bootstraped notranslate\"><div id=\"lfb_form\" data-usevisual=\"0\" data-progressbar=\"0\" data-qttype=\"0\" data-imgtitlesstyle=\"\" data-emaillaststep=\"0\"       data-formtitle=\"Configuration V4 - Allemand\" data-formsession=\"69edb2daca760\" data-autoclick=\"0\"  data-subs=\"\" data-form=\"23\" class=\"lfb_bootstraped  \" data-stylefields=\"\" data-animspeed=\"0.3\" data-sumstepsclick=\"0\" data-sumhidesteps=\"0\">\r\n                <div id=\"lfb_loader\"><div class=\"lfb_spinner\"><div class=\"double-bounce1\"><\/div><div class=\"double-bounce2\"><\/div><\/div><\/div><div id=\"lfb_passModal\" class=\"modal\" data-backdrop=\"\"><div class=\"modal-dialog\"><div class=\"modal-content\"><div class=\"modal-header\"><span class=\"fas fa-lock\"><\/span><span>Senden Sie mir mein Passwort<\/span><a href=\"javascript:\" class=\"close\" data-bs-dismiss=\"modal\" aria-label=\"Close\"><span class=\"fas fa-times\"><\/span><\/a><\/div> <div class=\"modal-body p-0\">Ihr Passwort wurde per E-Mail gesendet<\/div><div class=\"modal-footer\"><a href=\"javascript:\"  data-bs-dismiss=\"modal\" class=\"btn btn-primary btn-circle\"><span class=\"fas fa-check\"><\/span><\/a><\/div><\/div><\/div><\/div><div id=\"lfb_stripeModal\" class=\"modal\" data-backdrop=\"\"><div class=\"modal-dialog\"><div class=\"modal-content\"><div class=\"modal-header\"><span class=\"fab fa-cc-stripe\"><\/span><span>eine Zahlung vornehmen<\/span><a href=\"javascript:\" class=\"close\" data-bs-dismiss=\"modal\" aria-label=\"Close\"><span class=\"fas fa-times\"><\/span><\/a><\/div> <div class=\"modal-body p-0\"><div data-panel=\"form\" class=\"p-2\"><div class=\"lfb_amountTextContainer\" class=\"p-2 mb-3 \"><div class=\"m-0 lfb_amountText text-center pb-2\">Insgesamt zu zahlen :<br\/> <strong data-info=\"amount\">$5<\/strong><\/div><\/div><form method=\"post\" id=\"lfb_stripePaymentForm\" class=\"pl-4 pr-4 pt-3\" ><div class=\"row\"><div class=\"form-group col-md-6\"><div id=\"lfb_stripe_card-element\" class=\"form-control\"><\/div><\/div><div class=\"form-group col-md-3\"><div id=\"lfb_stripe_expiration-element\" class=\"form-control\"><\/div><\/div><div class=\"form-group col-md-3\"><div id=\"lfb_stripe_cvc-element\" class=\"form-control\"><\/div><\/div><div id=\"lfb_stripe_card-error\" class=\" col-md-12\"><\/div><div class=\"form-group col-md-12\"><input placeholder=\"Name des Karteninhabers\" name=\"ownerName\" class=\"form-control\" type=\"text\"\/><\/div><\/div><\/form><div class=\"text-center lfb_stripeLogoContainer\"><img decoding=\"async\" class=\"lfb_stripeLogo\" src=\"https:\/\/www.lift-mtb.com\/wp-content\/plugins\/WP_Estimation_Form\/assets\/img\/powered_by_stripe@2x.png\" alt=\"Powered by Stripe\" \/><\/div><\/div><div data-panel=\"loading\"><div class=\" text-center\"><span class=\"fas fa-hourglass-half big\"><\/span><\/div><\/div><div data-panel=\"fail\"><div class=\"text-center\"><p><span class=\"fas fa-times big\"><\/span><\/p><div>Fehler bei der Zahlung<\/div><div data-info=\"error\" class=\"text-center\"><\/div><\/div><\/div><\/div><div class=\"modal-footer\"><a href=\"javascript:\" data-action=\"pay\"  class=\"btn btn-primary\"><span class=\"fas fa-check\"><\/span>Jetzt bezahlen<\/a><\/div><\/div><\/div><\/div><a id=\"lfb_close_btn\" href=\"javascript:\"><span class=\"fas fa-times\"><\/span><\/a>\r\n                <div id=\"lfb_panel\">\r\n                <div class=\"container-fluid\">\r\n                    <div class=\"row\">\r\n                        <div class=\"\" ><div id=\"startInfos\" class=\"\"><h1 id=\"lfb_mainFormTitle\">Konfigurator LIFT-MTB<\/h1>\r\n                        <p>Konfigurieren Sie das passende Motorpaket!<\/p>\r\n                            <\/div><p class=\"lfb_startBtnContainer \">\r\n                                <a href=\"javascript:\"  class=\"btn btn-large btn-primary\" id=\"lfb_btnStart\"><span class=\"fa fa-thumbs-up\"><\/span>Starten Sie die Konfiguration <\/a>\r\n                            <\/p> <div id=\"genPrice\" class=\"genPrice \">\r\n                                <div class=\"progress\">\r\n                                    <div class=\"progress-bar\">\r\n                                        <div class=\"progress-bar-price \">\r\n                                            <span>0$<\/span>\r\n                                            \r\n                                        <\/div>\r\n                                    <\/div>\r\n\r\n                                <\/div>\r\n                            <\/div>\r\n                            <!-- \/genPrice --><h2 id=\"finalText\" class=\"lfb_stepTitle\">Vielen Dank f\u00fcr Ihre Konfiguration, wir werden Ihren Warenkorb anzeigen<\/h2>\r\n                        <\/div>\r\n                        <!-- \/col -->\r\n                    <\/div>\r\n                    <!-- \/row -->\r\n                <div id=\"lfb_mainPanel\" class=\"palette-clouds\" data-savecart=\"1\"> <input type=\"hidden\" name=\"action\" value=\"lfb_upload_form\"\/>\r\n                <input type=\"hidden\" id=\"lfb_formSession\" name=\"formSession\" value=\"69edb2daca760\"\/><div class=\"lfb_genSlide\" data-start=\"0\"    data-showstepsum=\"1\" data-stepid=\"232\" data-title=\"Motorposition - Rahmen oder Intern?\" data-required=\"true\" data-dependitem=\"0\">\t<h2 class=\"lfb_stepTitle\">Motorposition - Rahmen oder Intern?<\/h2>\t<div class=\"lfb_genContent container lfb_noDes\" >\t\t<div class=\"row lfb_row  lfb_sortable\"><div class=\"lfb_itemBloc lfb_richtext  col-md-2  lfb_item lfb_itemContainer_1764  \"   data-id=\"1764\" data-itemtype=\"richtext\" data-itemid=\"1764\" data-title=\"Contenu personnalis\u00e9\"    ><div class=\"lfb_richTextContent\"><div style=\"text-align: center; \"><span style=\"font-size: 18px;\">Wir bieten zwei Versionen der Motorplatine (unter Rahmen oder intern) an, die Sie je nach Rahmengeometrie ausw\u00e4hlen k\u00f6nnen.<\/span><\/div><\/div><\/div><div class=\"lfb_itemBloc col-md-2  lfb_item lfb_itemContainer_1762   lfb_picRow\"  data-id=\"1762\" data-itemtype=\"imageButton\"><div class=\"lfb_imageButtonContainer\"><div class=\"lfb_imageButtonHeader\">Motor unter Rahmen<\/div><img decoding=\"async\"  class=\"lfb_imageButtonImg .jpg\" src=\"http:\/\/lift-mtb.com\/wp-content\/uploads\/2022\/10\/moteur-sous-cadre-2-1-sur-1-scaled-e1665492174186.jpg\" data-bs-placement=\"bottom\" title=\"Motor unter Rahmen\" data-originaltitle=\"Motor unter Rahmen\"  data-originallabel=\"Motor unter Rahmen\"   alt=\"\" \/><div class=\"lfb_imageButtonDescription\"><\/div><a       data-urlvariable=\"1\" data-sentattribute=\"price\" data-variablename=\"\" class=\"lfb_button lfb_imageButton btn btn-primary btn-wide \" data-callnextstep=\"1\"                  data-showprice=\"1\"  data-showinsummary=\"true\" data-woovar=\"0\" data-eddvar=\"0\" data-operation=\"\" data-itemid=\"1762\"  data-group=\"interne_or_sous cadre\"  data-prodid=\"29443\" data-title=\"Motor unter Rahmen\"  title=\"Motor unter Rahmen\"  data-originallabel=\"Motor unter Rahmen\"  data-originaltitle=\"Motor unter Rahmen\"  data-price=\"624.166\" data-addtototal=\"0\"><span class=\"lfb_buttonTitle\">ausw\u00e4hlen<\/span><\/a><\/div><\/div><div class=\"lfb_itemBloc col-md-2  lfb_item lfb_itemContainer_1765   lfb_picRow\"  data-id=\"1765\" data-itemtype=\"imageButton\"><div class=\"lfb_imageButtonContainer\"><div class=\"lfb_imageButtonHeader\">Innenmotor<\/div><img decoding=\"async\"  class=\"lfb_imageButtonImg .jpg\" src=\"http:\/\/lift-mtb.com\/wp-content\/uploads\/2022\/10\/interne-2-1-sur-1-scaled-e1665492228442.jpg\" data-bs-placement=\"bottom\" title=\"Innenmotor\" data-originaltitle=\"Innenmotor\"  data-originallabel=\"Innenmotor\"   alt=\"\" \/><div class=\"lfb_imageButtonDescription\"><\/div><a       data-urlvariable=\"1\" data-sentattribute=\"price\" data-variablename=\"\" class=\"lfb_button lfb_imageButton btn btn-primary btn-wide \" data-callnextstep=\"1\"                  data-showprice=\"1\"  data-showinsummary=\"true\" data-woovar=\"0\" data-eddvar=\"0\" data-operation=\"\" data-itemid=\"1765\"  data-group=\"interne_or_sous cadre\"  data-prodid=\"10447\" data-title=\"Innenmotor\"  title=\"Innenmotor\"  data-originallabel=\"Innenmotor\"  data-originaltitle=\"Innenmotor\"  data-price=\"624.166\" data-addtototal=\"0\"><span class=\"lfb_buttonTitle\">ausw\u00e4hlen<\/span><\/a><\/div><\/div> <\/div> <\/div><div class=\"lfb_errorMsg alert alert-danger\">Sie m\u00fcssen ein Element ausw\u00e4hlen, um fortzufahren<\/div><div class=\"text-center lfb_btnNextContainer\"><a href=\"javascript:\" id=\"lfb_btnNext_232\" class=\"btn btn-wide btn-primary lfb_btn-next \"><span class=\"fa fa-check\"><\/span>Als n\u00e4chstes<\/a><br\/><div class=\"lfb_linkPreviousCt\"><a href=\"javascript:\"  class=\"linkPrevious\"><span class=\"fa fa-arrow-left me-2\"><\/span>Vorheriger Schritt<\/a><\/div><\/div><\/div><div class=\"lfb_genSlide\" data-start=\"0\"    data-showstepsum=\"1\" data-stepid=\"233\" data-title=\"Adapter zur Befestigung des Motors am Rahmen\" data-required=\"true\" data-dependitem=\"0\">\t<h2 class=\"lfb_stepTitle\">Adapter zur Befestigung des Motors am Rahmen<\/h2>\t<div class=\"lfb_genContent container lfb_noDes\" >\t\t<div class=\"row lfb_row  lfb_sortable\"><div class=\"lfb_itemBloc col-md-2  lfb_item lfb_itemContainer_1771   lfb_picRow\"  data-id=\"1771\" data-itemtype=\"imageButton\"><div class=\"lfb_imageButtonContainer\"><div class=\"lfb_imageButtonHeader\">TYP C Adapter f\u00fcr BB30 Tretlager PRESS<\/div><img decoding=\"async\"  class=\"lfb_imageButtonImg .jpg\" src=\"http:\/\/lift-mtb.com\/wp-content\/uploads\/2022\/08\/adaptateur-bb30-46mm-web-1-300x199.jpg\" data-bs-placement=\"bottom\" title=\"TYP C Adapter f\u00fcr BB30 Tretlager PRESS\" data-originaltitle=\"TYP C Adapter f\u00fcr BB30 Tretlager PRESS\"  data-originallabel=\"TYP C Adapter f\u00fcr BB30 Tretlager PRESS\"   alt=\"\" \/><div class=\"lfb_imageButtonDescription\">Adapter f\u00fcr Rahmen BB30\/ K\u00fcvette in den Rahmen Innendurchmesser 42mm gedr\u00fcckt.<\/div><a       data-urlvariable=\"1\" data-sentattribute=\"price\" data-variablename=\"\" class=\"lfb_button lfb_imageButton btn btn-primary btn-wide \" data-callnextstep=\"1\"                  data-showprice=\"1\"  data-showinsummary=\"true\" data-woovar=\"8535\" data-eddvar=\"0\" data-operation=\"\" data-itemid=\"1771\"    data-prodid=\"8527\" data-title=\"TYP C Adapter f\u00fcr BB30 Tretlager PRESS\"  title=\"TYP C Adapter f\u00fcr BB30 Tretlager PRESS\"  data-originallabel=\"TYP C Adapter f\u00fcr BB30 Tretlager PRESS\"  data-originaltitle=\"TYP C Adapter f\u00fcr BB30 Tretlager PRESS\"  data-price=\"66.666\" data-addtototal=\"0\"><span class=\"lfb_buttonTitle\">ausw\u00e4hlen<\/span><\/a><\/div><\/div><div class=\"lfb_itemBloc col-md-2  lfb_item lfb_itemContainer_1772   lfb_picRow\"  data-id=\"1772\" data-itemtype=\"imageButton\"><div class=\"lfb_imageButtonContainer\"><div class=\"lfb_imageButtonHeader\">Adaptateur TYPE D pour boitier de p\u00e9dalier BB92 PRESS\u00c9<\/div><img decoding=\"async\"  class=\"lfb_imageButtonImg .jpg\" src=\"http:\/\/lift-mtb.com\/wp-content\/uploads\/2022\/08\/adaptateur-bb92-41mm-web-3-300x199.jpg\" data-bs-placement=\"bottom\" title=\"Adaptateur TYPE D pour boitier de p\u00e9dalier BB92 PRESS\u00c9\" data-originaltitle=\"Adaptateur TYPE D pour boitier de p\u00e9dalier BB92 PRESS\u00c9\"  data-originallabel=\"Adaptateur TYPE D pour boitier de p\u00e9dalier BB92 PRESS\u00c9\"   alt=\"\" \/><div class=\"lfb_imageButtonDescription\">Adaptateur pour cadre BB92 \/ cuvette press\u00e9e dans le cadre diam\u00e8tre int\u00e9rieur du cadre 41mm<\/div><a       data-urlvariable=\"1\" data-sentattribute=\"price\" data-variablename=\"\" class=\"lfb_button lfb_imageButton btn btn-primary btn-wide \" data-callnextstep=\"1\"                  data-showprice=\"1\"  data-showinsummary=\"true\" data-woovar=\"8571\" data-eddvar=\"0\" data-operation=\"\" data-itemid=\"1772\"    data-prodid=\"8547\" data-title=\"Adaptateur TYPE D pour boitier de p\u00e9dalier BB92 PRESS\u00c9\"  title=\"Adaptateur TYPE D pour boitier de p\u00e9dalier BB92 PRESS\u00c9\"  data-originallabel=\"Adaptateur TYPE D pour boitier de p\u00e9dalier BB92 PRESS\u00c9\"  data-originaltitle=\"Adaptateur TYPE D pour boitier de p\u00e9dalier BB92 PRESS\u00c9\"  data-price=\"82.5\" data-addtototal=\"0\"><span class=\"lfb_buttonTitle\">S\u00e9lectionner<\/span><\/a><\/div><\/div><div class=\"lfb_itemBloc lfb_richtext  col-md-2  lfb_item lfb_itemContainer_1774  \"   data-id=\"1774\" data-itemtype=\"richtext\" data-itemid=\"1774\" data-title=\"Contenu personnalis\u00e9\"    ><div class=\"lfb_richTextContent\"><span style=\"font-size: 18px;\">Das LIFT-MTB-System wird an den 3 ISCG-Pads um das Tretlagergeh\u00e4use Ihres Fahrrads befestigt.<\/span><br><br><br><span style=\"font-size: 18px;\">Wenn Ihr Rahmen keinen Adapter hat, w\u00e4hlen Sie einfach einen Motoradapter, der mit dem Standard Ihres Tretlagergeh\u00e4uses unten kompatibel ist.<\/span><p style=\"margin-bottom: 0px; font-family: Arial, &quot;Helvetica Neue&quot;, Helvetica, sans-serif, websafe; font-size: 18px;\"><span style=\"font-size: 18px;\">&nbsp;<\/span><\/p><\/div><\/div><div class=\"lfb_itemBloc col-md-2  lfb_item lfb_itemContainer_1775   lfb_picRow\"  data-id=\"1775\" data-itemtype=\"imageButton\"><div class=\"lfb_imageButtonContainer\"><div class=\"lfb_imageButtonHeader\">TYP A Adapter f\u00fcr BSA Innenlager mit Gewinde<\/div><img decoding=\"async\"  class=\"lfb_imageButtonImg .jpg\" src=\"http:\/\/lift-mtb.com\/wp-content\/uploads\/2022\/08\/adaptateur-bsa-web-1-300x199.jpg\" data-bs-placement=\"bottom\" title=\"TYP A Adapter f\u00fcr BSA Innenlager mit Gewinde\" data-originaltitle=\"TYP A Adapter f\u00fcr BSA Innenlager mit Gewinde\"  data-originallabel=\"TYP A Adapter f\u00fcr BSA Innenlager mit Gewinde\"   alt=\"\" \/><div class=\"lfb_imageButtonDescription\">Gewinderahmenadapter f\u00fcr ein verschraubtes Tretlagergeh\u00e4use Typ BSA\/ Befestigung zwischen Rahmen und Geh\u00e4use. <br><\/div><a       data-urlvariable=\"1\" data-sentattribute=\"price\" data-variablename=\"\" class=\"lfb_button lfb_imageButton btn btn-primary btn-wide \" data-callnextstep=\"1\"                  data-showprice=\"1\"  data-showinsummary=\"true\" data-woovar=\"0\" data-eddvar=\"0\" data-operation=\"\" data-itemid=\"1775\"    data-prodid=\"8480\" data-title=\"TYP A Adapter f\u00fcr BSA Innenlager mit Gewinde\"  title=\"TYP A Adapter f\u00fcr BSA Innenlager mit Gewinde\"  data-originallabel=\"TYP A Adapter f\u00fcr BSA Innenlager mit Gewinde\"  data-originaltitle=\"TYP A Adapter f\u00fcr BSA Innenlager mit Gewinde\"  data-price=\"25\" data-addtototal=\"0\"><span class=\"lfb_buttonTitle\">ausw\u00e4hlen<\/span><\/a><\/div><\/div><div class=\"lfb_itemBloc col-md-2  lfb_item lfb_itemContainer_1776   lfb_picRow\"  data-id=\"1776\" data-itemtype=\"imageButton\"><div class=\"lfb_imageButtonContainer\"><div class=\"lfb_imageButtonHeader\">TYPE B Adapter f\u00fcr Tretlagergeh\u00e4use PF 30 GEDR\u00dcCKT<\/div><img decoding=\"async\"  class=\"lfb_imageButtonImg .jpg\" src=\"http:\/\/lift-mtb.com\/wp-content\/uploads\/2022\/08\/adaptateur-pf30-42mm-web-1-300x199.jpg\" data-bs-placement=\"bottom\" title=\"TYPE B Adapter f\u00fcr Tretlagergeh\u00e4use PF 30 GEDR\u00dcCKT\" data-originaltitle=\"TYPE B Adapter f\u00fcr Tretlagergeh\u00e4use PF 30 GEDR\u00dcCKT\"  data-originallabel=\"TYPE B Adapter f\u00fcr Tretlagergeh\u00e4use PF 30 GEDR\u00dcCKT\"   alt=\"\" \/><div class=\"lfb_imageButtonDescription\">Adapter f\u00fcr Rahmen PF30\/ K\u00fcvette gepresst in den Rahmen Innendurchmesser 46mm.<\/div><a       data-urlvariable=\"1\" data-sentattribute=\"price\" data-variablename=\"\" class=\"lfb_button lfb_imageButton btn btn-primary btn-wide \" data-callnextstep=\"1\"                  data-showprice=\"1\"  data-showinsummary=\"true\" data-woovar=\"8523\" data-eddvar=\"0\" data-operation=\"\" data-itemid=\"1776\"    data-prodid=\"8497\" data-title=\"TYPE B Adapter f\u00fcr Tretlagergeh\u00e4use PF 30 GEDR\u00dcCKT\"  title=\"TYPE B Adapter f\u00fcr Tretlagergeh\u00e4use PF 30 GEDR\u00dcCKT\"  data-originallabel=\"TYPE B Adapter f\u00fcr Tretlagergeh\u00e4use PF 30 GEDR\u00dcCKT\"  data-originaltitle=\"TYPE B Adapter f\u00fcr Tretlagergeh\u00e4use PF 30 GEDR\u00dcCKT\"  data-price=\"66.666\" data-addtototal=\"0\"><span class=\"lfb_buttonTitle\">ausw\u00e4hlen<\/span><\/a><\/div><\/div><div class=\"lfb_itemBloc col-md-12  lfb_item lfb_itemContainer_1766  \"  data-id=\"1766\" data-itemtype=\"layeredImage\"><div class=\"clearfix\"><\/div><div  class=\" lfb_layeredImage\" data-itemid=\"1766\" data-title=\"Layered Image\"   ><img decoding=\"async\" src=\"http:\/\/lift-mtb.com\/wp-content\/uploads\/2022\/08\/bsa-mesure.png\" class=\"lfb_baseLayer\"  alt=\"Layered Image\" \/><\/div><div class=\"clearfix\"><\/div><\/div><div class=\"lfb_itemBloc col-md-12  lfb_item lfb_itemContainer_1767  \"  data-id=\"1767\" data-itemtype=\"layeredImage\"><div class=\"clearfix\"><\/div><div  class=\" lfb_layeredImage\" data-itemid=\"1767\" data-title=\"Layered Image\"   ><img decoding=\"async\" src=\"http:\/\/lift-mtb.com\/wp-content\/uploads\/2022\/08\/bb30-mesures-1.jpg\" class=\"lfb_baseLayer\"  alt=\"Layered Image\" \/><\/div><div class=\"clearfix\"><\/div><\/div><div class=\"lfb_itemBloc col-md-12  lfb_item lfb_itemContainer_1768  \"  data-id=\"1768\" data-itemtype=\"layeredImage\"><div class=\"clearfix\"><\/div><div  class=\" lfb_layeredImage\" data-itemid=\"1768\" data-title=\"Layered Image\"   ><img decoding=\"async\" src=\"http:\/\/lift-mtb.com\/wp-content\/uploads\/2022\/08\/pf-30-mesures.jpg\" class=\"lfb_baseLayer\"  alt=\"Layered Image\" \/><\/div><div class=\"clearfix\"><\/div><\/div><div class=\"lfb_itemBloc col-md-12  lfb_item lfb_itemContainer_1770  \"  data-id=\"1770\" data-itemtype=\"layeredImage\"><div class=\"clearfix\"><\/div><div  class=\" lfb_layeredImage\" data-itemid=\"1770\" data-title=\"Layered Image\"   ><img decoding=\"async\" src=\"http:\/\/lift-mtb.com\/wp-content\/uploads\/2022\/08\/bb92-mesures.jpg\" class=\"lfb_baseLayer\"  alt=\"Layered Image\" \/><\/div><div class=\"clearfix\"><\/div><\/div><div class=\"lfb_itemBloc col-md-2  lfb_item lfb_itemContainer_1777   lfb_picRow\"  data-id=\"1777\" data-itemtype=\"imageButton\"><div class=\"lfb_imageButtonContainer\"><div class=\"lfb_imageButtonHeader\">Mein Rahmen verf\u00fcgt bereits \u00fcber ISCG-Befestigungsstifte<\/div><img decoding=\"async\"  class=\"lfb_imageButtonImg .jpg\" src=\"http:\/\/lift-mtb.com\/wp-content\/uploads\/2016\/01\/iscg-tabs-1-sur-1.jpg\" data-bs-placement=\"bottom\" title=\"Mein Rahmen verf\u00fcgt bereits \u00fcber ISCG-Befestigungsstifte\" data-originaltitle=\"Mein Rahmen verf\u00fcgt bereits \u00fcber ISCG-Befestigungsstifte\"  data-originallabel=\"Mein Rahmen verf\u00fcgt bereits \u00fcber ISCG-Befestigungsstifte\"   alt=\"ISCG 05\" \/><div class=\"lfb_imageButtonDescription\">Ohne Adapter.<\/div><a       data-urlvariable=\"1\" data-sentattribute=\"price\" data-variablename=\"\" class=\"lfb_button lfb_imageButton btn btn-primary btn-wide \" data-callnextstep=\"1\"        data-hideqtsum=\"true\"            data-showinsummary=\"true\" data-woovar=\"0\" data-eddvar=\"0\" data-operation=\"\" data-itemid=\"1777\"    data-prodid=\"0\" data-title=\"Mein Rahmen verf\u00fcgt bereits \u00fcber ISCG-Befestigungsstifte\"  title=\"Mein Rahmen verf\u00fcgt bereits \u00fcber ISCG-Befestigungsstifte\"  data-originallabel=\"Mein Rahmen verf\u00fcgt bereits \u00fcber ISCG-Befestigungsstifte\"  data-originaltitle=\"Mein Rahmen verf\u00fcgt bereits \u00fcber ISCG-Befestigungsstifte\"  data-price=\"0\" data-addtototal=\"0\"><span class=\"lfb_buttonTitle\">ausw\u00e4hlen<\/span><\/a><\/div><\/div> <\/div> <\/div><div class=\"lfb_errorMsg alert alert-danger\">Sie m\u00fcssen ein Element ausw\u00e4hlen, um fortzufahren<\/div><div class=\"text-center lfb_btnNextContainer\"><a href=\"javascript:\" id=\"lfb_btnNext_233\" class=\"btn btn-wide btn-primary lfb_btn-next \"><span class=\"fa fa-check\"><\/span>Als n\u00e4chstes<\/a><br\/><div class=\"lfb_linkPreviousCt\"><a href=\"javascript:\"  class=\"linkPrevious\"><span class=\"fa fa-arrow-left me-2\"><\/span>Vorheriger Schritt<\/a><\/div><\/div><\/div><div class=\"lfb_genSlide\" data-start=\"1\"    data-showstepsum=\"1\" data-stepid=\"234\" data-title=\"Lieferung\" data-required=\"true\" data-dependitem=\"0\">\t<h2 class=\"lfb_stepTitle\">Lieferung<\/h2>\t<div class=\"lfb_genContent container lfb_noDes\" >\t\t<div class=\"row lfb_row  lfb_sortable\"><div class=\"lfb_itemBloc lfb_richtext  col-md-2  lfb_item lfb_itemContainer_1782  \"   data-id=\"1782\" data-itemtype=\"richtext\" data-itemid=\"1782\" data-title=\"Contenu personnalis\u00e9\"    ><div class=\"lfb_richTextContent\"><p><span style=\"font-size: 14px;\"><\/span><span>\ufeffWir verkaufen und versenden weltweit:<br><br>&nbsp;&nbsp;&nbsp; - Wenn Sie sich in einem europ\u00e4ischen Land befinden, gilt die Mehrwertsteuer.<br>&nbsp;&nbsp;&nbsp; - Wenn Sie sich in einem Land au\u00dferhalb Europas befinden, verkaufen wir zollfreie Produkte.<br><br>W\u00e4hlen Sie Ihren Standort.<\/span><\/p><\/div><\/div><div class=\"lfb_itemBloc col-md-2  lfb_item lfb_itemContainer_1778   lfb_picRow\"  data-id=\"1778\" data-itemtype=\"imageButton\"><div class=\"lfb_imageButtonContainer\"><div class=\"lfb_imageButtonHeader\">Livraison HORS Europe<\/div><img decoding=\"async\"  class=\"lfb_imageButtonImg .png\" src=\"http:\/\/lift-mtb.com\/wp-content\/uploads\/2022\/08\/sans-titre-9-1.png\" data-bs-placement=\"bottom\" title=\"Livraison HORS Europe\" data-originaltitle=\"Livraison HORS Europe\"  data-originallabel=\"Livraison HORS Europe\"   alt=\"\" \/><div class=\"lfb_imageButtonDescription\"><\/div><a       data-urlvariable=\"1\" data-sentattribute=\"price\" data-variablename=\"\" class=\"lfb_button lfb_imageButton btn btn-primary btn-wide \" data-callnextstep=\"1\"     data-usecalculationvar=\"1\" data-calculationvar=\"[variable] = 1\"  data-hideqtsum=\"true\"            data-showinsummary=\"true\" data-woovar=\"0\" data-eddvar=\"0\" data-operation=\"\" data-itemid=\"1778\"  data-group=\"tva\"  data-prodid=\"0\" data-title=\"Livraison HORS Europe\"  title=\"Livraison HORS Europe\"  data-originallabel=\"Livraison HORS Europe\"  data-originaltitle=\"Livraison HORS Europe\"  data-price=\"0\" data-addtototal=\"0\"><span class=\"lfb_buttonTitle\">S\u00e9lectionner<\/span><\/a><\/div><\/div><div class=\"lfb_itemBloc col-md-2  lfb_item lfb_itemContainer_1780   lfb_picRow\"  data-id=\"1780\" data-itemtype=\"imageButton\"><div class=\"lfb_imageButtonContainer\"><div class=\"lfb_imageButtonHeader\">Livraison en Europe<\/div><img decoding=\"async\"  class=\"lfb_imageButtonImg .jpg\" src=\"http:\/\/lift-mtb.com\/wp-content\/uploads\/2022\/08\/europe-2.jpg\" data-bs-placement=\"bottom\" title=\"Livraison en Europe\" data-originaltitle=\"Livraison en Europe\"  data-originallabel=\"Livraison en Europe\"   alt=\"\" \/><div class=\"lfb_imageButtonDescription\"><\/div><a       data-urlvariable=\"1\" data-sentattribute=\"price\" data-variablename=\"\" class=\"lfb_button lfb_imageButton btn btn-primary btn-wide \" data-callnextstep=\"1\"     data-usecalculationvar=\"1\" data-calculationvar=\"[variable] = 1.2\"  data-hideqtsum=\"true\"            data-showinsummary=\"true\" data-woovar=\"0\" data-eddvar=\"0\" data-operation=\"\" data-itemid=\"1780\"  data-group=\"tva\"  data-prodid=\"0\" data-title=\"Livraison en Europe\"  title=\"Livraison en Europe\"  data-originallabel=\"Livraison en Europe\"  data-originaltitle=\"Livraison en Europe\"  data-price=\"0\" data-addtototal=\"0\"><span class=\"lfb_buttonTitle\">S\u00e9lectionner<\/span><\/a><\/div><\/div> <\/div> <\/div><div class=\"lfb_errorMsg alert alert-danger\">Sie m\u00fcssen ein Element ausw\u00e4hlen, um fortzufahren<\/div><div class=\"text-center lfb_btnNextContainer\"><a href=\"javascript:\" id=\"lfb_btnNext_234\" class=\"btn btn-wide btn-primary lfb_btn-next \"><span class=\"fa fa-check\"><\/span>Als n\u00e4chstes<\/a><\/div><\/div><div class=\"lfb_genSlide\" data-start=\"0\"    data-showstepsum=\"1\" data-stepid=\"235\" data-title=\"Motorposition - Rahmen oder Intern?\" data-required=\"true\" data-dependitem=\"0\">\t<h2 class=\"lfb_stepTitle\">Motorposition - Rahmen oder Intern?<\/h2>\t<div class=\"lfb_genContent container lfb_noDes\" >\t\t<div class=\"row lfb_row  lfb_sortable\"><div class=\"lfb_itemBloc lfb_richtext  col-md-2  lfb_item lfb_itemContainer_1787  \"   data-id=\"1787\" data-itemtype=\"richtext\" data-itemid=\"1787\" data-title=\"Contenu personnalis\u00e9\"    ><div class=\"lfb_richTextContent\"><div style=\"text-align: center; \"><span style=\"font-size: 18px;\">Wir bieten zwei Versionen der Motorplatine (unter Rahmen oder intern) an, die Sie je nach Rahmengeometrie ausw\u00e4hlen k\u00f6nnen.<\/span><\/div><\/div><\/div><div class=\"lfb_itemBloc col-md-2  lfb_item lfb_itemContainer_1783   lfb_picRow\"  data-id=\"1783\" data-itemtype=\"imageButton\"><div class=\"lfb_imageButtonContainer\"><div class=\"lfb_imageButtonHeader\">Motor unter Rahmen<\/div><img decoding=\"async\"  class=\"lfb_imageButtonImg .jpg\" src=\"http:\/\/lift-mtb.com\/wp-content\/uploads\/2022\/10\/moteur-sous-cadre-2-1-sur-1-scaled-e1665492174186.jpg\" data-bs-placement=\"bottom\" title=\"Motor unter Rahmen\" data-originaltitle=\"Motor unter Rahmen\"  data-originallabel=\"Motor unter Rahmen\"   alt=\"\" \/><div class=\"lfb_imageButtonDescription\"><\/div><a       data-urlvariable=\"1\" data-sentattribute=\"price\" data-variablename=\"\" class=\"lfb_button lfb_imageButton btn btn-primary btn-wide \" data-callnextstep=\"1\"                  data-showprice=\"1\"  data-showinsummary=\"true\" data-woovar=\"0\" data-eddvar=\"0\" data-operation=\"\" data-itemid=\"1783\"  data-group=\"interne_or_sous cadre\"  data-prodid=\"29443\" data-title=\"Motor unter Rahmen\"  title=\"Motor unter Rahmen\"  data-originallabel=\"Motor unter Rahmen\"  data-originaltitle=\"Motor unter Rahmen\"  data-price=\"749\" data-addtototal=\"0\"><span class=\"lfb_buttonTitle\">ausw\u00e4hlen<\/span><\/a><\/div><\/div><div class=\"lfb_itemBloc col-md-2  lfb_item lfb_itemContainer_1784   lfb_picRow\"  data-id=\"1784\" data-itemtype=\"imageButton\"><div class=\"lfb_imageButtonContainer\"><div class=\"lfb_imageButtonHeader\">Innenmotor<\/div><img decoding=\"async\"  class=\"lfb_imageButtonImg .jpg\" src=\"http:\/\/lift-mtb.com\/wp-content\/uploads\/2022\/10\/interne-2-1-sur-1-scaled-e1665492228442.jpg\" data-bs-placement=\"bottom\" title=\"Innenmotor\" data-originaltitle=\"Innenmotor\"  data-originallabel=\"Innenmotor\"   alt=\"\" \/><div class=\"lfb_imageButtonDescription\"><\/div><a       data-urlvariable=\"1\" data-sentattribute=\"price\" data-variablename=\"\" class=\"lfb_button lfb_imageButton btn btn-primary btn-wide \" data-callnextstep=\"1\"                  data-showprice=\"1\"  data-showinsummary=\"true\" data-woovar=\"0\" data-eddvar=\"0\" data-operation=\"\" data-itemid=\"1784\"  data-group=\"interne_or_sous cadre\"  data-prodid=\"10447\" data-title=\"Innenmotor\"  title=\"Innenmotor\"  data-originallabel=\"Innenmotor\"  data-originaltitle=\"Innenmotor\"  data-price=\"749\" data-addtototal=\"0\"><span class=\"lfb_buttonTitle\">ausw\u00e4hlen<\/span><\/a><\/div><\/div> <\/div> <\/div><div class=\"lfb_errorMsg alert alert-danger\">Sie m\u00fcssen ein Element ausw\u00e4hlen, um fortzufahren<\/div><div class=\"text-center lfb_btnNextContainer\"><a href=\"javascript:\" id=\"lfb_btnNext_235\" class=\"btn btn-wide btn-primary lfb_btn-next \"><span class=\"fa fa-check\"><\/span>Als n\u00e4chstes<\/a><br\/><div class=\"lfb_linkPreviousCt\"><a href=\"javascript:\"  class=\"linkPrevious\"><span class=\"fa fa-arrow-left me-2\"><\/span>Vorheriger Schritt<\/a><\/div><\/div><\/div><div class=\"lfb_genSlide\" data-start=\"0\"    data-showstepsum=\"1\" data-stepid=\"239\" data-title=\"Adapter zur Befestigung des Motors am Rahmen\" data-required=\"true\" data-dependitem=\"0\">\t<h2 class=\"lfb_stepTitle\">Adapter zur Befestigung des Motors am Rahmen<\/h2>\t<div class=\"lfb_genContent container lfb_noDes\" >\t\t<div class=\"row lfb_row  lfb_sortable\"><div class=\"lfb_itemBloc col-md-2  lfb_item lfb_itemContainer_1814   lfb_picRow\"  data-id=\"1814\" data-itemtype=\"imageButton\"><div class=\"lfb_imageButtonContainer\"><div class=\"lfb_imageButtonHeader\">TYPE B Adapter f\u00fcr Tretlagergeh\u00e4use PF 30 GEDR\u00dcCKT<\/br><\/div><img decoding=\"async\"  class=\"lfb_imageButtonImg .jpg\" src=\"http:\/\/lift-mtb.com\/wp-content\/uploads\/2022\/08\/adaptateur-pf30-42mm-web-1-300x199.jpg\" data-bs-placement=\"bottom\" title=\"TYPE B Adapter f\u00fcr Tretlagergeh\u00e4use PF 30 GEDR\u00dcCKT<\/br>\" data-originaltitle=\"TYPE B Adapter f\u00fcr Tretlagergeh\u00e4use PF 30 GEDR\u00dcCKT<\/br>\"  data-originallabel=\"TYPE B Adapter f\u00fcr Tretlagergeh\u00e4use PF 30 GEDR\u00dcCKT<\/br>\"   alt=\"\" \/><div class=\"lfb_imageButtonDescription\">Adapter f\u00fcr Rahmen PF30\/ K\u00fcvette gepresst in den Rahmen Innendurchmesser 46mm.<\/div><a       data-urlvariable=\"1\" data-sentattribute=\"price\" data-variablename=\"\" class=\"lfb_button lfb_imageButton btn btn-primary btn-wide \" data-callnextstep=\"1\"                  data-showprice=\"1\"  data-showinsummary=\"true\" data-woovar=\"8523\" data-eddvar=\"0\" data-operation=\"\" data-itemid=\"1814\"    data-prodid=\"8497\" data-title=\"TYPE B Adapter f\u00fcr Tretlagergeh\u00e4use PF 30 GEDR\u00dcCKT<\/br>\"  title=\"TYPE B Adapter f\u00fcr Tretlagergeh\u00e4use PF 30 GEDR\u00dcCKT<\/br>\"  data-originallabel=\"TYPE B Adapter f\u00fcr Tretlagergeh\u00e4use PF 30 GEDR\u00dcCKT<\/br>\"  data-originaltitle=\"TYPE B Adapter f\u00fcr Tretlagergeh\u00e4use PF 30 GEDR\u00dcCKT<\/br>\"  data-price=\"80\" data-addtototal=\"0\"><span class=\"lfb_buttonTitle\">ausw\u00e4hlen<\/span><\/a><\/div><\/div><div class=\"lfb_itemBloc col-md-2  lfb_item lfb_itemContainer_1819   lfb_picRow\"  data-id=\"1819\" data-itemtype=\"imageButton\"><div class=\"lfb_imageButtonContainer\"><div class=\"lfb_imageButtonHeader\">TYP A Adapter f\u00fcr BSA Innenlager mit Gewinde<\/br><\/div><img decoding=\"async\"  class=\"lfb_imageButtonImg .jpg\" src=\"http:\/\/lift-mtb.com\/wp-content\/uploads\/2022\/08\/adaptateur-bsa-web-1-300x199.jpg\" data-bs-placement=\"bottom\" title=\"TYP A Adapter f\u00fcr BSA Innenlager mit Gewinde<\/br>\" data-originaltitle=\"TYP A Adapter f\u00fcr BSA Innenlager mit Gewinde<\/br>\"  data-originallabel=\"TYP A Adapter f\u00fcr BSA Innenlager mit Gewinde<\/br>\"   alt=\"\" \/><div class=\"lfb_imageButtonDescription\">Gewinderahmenadapter f\u00fcr ein verschraubtes Tretlagergeh\u00e4use Typ BSA\/ Befestigung zwischen Rahmen und Geh\u00e4use. <\/div><a       data-urlvariable=\"1\" data-sentattribute=\"price\" data-variablename=\"\" class=\"lfb_button lfb_imageButton btn btn-primary btn-wide \" data-callnextstep=\"1\"                  data-showprice=\"1\"  data-showinsummary=\"true\" data-woovar=\"0\" data-eddvar=\"0\" data-operation=\"\" data-itemid=\"1819\"    data-prodid=\"8480\" data-title=\"TYP A Adapter f\u00fcr BSA Innenlager mit Gewinde<\/br>\"  title=\"TYP A Adapter f\u00fcr BSA Innenlager mit Gewinde<\/br>\"  data-originallabel=\"TYP A Adapter f\u00fcr BSA Innenlager mit Gewinde<\/br>\"  data-originaltitle=\"TYP A Adapter f\u00fcr BSA Innenlager mit Gewinde<\/br>\"  data-price=\"30\" data-addtototal=\"0\"><span class=\"lfb_buttonTitle\">ausw\u00e4hlen<\/span><\/a><\/div><\/div><div class=\"lfb_itemBloc col-md-2  lfb_item lfb_itemContainer_1821   lfb_picRow\"  data-id=\"1821\" data-itemtype=\"imageButton\"><div class=\"lfb_imageButtonContainer\"><div class=\"lfb_imageButtonHeader\">TYP C Adapter f\u00fcr BB30 Tretlager PRESS<\/br><\/div><img decoding=\"async\"  class=\"lfb_imageButtonImg .jpg\" src=\"http:\/\/lift-mtb.com\/wp-content\/uploads\/2022\/08\/adaptateur-bb30-46mm-web-1-300x199.jpg\" data-bs-placement=\"bottom\" title=\"TYP C Adapter f\u00fcr BB30 Tretlager PRESS<\/br>\" data-originaltitle=\"TYP C Adapter f\u00fcr BB30 Tretlager PRESS<\/br>\"  data-originallabel=\"TYP C Adapter f\u00fcr BB30 Tretlager PRESS<\/br>\"   alt=\"\" \/><div class=\"lfb_imageButtonDescription\">Adapter f\u00fcr Rahmen BB30\/ K\u00fcvette in den Rahmen Innendurchmesser 42mm gedr\u00fcckt.<\/div><a       data-urlvariable=\"1\" data-sentattribute=\"price\" data-variablename=\"\" class=\"lfb_button lfb_imageButton btn btn-primary btn-wide \" data-callnextstep=\"1\"                  data-showprice=\"1\"  data-showinsummary=\"true\" data-woovar=\"8535\" data-eddvar=\"0\" data-operation=\"\" data-itemid=\"1821\"    data-prodid=\"8527\" data-title=\"TYP C Adapter f\u00fcr BB30 Tretlager PRESS<\/br>\"  title=\"TYP C Adapter f\u00fcr BB30 Tretlager PRESS<\/br>\"  data-originallabel=\"TYP C Adapter f\u00fcr BB30 Tretlager PRESS<\/br>\"  data-originaltitle=\"TYP C Adapter f\u00fcr BB30 Tretlager PRESS<\/br>\"  data-price=\"80\" data-addtototal=\"0\"><span class=\"lfb_buttonTitle\">ausw\u00e4hlen<\/span><\/a><\/div><\/div><div class=\"lfb_itemBloc col-md-2  lfb_item lfb_itemContainer_1822   lfb_picRow\"  data-id=\"1822\" data-itemtype=\"imageButton\"><div class=\"lfb_imageButtonContainer\"><div class=\"lfb_imageButtonHeader\">TYP D Adapter f\u00fcr BB92 Tretlagergeh\u00e4use<\/br><\/div><img decoding=\"async\"  class=\"lfb_imageButtonImg .jpg\" src=\"http:\/\/lift-mtb.com\/wp-content\/uploads\/2022\/08\/adaptateur-bb92-41mm-web-3-300x199.jpg\" data-bs-placement=\"bottom\" title=\"TYP D Adapter f\u00fcr BB92 Tretlagergeh\u00e4use<\/br>\" data-originaltitle=\"TYP D Adapter f\u00fcr BB92 Tretlagergeh\u00e4use<\/br>\"  data-originallabel=\"TYP D Adapter f\u00fcr BB92 Tretlagergeh\u00e4use<\/br>\"   alt=\"\" \/><div class=\"lfb_imageButtonDescription\">Adapter f\u00fcr Rahmen BB92\/ K\u00fcvette gepresst in Rahmen Innendurchmesser 41mm<\/div><a       data-urlvariable=\"1\" data-sentattribute=\"price\" data-variablename=\"\" class=\"lfb_button lfb_imageButton btn btn-primary btn-wide \" data-callnextstep=\"1\"                  data-showprice=\"1\"  data-showinsummary=\"true\" data-woovar=\"8571\" data-eddvar=\"0\" data-operation=\"\" data-itemid=\"1822\"    data-prodid=\"8547\" data-title=\"TYP D Adapter f\u00fcr BB92 Tretlagergeh\u00e4use<\/br>\"  title=\"TYP D Adapter f\u00fcr BB92 Tretlagergeh\u00e4use<\/br>\"  data-originallabel=\"TYP D Adapter f\u00fcr BB92 Tretlagergeh\u00e4use<\/br>\"  data-originaltitle=\"TYP D Adapter f\u00fcr BB92 Tretlagergeh\u00e4use<\/br>\"  data-price=\"99\" data-addtototal=\"0\"><span class=\"lfb_buttonTitle\">ausw\u00e4hlen<\/span><\/a><\/div><\/div><div class=\"lfb_itemBloc lfb_richtext  col-md-2  lfb_item lfb_itemContainer_1824  \"   data-id=\"1824\" data-itemtype=\"richtext\" data-itemid=\"1824\" data-title=\"Contenu personnalis\u00e9\"    ><div class=\"lfb_richTextContent\"><span style=\"font-size: 18px;\">Das LIFT-MTB-System wird an den 3 ISCG-Pads um das Tretlagergeh\u00e4use Ihres Fahrrads befestigt.<\/span><br><br><br><span style=\"font-size: 18px;\">Wenn Ihr Rahmen keinen Adapter hat, w\u00e4hlen Sie einfach einen Motoradapter, der mit dem Standard Ihres Tretlagergeh\u00e4uses unten kompatibel ist.<\/span><\/div><\/div><div class=\"lfb_itemBloc col-md-12  lfb_item lfb_itemContainer_1815  \"  data-id=\"1815\" data-itemtype=\"layeredImage\"><div class=\"clearfix\"><\/div><div  class=\" lfb_layeredImage\" data-itemid=\"1815\" data-title=\"Layered Image\"   ><img decoding=\"async\" src=\"http:\/\/lift-mtb.com\/wp-content\/uploads\/2022\/08\/bsa-mesure.png\" class=\"lfb_baseLayer\"  alt=\"Layered Image\" \/><\/div><div class=\"clearfix\"><\/div><\/div><div class=\"lfb_itemBloc col-md-12  lfb_item lfb_itemContainer_1816  \"  data-id=\"1816\" data-itemtype=\"layeredImage\"><div class=\"clearfix\"><\/div><div  class=\" lfb_layeredImage\" data-itemid=\"1816\" data-title=\"Layered Image\"   ><img decoding=\"async\" src=\"http:\/\/lift-mtb.com\/wp-content\/uploads\/2022\/08\/bb30-mesures-1.jpg\" class=\"lfb_baseLayer\"  alt=\"Layered Image\" \/><\/div><div class=\"clearfix\"><\/div><\/div><div class=\"lfb_itemBloc col-md-12  lfb_item lfb_itemContainer_1817  \"  data-id=\"1817\" data-itemtype=\"layeredImage\"><div class=\"clearfix\"><\/div><div  class=\" lfb_layeredImage\" data-itemid=\"1817\" data-title=\"Layered Image\"   ><img decoding=\"async\" src=\"http:\/\/lift-mtb.com\/wp-content\/uploads\/2022\/08\/pf-30-mesures.jpg\" class=\"lfb_baseLayer\"  alt=\"Layered Image\" \/><\/div><div class=\"clearfix\"><\/div><\/div><div class=\"lfb_itemBloc col-md-12  lfb_item lfb_itemContainer_1820  \"  data-id=\"1820\" data-itemtype=\"layeredImage\"><div class=\"clearfix\"><\/div><div  class=\" lfb_layeredImage\" data-itemid=\"1820\" data-title=\"Layered Image\"   ><img decoding=\"async\" src=\"http:\/\/lift-mtb.com\/wp-content\/uploads\/2022\/08\/bb92-mesures.jpg\" class=\"lfb_baseLayer\"  alt=\"Layered Image\" \/><\/div><div class=\"clearfix\"><\/div><\/div><div class=\"lfb_itemBloc col-md-2  lfb_item lfb_itemContainer_1825   lfb_picRow\"  data-id=\"1825\" data-itemtype=\"imageButton\"><div class=\"lfb_imageButtonContainer\"><div class=\"lfb_imageButtonHeader\">Mein Rahmen verf\u00fcgt bereits \u00fcber ISCG-Befestigungsstifte<\/div><img decoding=\"async\"  class=\"lfb_imageButtonImg .jpg\" src=\"http:\/\/lift-mtb.com\/wp-content\/uploads\/2016\/01\/iscg-tabs-1-sur-1.jpg\" data-bs-placement=\"bottom\" title=\"Mein Rahmen verf\u00fcgt bereits \u00fcber ISCG-Befestigungsstifte\" data-originaltitle=\"Mein Rahmen verf\u00fcgt bereits \u00fcber ISCG-Befestigungsstifte\"  data-originallabel=\"Mein Rahmen verf\u00fcgt bereits \u00fcber ISCG-Befestigungsstifte\"   alt=\"ISCG 05\" \/><div class=\"lfb_imageButtonDescription\">Ohne Adapter.<\/div><a       data-urlvariable=\"1\" data-sentattribute=\"price\" data-variablename=\"\" class=\"lfb_button lfb_imageButton btn btn-primary btn-wide \" data-callnextstep=\"1\"        data-hideqtsum=\"true\"            data-showinsummary=\"true\" data-woovar=\"0\" data-eddvar=\"0\" data-operation=\"\" data-itemid=\"1825\"    data-prodid=\"0\" data-title=\"Mein Rahmen verf\u00fcgt bereits \u00fcber ISCG-Befestigungsstifte\"  title=\"Mein Rahmen verf\u00fcgt bereits \u00fcber ISCG-Befestigungsstifte\"  data-originallabel=\"Mein Rahmen verf\u00fcgt bereits \u00fcber ISCG-Befestigungsstifte\"  data-originaltitle=\"Mein Rahmen verf\u00fcgt bereits \u00fcber ISCG-Befestigungsstifte\"  data-price=\"0\" data-addtototal=\"0\"><span class=\"lfb_buttonTitle\">ausw\u00e4hlen<\/span><\/a><\/div><\/div> <\/div> <\/div><div class=\"lfb_errorMsg alert alert-danger\">Sie m\u00fcssen ein Element ausw\u00e4hlen, um fortzufahren<\/div><div class=\"text-center lfb_btnNextContainer\"><a href=\"javascript:\" id=\"lfb_btnNext_239\" class=\"btn btn-wide btn-primary lfb_btn-next \"><span class=\"fa fa-check\"><\/span>Als n\u00e4chstes<\/a><br\/><div class=\"lfb_linkPreviousCt\"><a href=\"javascript:\"  class=\"linkPrevious\"><span class=\"fa fa-arrow-left me-2\"><\/span>Vorheriger Schritt<\/a><\/div><\/div><\/div><div class=\"lfb_genSlide\" data-start=\"0\"    data-showstepsum=\"1\" data-stepid=\"241\" data-title=\"Rahmenhalterung f\u00fcr eine quadratische Batterie\"  data-dependitem=\"0\">\t<h2 class=\"lfb_stepTitle\">Rahmenhalterung f\u00fcr eine quadratische Batterie<\/h2>\t<div class=\"lfb_genContent container lfb_noDes\" >\t\t<div class=\"row lfb_row  lfb_sortable\"><div class=\"lfb_itemBloc col-md-2  lfb_item lfb_itemContainer_1839   lfb_picRow\"  data-id=\"1839\" data-itemtype=\"imageButton\"><div class=\"lfb_imageButtonContainer\"><div class=\"lfb_imageButtonHeader\">Rahmenhalterung f\u00fcr eine quadratische Batterie<\/div><img decoding=\"async\"  class=\"lfb_imageButtonImg jpeg\" src=\"http:\/\/lift-mtb.com\/wp-content\/uploads\/2022\/03\/support-alu-pour-batterie-de-velo-electrique.jpeg\" data-bs-placement=\"bottom\" title=\"Rahmenhalterung f\u00fcr eine quadratische Batterie\" data-originaltitle=\"Rahmenhalterung f\u00fcr eine quadratische Batterie\"  data-originallabel=\"Rahmenhalterung f\u00fcr eine quadratische Batterie\"   alt=\"\" \/><div class=\"lfb_imageButtonDescription\">Erm\u00f6glicht die Befestigung an Ihrem Rahmen mit 2 Flaschenhalterschrauben, einem kompakten Rucksack-Akku mit 8,7 Ah\/ 300 Wh , 11,6 Ah\/ 400Wh, 14 Ah\/ 500 Wh.\nBatteriehalter aus Aluminium, Flaschenhalter.<\/div><a       data-urlvariable=\"1\" data-sentattribute=\"price\" data-variablename=\"\" class=\"lfb_button lfb_imageButton btn btn-primary btn-wide \" data-callnextstep=\"1\"                  data-showprice=\"1\"  data-showinsummary=\"true\" data-woovar=\"0\" data-eddvar=\"0\" data-operation=\"\" data-itemid=\"1839\"    data-prodid=\"4664\" data-title=\"Rahmenhalterung f\u00fcr eine quadratische Batterie\"  title=\"Rahmenhalterung f\u00fcr eine quadratische Batterie\"  data-originallabel=\"Rahmenhalterung f\u00fcr eine quadratische Batterie\"  data-originaltitle=\"Rahmenhalterung f\u00fcr eine quadratische Batterie\"  data-price=\"59\" data-addtototal=\"0\"><span class=\"lfb_buttonTitle\">ausw\u00e4hlen<\/span><\/a><\/div><\/div> <\/div> <\/div><div class=\"lfb_errorMsg alert alert-danger\">Sie m\u00fcssen ein Element ausw\u00e4hlen, um fortzufahren<\/div><div class=\"text-center lfb_btnNextContainer\"><a href=\"javascript:\" id=\"lfb_btnNext_241\" class=\"btn btn-wide btn-primary lfb_btn-next \"><span class=\"fa fa-check\"><\/span>Als n\u00e4chstes<\/a><br\/><div class=\"lfb_linkPreviousCt\"><a href=\"javascript:\"  class=\"linkPrevious\"><span class=\"fa fa-arrow-left me-2\"><\/span>Vorheriger Schritt<\/a><\/div><\/div><\/div><div class=\"lfb_genSlide\" data-start=\"0\"    data-showstepsum=\"1\" data-stepid=\"243\" data-title=\"Rahmenhalterung f\u00fcr eine quadratische Batterie\"  data-dependitem=\"0\">\t<h2 class=\"lfb_stepTitle\">Rahmenhalterung f\u00fcr eine quadratische Batterie<\/h2>\t<div class=\"lfb_genContent container lfb_noDes\" >\t\t<div class=\"row lfb_row  lfb_sortable\"><div class=\"lfb_itemBloc col-md-2  lfb_item lfb_itemContainer_1846   lfb_picRow\"  data-id=\"1846\" data-itemtype=\"imageButton\"><div class=\"lfb_imageButtonContainer\"><div class=\"lfb_imageButtonHeader\">Halterung f\u00fcr eine quadratische Batterie<\/div><img decoding=\"async\"  class=\"lfb_imageButtonImg jpeg\" src=\"http:\/\/lift-mtb.com\/wp-content\/uploads\/2022\/03\/support-alu-pour-batterie-de-velo-electrique.jpeg\" data-bs-placement=\"bottom\" title=\"Halterung f\u00fcr eine quadratische Batterie\" data-originaltitle=\"Halterung f\u00fcr eine quadratische Batterie\"  data-originallabel=\"Halterung f\u00fcr eine quadratische Batterie\"   alt=\"\" \/><div class=\"lfb_imageButtonDescription\">Erm\u00f6glicht die Befestigung an Ihrem Rahmen mit 2 Flaschenhalterschrauben, einem kompakten Rucksack-Akku mit 8,7 Ah\/ 300 Wh , 11,6 Ah\/ 400Wh, 14 Ah\/ 500 Wh.<\/div><a       data-urlvariable=\"1\" data-sentattribute=\"price\" data-variablename=\"\" class=\"lfb_button lfb_imageButton btn btn-primary btn-wide \" data-callnextstep=\"1\"                  data-showprice=\"1\"  data-showinsummary=\"true\" data-woovar=\"0\" data-eddvar=\"0\" data-operation=\"\" data-itemid=\"1846\"    data-prodid=\"4664\" data-title=\"Halterung f\u00fcr eine quadratische Batterie\"  title=\"Halterung f\u00fcr eine quadratische Batterie\"  data-originallabel=\"Halterung f\u00fcr eine quadratische Batterie\"  data-originaltitle=\"Halterung f\u00fcr eine quadratische Batterie\"  data-price=\"49.17\" data-addtototal=\"0\"><span class=\"lfb_buttonTitle\">ausw\u00e4hlen<\/span><\/a><\/div><\/div> <\/div> <\/div><div class=\"lfb_errorMsg alert alert-danger\">Sie m\u00fcssen ein Element ausw\u00e4hlen, um fortzufahren<\/div><div class=\"text-center lfb_btnNextContainer\"><a href=\"javascript:\" id=\"lfb_btnNext_243\" class=\"btn btn-wide btn-primary lfb_btn-next \"><span class=\"fa fa-check\"><\/span>Als n\u00e4chstes<\/a><br\/><div class=\"lfb_linkPreviousCt\"><a href=\"javascript:\"  class=\"linkPrevious\"><span class=\"fa fa-arrow-left me-2\"><\/span>Vorheriger Schritt<\/a><\/div><\/div><\/div><div class=\"lfb_genSlide\" data-start=\"0\"    data-showstepsum=\"1\" data-stepid=\"244\" data-title=\"Was f\u00fcr ein Fahrrad?\" data-required=\"true\" data-dependitem=\"0\">\t<h2 class=\"lfb_stepTitle\">Was f\u00fcr ein Fahrrad?<\/h2>\t<div class=\"lfb_genContent container lfb_noDes\" >\t\t<div class=\"row lfb_row  lfb_sortable\"><div class=\"lfb_itemBloc col-md-2  lfb_item lfb_itemContainer_1847   lfb_picRow\"  data-id=\"1847\" data-itemtype=\"imageButton\"><div class=\"lfb_imageButtonContainer\"><div class=\"lfb_imageButtonHeader\">Rahmen Fat Bike<\/div><img decoding=\"async\"  class=\"lfb_imageButtonImg .jpg\" src=\"http:\/\/lift-mtb.com\/wp-content\/uploads\/2022\/09\/cadre-velo-fat-bike.jpg\" data-bs-placement=\"bottom\" title=\"Rahmen Fat Bike\" data-originaltitle=\"Rahmen Fat Bike\"  data-originallabel=\"Rahmen Fat Bike\"   alt=\"\" \/><div class=\"lfb_imageButtonDescription\"><\/div><a       data-urlvariable=\"1\" data-sentattribute=\"price\" data-variablename=\"\" class=\"lfb_button lfb_imageButton btn btn-primary btn-wide \" data-callnextstep=\"1\"        data-hideqtsum=\"true\"            data-showinsummary=\"true\" data-woovar=\"0\" data-eddvar=\"0\" data-operation=\"\" data-itemid=\"1847\"  data-group=\"cadre\"  data-prodid=\"0\" data-title=\"Rahmen Fat Bike\"  title=\"Rahmen Fat Bike\"  data-originallabel=\"Rahmen Fat Bike\"  data-originaltitle=\"Rahmen Fat Bike\"  data-price=\"0\" data-addtototal=\"0\"><span class=\"lfb_buttonTitle\">ausw\u00e4hlen<\/span><\/a><\/div><\/div><div class=\"lfb_itemBloc col-md-2  lfb_item lfb_itemContainer_1849   lfb_picRow\"  data-id=\"1849\" data-itemtype=\"imageButton\"><div class=\"lfb_imageButtonContainer\"><div class=\"lfb_imageButtonHeader\">Standard-Rahmen<\/div><img decoding=\"async\"  class=\"lfb_imageButtonImg .jpg\" src=\"http:\/\/lift-mtb.com\/wp-content\/uploads\/2022\/09\/cadre-velo-normal.jpg\" data-bs-placement=\"bottom\" title=\"Standard-Rahmen\" data-originaltitle=\"Standard-Rahmen\"  data-originallabel=\"Standard-Rahmen\"   alt=\"\" \/><div class=\"lfb_imageButtonDescription\"><\/div><a       data-urlvariable=\"1\" data-sentattribute=\"price\" data-variablename=\"\" class=\"lfb_button lfb_imageButton btn btn-primary btn-wide \" data-callnextstep=\"1\"        data-hideqtsum=\"true\"            data-showinsummary=\"true\" data-woovar=\"0\" data-eddvar=\"0\" data-operation=\"\" data-itemid=\"1849\"  data-group=\"cadre\"  data-prodid=\"0\" data-title=\"Standard-Rahmen\"  title=\"Standard-Rahmen\"  data-originallabel=\"Standard-Rahmen\"  data-originaltitle=\"Standard-Rahmen\"  data-price=\"0\" data-addtototal=\"0\"><span class=\"lfb_buttonTitle\">ausw\u00e4hlen<\/span><\/a><\/div><\/div><div class=\"lfb_itemBloc col-md-2  lfb_item lfb_itemContainer_1851   lfb_picRow\"  data-id=\"1851\" data-itemtype=\"imageButton\"><div class=\"lfb_imageButtonContainer\"><div class=\"lfb_imageButtonHeader\">Tandem<\/div><img decoding=\"async\"  class=\"lfb_imageButtonImg .jpg\" src=\"http:\/\/lift-mtb.com\/wp-content\/uploads\/2022\/09\/cadre-velo-tandem.jpg\" data-bs-placement=\"bottom\" title=\"Tandem\" data-originaltitle=\"Tandem\"  data-originallabel=\"Tandem\"   alt=\"\" \/><div class=\"lfb_imageButtonDescription\"><\/div><a       data-urlvariable=\"1\" data-sentattribute=\"price\" data-variablename=\"\" class=\"lfb_button lfb_imageButton btn btn-primary btn-wide \" data-callnextstep=\"1\"        data-hideqtsum=\"true\"            data-showinsummary=\"true\" data-woovar=\"0\" data-eddvar=\"0\" data-operation=\"\" data-itemid=\"1851\"  data-group=\"cadre\"  data-prodid=\"0\" data-title=\"Tandem\"  title=\"Tandem\"  data-originallabel=\"Tandem\"  data-originaltitle=\"Tandem\"  data-price=\"0\" data-addtototal=\"0\"><span class=\"lfb_buttonTitle\">ausw\u00e4hlen<\/span><\/a><\/div><\/div> <\/div> <\/div><div class=\"lfb_errorMsg alert alert-danger\">Sie m\u00fcssen ein Element ausw\u00e4hlen, um fortzufahren<\/div><div class=\"text-center lfb_btnNextContainer\"><a href=\"javascript:\" id=\"lfb_btnNext_244\" class=\"btn btn-wide btn-primary lfb_btn-next \"><span class=\"fa fa-check\"><\/span>Als n\u00e4chstes<\/a><br\/><div class=\"lfb_linkPreviousCt\"><a href=\"javascript:\"  class=\"linkPrevious\"><span class=\"fa fa-arrow-left me-2\"><\/span>Vorheriger Schritt<\/a><\/div><\/div><\/div><div class=\"lfb_genSlide\" data-start=\"0\"    data-showstepsum=\"1\" data-stepid=\"236\" data-title=\"Wahl der Kapazit\u00e4t der Batterie?\" data-required=\"true\" data-dependitem=\"0\">\t<h2 class=\"lfb_stepTitle\">Wahl der Kapazit\u00e4t der Batterie?<\/h2>\t<div class=\"lfb_genContent container lfb_noDes\" >\t\t<div class=\"row lfb_row  lfb_sortable\"><div class=\"lfb_itemBloc col-md-2  lfb_item lfb_itemContainer_1793 lfb_disabled  lfb_picRow\"  data-id=\"1793\" data-itemtype=\"imageButton\"><div class=\"lfb_imageButtonContainer\"><div class=\"lfb_imageButtonHeader\">Flachbatterie 36 V - 14 Ah \/ 500 Wh<\/div><img decoding=\"async\"  class=\"lfb_imageButtonImg .jpg\" src=\"http:\/\/lift-mtb.com\/wp-content\/uploads\/2022\/08\/battery-flat-500wh-2022-1-300x197.jpg\" data-bs-placement=\"bottom\" title=\"Flachbatterie 36 V - 14 Ah \/ 500 Wh\" data-originaltitle=\"Flachbatterie 36 V - 14 Ah \/ 500 Wh\"  data-originallabel=\"Flachbatterie 36 V - 14 Ah \/ 500 Wh\"   alt=\"\" \/><div class=\"lfb_imageButtonDescription\">Flacher Rucksack-Akku f\u00fcr optimalen Tragekomfort in Taschenposition und lange Akkulaufzeit.\n<\/br>Ein Bestseller, der eine sehr gute Autonomie erm\u00f6glicht.<\/br>Durchschnittliche Reichweite von:\n D+ 1400 m \/ 56 Km<\/div><a       data-urlvariable=\"1\" data-sentattribute=\"price\" data-variablename=\"\" class=\"lfb_button lfb_imageButton btn btn-primary btn-wide \" data-callnextstep=\"1\"              data-useshowconditions=\"true\" data-showconditions=\"[{\\'interaction\\':\\'238_1810\\',\\'action\\':\\'clicked\\'}]\" data-showconditionsoperator=\"\"  data-showprice=\"1\"  data-showinsummary=\"true\" data-woovar=\"0\" data-eddvar=\"0\" data-operation=\"\" data-itemid=\"1793\"  data-group=\"batterie\"  data-prodid=\"6873\" data-title=\"Flachbatterie 36 V - 14 Ah \/ 500 Wh\"  title=\"Flachbatterie 36 V - 14 Ah \/ 500 Wh\"  data-originallabel=\"Flachbatterie 36 V - 14 Ah \/ 500 Wh\"  data-originaltitle=\"Flachbatterie 36 V - 14 Ah \/ 500 Wh\"  data-price=\"501\" data-addtototal=\"0\"><span class=\"lfb_buttonTitle\">ausw\u00e4hlen<\/span><\/a><\/div><\/div><div class=\"lfb_itemBloc col-md-2  lfb_item lfb_itemContainer_1794 lfb_disabled  lfb_picRow\"  data-id=\"1794\" data-itemtype=\"imageButton\"><div class=\"lfb_imageButtonContainer\"><div class=\"lfb_imageButtonHeader\">Quadratische Batterie 36 V 14 Ah \/ 500 Wh<\/div><img decoding=\"async\"  class=\"lfb_imageButtonImg .jpg\" src=\"http:\/\/lift-mtb.com\/wp-content\/uploads\/2022\/08\/battery-square-500wh-2022-1-300x199.jpg\" data-bs-placement=\"bottom\" title=\"Quadratische Batterie 36 V 14 Ah \/ 500 Wh\" data-originaltitle=\"Quadratische Batterie 36 V 14 Ah \/ 500 Wh\"  data-originallabel=\"Quadratische Batterie 36 V 14 Ah \/ 500 Wh\"   alt=\"\" \/><div class=\"lfb_imageButtonDescription\">Zellenanordnung mit hoher Kapazit\u00e4t, um mit der Aluminiumhalterung Rahmen, Tasche und auf einem schmalen Rahmen kompatibel zu sein.<\/br>Durchschnittliche Reichweite von:\n D+ 1400 m \/ 56 Km<\/div><a       data-urlvariable=\"1\" data-sentattribute=\"price\" data-variablename=\"\" class=\"lfb_button lfb_imageButton btn btn-primary btn-wide \" data-callnextstep=\"1\"              data-useshowconditions=\"true\" data-showconditions=\"[]\" data-showconditionsoperator=\"\"  data-showprice=\"1\"  data-showinsummary=\"true\" data-woovar=\"0\" data-eddvar=\"0\" data-operation=\"\" data-itemid=\"1794\"  data-group=\"batterie\"  data-prodid=\"6861\" data-title=\"Quadratische Batterie 36 V 14 Ah \/ 500 Wh\"  title=\"Quadratische Batterie 36 V 14 Ah \/ 500 Wh\"  data-originallabel=\"Quadratische Batterie 36 V 14 Ah \/ 500 Wh\"  data-originaltitle=\"Quadratische Batterie 36 V 14 Ah \/ 500 Wh\"  data-price=\"501\" data-addtototal=\"0\"><span class=\"lfb_buttonTitle\">ausw\u00e4hlen<\/span><\/a><\/div><\/div><div class=\"lfb_itemBloc col-md-2  lfb_item lfb_itemContainer_1795 lfb_disabled  lfb_picRow\"  data-id=\"1795\" data-itemtype=\"imageButton\"><div class=\"lfb_imageButtonContainer\"><div class=\"lfb_imageButtonHeader\">x2 batteries 36 V - 8.7Ah \/ 600 Wh<\/div><img decoding=\"async\"  class=\"lfb_imageButtonImg .jpg\" src=\"http:\/\/lift-mtb.com\/wp-content\/uploads\/2022\/08\/x2-battery-300wh-600wh-2022-1-300x199.jpg\" data-bs-placement=\"bottom\" title=\"x2 batteries 36 V - 8.7Ah \/ 600 Wh\" data-originaltitle=\"x2 batteries 36 V - 8.7Ah \/ 600 Wh\"  data-originallabel=\"x2 batteries 36 V - 8.7Ah \/ 600 Wh\"   alt=\"\" \/><div class=\"lfb_imageButtonDescription\">Set mit 2 kompakten Batterien, Rucksack Gebrauch, oder Rahmen mit Alu-Batteriehalter.\n<\/br>Kapazit\u00e4t identisch mit 17,4\/ 600 Wh Batterie.\nPerfekte Mischung aus Vielseitigkeit und gro\u00dfer Kapazit\u00e4t.<\/br>Durchschnittliche Reichweite von:\n D+ 1750 m \/ 69 Km<\/div><a       data-urlvariable=\"1\" data-sentattribute=\"price\" data-variablename=\"\" class=\"lfb_button lfb_imageButton btn btn-primary btn-wide \" data-callnextstep=\"1\"              data-useshowconditions=\"true\" data-showconditions=\"[]\" data-showconditionsoperator=\"\"  data-showprice=\"1\"  data-showinsummary=\"true\" data-woovar=\"0\" data-eddvar=\"0\" data-operation=\"\" data-itemid=\"1795\"  data-group=\"batterie\"  data-prodid=\"6900\" data-title=\"x2 batteries 36 V - 8.7Ah \/ 600 Wh\"  title=\"x2 batteries 36 V - 8.7Ah \/ 600 Wh\"  data-originallabel=\"x2 batteries 36 V - 8.7Ah \/ 600 Wh\"  data-originaltitle=\"x2 batteries 36 V - 8.7Ah \/ 600 Wh\"  data-price=\"651\" data-addtototal=\"0\"><span class=\"lfb_buttonTitle\">ausw\u00e4hlen<\/span><\/a><\/div><\/div><div class=\"lfb_itemBloc col-md-2  lfb_item lfb_itemContainer_1788 lfb_disabled  lfb_picRow\"  data-id=\"1788\" data-itemtype=\"imageButton\"><div class=\"lfb_imageButtonContainer\"><div class=\"lfb_imageButtonHeader\">Batterie,36 V - 8.7 Ah \/ 300 Wh<\/div><img decoding=\"async\"  class=\"lfb_imageButtonImg .jpg\" src=\"http:\/\/lift-mtb.com\/wp-content\/uploads\/2022\/08\/battery-square-300wh-2022-1-300x199.jpg\" data-bs-placement=\"bottom\" title=\"Batterie,36 V - 8.7 Ah \/ 300 Wh\" data-originaltitle=\"Batterie,36 V - 8.7 Ah \/ 300 Wh\"  data-originallabel=\"Batterie,36 V - 8.7 Ah \/ 300 Wh\"   alt=\"\" \/><div class=\"lfb_imageButtonDescription\">Kompakt und sehr leicht, Rucksack im Einsatz & kompatibel mit Aluminiumrahmen Halterung. <\/br> Ideal f\u00fcr Ihre sportlichen Ausfl\u00fcge! <\/br>Durchschnittliche Reichweite von:\n D+ 850m \/ 34Km\n\n<\/div><a       data-urlvariable=\"1\" data-sentattribute=\"price\" data-variablename=\"\" class=\"lfb_button lfb_imageButton btn btn-primary btn-wide \" data-callnextstep=\"1\"              data-useshowconditions=\"true\" data-showconditions=\"[]\" data-showconditionsoperator=\"\"  data-showprice=\"1\"  data-showinsummary=\"true\" data-woovar=\"0\" data-eddvar=\"0\" data-operation=\"\" data-itemid=\"1788\"  data-group=\"batterie\"  data-prodid=\"6832\" data-title=\"Batterie,36 V - 8.7 Ah \/ 300 Wh\"  title=\"Batterie,36 V - 8.7 Ah \/ 300 Wh\"  data-originallabel=\"Batterie,36 V - 8.7 Ah \/ 300 Wh\"  data-originaltitle=\"Batterie,36 V - 8.7 Ah \/ 300 Wh\"  data-price=\"301\" data-addtototal=\"0\"><span class=\"lfb_buttonTitle\">ausw\u00e4hlen<\/span><\/a><\/div><\/div><div class=\"lfb_itemBloc col-md-2  lfb_item lfb_itemContainer_1789 lfb_disabled  lfb_picRow\"  data-id=\"1789\" data-itemtype=\"imageButton\"><div class=\"lfb_imageButtonContainer\"><div class=\"lfb_imageButtonHeader\">Batterie 36 V - 11.5 Ah \/ 400 Wh<\/div><img decoding=\"async\"  class=\"lfb_imageButtonImg .jpg\" src=\"http:\/\/lift-mtb.com\/wp-content\/uploads\/2022\/08\/battery-square-400wh-2022-1-300x199.jpg\" data-bs-placement=\"bottom\" title=\"Batterie 36 V - 11.5 Ah \/ 400 Wh\" data-originaltitle=\"Batterie 36 V - 11.5 Ah \/ 400 Wh\"  data-originallabel=\"Batterie 36 V - 11.5 Ah \/ 400 Wh\"   alt=\"\" \/><div class=\"lfb_imageButtonDescription\">Sehr vielseitiges und leichtes Modell, Rucksack-Einsatz & kompatibel mit Aluminiumrahmen Halterung. <\/br> Sehr gutes Gewicht\/ Autonomie-Verh\u00e4ltnis. <\/br>Durchschnittliche Reichweite von:\n D+ 1150m \/ 46 Km<\/div><a       data-urlvariable=\"1\" data-sentattribute=\"price\" data-variablename=\"\" class=\"lfb_button lfb_imageButton btn btn-primary btn-wide \" data-callnextstep=\"1\"              data-useshowconditions=\"true\" data-showconditions=\"[]\" data-showconditionsoperator=\"\"  data-showprice=\"1\"  data-showinsummary=\"true\" data-woovar=\"0\" data-eddvar=\"0\" data-operation=\"\" data-itemid=\"1789\"  data-group=\"batterie\"  data-prodid=\"6849\" data-title=\"Batterie 36 V - 11.5 Ah \/ 400 Wh\"  title=\"Batterie 36 V - 11.5 Ah \/ 400 Wh\"  data-originallabel=\"Batterie 36 V - 11.5 Ah \/ 400 Wh\"  data-originaltitle=\"Batterie 36 V - 11.5 Ah \/ 400 Wh\"  data-price=\"401\" data-addtototal=\"0\"><span class=\"lfb_buttonTitle\">ausw\u00e4hlen<\/span><\/a><\/div><\/div><div class=\"lfb_itemBloc col-md-2  lfb_item lfb_itemContainer_1791 lfb_disabled  lfb_picRow\"  data-id=\"1791\" data-itemtype=\"imageButton\"><div class=\"lfb_imageButtonContainer\"><div class=\"lfb_imageButtonHeader\">Flachbatterie 36 V - 17 Ah \/ 600 Wh<\/div><img decoding=\"async\"  class=\"lfb_imageButtonImg .jpg\" src=\"http:\/\/lift-mtb.com\/wp-content\/uploads\/2022\/08\/battery-flat-600wh-2022-1-300x197.jpg\" data-bs-placement=\"bottom\" title=\"Flachbatterie 36 V - 17 Ah \/ 600 Wh\" data-originaltitle=\"Flachbatterie 36 V - 17 Ah \/ 600 Wh\"  data-originallabel=\"Flachbatterie 36 V - 17 Ah \/ 600 Wh\"   alt=\"\" \/><div class=\"lfb_imageButtonDescription\">Flacher Rucksack-Akku, der idealen Komfort und eine lange Laufzeit f\u00fcr jeden Ausflug bietet. <\/br>Ideal f\u00fcr lange Touren.<\/br><\/br>Durchschnittliche Reichweite von:\n D+ 1750 m \/ 69 Km <\/div><a       data-urlvariable=\"1\" data-sentattribute=\"price\" data-variablename=\"\" class=\"lfb_button lfb_imageButton btn btn-primary btn-wide \" data-callnextstep=\"1\"              data-useshowconditions=\"true\" data-showconditions=\"[{\\'interaction\\':\\'238_1810\\',\\'action\\':\\'clicked\\'}]\" data-showconditionsoperator=\"\"  data-showprice=\"1\"  data-showinsummary=\"true\" data-woovar=\"0\" data-eddvar=\"0\" data-operation=\"\" data-itemid=\"1791\"  data-group=\"batterie\"  data-prodid=\"6889\" data-title=\"Flachbatterie 36 V - 17 Ah \/ 600 Wh\"  title=\"Flachbatterie 36 V - 17 Ah \/ 600 Wh\"  data-originallabel=\"Flachbatterie 36 V - 17 Ah \/ 600 Wh\"  data-originaltitle=\"Flachbatterie 36 V - 17 Ah \/ 600 Wh\"  data-price=\"601\" data-addtototal=\"0\"><span class=\"lfb_buttonTitle\">ausw\u00e4hlen<\/span><\/a><\/div><\/div><div class=\"lfb_itemBloc col-md-2  lfb_item lfb_itemContainer_1796 lfb_disabled  lfb_picRow\"  data-id=\"1796\" data-itemtype=\"imageButton\"><div class=\"lfb_imageButtonContainer\"><div class=\"lfb_imageButtonHeader\">Batterie starre flasche - 17 Ah \/ 600 Wh<\/div><img decoding=\"async\"  class=\"lfb_imageButtonImg .jpg\" src=\"http:\/\/lift-mtb.com\/wp-content\/uploads\/2022\/08\/batterie-de-rechange-vttae.jpg\" data-bs-placement=\"bottom\" title=\"Batterie starre flasche - 17 Ah \/ 600 Wh\" data-originaltitle=\"Batterie starre flasche - 17 Ah \/ 600 Wh\"  data-originallabel=\"Batterie starre flasche - 17 Ah \/ 600 Wh\"   alt=\"\" \/><div class=\"lfb_imageButtonDescription\">Diese Befestigung an den Befestigungspunkten der Flaschent\u00fcr des Fahrrads je nach verf\u00fcgbarem Platz am Rahmen ist nicht mit allen Rahmen kompatibel, \u00fcberpr\u00fcfen Sie die Abmessungen sorgf\u00e4ltig.\n<\/br>Lithium-Ionen-Akku in Frankreich mit Zellen von Panasonic oder LG montiert.\n<\/br>Wird mit dem Ladeger\u00e4t geliefert.\n<\/br>Durchschnittliche Reichweite von:\n D+ 1750 m \/ 69 Km <\/div><a       data-urlvariable=\"1\" data-sentattribute=\"price\" data-variablename=\"\" class=\"lfb_button lfb_imageButton btn btn-primary btn-wide \" data-callnextstep=\"1\"              data-useshowconditions=\"true\" data-showconditions=\"[{\\'interaction\\':\\'238_1811\\',\\'action\\':\\'clicked\\'}]\" data-showconditionsoperator=\"\"  data-showprice=\"1\"  data-showinsummary=\"true\" data-woovar=\"7295\" data-eddvar=\"0\" data-operation=\"\" data-itemid=\"1796\"  data-group=\"batterie\"  data-prodid=\"6911\" data-title=\"Batterie starre flasche - 17 Ah \/ 600 Wh\"  title=\"Batterie starre flasche - 17 Ah \/ 600 Wh\"  data-originallabel=\"Batterie starre flasche - 17 Ah \/ 600 Wh\"  data-originaltitle=\"Batterie starre flasche - 17 Ah \/ 600 Wh\"  data-price=\"651\" data-addtototal=\"0\"><span class=\"lfb_buttonTitle\">ausw\u00e4hlen<\/span><\/a><\/div><\/div><div class=\"lfb_itemBloc col-md-2  lfb_item lfb_itemContainer_1797 lfb_disabled  lfb_picRow\"  data-id=\"1797\" data-itemtype=\"imageButton\"><div class=\"lfb_imageButtonContainer\"><div class=\"lfb_imageButtonHeader\">Batterie starre flasche - 14 Ah \/ 500 Wh<\/div><img decoding=\"async\"  class=\"lfb_imageButtonImg .jpg\" src=\"http:\/\/lift-mtb.com\/wp-content\/uploads\/2022\/08\/batterie-de-rechange-vttae.jpg\" data-bs-placement=\"bottom\" title=\"Batterie starre flasche - 14 Ah \/ 500 Wh\" data-originaltitle=\"Batterie starre flasche - 14 Ah \/ 500 Wh\"  data-originallabel=\"Batterie starre flasche - 14 Ah \/ 500 Wh\"   alt=\"\" \/><div class=\"lfb_imageButtonDescription\">Diese Befestigung an den Befestigungspunkten der Flaschent\u00fcr des Fahrrads je nach verf\u00fcgbarem Platz am Rahmen ist nicht mit allen Rahmen kompatibel, \u00fcberpr\u00fcfen Sie die Abmessungen sorgf\u00e4ltig.\n<\/br>Lithium-Ionen-Akku in Frankreich mit Zellen von Panasonic oder LG montiert.\n<\/br>Wird mit dem Ladeger\u00e4t geliefert.\n<\/br>Durchschnittliche Reichweite von:\n D+ 1400 m \/ 56 Km\n<\/div><a       data-urlvariable=\"1\" data-sentattribute=\"price\" data-variablename=\"\" class=\"lfb_button lfb_imageButton btn btn-primary btn-wide \" data-callnextstep=\"1\"              data-useshowconditions=\"true\" data-showconditions=\"[{\\'interaction\\':\\'238_1811\\',\\'action\\':\\'clicked\\'}]\" data-showconditionsoperator=\"\"  data-showprice=\"1\"  data-showinsummary=\"true\" data-woovar=\"7293\" data-eddvar=\"0\" data-operation=\"\" data-itemid=\"1797\"  data-group=\"batterie\"  data-prodid=\"6911\" data-title=\"Batterie starre flasche - 14 Ah \/ 500 Wh\"  title=\"Batterie starre flasche - 14 Ah \/ 500 Wh\"  data-originallabel=\"Batterie starre flasche - 14 Ah \/ 500 Wh\"  data-originaltitle=\"Batterie starre flasche - 14 Ah \/ 500 Wh\"  data-price=\"551\" data-addtototal=\"0\"><span class=\"lfb_buttonTitle\">ausw\u00e4hlen<\/span><\/a><\/div><\/div> <\/div> <\/div><div class=\"lfb_errorMsg alert alert-danger\">Sie m\u00fcssen ein Element ausw\u00e4hlen, um fortzufahren<\/div><div class=\"text-center lfb_btnNextContainer\"><a href=\"javascript:\" id=\"lfb_btnNext_236\" class=\"btn btn-wide btn-primary lfb_btn-next \"><span class=\"fa fa-check\"><\/span>Als n\u00e4chstes<\/a><br\/><div class=\"lfb_linkPreviousCt\"><a href=\"javascript:\"  class=\"linkPrevious\"><span class=\"fa fa-arrow-left me-2\"><\/span>Vorheriger Schritt<\/a><\/div><\/div><\/div><div class=\"lfb_genSlide\" data-start=\"0\"    data-showstepsum=\"1\" data-stepid=\"240\" data-title=\"Wahl der Kapazit\u00e4t der Batterie?\" data-required=\"true\" data-dependitem=\"0\">\t<h2 class=\"lfb_stepTitle\">Wahl der Kapazit\u00e4t der Batterie?<\/h2>\t<div class=\"lfb_genContent container lfb_noDes\" >\t\t<div class=\"row lfb_row  lfb_sortable\"><div class=\"lfb_itemBloc col-md-2  lfb_item lfb_itemContainer_1826   lfb_picRow\"  data-id=\"1826\" data-itemtype=\"imageButton\"><div class=\"lfb_imageButtonContainer\"><div class=\"lfb_imageButtonHeader\">Batterie 36 V - 8.7 Ah \/ 300 Wh<\/div><img decoding=\"async\"  class=\"lfb_imageButtonImg .jpg\" src=\"http:\/\/lift-mtb.com\/wp-content\/uploads\/2022\/08\/battery-square-300wh-2022-1-300x199.jpg\" data-bs-placement=\"bottom\" title=\"Batterie 36 V - 8.7 Ah \/ 300 Wh\" data-originaltitle=\"Batterie 36 V - 8.7 Ah \/ 300 Wh\"  data-originallabel=\"Batterie 36 V - 8.7 Ah \/ 300 Wh\"   alt=\"\" \/><div class=\"lfb_imageButtonDescription\">Kompakt und sehr leicht, Rucksack im Einsatz & kompatibel mit Aluminiumrahmen Halterung. <\/br> Ideal f\u00fcr Ihre sportlichen Ausfl\u00fcge! <\/br>Durchschnittliche Reichweite von:\n D+ 850m \/ 34Km\n\n<\/div><a       data-urlvariable=\"1\" data-sentattribute=\"price\" data-variablename=\"\" class=\"lfb_button lfb_imageButton btn btn-primary btn-wide \"                   data-showprice=\"1\"  data-showinsummary=\"true\" data-woovar=\"0\" data-eddvar=\"0\" data-operation=\"\" data-itemid=\"1826\"  data-group=\"batterie\"  data-prodid=\"6832\" data-title=\"Batterie 36 V - 8.7 Ah \/ 300 Wh\"  title=\"Batterie 36 V - 8.7 Ah \/ 300 Wh\"  data-originallabel=\"Batterie 36 V - 8.7 Ah \/ 300 Wh\"  data-originaltitle=\"Batterie 36 V - 8.7 Ah \/ 300 Wh\"  data-price=\"250.83\" data-addtototal=\"0\"><span class=\"lfb_buttonTitle\">ausw\u00e4hlen<\/span><\/a><\/div><\/div><div class=\"lfb_itemBloc col-md-2  lfb_item lfb_itemContainer_1827   lfb_picRow\"  data-id=\"1827\" data-itemtype=\"imageButton\"><div class=\"lfb_imageButtonContainer\"><div class=\"lfb_imageButtonHeader\">Batterie 36 V - 11.5 Ah \/ 400 Wh<\/div><img decoding=\"async\"  class=\"lfb_imageButtonImg .jpg\" src=\"http:\/\/lift-mtb.com\/wp-content\/uploads\/2022\/08\/battery-square-400wh-2022-1-300x199.jpg\" data-bs-placement=\"bottom\" title=\"Batterie 36 V - 11.5 Ah \/ 400 Wh\" data-originaltitle=\"Batterie 36 V - 11.5 Ah \/ 400 Wh\"  data-originallabel=\"Batterie 36 V - 11.5 Ah \/ 400 Wh\"   alt=\"\" \/><div class=\"lfb_imageButtonDescription\">Sehr vielseitiges und leichtes Modell, Rucksack-Einsatz & kompatibel mit Aluminiumrahmen Halterung. <\/br> Sehr gutes Gewicht\/ Autonomie-Verh\u00e4ltnis. <\/br>Durchschnittliche Reichweite von:\n D+ 1150m \/ 46 Km<\/div><a       data-urlvariable=\"1\" data-sentattribute=\"price\" data-variablename=\"\" class=\"lfb_button lfb_imageButton btn btn-primary btn-wide \"                   data-showprice=\"1\"  data-showinsummary=\"true\" data-woovar=\"0\" data-eddvar=\"0\" data-operation=\"\" data-itemid=\"1827\"  data-group=\"batterie\"  data-prodid=\"6849\" data-title=\"Batterie 36 V - 11.5 Ah \/ 400 Wh\"  title=\"Batterie 36 V - 11.5 Ah \/ 400 Wh\"  data-originallabel=\"Batterie 36 V - 11.5 Ah \/ 400 Wh\"  data-originaltitle=\"Batterie 36 V - 11.5 Ah \/ 400 Wh\"  data-price=\"334.175\" data-addtototal=\"0\"><span class=\"lfb_buttonTitle\">ausw\u00e4hlen<\/span><\/a><\/div><\/div><div class=\"lfb_itemBloc col-md-2  lfb_item lfb_itemContainer_1829 lfb_disabled  lfb_picRow\"  data-id=\"1829\" data-itemtype=\"imageButton\"><div class=\"lfb_imageButtonContainer\"><div class=\"lfb_imageButtonHeader\">Flachbatterie 36 V - 17 Ah \/ 600 Wh<\/div><img decoding=\"async\"  class=\"lfb_imageButtonImg .jpg\" src=\"http:\/\/lift-mtb.com\/wp-content\/uploads\/2022\/08\/battery-flat-600wh-2022-1-300x197.jpg\" data-bs-placement=\"bottom\" title=\"Flachbatterie 36 V - 17 Ah \/ 600 Wh\" data-originaltitle=\"Flachbatterie 36 V - 17 Ah \/ 600 Wh\"  data-originallabel=\"Flachbatterie 36 V - 17 Ah \/ 600 Wh\"   alt=\"\" \/><div class=\"lfb_imageButtonDescription\">Flacher Rucksack-Akku, der idealen Komfort und eine lange Laufzeit f\u00fcr jeden Ausflug bietet. <\/br>Ideal f\u00fcr lange Touren.<\/br><\/br>Durchschnittliche Reichweite von:\n D+ 1750 m \/ 69 Km <\/div><a       data-urlvariable=\"1\" data-sentattribute=\"price\" data-variablename=\"\" class=\"lfb_button lfb_imageButton btn btn-primary btn-wide \"               data-useshowconditions=\"true\" data-showconditions=\"[{\\'interaction\\':\\'242_1841\\',\\'action\\':\\'clicked\\'}]\" data-showconditionsoperator=\"\"  data-showprice=\"1\"  data-showinsummary=\"true\" data-woovar=\"0\" data-eddvar=\"0\" data-operation=\"\" data-itemid=\"1829\"  data-group=\"batterie\"  data-prodid=\"6889\" data-title=\"Flachbatterie 36 V - 17 Ah \/ 600 Wh\"  title=\"Flachbatterie 36 V - 17 Ah \/ 600 Wh\"  data-originallabel=\"Flachbatterie 36 V - 17 Ah \/ 600 Wh\"  data-originaltitle=\"Flachbatterie 36 V - 17 Ah \/ 600 Wh\"  data-price=\"500.83\" data-addtototal=\"0\"><span class=\"lfb_buttonTitle\">ausw\u00e4hlen<\/span><\/a><\/div><\/div><div class=\"lfb_itemBloc col-md-2  lfb_item lfb_itemContainer_1831 lfb_disabled  lfb_picRow\"  data-id=\"1831\" data-itemtype=\"imageButton\"><div class=\"lfb_imageButtonContainer\"><div class=\"lfb_imageButtonHeader\">Flachbatterie 36 V - 14 Ah \/ 500 Wh<\/div><img decoding=\"async\"  class=\"lfb_imageButtonImg .jpg\" src=\"http:\/\/lift-mtb.com\/wp-content\/uploads\/2022\/08\/battery-flat-500wh-2022-1-300x197.jpg\" data-bs-placement=\"bottom\" title=\"Flachbatterie 36 V - 14 Ah \/ 500 Wh\" data-originaltitle=\"Flachbatterie 36 V - 14 Ah \/ 500 Wh\"  data-originallabel=\"Flachbatterie 36 V - 14 Ah \/ 500 Wh\"   alt=\"\" \/><div class=\"lfb_imageButtonDescription\">Flacher Rucksack-Akku f\u00fcr optimalen Tragekomfort in Taschenposition und lange Akkulaufzeit.\n<\/br>Ein Bestseller, der eine sehr gute Autonomie erm\u00f6glicht.<\/br>Durchschnittliche Reichweite von:\n D+ 1400 m \/ 56 Km<\/div><a       data-urlvariable=\"1\" data-sentattribute=\"price\" data-variablename=\"\" class=\"lfb_button lfb_imageButton btn btn-primary btn-wide \"               data-useshowconditions=\"true\" data-showconditions=\"[{\\'interaction\\':\\'242_1841\\',\\'action\\':\\'clicked\\'}]\" data-showconditionsoperator=\"\"  data-showprice=\"1\"  data-showinsummary=\"true\" data-woovar=\"0\" data-eddvar=\"0\" data-operation=\"\" data-itemid=\"1831\"  data-group=\"batterie\"  data-prodid=\"6873\" data-title=\"Flachbatterie 36 V - 14 Ah \/ 500 Wh\"  title=\"Flachbatterie 36 V - 14 Ah \/ 500 Wh\"  data-originallabel=\"Flachbatterie 36 V - 14 Ah \/ 500 Wh\"  data-originaltitle=\"Flachbatterie 36 V - 14 Ah \/ 500 Wh\"  data-price=\"417.5\" data-addtototal=\"0\"><span class=\"lfb_buttonTitle\">ausw\u00e4hlen<\/span><\/a><\/div><\/div><div class=\"lfb_itemBloc col-md-2  lfb_item lfb_itemContainer_1832   lfb_picRow\"  data-id=\"1832\" data-itemtype=\"imageButton\"><div class=\"lfb_imageButtonContainer\"><div class=\"lfb_imageButtonHeader\">Quadratische Batterie 36 V 14 Ah \/ 500 Wh<\/div><img decoding=\"async\"  class=\"lfb_imageButtonImg .jpg\" src=\"http:\/\/lift-mtb.com\/wp-content\/uploads\/2022\/08\/battery-square-500wh-2022-1-300x199.jpg\" data-bs-placement=\"bottom\" title=\"Quadratische Batterie 36 V 14 Ah \/ 500 Wh\" data-originaltitle=\"Quadratische Batterie 36 V 14 Ah \/ 500 Wh\"  data-originallabel=\"Quadratische Batterie 36 V 14 Ah \/ 500 Wh\"   alt=\"\" \/><div class=\"lfb_imageButtonDescription\">Montage von Zellen mit hoher Kapazit\u00e4t, um mit der Aluminiumhalterung Rahmen, Tasche und auf einem schmalen Rahmen kompatibel zu sein.<\/br>Durchschnittliche Reichweite von:\n D+ 1400 m \/ 56 Km<\/div><a       data-urlvariable=\"1\" data-sentattribute=\"price\" data-variablename=\"\" class=\"lfb_button lfb_imageButton btn btn-primary btn-wide \"                   data-showprice=\"1\"  data-showinsummary=\"true\" data-woovar=\"0\" data-eddvar=\"0\" data-operation=\"\" data-itemid=\"1832\"  data-group=\"batterie\"  data-prodid=\"6861\" data-title=\"Quadratische Batterie 36 V 14 Ah \/ 500 Wh\"  title=\"Quadratische Batterie 36 V 14 Ah \/ 500 Wh\"  data-originallabel=\"Quadratische Batterie 36 V 14 Ah \/ 500 Wh\"  data-originaltitle=\"Quadratische Batterie 36 V 14 Ah \/ 500 Wh\"  data-price=\"417.5\" data-addtototal=\"0\"><span class=\"lfb_buttonTitle\">ausw\u00e4hlen<\/span><\/a><\/div><\/div><div class=\"lfb_itemBloc col-md-2  lfb_item lfb_itemContainer_1833   lfb_picRow\"  data-id=\"1833\" data-itemtype=\"imageButton\"><div class=\"lfb_imageButtonContainer\"><div class=\"lfb_imageButtonHeader\">x2 batteries 36 V - 8.7Ah \/ 600 Wh<\/div><img decoding=\"async\"  class=\"lfb_imageButtonImg .jpg\" src=\"http:\/\/lift-mtb.com\/wp-content\/uploads\/2022\/08\/x2-battery-300wh-600wh-2022-1-300x199.jpg\" data-bs-placement=\"bottom\" title=\"x2 batteries 36 V - 8.7Ah \/ 600 Wh\" data-originaltitle=\"x2 batteries 36 V - 8.7Ah \/ 600 Wh\"  data-originallabel=\"x2 batteries 36 V - 8.7Ah \/ 600 Wh\"   alt=\"\" \/><div class=\"lfb_imageButtonDescription\">Set mit 2 kompakten Batterien, Rucksack Gebrauch, oder Rahmen mit Alu-Batteriehalter.\n<\/br>Kapazit\u00e4t identisch mit 17,4\/ 600 Wh Batterie.\nPerfekte Mischung aus Vielseitigkeit und gro\u00dfer Kapazit\u00e4t.<\/br>Durchschnittliche Reichweite von:\n D+ 1750 m \/ 69 Km<\/div><a       data-urlvariable=\"1\" data-sentattribute=\"price\" data-variablename=\"\" class=\"lfb_button lfb_imageButton btn btn-primary btn-wide \"                   data-showprice=\"1\"  data-showinsummary=\"true\" data-woovar=\"0\" data-eddvar=\"0\" data-operation=\"\" data-itemid=\"1833\"  data-group=\"batterie\"  data-prodid=\"6900\" data-title=\"x2 batteries 36 V - 8.7Ah \/ 600 Wh\"  title=\"x2 batteries 36 V - 8.7Ah \/ 600 Wh\"  data-originallabel=\"x2 batteries 36 V - 8.7Ah \/ 600 Wh\"  data-originaltitle=\"x2 batteries 36 V - 8.7Ah \/ 600 Wh\"  data-price=\"542.5\" data-addtototal=\"0\"><span class=\"lfb_buttonTitle\">ausw\u00e4hlen<\/span><\/a><\/div><\/div><div class=\"lfb_itemBloc col-md-2  lfb_item lfb_itemContainer_1834 lfb_disabled  lfb_picRow\"  data-id=\"1834\" data-itemtype=\"imageButton\"><div class=\"lfb_imageButtonContainer\"><div class=\"lfb_imageButtonHeader\">Batterie starre flasche - 17 Ah \/ 600 Wh<\/div><img decoding=\"async\"  class=\"lfb_imageButtonImg .jpg\" src=\"http:\/\/lift-mtb.com\/wp-content\/uploads\/2022\/08\/batterie-de-rechange-vttae.jpg\" data-bs-placement=\"bottom\" title=\"Batterie starre flasche - 17 Ah \/ 600 Wh\" data-originaltitle=\"Batterie starre flasche - 17 Ah \/ 600 Wh\"  data-originallabel=\"Batterie starre flasche - 17 Ah \/ 600 Wh\"   alt=\"\" \/><div class=\"lfb_imageButtonDescription\">Diese Befestigung an den Befestigungspunkten der Flaschent\u00fcr des Fahrrads je nach verf\u00fcgbarem Platz am Rahmen ist nicht mit allen Rahmen kompatibel, \u00fcberpr\u00fcfen Sie die Abmessungen sorgf\u00e4ltig.\n<\/br>Lithium-Ionen-Akku in Frankreich mit Zellen von Panasonic oder LG montiert.\n<\/br>Wird mit dem Ladeger\u00e4t geliefert.\n<\/br>Durchschnittliche Reichweite von:\n D+ 1750 m \/ 69 Km <\/div><a       data-urlvariable=\"1\" data-sentattribute=\"price\" data-variablename=\"\" class=\"lfb_button lfb_imageButton btn btn-primary btn-wide \"               data-useshowconditions=\"true\" data-showconditions=\"[{\\'interaction\\':\\'242_1842\\',\\'action\\':\\'clicked\\'}]\" data-showconditionsoperator=\"\"  data-showprice=\"1\"  data-showinsummary=\"true\" data-woovar=\"7295\" data-eddvar=\"0\" data-operation=\"\" data-itemid=\"1834\"  data-group=\"batterie\"  data-prodid=\"6911\" data-title=\"Batterie starre flasche - 17 Ah \/ 600 Wh\"  title=\"Batterie starre flasche - 17 Ah \/ 600 Wh\"  data-originallabel=\"Batterie starre flasche - 17 Ah \/ 600 Wh\"  data-originaltitle=\"Batterie starre flasche - 17 Ah \/ 600 Wh\"  data-price=\"542.5\" data-addtototal=\"0\"><span class=\"lfb_buttonTitle\">ausw\u00e4hlen<\/span><\/a><\/div><\/div> <\/div> <\/div><div class=\"lfb_errorMsg alert alert-danger\">Sie m\u00fcssen ein Element ausw\u00e4hlen, um fortzufahren<\/div><div class=\"text-center lfb_btnNextContainer\"><a href=\"javascript:\" id=\"lfb_btnNext_240\" class=\"btn btn-wide btn-primary lfb_btn-next \"><span class=\"fa fa-check\"><\/span>Als n\u00e4chstes<\/a><br\/><div class=\"lfb_linkPreviousCt\"><a href=\"javascript:\"  class=\"linkPrevious\"><span class=\"fa fa-arrow-left me-2\"><\/span>Vorheriger Schritt<\/a><\/div><\/div><\/div><div class=\"lfb_genSlide\" data-start=\"0\"    data-showstepsum=\"1\" data-stepid=\"238\" data-title=\"Brauchen Sie einen Akku? \"  data-dependitem=\"0\">\t<h2 class=\"lfb_stepTitle\">Brauchen Sie einen Akku? <\/h2>\t<div class=\"lfb_genContent container lfb_noDes\" >\t\t<div class=\"row lfb_row  lfb_sortable\"><div class=\"lfb_itemBloc col-md-2  lfb_item lfb_itemContainer_1810 lfb_disabled  lfb_picRow\"  data-id=\"1810\" data-itemtype=\"imageButton\"><div class=\"lfb_imageButtonContainer\"><div class=\"lfb_imageButtonHeader\">Rucksack<\/div><img decoding=\"async\"  class=\"lfb_imageButtonImg .png\" src=\"http:\/\/lift-mtb.com\/wp-content\/uploads\/2022\/08\/sac-a-dos-batterie-vtt-electrique-300x200.png\" data-bs-placement=\"bottom\" title=\"Rucksack\" data-originaltitle=\"Rucksack\"  data-originallabel=\"Rucksack\"   alt=\"\" \/><div class=\"lfb_imageButtonDescription\">Verwendung eines Rucksacks zum Tragen der Batterie.<\/br> Wir empfehlen die Marke EVOC auf unserer Website.<\/div><a       data-urlvariable=\"1\" data-sentattribute=\"price\" data-variablename=\"\" class=\"lfb_button lfb_imageButton btn btn-primary btn-wide \" data-callnextstep=\"1\"        data-hideqtsum=\"true\"      data-useshowconditions=\"true\" data-showconditions=\"[{\\'interaction\\':\\'238_1813\\',\\'action\\':\\'clicked\\'}]\" data-showconditionsoperator=\"\"    data-showinsummary=\"true\" data-woovar=\"0\" data-eddvar=\"0\" data-operation=\"\" data-itemid=\"1810\"  data-group=\"sac\"  data-prodid=\"0\" data-title=\"Rucksack\"  title=\"Rucksack\"  data-originallabel=\"Rucksack\"  data-originaltitle=\"Rucksack\"  data-price=\"0\" data-addtototal=\"no\"><span class=\"lfb_buttonTitle\">ausw\u00e4hlen<\/span><\/a><\/div><\/div><div class=\"lfb_itemBloc col-md-2  lfb_item lfb_itemContainer_1811 lfb_disabled  lfb_picRow\"  data-id=\"1811\" data-itemtype=\"imageButton\"><div class=\"lfb_imageButtonContainer\"><div class=\"lfb_imageButtonHeader\">am Rahmen<\/div><img decoding=\"async\"  class=\"lfb_imageButtonImg .png\" src=\"http:\/\/lift-mtb.com\/wp-content\/uploads\/2022\/08\/batterie-vtt-electrique-sur-cadre-2200x1469-1.png\" data-bs-placement=\"bottom\" title=\"am Rahmen\" data-originaltitle=\"am Rahmen\"  data-originallabel=\"am Rahmen\"   alt=\"\" \/><div class=\"lfb_imageButtonDescription\">Verwenden Sie einen Akku, der mit einer Befestigung am Rahmen Ihres Fahrrads kompatibel ist.\nWir bieten unseren Benutzern 2 Arten von Batteriehaltern zur Befestigung am Rahmen an. <\/div><a       data-urlvariable=\"1\" data-sentattribute=\"price\" data-variablename=\"\" class=\"lfb_button lfb_imageButton btn btn-primary btn-wide \" data-callnextstep=\"1\"        data-hideqtsum=\"true\"      data-useshowconditions=\"true\" data-showconditions=\"[{\\'interaction\\':\\'238_1813\\',\\'action\\':\\'clicked\\'}]\" data-showconditionsoperator=\"\"    data-showinsummary=\"true\" data-woovar=\"0\" data-eddvar=\"0\" data-operation=\"\" data-itemid=\"1811\"  data-group=\"sac\"  data-prodid=\"0\" data-title=\"am Rahmen\"  title=\"am Rahmen\"  data-originallabel=\"am Rahmen\"  data-originaltitle=\"am Rahmen\"  data-price=\"0\" data-addtototal=\"0\"><span class=\"lfb_buttonTitle\">ausw\u00e4hlen<\/span><\/a><\/div><\/div><div class=\"lfb_itemBloc col-md-2  lfb_item lfb_itemContainer_1813  \"  data-id=\"1813\" data-itemtype=\"checkbox\"><div  ><label for=\"cb_1813\">Non \/ Oui<\/label><br\/><input id=\"cb_1813\" data-urlvariable=\"1\" data-sentattribute=\"price\" data-variablename=\"\" type=\"checkbox\"  data-hideqtsum=\"true\"                 data-showinsummary=\"true\"   class=\"prechecked\"   data-operation=\"\" data-originaltitle=\"Non \/ Oui\"  data-originallabel=\"Non \/ Oui\"  data-itemid=\"1813\" data-prodid=\"0\"  data-woovar=\"0\" data-eddvar=\"0\"   data-toggle=\"switch\" data-checkboxstyle=\"switch\" checked data-price=\"0\"  data-addtototal=\"0\" data-title=\"Non \/ Oui\" \/> <\/div><p class=\"lfb_itemDes \">Si vous avez d\u00e9j\u00e0 une batterie, pensez \u00e0 v\u00e9rifier la compatibilit\u00e9 avec les sp\u00e9cifications du moteur.\n <\/br>(type de connecteur, voltage, taux de d\u00e9charge admissible en pic, taux de d\u00e9charge en continue, fusible etc...)<\/p><\/div> <\/div> <\/div><div class=\"lfb_errorMsg alert alert-danger\">Sie m\u00fcssen ein Element ausw\u00e4hlen, um fortzufahren<\/div><div class=\"text-center lfb_btnNextContainer\"><a href=\"javascript:\" id=\"lfb_btnNext_238\" class=\"btn btn-wide btn-primary lfb_btn-next \"><span class=\"fa fa-check\"><\/span>Als n\u00e4chstes<\/a><br\/><div class=\"lfb_linkPreviousCt\"><a href=\"javascript:\"  class=\"linkPrevious\"><span class=\"fa fa-arrow-left me-2\"><\/span>Vorheriger Schritt<\/a><\/div><\/div><\/div><div class=\"lfb_genSlide\" data-start=\"0\"    data-showstepsum=\"1\" data-stepid=\"242\" data-title=\"Brauchen Sie einen Akku?\"  data-dependitem=\"0\">\t<h2 class=\"lfb_stepTitle\">Brauchen Sie einen Akku?<\/h2>\t<div class=\"lfb_genContent container lfb_noDes\" >\t\t<div class=\"row lfb_row  lfb_sortable\"><div class=\"lfb_itemBloc col-md-2  lfb_item lfb_itemContainer_1841 lfb_disabled  lfb_picRow\"  data-id=\"1841\" data-itemtype=\"imageButton\"><div class=\"lfb_imageButtonContainer\"><div class=\"lfb_imageButtonHeader\">Rucksack<\/div><img decoding=\"async\"  class=\"lfb_imageButtonImg .png\" src=\"http:\/\/lift-mtb.com\/wp-content\/uploads\/2022\/08\/sac-a-dos-batterie-vtt-electrique-300x200.png\" data-bs-placement=\"bottom\" title=\"Rucksack\" data-originaltitle=\"Rucksack\"  data-originallabel=\"Rucksack\"   alt=\"\" \/><div class=\"lfb_imageButtonDescription\">Verwendung eines Rucksacks zum Tragen der Batterie.<\/br> Wir empfehlen die Marke EVOC auf unserer Website.<\/div><a       data-urlvariable=\"1\" data-sentattribute=\"price\" data-variablename=\"\" class=\"lfb_button lfb_imageButton btn btn-primary btn-wide \" data-callnextstep=\"1\"        data-hideqtsum=\"true\"      data-useshowconditions=\"true\" data-showconditions=\"[{\\'interaction\\':\\'242_1844\\',\\'action\\':\\'clicked\\'}]\" data-showconditionsoperator=\"\"    data-showinsummary=\"true\" data-woovar=\"0\" data-eddvar=\"0\" data-operation=\"\" data-itemid=\"1841\"  data-group=\"sac\"  data-prodid=\"0\" data-title=\"Rucksack\"  title=\"Rucksack\"  data-originallabel=\"Rucksack\"  data-originaltitle=\"Rucksack\"  data-price=\"0\" data-addtototal=\"no\"><span class=\"lfb_buttonTitle\">ausw\u00e4hlen<\/span><\/a><\/div><\/div><div class=\"lfb_itemBloc col-md-2  lfb_item lfb_itemContainer_1842 lfb_disabled  lfb_picRow\"  data-id=\"1842\" data-itemtype=\"imageButton\"><div class=\"lfb_imageButtonContainer\"><div class=\"lfb_imageButtonHeader\">am Rahmen<\/div><img decoding=\"async\"  class=\"lfb_imageButtonImg .png\" src=\"http:\/\/lift-mtb.com\/wp-content\/uploads\/2022\/08\/batterie-vtt-electrique-sur-cadre-2200x1469-1.png\" data-bs-placement=\"bottom\" title=\"am Rahmen\" data-originaltitle=\"am Rahmen\"  data-originallabel=\"am Rahmen\"   alt=\"\" \/><div class=\"lfb_imageButtonDescription\">Verwenden Sie einen Akku, der mit einer Befestigung am Rahmen Ihres Fahrrads kompatibel ist.\nWir bieten unseren Benutzern 2 Arten von Batteriehaltern zur Befestigung am Rahmen an.<\/div><a       data-urlvariable=\"1\" data-sentattribute=\"price\" data-variablename=\"\" class=\"lfb_button lfb_imageButton btn btn-primary btn-wide \" data-callnextstep=\"1\"        data-hideqtsum=\"true\"      data-useshowconditions=\"true\" data-showconditions=\"[{\\'interaction\\':\\'242_1844\\',\\'action\\':\\'clicked\\'}]\" data-showconditionsoperator=\"\"    data-showinsummary=\"true\" data-woovar=\"0\" data-eddvar=\"0\" data-operation=\"\" data-itemid=\"1842\"  data-group=\"sac\"  data-prodid=\"0\" data-title=\"am Rahmen\"  title=\"am Rahmen\"  data-originallabel=\"am Rahmen\"  data-originaltitle=\"am Rahmen\"  data-price=\"0\" data-addtototal=\"0\"><span class=\"lfb_buttonTitle\">ausw\u00e4hlen<\/span><\/a><\/div><\/div><div class=\"lfb_itemBloc col-md-2  lfb_item lfb_itemContainer_1844  \"  data-id=\"1844\" data-itemtype=\"checkbox\"><div  ><label for=\"cb_1844\">Non \/ Oui<\/label><br\/><input id=\"cb_1844\" data-urlvariable=\"1\" data-sentattribute=\"price\" data-variablename=\"\" type=\"checkbox\"                   data-showinsummary=\"true\"   class=\"prechecked\"   data-operation=\"\" data-originaltitle=\"Non \/ Oui\"  data-originallabel=\"Non \/ Oui\"  data-itemid=\"1844\" data-prodid=\"0\"  data-woovar=\"0\" data-eddvar=\"0\"   data-toggle=\"switch\" data-checkboxstyle=\"switch\" checked data-price=\"0\"  data-addtototal=\"0\" data-title=\"Non \/ Oui\" \/> <\/div><p class=\"lfb_itemDes \">Si vous avez d\u00e9j\u00e0 une batterie, pensez \u00e0 v\u00e9rifier la compatibilit\u00e9 avec les sp\u00e9cifications du moteur.\n <\/br>(type de connecteur, voltage, taux de d\u00e9charge admissible en pic, continue, etc...)<\/p><\/div> <\/div> <\/div><div class=\"lfb_errorMsg alert alert-danger\">Sie m\u00fcssen ein Element ausw\u00e4hlen, um fortzufahren<\/div><div class=\"text-center lfb_btnNextContainer\"><a href=\"javascript:\" id=\"lfb_btnNext_242\" class=\"btn btn-wide btn-primary lfb_btn-next \"><span class=\"fa fa-check\"><\/span>Als n\u00e4chstes<\/a><br\/><div class=\"lfb_linkPreviousCt\"><a href=\"javascript:\"  class=\"linkPrevious\"><span class=\"fa fa-arrow-left me-2\"><\/span>Vorheriger Schritt<\/a><\/div><\/div><\/div><div class=\"lfb_genSlide\" data-start=\"0\"    data-showstepsum=\"1\" data-stepid=\"231\" data-title=\"Optionen f\u00fcr den LIFT-MTB V4 Kurbelmotor\"  data-dependitem=\"0\">\t<h2 class=\"lfb_stepTitle\">Optionen f\u00fcr den LIFT-MTB V4 Kurbelmotor<\/h2>\t<div class=\"lfb_genContent container lfb_noDes\" >\t\t<div class=\"row lfb_row  lfb_sortable\"><div class=\"lfb_itemBloc lfb_richtext  col-md-2  lfb_item lfb_itemContainer_1759  \"   data-id=\"1759\" data-itemtype=\"richtext\" data-itemid=\"1759\" data-title=\"Contenu personnalis\u00e9\"    ><div class=\"lfb_richTextContent\"><div style=\"text-align: center; \"><span style=\"font-size: 18px;\">Die Optionen des LIFT-MTB Kurbelmotor-Kits sind anpassbar und k\u00f6nnen im Laufe der Zeit hinzugef\u00fcgt werden.<\/span><\/div><\/div><\/div><div class=\"lfb_itemBloc col-md-2  lfb_item lfb_itemContainer_1752 lfb_disabled  lfb_picRow\"  data-id=\"1752\" data-itemtype=\"imageButton\"><div class=\"lfb_imageButtonContainer\"><div class=\"lfb_imageButtonHeader\">Option - Kurbelgarnitur Version PRO<\/div><img decoding=\"async\"  class=\"lfb_imageButtonImg .png\" src=\"http:\/\/lift-mtb.com\/wp-content\/uploads\/2022\/08\/pedalier-v4-pro-300x169.png\" data-bs-placement=\"bottom\" title=\"Option - Kurbelgarnitur Version PRO\" data-originaltitle=\"Option - Kurbelgarnitur Version PRO\"  data-originallabel=\"Option - Kurbelgarnitur Version PRO\"   alt=\"\" \/><div class=\"lfb_imageButtonDescription\">Die PRO-Version aus Alu 7075 T6 spart ca. 250 Gramm.<\/br>\nBietet eine bessere Reaktionsf\u00e4higkeit beim Treten dank des 6-Klinken-Freilaufs mit 72 Eingriffspunkten pro Umdrehung.<\/div><a       data-urlvariable=\"1\" data-sentattribute=\"price\" data-variablename=\"\" class=\"lfb_button lfb_imageButton btn btn-primary btn-wide \"               data-useshowconditions=\"true\" data-showconditions=\"[{\\'interaction\\':\\'244_1851\\',\\'action\\':\\'unclicked\\'}]\" data-showconditionsoperator=\"\"  data-showprice=\"1\"  data-showinsummary=\"true\" data-woovar=\"0\" data-eddvar=\"0\" data-operation=\"\" data-itemid=\"1752\"    data-prodid=\"47578\" data-title=\"Option - Kurbelgarnitur Version PRO\"  title=\"Option - Kurbelgarnitur Version PRO\"  data-originallabel=\"Option - Kurbelgarnitur Version PRO\"  data-originaltitle=\"Option - Kurbelgarnitur Version PRO\"  data-price=\"350\" data-addtototal=\"0\"><span class=\"lfb_buttonTitle\">ausw\u00e4hlen<\/span><\/a><\/div><\/div><div class=\"lfb_itemBloc col-md-12  lfb_item lfb_itemContainer_1754   lfb_picRow\"  data-id=\"1754\" data-itemtype=\"imageButton\"><div class=\"lfb_imageButtonContainer\"><div class=\"lfb_imageButtonHeader\">Option - Stirnlampe 2000 Lumen<\/div><img decoding=\"async\"  class=\"lfb_imageButtonImg .jpg\" src=\"http:\/\/lift-mtb.com\/wp-content\/uploads\/2022\/08\/lampe-pour-vtt-electrique-5-1-sur-1-1-300x199.jpg\" data-bs-placement=\"bottom\" title=\"Option - Stirnlampe 2000 Lumen\" data-originaltitle=\"Option - Stirnlampe 2000 Lumen\"  data-originallabel=\"Option - Stirnlampe 2000 Lumen\"   alt=\"\" \/><div class=\"lfb_imageButtonDescription\">Die leistungsstarke E-Bike-Stirnlampe, die direkt von der Batterie des LIFT MTB Kurbelmotor-Kits mit 3 Leistungsmodi betrieben wird.<\/div><a       data-urlvariable=\"0\" data-sentattribute=\"price\" data-variablename=\"\" class=\"lfb_button lfb_imageButton btn btn-primary btn-wide \"                   data-showprice=\"1\"  data-showinsummary=\"true\" data-woovar=\"0\" data-eddvar=\"0\" data-operation=\"\" data-itemid=\"1754\"    data-prodid=\"9564\" data-title=\"Option - Stirnlampe 2000 Lumen\"  title=\"Option - Stirnlampe 2000 Lumen\"  data-originallabel=\"Option - Stirnlampe 2000 Lumen\"  data-originaltitle=\"Option - Stirnlampe 2000 Lumen\"  data-price=\"59\" data-addtototal=\"0\"><span class=\"lfb_buttonTitle\">ausw\u00e4hlen<\/span><\/a><\/div><\/div><div class=\"lfb_itemBloc col-md-12  lfb_item lfb_itemContainer_1755   lfb_picRow\"  data-id=\"1755\" data-itemtype=\"imageButton\"><div class=\"lfb_imageButtonContainer\"><div class=\"lfb_imageButtonHeader\">Option -  Tretlager Sensor<\/div><img decoding=\"async\"  class=\"lfb_imageButtonImg .png\" src=\"http:\/\/lift-mtb.com\/wp-content\/uploads\/2022\/08\/pas-fond-blanc-300x169.png\" data-bs-placement=\"bottom\" title=\"Option -  Tretlager Sensor\" data-originaltitle=\"Option -  Tretlager Sensor\"  data-originallabel=\"Option -  Tretlager Sensor\"   alt=\"\" \/><div class=\"lfb_imageButtonDescription\">Erm\u00f6glicht den gleichen Betrieb wie ein herk\u00f6mmliches E-Bike.<\/br>\nWenn sich die Kurbel dreht, gibt der Motor Kraft ab, um dem Radfahrer zu helfen, auch ohne den Abzug zu bet\u00e4tigen.<\/div><a       data-urlvariable=\"0\" data-sentattribute=\"price\" data-variablename=\"\" class=\"lfb_button lfb_imageButton btn btn-primary btn-wide \"                   data-showprice=\"1\"  data-showinsummary=\"true\" data-woovar=\"4646\" data-eddvar=\"0\" data-operation=\"\" data-itemid=\"1755\"    data-prodid=\"2882\" data-title=\"Option -  Tretlager Sensor\"  title=\"Option -  Tretlager Sensor\"  data-originallabel=\"Option -  Tretlager Sensor\"  data-originaltitle=\"Option -  Tretlager Sensor\"  data-price=\"99\" data-addtototal=\"0\"><span class=\"lfb_buttonTitle\">ausw\u00e4hlen<\/span><\/a><\/div><\/div><div class=\"lfb_itemBloc col-md-12  lfb_item lfb_itemContainer_1756   lfb_picRow\"  data-id=\"1756\" data-itemtype=\"imageButton\"><div class=\"lfb_imageButtonContainer\"><div class=\"lfb_imageButtonHeader\">Option - Control Screen<\/div><img decoding=\"async\"  class=\"lfb_imageButtonImg .jpg\" src=\"http:\/\/lift-mtb.com\/wp-content\/uploads\/2022\/08\/ecran-lift-mtb-3-1-sur-1-1-300x199.jpg\" data-bs-placement=\"bottom\" title=\"Option - Control Screen\" data-originaltitle=\"Option - Control Screen\"  data-originallabel=\"Option - Control Screen\"   alt=\"\" \/><div class=\"lfb_imageButtonDescription\">Auf dem Display k\u00f6nnen Sie Ihren Verbrauch in Echtzeit, den verbleibenden Akku & den durchschnittlichen Verbrauch \u00fcber eine Portion genau ablesen.<\/div><a       data-urlvariable=\"0\" data-sentattribute=\"price\" data-variablename=\"\" class=\"lfb_button lfb_imageButton btn btn-primary btn-wide \"                   data-showprice=\"1\"  data-showinsummary=\"true\" data-woovar=\"0\" data-eddvar=\"0\" data-operation=\"\" data-itemid=\"1756\"    data-prodid=\"2880\" data-title=\"Option - Control Screen\"  title=\"Option - Control Screen\"  data-originallabel=\"Option - Control Screen\"  data-originaltitle=\"Option - Control Screen\"  data-price=\"59\" data-addtototal=\"0\"><span class=\"lfb_buttonTitle\">ausw\u00e4hlen<\/span><\/a><\/div><\/div><div class=\"lfb_itemBloc col-md-12  lfb_item lfb_itemContainer_1757   lfb_picRow\"  data-id=\"1757\" data-itemtype=\"imageButton\"><div class=\"lfb_imageButtonContainer\"><div class=\"lfb_imageButtonHeader\">Option - Schutz der Platten<\/div><img decoding=\"async\"  class=\"lfb_imageButtonImg .png\" src=\"http:\/\/lift-mtb.com\/wp-content\/uploads\/2022\/08\/bash-300x169.png\" data-bs-placement=\"bottom\" title=\"Option - Schutz der Platten\" data-originaltitle=\"Option - Schutz der Platten\"  data-originallabel=\"Option - Schutz der Platten\"   alt=\"\" \/><div class=\"lfb_imageButtonDescription\">Der Kettenblattschutz sch\u00fctzt die Kettenbl\u00e4tter beim \u00dcberfahren, nur mit Motor in Rahmenposition kompatibel.<\/div><a       data-urlvariable=\"0\" data-sentattribute=\"price\" data-variablename=\"\" class=\"lfb_button lfb_imageButton btn btn-primary btn-wide \"                   data-showprice=\"1\"  data-showinsummary=\"true\" data-woovar=\"0\" data-eddvar=\"0\" data-operation=\"\" data-itemid=\"1757\"    data-prodid=\"8883\" data-title=\"Option - Schutz der Platten\"  title=\"Option - Schutz der Platten\"  data-originallabel=\"Option - Schutz der Platten\"  data-originaltitle=\"Option - Schutz der Platten\"  data-price=\"59\" data-addtototal=\"0\"><span class=\"lfb_buttonTitle\">ausw\u00e4hlen<\/span><\/a><\/div><\/div><div class=\"lfb_itemBloc col-md-12  lfb_item lfb_itemContainer_1758   lfb_picRow\"  data-id=\"1758\" data-itemtype=\"imageButton\"><div class=\"lfb_imageButtonContainer\"><div class=\"lfb_imageButtonHeader\">Option - Anti-Schaltwerk<\/div><img decoding=\"async\"  class=\"lfb_imageButtonImg .png\" src=\"http:\/\/lift-mtb.com\/wp-content\/uploads\/2022\/08\/guide-chaine-fond-blanc-300x169.png\" data-bs-placement=\"bottom\" title=\"Option - Anti-Schaltwerk\" data-originaltitle=\"Option - Anti-Schaltwerk\"  data-originallabel=\"Option - Anti-Schaltwerk\"   alt=\"\" \/><div class=\"lfb_imageButtonDescription\">Die einstellbare Kettenf\u00fchrung LIFT-MTB begrenzt das Risiko einer Entgleisung im \"eingelegten\" Betrieb. \nNur mit Motor unter Rahmen kompatibel.<\/div><a       data-urlvariable=\"0\" data-sentattribute=\"price\" data-variablename=\"\" class=\"lfb_button lfb_imageButton btn btn-primary btn-wide \"                   data-showprice=\"1\"  data-showinsummary=\"true\" data-woovar=\"0\" data-eddvar=\"0\" data-operation=\"\" data-itemid=\"1758\"    data-prodid=\"4652\" data-title=\"Option - Anti-Schaltwerk\"  title=\"Option - Anti-Schaltwerk\"  data-originallabel=\"Option - Anti-Schaltwerk\"  data-originaltitle=\"Option - Anti-Schaltwerk\"  data-price=\"59\" data-addtototal=\"0\"><span class=\"lfb_buttonTitle\">ausw\u00e4hlen<\/span><\/a><\/div><\/div> <\/div> <\/div><div class=\"lfb_errorMsg alert alert-danger\">Sie m\u00fcssen ein Element ausw\u00e4hlen, um fortzufahren<\/div><div class=\"text-center lfb_btnNextContainer\"><a href=\"javascript:\" id=\"lfb_btnNext_231\" class=\"btn btn-wide btn-primary lfb_btn-next \"><span class=\"fa fa-check\"><\/span>Als n\u00e4chstes<\/a><br\/><div class=\"lfb_linkPreviousCt\"><a href=\"javascript:\"  class=\"linkPrevious\"><span class=\"fa fa-arrow-left me-2\"><\/span>Vorheriger Schritt<\/a><\/div><\/div><\/div><div class=\"lfb_genSlide\" data-start=\"0\"    data-showstepsum=\"1\" data-stepid=\"237\" data-title=\"Optionen f\u00fcr den LIFT-MTB V4 Kurbelmotor\"  data-dependitem=\"0\">\t<h2 class=\"lfb_stepTitle\">Optionen f\u00fcr den LIFT-MTB V4 Kurbelmotor<\/h2>\t<div class=\"lfb_genContent container lfb_noDes\" >\t\t<div class=\"row lfb_row  lfb_sortable\"><div class=\"lfb_itemBloc lfb_richtext  col-md-2  lfb_item lfb_itemContainer_1807  \"   data-id=\"1807\" data-itemtype=\"richtext\" data-itemid=\"1807\" data-title=\"Contenu personnalis\u00e9\"    ><div class=\"lfb_richTextContent\"><div style=\"text-align: center; \"><span style=\"font-size: 18px;\">Die Optionen des LIFT-MTB Kurbelmotor-Kits sind anpassbar und k\u00f6nnen im Laufe der Zeit hinzugef\u00fcgt werden.<\/span><\/div><\/div><\/div><div class=\"lfb_itemBloc col-md-12  lfb_item lfb_itemContainer_1798   lfb_picRow\"  data-id=\"1798\" data-itemtype=\"imageButton\"><div class=\"lfb_imageButtonContainer\"><div class=\"lfb_imageButtonHeader\">Option -  Tretlager Sensor<\/div><img decoding=\"async\"  class=\"lfb_imageButtonImg .png\" src=\"http:\/\/lift-mtb.com\/wp-content\/uploads\/2022\/08\/pas-fond-blanc-300x169.png\" data-bs-placement=\"bottom\" title=\"Option -  Tretlager Sensor\" data-originaltitle=\"Option -  Tretlager Sensor\"  data-originallabel=\"Option -  Tretlager Sensor\"   alt=\"\" \/><div class=\"lfb_imageButtonDescription\">Erm\u00f6glicht den gleichen Betrieb wie ein herk\u00f6mmliches E-Bike.<\/br>\nWenn sich die Kurbel dreht, gibt der Motor Kraft ab, um dem Radfahrer zu helfen, auch ohne den Abzug zu bet\u00e4tigen.<\/div><a       data-urlvariable=\"0\" data-sentattribute=\"price\" data-variablename=\"\" class=\"lfb_button lfb_imageButton btn btn-primary btn-wide \"                   data-showprice=\"1\"  data-showinsummary=\"true\" data-woovar=\"4646\" data-eddvar=\"0\" data-operation=\"\" data-itemid=\"1798\"    data-prodid=\"2882\" data-title=\"Option -  Tretlager Sensor\"  title=\"Option -  Tretlager Sensor\"  data-originallabel=\"Option -  Tretlager Sensor\"  data-originaltitle=\"Option -  Tretlager Sensor\"  data-price=\"82.5\" data-addtototal=\"0\"><span class=\"lfb_buttonTitle\">ausw\u00e4hlen<\/span><\/a><\/div><\/div><div class=\"lfb_itemBloc col-md-12  lfb_item lfb_itemContainer_1799   lfb_picRow\"  data-id=\"1799\" data-itemtype=\"imageButton\"><div class=\"lfb_imageButtonContainer\"><div class=\"lfb_imageButtonHeader\">Option - Control Screen<\/div><img decoding=\"async\"  class=\"lfb_imageButtonImg .jpg\" src=\"http:\/\/lift-mtb.com\/wp-content\/uploads\/2022\/08\/ecran-lift-mtb-3-1-sur-1-1-300x199.jpg\" data-bs-placement=\"bottom\" title=\"Option - Control Screen\" data-originaltitle=\"Option - Control Screen\"  data-originallabel=\"Option - Control Screen\"   alt=\"\" \/><div class=\"lfb_imageButtonDescription\">Auf dem Display k\u00f6nnen Sie Ihren Verbrauch in Echtzeit, den verbleibenden Akku & den durchschnittlichen Verbrauch \u00fcber eine Portion genau ablesen.<\/div><a       data-urlvariable=\"0\" data-sentattribute=\"price\" data-variablename=\"\" class=\"lfb_button lfb_imageButton btn btn-primary btn-wide \"                   data-showprice=\"1\"  data-showinsummary=\"true\" data-woovar=\"0\" data-eddvar=\"0\" data-operation=\"\" data-itemid=\"1799\"    data-prodid=\"2880\" data-title=\"Option - Control Screen\"  title=\"Option - Control Screen\"  data-originallabel=\"Option - Control Screen\"  data-originaltitle=\"Option - Control Screen\"  data-price=\"49.166\" data-addtototal=\"0\"><span class=\"lfb_buttonTitle\">ausw\u00e4hlen<\/span><\/a><\/div><\/div><div class=\"lfb_itemBloc col-md-12  lfb_item lfb_itemContainer_1800   lfb_picRow\"  data-id=\"1800\" data-itemtype=\"imageButton\"><div class=\"lfb_imageButtonContainer\"><div class=\"lfb_imageButtonHeader\">Option - Schutz der Platten<\/div><img decoding=\"async\"  class=\"lfb_imageButtonImg .png\" src=\"http:\/\/lift-mtb.com\/wp-content\/uploads\/2022\/08\/bash-300x169.png\" data-bs-placement=\"bottom\" title=\"Option - Schutz der Platten\" data-originaltitle=\"Option - Schutz der Platten\"  data-originallabel=\"Option - Schutz der Platten\"   alt=\"\" \/><div class=\"lfb_imageButtonDescription\">Der Kettenblattschutz sch\u00fctzt die Kettenbl\u00e4tter beim \u00dcberfahren, nur mit Motor in Rahmenposition kompatibel.<\/div><a       data-urlvariable=\"0\" data-sentattribute=\"price\" data-variablename=\"\" class=\"lfb_button lfb_imageButton btn btn-primary btn-wide \"                   data-showprice=\"1\"  data-showinsummary=\"true\" data-woovar=\"0\" data-eddvar=\"0\" data-operation=\"\" data-itemid=\"1800\"    data-prodid=\"8883\" data-title=\"Option - Schutz der Platten\"  title=\"Option - Schutz der Platten\"  data-originallabel=\"Option - Schutz der Platten\"  data-originaltitle=\"Option - Schutz der Platten\"  data-price=\"49.166\" data-addtototal=\"0\"><span class=\"lfb_buttonTitle\">ausw\u00e4hlen<\/span><\/a><\/div><\/div><div class=\"lfb_itemBloc col-md-12  lfb_item lfb_itemContainer_1802   lfb_picRow\"  data-id=\"1802\" data-itemtype=\"imageButton\"><div class=\"lfb_imageButtonContainer\"><div class=\"lfb_imageButtonHeader\">Option - Stirnlampe 2000 Lumen<\/div><img decoding=\"async\"  class=\"lfb_imageButtonImg .jpg\" src=\"http:\/\/lift-mtb.com\/wp-content\/uploads\/2022\/08\/lampe-pour-vtt-electrique-5-1-sur-1-1-300x199.jpg\" data-bs-placement=\"bottom\" title=\"Option - Stirnlampe 2000 Lumen\" data-originaltitle=\"Option - Stirnlampe 2000 Lumen\"  data-originallabel=\"Option - Stirnlampe 2000 Lumen\"   alt=\"\" \/><div class=\"lfb_imageButtonDescription\">Die leistungsstarke E-Bike-Stirnlampe, die direkt von der Batterie des LIFT MTB Kurbelmotor-Kits mit 3 Leistungsmodi betrieben wird.<\/div><a       data-urlvariable=\"0\" data-sentattribute=\"price\" data-variablename=\"\" class=\"lfb_button lfb_imageButton btn btn-primary btn-wide \"                   data-showprice=\"1\"  data-showinsummary=\"true\" data-woovar=\"0\" data-eddvar=\"0\" data-operation=\"\" data-itemid=\"1802\"    data-prodid=\"9564\" data-title=\"Option - Stirnlampe 2000 Lumen\"  title=\"Option - Stirnlampe 2000 Lumen\"  data-originallabel=\"Option - Stirnlampe 2000 Lumen\"  data-originaltitle=\"Option - Stirnlampe 2000 Lumen\"  data-price=\"49.166\" data-addtototal=\"0\"><span class=\"lfb_buttonTitle\">ausw\u00e4hlen<\/span><\/a><\/div><\/div><div class=\"lfb_itemBloc col-md-2  lfb_item lfb_itemContainer_1803 lfb_disabled  lfb_picRow\"  data-id=\"1803\" data-itemtype=\"imageButton\"><div class=\"lfb_imageButtonContainer\"><div class=\"lfb_imageButtonHeader\">Option - Kurbelgarnitur Version PRO<\/div><img decoding=\"async\"  class=\"lfb_imageButtonImg .png\" src=\"http:\/\/lift-mtb.com\/wp-content\/uploads\/2022\/08\/pedalier-v4-pro-300x169.png\" data-bs-placement=\"bottom\" title=\"Option - Kurbelgarnitur Version PRO\" data-originaltitle=\"Option - Kurbelgarnitur Version PRO\"  data-originallabel=\"Option - Kurbelgarnitur Version PRO\"   alt=\"\" \/><div class=\"lfb_imageButtonDescription\">Die PRO-Version aus Alu 7075 T6 spart ca. 250 Gramm.<\/br>\nBietet eine bessere Reaktionsf\u00e4higkeit beim Treten dank des 6-Klinken-Freilaufs mit 72 Eingriffspunkten pro Umdrehung.<\/div><a       data-urlvariable=\"1\" data-sentattribute=\"price\" data-variablename=\"\" class=\"lfb_button lfb_imageButton btn btn-primary btn-wide \"               data-useshowconditions=\"true\" data-showconditions=\"[{\\'interaction\\':\\'244_1851\\',\\'action\\':\\'unclicked\\'}]\" data-showconditionsoperator=\"\"  data-showprice=\"1\"  data-showinsummary=\"true\" data-woovar=\"0\" data-eddvar=\"0\" data-operation=\"\" data-itemid=\"1803\"    data-prodid=\"47578\" data-title=\"Option - Kurbelgarnitur Version PRO\"  title=\"Option - Kurbelgarnitur Version PRO\"  data-originallabel=\"Option - Kurbelgarnitur Version PRO\"  data-originaltitle=\"Option - Kurbelgarnitur Version PRO\"  data-price=\"291.66\" data-addtototal=\"0\"><span class=\"lfb_buttonTitle\">ausw\u00e4hlen<\/span><\/a><\/div><\/div><div class=\"lfb_itemBloc col-md-12  lfb_item lfb_itemContainer_1801   lfb_picRow\"  data-id=\"1801\" data-itemtype=\"imageButton\"><div class=\"lfb_imageButtonContainer\"><div class=\"lfb_imageButtonHeader\">Option - Anti-Schaltwerk<\/div><img decoding=\"async\"  class=\"lfb_imageButtonImg .png\" src=\"http:\/\/lift-mtb.com\/wp-content\/uploads\/2022\/08\/guide-chaine-fond-blanc-300x169.png\" data-bs-placement=\"bottom\" title=\"Option - Anti-Schaltwerk\" data-originaltitle=\"Option - Anti-Schaltwerk\"  data-originallabel=\"Option - Anti-Schaltwerk\"   alt=\"\" \/><div class=\"lfb_imageButtonDescription\">Die einstellbare Kettenf\u00fchrung LIFT-MTB begrenzt das Risiko einer Entgleisung im \"eingelegten\" Betrieb. \nNur mit Motor unter Rahmen kompatibel.<\/div><a       data-urlvariable=\"0\" data-sentattribute=\"price\" data-variablename=\"\" class=\"lfb_button lfb_imageButton btn btn-primary btn-wide \"                   data-showprice=\"1\"  data-showinsummary=\"true\" data-woovar=\"0\" data-eddvar=\"0\" data-operation=\"\" data-itemid=\"1801\"    data-prodid=\"4652\" data-title=\"Option - Anti-Schaltwerk\"  title=\"Option - Anti-Schaltwerk\"  data-originallabel=\"Option - Anti-Schaltwerk\"  data-originaltitle=\"Option - Anti-Schaltwerk\"  data-price=\"49.166\" data-addtototal=\"0\"><span class=\"lfb_buttonTitle\">S\u00e9lectionner<\/span><\/a><\/div><\/div> <\/div> <\/div><div class=\"lfb_errorMsg alert alert-danger\">Sie m\u00fcssen ein Element ausw\u00e4hlen, um fortzufahren<\/div><div class=\"text-center lfb_btnNextContainer\"><a href=\"javascript:\" id=\"lfb_btnNext_237\" class=\"btn btn-wide btn-primary lfb_btn-next \"><span class=\"fa fa-check\"><\/span>Als n\u00e4chstes<\/a><br\/><div class=\"lfb_linkPreviousCt\"><a href=\"javascript:\"  class=\"linkPrevious\"><span class=\"fa fa-arrow-left me-2\"><\/span>Vorheriger Schritt<\/a><\/div><\/div><\/div><div class=\"lfb_genSlide\" id=\"finalSlide\" data-stepid=\"final\" data-title=\"Jetzt ist es vorbei!\">\r\n                <h2 class=\"lfb_stepTitle\">Jetzt ist es vorbei!<\/h2>\r\n                <div class=\"lfb_genContent container\">\r\n                    <div class=\"row lfb_row lfb_genContentSlide active  lfb_sortable\">\r\n                        <p id=\"lfb_finalLabel\" class=\"lfb-hidden\">Der Endpreis betr\u00e4gt:<\/p><h3 id=\"lfb_finalPrice\" class=\"lfb-hidden\"><span><\/span><\/h3><div id=\"lfb_subTxtValue\" class=\"lfb_dynamicHide\"><\/div><div class=\"lfb_itemBloc lfb_richtext  col-md-2  lfb_item lfb_itemContainer_2128  \" data-showinsummary=\"true\"  data-id=\"2128\" data-itemtype=\"richtext\" data-itemid=\"2128\" data-title=\"Contenu personnalis\u00e9\"    ><div class=\"lfb_richTextContent\"><p class=\"MsoNormal\" style=\"margin: 0cm; font-size: 12pt; font-family: Calibri, sans-serif;\"><span lang=\"EN-US\"><b><span style=\"font-size: 18px;\">M\u00f6chten Sie von Matthieu FAURY f\u00fcr weitere informationen kontaktiert werden?<\/span><\/b><o:p><\/o:p><\/span><\/p><\/div><\/div><div class=\"lfb_itemBloc lfb_richtext lfb_shortcode col-md-2  lfb_item lfb_itemContainer_2129  \"  data-id=\"2129\" data-itemtype=\"shortcode\" data-itemid=\"2129\" data-title=\"Shortcode\"    >\n<div class=\"wpcf7 no-js\" id=\"wpcf7-f48417-o2\" lang=\"fr-FR\" dir=\"ltr\" data-wpcf7-id=\"48417\">\n<div class=\"screen-reader-response\"><p role=\"status\" aria-live=\"polite\" aria-atomic=\"true\"><\/p> <ul><\/ul><\/div>\n<form action=\"\/de\/wp-json\/wp\/v2\/pages\/40308#wpcf7-f48417-o2\" method=\"post\" class=\"wpcf7-form init\" aria-label=\"Formulaire de contact\" novalidate=\"novalidate\" data-status=\"init\">\n<fieldset class=\"hidden-fields-container\"><input type=\"hidden\" name=\"_wpcf7\" value=\"48417\" \/><input type=\"hidden\" name=\"_wpcf7_version\" value=\"6.1.5\" \/><input type=\"hidden\" name=\"_wpcf7_locale\" value=\"fr_FR\" \/><input type=\"hidden\" name=\"_wpcf7_unit_tag\" value=\"wpcf7-f48417-o2\" \/><input type=\"hidden\" name=\"_wpcf7_container_post\" value=\"0\" \/><input type=\"hidden\" name=\"_wpcf7_posted_data_hash\" value=\"\" \/>\n<\/fieldset>\n<p><label> Ihren Namen<br \/>\n<span class=\"wpcf7-form-control-wrap\" data-name=\"your-name\"><input size=\"40\" maxlength=\"400\" class=\"wpcf7-form-control wpcf7-text wpcf7-validates-as-required\" autocomplete=\"name\" aria-required=\"true\" aria-invalid=\"false\" value=\"\" type=\"text\" name=\"your-name\" \/><\/span> <\/label>\n<\/p>\n<p><label> Deine E-Mail<br \/>\n<span class=\"wpcf7-form-control-wrap\" data-name=\"your-email\"><input size=\"40\" maxlength=\"400\" class=\"wpcf7-form-control wpcf7-email wpcf7-validates-as-required wpcf7-text wpcf7-validates-as-email\" autocomplete=\"email\" aria-required=\"true\" aria-invalid=\"false\" value=\"\" type=\"email\" name=\"your-email\" \/><\/span> <\/label>\n<\/p>\n<p><label> Ihre Nachricht (optional)<br \/>\n<span class=\"wpcf7-form-control-wrap\" data-name=\"your-message\"><textarea cols=\"40\" rows=\"10\" maxlength=\"2000\" class=\"wpcf7-form-control wpcf7-textarea\" aria-invalid=\"false\" name=\"your-message\"><\/textarea><\/span> <\/label>\n<\/p>\n<p><input class=\"wpcf7-form-control wpcf7-submit has-spinner\" type=\"submit\" value=\"Schicken\" \/>\n<\/p><input type='hidden' class='wpcf7-pum' value='{\"closepopup\":false,\"closedelay\":0,\"openpopup\":false,\"openpopup_id\":0}' \/><div class=\"fusion-alert alert custom alert-custom fusion-alert-center wpcf7-response-output fusion-alert-capitalize awb-alert-native-link-color alert-dismissable awb-alert-close-boxed\" style=\"--awb-border-size:1px;--awb-border-top-left-radius:0px;--awb-border-top-right-radius:0px;--awb-border-bottom-left-radius:0px;--awb-border-bottom-right-radius:0px;\" role=\"alert\"><div class=\"fusion-alert-content-wrapper\"><span class=\"fusion-alert-content\"><\/span><\/div><button type=\"button\" class=\"close toggle-alert\" data-dismiss=\"alert\" aria-label=\"Close\">&times;<\/button><\/div>\n<\/form>\n<\/div>\n<\/div>\r\n                   <div id=\"lfb_summary\" class=\"lfb_summary table-responsive lfb-hidden\">\r\n                        <h4>Vos produits<\/h4>\r\n                        <table class=\"table table-bordered\">\r\n                            <thead>\r\n                                <th>Beschreibung<\/th>\r\n                                <th class=\"lfb_valueTh\">Information<\/th>\r\n                                <th class=\"lfb_quantityTh \">Menge<\/th>\r\n                                <th class=\"lfb_priceTh lfb-hidden lfb_hidePrice\">Preis<\/th>\r\n                            <\/thead>\r\n                            <tbody>\r\n                                <tr id=\"lfb_summaryDiscountTr\" class=\"lfb_static lfb-hidden lfb_hidePrice\"><th colspan=\"3\">Rabatt:<\/th><th id=\"lfb_summaryDiscount\"><span><\/span><\/th><\/tr>\r\n                                <tr id=\"lfb_summaryTotalTr\" class=\"lfb_static lfb-hidden lfb_hidePrice\"><th colspan=\"3\">Total :<\/th><th id=\"lfb_summaryTotal\"><span><\/span><\/th><\/tr>\r\n                            <\/tbody>\r\n                        <\/table>\r\n                    <\/div><div id=\"lfb_lastStepDown\"><\/div><div class=\"text-center lfb_btnNextContainer\"><a href=\"javascript:\" id=\"lfb_btnOrder\" class=\"btn btn-wide btn-primary\"><span class=\"fa fa-check\"><\/span>Warenkorb anzeigen<\/a><br\/><div class=\"lfb_linkPreviousCt\"><a href=\"javascript:\" class=\"linkPrevious\"><span class=\"fa fa-arrow-left me-2\"><\/span>Vorheriger Schritt<\/a><\/div><\/div><div class=\"clearfix\" data-tldinit=\"true\"><\/div><\/div><\/div><\/div><\/div><\/div><\/div><\/div><\/div>\n<\/div><\/div><\/div><\/div><\/div><div class=\"fusion-fullwidth fullwidth-box fusion-builder-row-11 fusion-flex-container nonhundred-percent-fullwidth non-hundred-percent-height-scrolling\" style=\"--awb-border-radius-top-left:0px;--awb-border-radius-top-right:0px;--awb-border-radius-bottom-right:0px;--awb-border-radius-bottom-left:0px;--awb-padding-top:0px;--awb-padding-bottom:0px;--awb-padding-left:0px;--awb-margin-top:0%;--awb-margin-top-small:15%;--awb-flex-wrap:wrap;\" ><div class=\"fusion-builder-row fusion-row fusion-flex-align-items-flex-start fusion-flex-content-wrap\" style=\"max-width:1430px;margin-left: calc(-4% \/ 2 );margin-right: calc(-4% \/ 2 );\"><div class=\"fusion-layout-column fusion_builder_column fusion-builder-column-17 fusion_builder_column_1_1 1_1 fusion-flex-column\" style=\"--awb-bg-size:cover;--awb-width-large:100%;--awb-margin-top-large:0px;--awb-spacing-right-large:1.92%;--awb-margin-bottom-large:20px;--awb-spacing-left-large:1.92%;--awb-width-medium:100%;--awb-order-medium:0;--awb-spacing-right-medium:1.92%;--awb-spacing-left-medium:1.92%;--awb-width-small:100%;--awb-order-small:0;--awb-spacing-right-small:1.92%;--awb-spacing-left-small:1.92%;\"><div class=\"fusion-column-wrapper fusion-column-has-shadow fusion-flex-justify-content-flex-start fusion-content-layout-column\"><div class=\"fusion-image-element \" style=\"text-align:center;--awb-margin-top:3em;--awb-margin-bottom:3em;--awb-caption-title-font-family:var(--h2_typography-font-family);--awb-caption-title-font-weight:var(--h2_typography-font-weight);--awb-caption-title-font-style:var(--h2_typography-font-style);--awb-caption-title-size:var(--h2_typography-font-size);--awb-caption-title-transform:var(--h2_typography-text-transform);--awb-caption-title-line-height:var(--h2_typography-line-height);--awb-caption-title-letter-spacing:var(--h2_typography-letter-spacing);\"><span class=\" fusion-imageframe imageframe-none imageframe-5 hover-type-none\"><img decoding=\"async\" width=\"1024\" height=\"61\" alt=\"Elektromotor f\u00fcr Fahrr\u00e4der\" title=\"team v3 lang\" src=\"https:\/\/www.lift-mtb.com\/wp-content\/uploads\/2022\/05\/team-v3-long-1024x61.jpg\" class=\"img-responsive wp-image-11019\" srcset=\"https:\/\/www.lift-mtb.com\/wp-content\/uploads\/2022\/05\/team-v3-long-200x12.jpg 200w, https:\/\/www.lift-mtb.com\/wp-content\/uploads\/2022\/05\/team-v3-long-400x24.jpg 400w, https:\/\/www.lift-mtb.com\/wp-content\/uploads\/2022\/05\/team-v3-long-600x36.jpg 600w, https:\/\/www.lift-mtb.com\/wp-content\/uploads\/2022\/05\/team-v3-long-800x48.jpg 800w, https:\/\/www.lift-mtb.com\/wp-content\/uploads\/2022\/05\/team-v3-long-1200x72.jpg 1200w, https:\/\/www.lift-mtb.com\/wp-content\/uploads\/2022\/05\/team-v3-long.jpg 1418w\" sizes=\"(max-width: 1024px) 100vw, (max-width: 640px) 100vw, 1024px\" \/><\/span><\/div><div class=\"fusion-separator fusion-full-width-sep\" style=\"align-self: center;margin-left: auto;margin-right: auto;margin-top:20px;margin-bottom:15px;width:100%;\"><div class=\"fusion-separator-border sep-single sep-solid\" style=\"--awb-height:20px;--awb-amount:20px;border-color:#e0dede;border-top-width:1px;\"><\/div><\/div><div class=\"fusion-title title fusion-title-6 fusion-title-center fusion-title-text fusion-title-size-two\"><div class=\"title-sep-container title-sep-container-left\"><div class=\"title-sep sep- sep-solid\" style=\"border-color:#e2e2e2;\"><\/div><\/div><span class=\"awb-title-spacer\"><\/span><h2 class=\"fusion-title-heading title-heading-center fusion-responsive-typography-calculated\" style=\"font-family:-apple-system, BlinkMacSystemFont, &#039;Segoe UI&#039;, Roboto, Oxygen-Sans, Ubuntu, Cantarell, &#039;Helvetica Neue&#039; ,sans-serif;font-style:normal;font-weight:400;margin:0;--fontSize:40;line-height:1.2;\"><p><b>Setzen Sie Ihren Besuch bei uns fort<\/b><\/p>\n<div id=\"gtx-trans\" style=\"position: absolute; left: -6px; top: 38px;\">\n<div class=\"gtx-trans-icon\"><\/div>\n<\/div><\/h2><span class=\"awb-title-spacer\"><\/span><div class=\"title-sep-container title-sep-container-right\"><div class=\"title-sep sep- sep-solid\" style=\"border-color:#e2e2e2;\"><\/div><\/div><\/div><\/div><\/div><\/div><\/div><div class=\"fusion-fullwidth fullwidth-box fusion-builder-row-12 hundred-percent-fullwidth non-hundred-percent-height-scrolling fusion-equal-height-columns\" style=\"--awb-background-position:left top;--awb-border-sizes-top:0px;--awb-border-sizes-bottom:0px;--awb-border-sizes-left:0px;--awb-border-sizes-right:0px;--awb-border-radius-top-left:0px;--awb-border-radius-top-right:0px;--awb-border-radius-bottom-right:0px;--awb-border-radius-bottom-left:0px;--awb-padding-top:0px;--awb-padding-right:0px;--awb-padding-bottom:0px;--awb-padding-left:0px;--awb-flex-wrap:wrap;\" ><div class=\"fusion-builder-row fusion-row\"><div class=\"fusion-layout-column fusion_builder_column fusion-builder-column-18 fusion_builder_column_1_2 1_2 fusion-one-half fusion-column-first fusion-column-inner-bg-wrapper\" style=\"--awb-padding-top:20%;--awb-padding-right:10%;--awb-padding-bottom:20%;--awb-padding-left:10%;--awb-inner-bg-color:var(--awb-color7);--awb-inner-bg-color-hover:var(--awb-color7);--awb-inner-bg-image:url(&#039;http:\/\/lift-mtb.com\/wp-content\/uploads\/2022\/08\/moteur-pour-vtt-enduro.png&#039;);--awb-inner-bg-position:center center;--awb-inner-bg-size:cover;\"><span class=\"fusion-column-inner-bg hover-type-zoomout\"><a class=\"fusion-column-anchor\" href=\"https:\/de\/ist-mein-fahrrad-kompatibel\/\"><span class=\"fusion-column-inner-bg-image\"><\/span><\/a><\/span><div class=\"fusion-column-wrapper fusion-column-has-shadow fusion-flex-column-wrapper-legacy fusion-column-has-bg-image\" data-bg-url=\"http:\/\/lift-mtb.com\/wp-content\/uploads\/2022\/08\/moteur-pour-vtt-enduro.png\"><div class=\"fusion-column-content-centered\"><div class=\"fusion-column-content\"><div class=\"fusion-aligncenter\"><a class=\"fusion-button button-flat button-xlarge button-default fusion-button-default button-5 fusion-button-default-span fusion-button-default-type fusion-animated\" style=\"--button_typography-font-family:-apple-system, BlinkMacSystemFont, &#039;Segoe UI&#039;, Roboto, Oxygen-Sans, Ubuntu, Cantarell, &#039;Helvetica Neue&#039; ,sans-serif;--button_typography-font-style:normal;--button_typography-font-weight:400;\" data-animationType=\"flash\" data-animationDuration=\"0.3\" data-animationOffset=\"top-into-view\" target=\"_self\" href=\"https:\/de\/ist-mein-fahrrad-kompatibel\/\"><i class=\"fa-wrench fas awb-button__icon awb-button__icon--default button-icon-left\" aria-hidden=\"true\"><\/i><span class=\"fusion-button-text awb-button__text awb-button__text--default\">Kompatibel mit meinem Fahrrad?<\/span><\/a><\/div><\/div><\/div><div class=\"fusion-clearfix\"><\/div><\/div><\/div><div class=\"fusion-layout-column fusion_builder_column fusion-builder-column-19 fusion_builder_column_1_2 1_2 fusion-one-half fusion-column-last fusion-column-inner-bg-wrapper\" style=\"--awb-padding-top:20%;--awb-padding-right:10%;--awb-padding-bottom:20%;--awb-padding-left:10%;--awb-inner-bg-image:url(&#039;http:\/\/lift-mtb.com\/wp-content\/uploads\/2022\/03\/kit-electrique-vtt-enduro-11.jpg&#039;);--awb-inner-bg-position:center center;--awb-inner-bg-size:cover;\"><span class=\"fusion-column-inner-bg hover-type-zoomout\"><a class=\"fusion-column-anchor\" href=\"https:\/de\/kategorie\/haeufig-gestellte-fragen\/\"><span class=\"fusion-column-inner-bg-image\"><\/span><\/a><\/span><div class=\"fusion-column-wrapper fusion-column-has-shadow fusion-flex-column-wrapper-legacy fusion-column-has-bg-image\" data-bg-url=\"http:\/\/lift-mtb.com\/wp-content\/uploads\/2022\/03\/kit-electrique-vtt-enduro-11.jpg\"><div class=\"fusion-column-content-centered\"><div class=\"fusion-column-content\"><div class=\"fusion-aligncenter\"><a class=\"fusion-button button-flat button-xlarge button-default fusion-button-default button-6 fusion-button-default-span fusion-button-default-type fusion-animated\" data-animationType=\"flash\" data-animationDuration=\"0.3\" data-animationOffset=\"top-into-view\" target=\"_self\" href=\"https:\/de\/kategorie\/haeufig-gestellte-fragen\/\"><i class=\"fa-question fas awb-button__icon awb-button__icon--default button-icon-left\" aria-hidden=\"true\"><\/i><span class=\"fusion-button-text awb-button__text awb-button__text--default\">FAQ<\/span><\/a><\/div><\/div><\/div><div class=\"fusion-clearfix\"><\/div><\/div><\/div><\/div><\/div><\/p>\n","protected":false},"excerpt":{"rendered":"","protected":false},"author":3,"featured_media":0,"parent":0,"menu_order":0,"comment_status":"closed","ping_status":"closed","template":"100-width.php","meta":{"footnotes":""},"class_list":["post-40308","page","type-page","status-publish","hentry"],"yoast_head":"<!-- This site is optimized with the Yoast SEO plugin v26.9 - https:\/\/yoast.com\/product\/yoast-seo-wordpress\/ -->\n<title>LIFT-MTB - Sein Fahrrad in ein Elektrofahrrad umwandeln<\/title>\n<meta name=\"description\" content=\"Verwandeln Sie Ihr Fahrrad schnell in ein Elektrofahrrad. Dank des Elektromotor-Kits f\u00fcr das LIFT MTB-Fahrrad. der Spezialist f\u00fcr elektrische Baus\u00e4tze!\" \/>\n<meta name=\"robots\" content=\"index, follow, max-snippet:-1, max-image-preview:large, max-video-preview:-1\" \/>\n<link rel=\"canonical\" href=\"https:\/\/www.lift-mtb.com\/de\/\" \/>\n<meta property=\"og:locale\" content=\"de_DE\" \/>\n<meta property=\"og:type\" content=\"article\" \/>\n<meta property=\"og:title\" content=\"LIFT-MTB - Sein Fahrrad in ein Elektrofahrrad umwandeln\" \/>\n<meta property=\"og:description\" content=\"Verwandeln Sie Ihr Fahrrad schnell in ein Elektrofahrrad. Dank des Elektromotor-Kits f\u00fcr das LIFT MTB-Fahrrad. der Spezialist f\u00fcr elektrische Baus\u00e4tze!\" \/>\n<meta property=\"og:url\" content=\"https:\/\/www.lift-mtb.com\/de\/\" \/>\n<meta property=\"og:site_name\" content=\"LIFT-MTB\" \/>\n<meta property=\"article:modified_time\" content=\"2026-03-30T07:44:42+00:00\" \/>\n<meta name=\"twitter:card\" content=\"summary_large_image\" \/>\n<meta name=\"twitter:label1\" content=\"Gesch\u00e4tzte Lesezeit\" \/>\n\t<meta name=\"twitter:data1\" content=\"52\u00a0Minuten\" \/>\n<script type=\"application\/ld+json\" class=\"yoast-schema-graph\">{\"@context\":\"https:\/\/schema.org\",\"@graph\":[{\"@type\":\"WebPage\",\"@id\":\"https:\/\/www.lift-mtb.com\/de\/\",\"url\":\"https:\/\/www.lift-mtb.com\/de\/\",\"name\":\"LIFT-MTB - Sein Fahrrad in ein Elektrofahrrad umwandeln\",\"isPartOf\":{\"@id\":\"https:\/\/www.lift-mtb.com\/de\/#website\"},\"datePublished\":\"2022-01-15T20:29:36+00:00\",\"dateModified\":\"2026-03-30T07:44:42+00:00\",\"description\":\"Verwandeln Sie Ihr Fahrrad schnell in ein Elektrofahrrad. Dank des Elektromotor-Kits f\u00fcr das LIFT MTB-Fahrrad. der Spezialist f\u00fcr elektrische Baus\u00e4tze!\",\"breadcrumb\":{\"@id\":\"https:\/\/www.lift-mtb.com\/de\/#breadcrumb\"},\"inLanguage\":\"de\",\"potentialAction\":[{\"@type\":\"ReadAction\",\"target\":[\"https:\/\/www.lift-mtb.com\/de\/\"]}]},{\"@type\":\"BreadcrumbList\",\"@id\":\"https:\/\/www.lift-mtb.com\/de\/#breadcrumb\",\"itemListElement\":[{\"@type\":\"ListItem\",\"position\":1,\"name\":\"Accueil\",\"item\":\"https:\/\/www.lift-mtb.com\/de\/\"},{\"@type\":\"ListItem\",\"position\":2,\"name\":\"Startseite\"}]},{\"@type\":\"WebSite\",\"@id\":\"https:\/\/www.lift-mtb.com\/de\/#website\",\"url\":\"https:\/\/www.lift-mtb.com\/de\/\",\"name\":\"LIFT-MTB\",\"description\":\"Transformer son v\u00e9lo en \u00e9lectrique rapidement !\",\"publisher\":{\"@id\":\"https:\/\/www.lift-mtb.com\/de\/#organization\"},\"potentialAction\":[{\"@type\":\"SearchAction\",\"target\":{\"@type\":\"EntryPoint\",\"urlTemplate\":\"https:\/\/www.lift-mtb.com\/de\/?s={search_term_string}\"},\"query-input\":{\"@type\":\"PropertyValueSpecification\",\"valueRequired\":true,\"valueName\":\"search_term_string\"}}],\"inLanguage\":\"de\"},{\"@type\":\"Organization\",\"@id\":\"https:\/\/www.lift-mtb.com\/de\/#organization\",\"name\":\"LIFT-MTB\",\"url\":\"https:\/\/www.lift-mtb.com\/de\/\",\"logo\":{\"@type\":\"ImageObject\",\"inLanguage\":\"de\",\"@id\":\"https:\/\/www.lift-mtb.com\/de\/#\/schema\/logo\/image\/\",\"url\":\"https:\/\/www.lift-mtb.com\/wp-content\/uploads\/2022\/01\/electric-kit-for-bike-1.jpg\",\"contentUrl\":\"https:\/\/www.lift-mtb.com\/wp-content\/uploads\/2022\/01\/electric-kit-for-bike-1.jpg\",\"width\":1223,\"height\":560,\"caption\":\"LIFT-MTB\"},\"image\":{\"@id\":\"https:\/\/www.lift-mtb.com\/de\/#\/schema\/logo\/image\/\"}}]}<\/script>\n<!-- \/ Yoast SEO plugin. -->","yoast_head_json":{"title":"LIFT-MTB - Sein Fahrrad in ein Elektrofahrrad umwandeln","description":"Verwandeln Sie Ihr Fahrrad schnell in ein Elektrofahrrad. Dank des Elektromotor-Kits f\u00fcr das LIFT MTB-Fahrrad. der Spezialist f\u00fcr elektrische Baus\u00e4tze!","robots":{"index":"index","follow":"follow","max-snippet":"max-snippet:-1","max-image-preview":"max-image-preview:large","max-video-preview":"max-video-preview:-1"},"canonical":"https:\/\/www.lift-mtb.com\/de\/","og_locale":"de_DE","og_type":"article","og_title":"LIFT-MTB - Sein Fahrrad in ein Elektrofahrrad umwandeln","og_description":"Verwandeln Sie Ihr Fahrrad schnell in ein Elektrofahrrad. Dank des Elektromotor-Kits f\u00fcr das LIFT MTB-Fahrrad. der Spezialist f\u00fcr elektrische Baus\u00e4tze!","og_url":"https:\/\/www.lift-mtb.com\/de\/","og_site_name":"LIFT-MTB","article_modified_time":"2026-03-30T07:44:42+00:00","twitter_card":"summary_large_image","twitter_misc":{"Gesch\u00e4tzte Lesezeit":"52\u00a0Minuten"},"schema":{"@context":"https:\/\/schema.org","@graph":[{"@type":"WebPage","@id":"https:\/\/www.lift-mtb.com\/de\/","url":"https:\/\/www.lift-mtb.com\/de\/","name":"LIFT-MTB - Sein Fahrrad in ein Elektrofahrrad umwandeln","isPartOf":{"@id":"https:\/\/www.lift-mtb.com\/de\/#website"},"datePublished":"2022-01-15T20:29:36+00:00","dateModified":"2026-03-30T07:44:42+00:00","description":"Verwandeln Sie Ihr Fahrrad schnell in ein Elektrofahrrad. Dank des Elektromotor-Kits f\u00fcr das LIFT MTB-Fahrrad. der Spezialist f\u00fcr elektrische Baus\u00e4tze!","breadcrumb":{"@id":"https:\/\/www.lift-mtb.com\/de\/#breadcrumb"},"inLanguage":"de","potentialAction":[{"@type":"ReadAction","target":["https:\/\/www.lift-mtb.com\/de\/"]}]},{"@type":"BreadcrumbList","@id":"https:\/\/www.lift-mtb.com\/de\/#breadcrumb","itemListElement":[{"@type":"ListItem","position":1,"name":"Accueil","item":"https:\/\/www.lift-mtb.com\/de\/"},{"@type":"ListItem","position":2,"name":"Startseite"}]},{"@type":"WebSite","@id":"https:\/\/www.lift-mtb.com\/de\/#website","url":"https:\/\/www.lift-mtb.com\/de\/","name":"LIFT-MTB","description":"Transformer son v\u00e9lo en \u00e9lectrique rapidement !","publisher":{"@id":"https:\/\/www.lift-mtb.com\/de\/#organization"},"potentialAction":[{"@type":"SearchAction","target":{"@type":"EntryPoint","urlTemplate":"https:\/\/www.lift-mtb.com\/de\/?s={search_term_string}"},"query-input":{"@type":"PropertyValueSpecification","valueRequired":true,"valueName":"search_term_string"}}],"inLanguage":"de"},{"@type":"Organization","@id":"https:\/\/www.lift-mtb.com\/de\/#organization","name":"LIFT-MTB","url":"https:\/\/www.lift-mtb.com\/de\/","logo":{"@type":"ImageObject","inLanguage":"de","@id":"https:\/\/www.lift-mtb.com\/de\/#\/schema\/logo\/image\/","url":"https:\/\/www.lift-mtb.com\/wp-content\/uploads\/2022\/01\/electric-kit-for-bike-1.jpg","contentUrl":"https:\/\/www.lift-mtb.com\/wp-content\/uploads\/2022\/01\/electric-kit-for-bike-1.jpg","width":1223,"height":560,"caption":"LIFT-MTB"},"image":{"@id":"https:\/\/www.lift-mtb.com\/de\/#\/schema\/logo\/image\/"}}]}},"_links":{"self":[{"href":"https:\/\/www.lift-mtb.com\/de\/wp-json\/wp\/v2\/pages\/40308","targetHints":{"allow":["GET"]}}],"collection":[{"href":"https:\/\/www.lift-mtb.com\/de\/wp-json\/wp\/v2\/pages"}],"about":[{"href":"https:\/\/www.lift-mtb.com\/de\/wp-json\/wp\/v2\/types\/page"}],"author":[{"embeddable":true,"href":"https:\/\/www.lift-mtb.com\/de\/wp-json\/wp\/v2\/users\/3"}],"replies":[{"embeddable":true,"href":"https:\/\/www.lift-mtb.com\/de\/wp-json\/wp\/v2\/comments?post=40308"}],"version-history":[{"count":7,"href":"https:\/\/www.lift-mtb.com\/de\/wp-json\/wp\/v2\/pages\/40308\/revisions"}],"predecessor-version":[{"id":51475,"href":"https:\/\/www.lift-mtb.com\/de\/wp-json\/wp\/v2\/pages\/40308\/revisions\/51475"}],"wp:attachment":[{"href":"https:\/\/www.lift-mtb.com\/de\/wp-json\/wp\/v2\/media?parent=40308"}],"curies":[{"name":"wp","href":"https:\/\/api.w.org\/{rel}","templated":true}]}}