{"id":47579,"date":"2023-03-02T09:58:18","date_gmt":"2023-03-02T08:58:18","guid":{"rendered":"https:\/?post_type=product&#038;p=47579"},"modified":"2023-03-03T19:25:32","modified_gmt":"2023-03-03T18:25:32","slug":"option-pedalier-version-pro","status":"publish","type":"product","link":"https:\/\/www.lift-mtb.com\/de\/produit\/option-pedalier-version-pro\/","title":{"rendered":"OPTION Pedalboard PRO-Version"},"content":{"rendered":"<p>Optionale PRO-Pedale, um das Fahrrad auf Elektroantrieb umzur\u00fcsten.<\/p>\n<h3><strong>Erm\u00f6glicht es, beim Kauf eines neuen Sets ein hochwertigeres Pedalboard anstelle des CLASSIC Pedalboards zu erhalten.<\/strong><\/h3>\n<p>Er besteht aus :<strong><br \/>\n<\/strong><\/p>\n<ul>\n<li>Kurbel 7075 T6 <a href=\"https:\/fabrication-made-in-france-moteur-electrique-pour-velo\/\">made in France<\/a>, hart anodisiert, lasergraviert.<\/li>\n<li>Hohlwelle, die innen bearbeitet wurde, um Gewicht zu sparen.<\/li>\n<li>Die PRO-Version spart 400 g im Vergleich zu den Pedalen der &#8220;Classic&#8221;-Version.<\/li>\n<li>Bietet mit diesen 72 Einsatzpunkten pro Runde einen besseren Relaunch.<\/li>\n<li>Pr\u00e4zisere Antritte dank des Freilaufs.<\/li>\n<li>Wird mit allen Durchmesseradaptern f\u00fcr Tretlagerachsen geliefert ( 22\/24, 24, 28,9 &amp; 30 mm).<\/li>\n<li>Wird mit dem spezifischen <a href=\"https:\/\/www.youtube.com\/@LIFTMTBTV\">LIFT MTB<\/a> PRO-Stern geliefert<\/li>\n<li>Geliefert mit 32t oder 30t sekund\u00e4rem Kettenblatt und 38 Z\u00e4hnen im prim\u00e4ren Kettenblatt.<\/li>\n<\/ul>\n<p>Wenn Sie ein leichtes und effizientes Tretlager f\u00fcr Ihr <strong>elektrisches Mountain bikes (MTB)<\/strong> w\u00fcnschen, w\u00e4hlen Sie die Option Tretlager PRO, um Ihr Fahrrad auf Elektroantrieb umzur\u00fcsten.<\/p>\n","protected":false},"excerpt":{"rendered":"<ul>\n<li>Die PRO-Version spart 400 g im Vergleich zum Pedalboard der &#8220;Classic&#8221;-Version.<\/li>\n<li>Wird mit allen Durchmesseradaptern f\u00fcr Tretlagerachsen geliefert ( 22\/24, 24, 28,9 &amp; 30 mm).<\/li>\n<li>Geliefert mit Kettenblatt 32 oder 30 und 38 Z\u00e4hnen<\/li>\n<li>liefert mit Hohlachse, Keilring und Schrauben.<\/li>\n<\/ul>\n<p>Optionale PRO-Pedale, <strong>um das Fahrrad auf Elektroantrieb umzur\u00fcsten<\/strong>. ist eine PRO-Pedalplatte, die beim Kauf eines neuen Kits die Classic-Pedalplatte ersetzen wird (nur 1 PRO-Pedalplatte wird mit dem Kit geliefert).<\/p>\n","protected":false},"featured_media":7910,"comment_status":"open","ping_status":"closed","template":"","meta":[],"product_brand":[],"product_cat":[836],"product_tag":[],"class_list":{"0":"post-47579","1":"product","2":"type-product","3":"status-publish","4":"has-post-thumbnail","6":"product_cat-ersatzteile","8":"first","9":"instock","10":"taxable","11":"shipping-taxable","12":"purchasable","13":"product-type-simple"},"yoast_head":"<!-- This site is optimized with the Yoast SEO plugin v26.9 - https:\/\/yoast.com\/product\/yoast-seo-wordpress\/ -->\n<title>Optionale PRO-Pedale, um das Fahrrad auf Elektroantrieb umzur\u00fcsten.<\/title>\n<meta name=\"description\" content=\"Optionale PRO-Kurbel, mit der Sie Ihr Fahrrad ganz einfach auf Elektroantrieb umr\u00fcsten k\u00f6nnen. Unsere 100% Made in France High-End-Kurbelgarnitur mit Freilauf.\" \/>\n<meta name=\"robots\" content=\"index, follow, max-snippet:-1, max-image-preview:large, max-video-preview:-1\" \/>\n<link rel=\"canonical\" href=\"https:\/\/www.lift-mtb.com\/de\/produit\/option-pedalier-version-pro\/\" \/>\n<meta property=\"og:locale\" content=\"de_DE\" \/>\n<meta property=\"og:type\" content=\"article\" \/>\n<meta property=\"og:title\" content=\"Optionale PRO-Pedale, um das Fahrrad auf Elektroantrieb umzur\u00fcsten.\" \/>\n<meta property=\"og:description\" content=\"Optionale PRO-Kurbel, mit der Sie Ihr Fahrrad ganz einfach auf Elektroantrieb umr\u00fcsten k\u00f6nnen. Unsere 100% Made in France High-End-Kurbelgarnitur mit Freilauf.\" \/>\n<meta property=\"og:url\" content=\"https:\/\/www.lift-mtb.com\/de\/produit\/option-pedalier-version-pro\/\" \/>\n<meta property=\"og:site_name\" content=\"LIFT-MTB\" \/>\n<meta property=\"article:modified_time\" content=\"2023-03-03T18:25:32+00:00\" \/>\n<meta property=\"og:image\" content=\"https:\/\/www.lift-mtb.com\/wp-content\/uploads\/2022\/02\/pedalier-v4-pro-1.png\" \/>\n\t<meta property=\"og:image:width\" content=\"1920\" \/>\n\t<meta property=\"og:image:height\" content=\"1080\" \/>\n\t<meta property=\"og:image:type\" content=\"image\/png\" \/>\n<meta name=\"twitter:card\" content=\"summary_large_image\" \/>\n<meta name=\"twitter:label1\" content=\"Gesch\u00e4tzte Lesezeit\" \/>\n\t<meta name=\"twitter:data1\" content=\"1\u00a0Minute\" \/>\n<script type=\"application\/ld+json\" class=\"yoast-schema-graph\">{\"@context\":\"https:\/\/schema.org\",\"@graph\":[{\"@type\":\"WebPage\",\"@id\":\"https:\/\/www.lift-mtb.com\/de\/produit\/option-pedalier-version-pro\/\",\"url\":\"https:\/\/www.lift-mtb.com\/de\/produit\/option-pedalier-version-pro\/\",\"name\":\"Optionale PRO-Pedale, um das Fahrrad auf Elektroantrieb umzur\u00fcsten.\",\"isPartOf\":{\"@id\":\"https:\/\/www.lift-mtb.com\/de\/#website\"},\"primaryImageOfPage\":{\"@id\":\"https:\/\/www.lift-mtb.com\/de\/produit\/option-pedalier-version-pro\/#primaryimage\"},\"image\":{\"@id\":\"https:\/\/www.lift-mtb.com\/de\/produit\/option-pedalier-version-pro\/#primaryimage\"},\"thumbnailUrl\":\"https:\/\/www.lift-mtb.com\/wp-content\/uploads\/2022\/02\/pedalier-v4-pro-1.png\",\"datePublished\":\"2023-03-02T08:58:18+00:00\",\"dateModified\":\"2023-03-03T18:25:32+00:00\",\"description\":\"Optionale PRO-Kurbel, mit der Sie Ihr Fahrrad ganz einfach auf Elektroantrieb umr\u00fcsten k\u00f6nnen. Unsere 100% Made in France High-End-Kurbelgarnitur mit Freilauf.\",\"breadcrumb\":{\"@id\":\"https:\/\/www.lift-mtb.com\/de\/produit\/option-pedalier-version-pro\/#breadcrumb\"},\"inLanguage\":\"de\",\"potentialAction\":[{\"@type\":\"ReadAction\",\"target\":[\"https:\/\/www.lift-mtb.com\/de\/produit\/option-pedalier-version-pro\/\"]}]},{\"@type\":\"ImageObject\",\"inLanguage\":\"de\",\"@id\":\"https:\/\/www.lift-mtb.com\/de\/produit\/option-pedalier-version-pro\/#primaryimage\",\"url\":\"https:\/\/www.lift-mtb.com\/wp-content\/uploads\/2022\/02\/pedalier-v4-pro-1.png\",\"contentUrl\":\"https:\/\/www.lift-mtb.com\/wp-content\/uploads\/2022\/02\/pedalier-v4-pro-1.png\",\"width\":1920,\"height\":1080,\"caption\":\"Tretlager PRO-Version\"},{\"@type\":\"BreadcrumbList\",\"@id\":\"https:\/\/www.lift-mtb.com\/de\/produit\/option-pedalier-version-pro\/#breadcrumb\",\"itemListElement\":[{\"@type\":\"ListItem\",\"position\":1,\"name\":\"Accueil\",\"item\":\"https:\/\/www.lift-mtb.com\/de\/\"},{\"@type\":\"ListItem\",\"position\":2,\"name\":\"Shop\",\"item\":\"https:\/\/www.lift-mtb.com\/de\/shop\/\"},{\"@type\":\"ListItem\",\"position\":3,\"name\":\"Ersatzteile\",\"item\":\"https:\/\/www.lift-mtb.com\/de\/produkt-kategorie\/ersatzteile\/\"},{\"@type\":\"ListItem\",\"position\":4,\"name\":\"Tretlagerteile\",\"item\":\"https:\/\/www.lift-mtb.com\/de\/produkt-kategorie\/ersatzteile\/tretlagerteile-de\/\"},{\"@type\":\"ListItem\",\"position\":5,\"name\":\"OPTION Pedalboard PRO-Version\"}]},{\"@type\":\"WebSite\",\"@id\":\"https:\/\/www.lift-mtb.com\/de\/#website\",\"url\":\"https:\/\/www.lift-mtb.com\/de\/\",\"name\":\"LIFT-MTB\",\"description\":\"Transformer son v\u00e9lo en \u00e9lectrique rapidement !\",\"publisher\":{\"@id\":\"https:\/\/www.lift-mtb.com\/de\/#organization\"},\"potentialAction\":[{\"@type\":\"SearchAction\",\"target\":{\"@type\":\"EntryPoint\",\"urlTemplate\":\"https:\/\/www.lift-mtb.com\/de\/?s={search_term_string}\"},\"query-input\":{\"@type\":\"PropertyValueSpecification\",\"valueRequired\":true,\"valueName\":\"search_term_string\"}}],\"inLanguage\":\"de\"},{\"@type\":\"Organization\",\"@id\":\"https:\/\/www.lift-mtb.com\/de\/#organization\",\"name\":\"LIFT-MTB\",\"url\":\"https:\/\/www.lift-mtb.com\/de\/\",\"logo\":{\"@type\":\"ImageObject\",\"inLanguage\":\"de\",\"@id\":\"https:\/\/www.lift-mtb.com\/de\/#\/schema\/logo\/image\/\",\"url\":\"https:\/\/www.lift-mtb.com\/wp-content\/uploads\/2022\/01\/electric-kit-for-bike-1.jpg\",\"contentUrl\":\"https:\/\/www.lift-mtb.com\/wp-content\/uploads\/2022\/01\/electric-kit-for-bike-1.jpg\",\"width\":1223,\"height\":560,\"caption\":\"LIFT-MTB\"},\"image\":{\"@id\":\"https:\/\/www.lift-mtb.com\/de\/#\/schema\/logo\/image\/\"}}]}<\/script>\n<!-- \/ Yoast SEO plugin. -->","yoast_head_json":{"title":"Optionale PRO-Pedale, um das Fahrrad auf Elektroantrieb umzur\u00fcsten.","description":"Optionale PRO-Kurbel, mit der Sie Ihr Fahrrad ganz einfach auf Elektroantrieb umr\u00fcsten k\u00f6nnen. Unsere 100% Made in France High-End-Kurbelgarnitur mit Freilauf.","robots":{"index":"index","follow":"follow","max-snippet":"max-snippet:-1","max-image-preview":"max-image-preview:large","max-video-preview":"max-video-preview:-1"},"canonical":"https:\/\/www.lift-mtb.com\/de\/produit\/option-pedalier-version-pro\/","og_locale":"de_DE","og_type":"article","og_title":"Optionale PRO-Pedale, um das Fahrrad auf Elektroantrieb umzur\u00fcsten.","og_description":"Optionale PRO-Kurbel, mit der Sie Ihr Fahrrad ganz einfach auf Elektroantrieb umr\u00fcsten k\u00f6nnen. Unsere 100% Made in France High-End-Kurbelgarnitur mit Freilauf.","og_url":"https:\/\/www.lift-mtb.com\/de\/produit\/option-pedalier-version-pro\/","og_site_name":"LIFT-MTB","article_modified_time":"2023-03-03T18:25:32+00:00","og_image":[{"width":1920,"height":1080,"url":"https:\/\/www.lift-mtb.com\/wp-content\/uploads\/2022\/02\/pedalier-v4-pro-1.png","type":"image\/png"}],"twitter_card":"summary_large_image","twitter_misc":{"Gesch\u00e4tzte Lesezeit":"1\u00a0Minute"},"schema":{"@context":"https:\/\/schema.org","@graph":[{"@type":"WebPage","@id":"https:\/\/www.lift-mtb.com\/de\/produit\/option-pedalier-version-pro\/","url":"https:\/\/www.lift-mtb.com\/de\/produit\/option-pedalier-version-pro\/","name":"Optionale PRO-Pedale, um das Fahrrad auf Elektroantrieb umzur\u00fcsten.","isPartOf":{"@id":"https:\/\/www.lift-mtb.com\/de\/#website"},"primaryImageOfPage":{"@id":"https:\/\/www.lift-mtb.com\/de\/produit\/option-pedalier-version-pro\/#primaryimage"},"image":{"@id":"https:\/\/www.lift-mtb.com\/de\/produit\/option-pedalier-version-pro\/#primaryimage"},"thumbnailUrl":"https:\/\/www.lift-mtb.com\/wp-content\/uploads\/2022\/02\/pedalier-v4-pro-1.png","datePublished":"2023-03-02T08:58:18+00:00","dateModified":"2023-03-03T18:25:32+00:00","description":"Optionale PRO-Kurbel, mit der Sie Ihr Fahrrad ganz einfach auf Elektroantrieb umr\u00fcsten k\u00f6nnen. Unsere 100% Made in France High-End-Kurbelgarnitur mit Freilauf.","breadcrumb":{"@id":"https:\/\/www.lift-mtb.com\/de\/produit\/option-pedalier-version-pro\/#breadcrumb"},"inLanguage":"de","potentialAction":[{"@type":"ReadAction","target":["https:\/\/www.lift-mtb.com\/de\/produit\/option-pedalier-version-pro\/"]}]},{"@type":"ImageObject","inLanguage":"de","@id":"https:\/\/www.lift-mtb.com\/de\/produit\/option-pedalier-version-pro\/#primaryimage","url":"https:\/\/www.lift-mtb.com\/wp-content\/uploads\/2022\/02\/pedalier-v4-pro-1.png","contentUrl":"https:\/\/www.lift-mtb.com\/wp-content\/uploads\/2022\/02\/pedalier-v4-pro-1.png","width":1920,"height":1080,"caption":"Tretlager PRO-Version"},{"@type":"BreadcrumbList","@id":"https:\/\/www.lift-mtb.com\/de\/produit\/option-pedalier-version-pro\/#breadcrumb","itemListElement":[{"@type":"ListItem","position":1,"name":"Accueil","item":"https:\/\/www.lift-mtb.com\/de\/"},{"@type":"ListItem","position":2,"name":"Shop","item":"https:\/\/www.lift-mtb.com\/de\/shop\/"},{"@type":"ListItem","position":3,"name":"Ersatzteile","item":"https:\/\/www.lift-mtb.com\/de\/produkt-kategorie\/ersatzteile\/"},{"@type":"ListItem","position":4,"name":"Tretlagerteile","item":"https:\/\/www.lift-mtb.com\/de\/produkt-kategorie\/ersatzteile\/tretlagerteile-de\/"},{"@type":"ListItem","position":5,"name":"OPTION Pedalboard PRO-Version"}]},{"@type":"WebSite","@id":"https:\/\/www.lift-mtb.com\/de\/#website","url":"https:\/\/www.lift-mtb.com\/de\/","name":"LIFT-MTB","description":"Transformer son v\u00e9lo en \u00e9lectrique rapidement !","publisher":{"@id":"https:\/\/www.lift-mtb.com\/de\/#organization"},"potentialAction":[{"@type":"SearchAction","target":{"@type":"EntryPoint","urlTemplate":"https:\/\/www.lift-mtb.com\/de\/?s={search_term_string}"},"query-input":{"@type":"PropertyValueSpecification","valueRequired":true,"valueName":"search_term_string"}}],"inLanguage":"de"},{"@type":"Organization","@id":"https:\/\/www.lift-mtb.com\/de\/#organization","name":"LIFT-MTB","url":"https:\/\/www.lift-mtb.com\/de\/","logo":{"@type":"ImageObject","inLanguage":"de","@id":"https:\/\/www.lift-mtb.com\/de\/#\/schema\/logo\/image\/","url":"https:\/\/www.lift-mtb.com\/wp-content\/uploads\/2022\/01\/electric-kit-for-bike-1.jpg","contentUrl":"https:\/\/www.lift-mtb.com\/wp-content\/uploads\/2022\/01\/electric-kit-for-bike-1.jpg","width":1223,"height":560,"caption":"LIFT-MTB"},"image":{"@id":"https:\/\/www.lift-mtb.com\/de\/#\/schema\/logo\/image\/"}}]}},"_links":{"self":[{"href":"https:\/\/www.lift-mtb.com\/de\/wp-json\/wp\/v2\/product\/47579","targetHints":{"allow":["GET"]}}],"collection":[{"href":"https:\/\/www.lift-mtb.com\/de\/wp-json\/wp\/v2\/product"}],"about":[{"href":"https:\/\/www.lift-mtb.com\/de\/wp-json\/wp\/v2\/types\/product"}],"replies":[{"embeddable":true,"href":"https:\/\/www.lift-mtb.com\/de\/wp-json\/wp\/v2\/comments?post=47579"}],"wp:featuredmedia":[{"embeddable":true,"href":"https:\/\/www.lift-mtb.com\/de\/wp-json\/wp\/v2\/media\/7910"}],"wp:attachment":[{"href":"https:\/\/www.lift-mtb.com\/de\/wp-json\/wp\/v2\/media?parent=47579"}],"wp:term":[{"taxonomy":"product_brand","embeddable":true,"href":"https:\/\/www.lift-mtb.com\/de\/wp-json\/wp\/v2\/product_brand?post=47579"},{"taxonomy":"product_cat","embeddable":true,"href":"https:\/\/www.lift-mtb.com\/de\/wp-json\/wp\/v2\/product_cat?post=47579"},{"taxonomy":"product_tag","embeddable":true,"href":"https:\/\/www.lift-mtb.com\/de\/wp-json\/wp\/v2\/product_tag?post=47579"}],"curies":[{"name":"wp","href":"https:\/\/api.w.org\/{rel}","templated":true}]}}