{"id":48916,"date":"2024-01-27T07:11:46","date_gmt":"2024-01-27T06:11:46","guid":{"rendered":"https:\/?post_type=product&#038;p=48916"},"modified":"2025-07-29T15:26:52","modified_gmt":"2025-07-29T13:26:52","slug":"moteur-pedalier-generique-par-lift-mtb","status":"publish","type":"product","link":"https:\/\/www.lift-mtb.com\/en\/produit\/moteur-pedalier-generique-par-lift-mtb\/","title":{"rendered":"Moteur p\u00e9dalier LIFT-MTB &#8220;G\u00e9n\u00e9rique&#8221; 250w"},"content":{"rendered":"<div id=\"envira-gallery-wrap-49090\" class=\"envira-gallery-wrap envira-lazy-loading-enabled envira-layout-grid envira-gallery-theme-base\" itemscope itemtype=\"https:\/\/schema.org\/ImageGallery\"><div class=\"envira-loader\"><div><\/div><div><\/div><div><\/div><div><\/div><\/div><div id=\"envira-gallery-49090\" class=\"envira-gallery-public envira-gallery-4-columns envira-clear\" data-envira-id=\"49090\" data-gallery-config='{\"type\":\"default\",\"layout\":\"grid\",\"columns\":\"4\",\"gallery_theme\":\"base\",\"justified_margins\":1,\"justified_last_row\":\"nojustify\",\"lazy_loading\":1,\"lazy_loading_delay\":500,\"gutter\":10,\"gutter_mobile\":0,\"margin\":10,\"image_size\":\"default\",\"square_size\":300,\"crop_width\":640,\"crop_height\":480,\"crop\":0,\"crop_position\":\"c\",\"show_more_text\":\"Click for more\",\"additional_copy_0\":0,\"additional_copy_title\":0,\"additional_copy_caption\":0,\"additional_copy_title_caption\":0,\"additional_copy_0_mobile\":0,\"additional_copy_title_mobile\":0,\"additional_copy_caption_mobile\":0,\"additional_copy_title_caption_mobile\":0,\"gallery_column_title_caption\":\"0\",\"gallery_column_title_caption_mobile\":\"0\",\"additional_copy_automatic_0\":0,\"additional_copy_automatic_title\":0,\"additional_copy_automatic_caption\":0,\"additional_copy_automatic_title_caption\":0,\"additional_copy_automatic_0_mobile\":0,\"additional_copy_automatic_title_mobile\":0,\"additional_copy_automatic_caption_mobile\":0,\"additional_copy_automatic_title_caption_mobile\":0,\"gallery_automatic_title_caption\":\"0\",\"gallery_automatic_title_caption_mobile\":\"0\",\"justified_row_height\":150,\"description_position\":\"0\",\"description\":\"\",\"random\":\"0\",\"sort_order\":\"0\",\"sorting_direction\":\"ASC\",\"image_sizes_random\":[],\"isotope\":false,\"lightbox_enabled\":1,\"gallery_link_enabled\":1,\"lightbox_theme\":\"base_dark\",\"lightbox_image_size\":\"default\",\"title_display\":\"float\",\"lightbox_title_caption\":\"title\",\"arrows\":1,\"arrows_position\":\"inside\",\"toolbar\":0,\"toolbar_title\":0,\"toolbar_position\":\"top\",\"loop\":1,\"lightbox_open_close_effect\":\"fade\",\"effect\":\"fade\",\"supersize\":0,\"thumbnails_toggle\":0,\"thumbnails_hide\":0,\"image_counter\":0,\"lightbox_html_caption\":0,\"thumbnails\":1,\"thumbnails_width\":\"auto\",\"thumbnails_height\":\"auto\",\"thumbnails_position\":\"bottom\",\"thumbnails_custom_size\":0,\"mobile\":1,\"mobile_width\":320,\"mobile_height\":240,\"mobile_lightbox\":1,\"mobile_gallery_link_enabled\":0,\"mobile_arrows\":1,\"mobile_toolbar\":1,\"mobile_thumbnails\":1,\"mobile_touchwipe_close\":0,\"mobile_thumbnails_width\":75,\"mobile_thumbnails_height\":50,\"mobile_justified_row_height\":80,\"keyboard\":true,\"classes\":[\"\"],\"rtl\":0,\"slug\":\"moteur-generique\",\"pagination\":0,\"pagination_position\":\"below\",\"pagination_images_per_page\":9,\"pagination_prev_next\":\"numbered_previous_next\",\"pagination_prev_text\":\"&laquo; Pr&eacute;c&eacute;dent\",\"pagination_next_text\":\"Suivant &raquo;\",\"pagination_scroll\":0,\"pagination_ajax_load\":0,\"pagination_button_text\":\"Afficher plus\",\"pagination_lightbox_display_all_images\":0,\"mobile_pagination_images_per_page\":9,\"mobile_pagination_prev_next\":\"numbered_previous_next\",\"protection\":1,\"protection_popup\":0,\"protection_message\":\"\",\"protection_title\":\"\",\"protection_button_text\":\"\",\"tags\":0,\"tags_filter\":false,\"tags_position\":\"above\",\"tags_all_enabled\":1,\"tags_all\":\"Tout\",\"tags_sorting\":\"\",\"tags_manual_sorting\":false,\"tags_display\":\"\",\"tags_scroll\":0,\"tags_mobile\":1,\"tags_count\":0,\"zoom\":0,\"zoom_hover\":0,\"zoom_position\":\"upper-left\",\"zoom_type\":\"basic\",\"zoom_effect\":\"fade-in\",\"zoom_lens_shape\":\"round\",\"zoom_lens_cursor\":1,\"zoom_window_size\":\"medium\",\"zoom_tint_color\":\"\",\"zoom_tint_color_opacity\":\"25\",\"zoom_mousewheel\":0,\"zoom_size\":200,\"mobile_zoom\":0,\"gallery_id\":\"49090\"}' data-gallery-images='[{\"status\":\"active\",\"src\":\"https:\\\/\\\/www.lift-mtb.com\\\/wp-content\\\/uploads\\\/2024\\\/02\\\/moteur-electrique-pour-velo-scaled.jpg\",\"title\":\"moteur electrique pour v&eacute;lo\",\"link\":\"http:\\\/\\\/lift-mtb.com\\\/wp-content\\\/uploads\\\/2024\\\/02\\\/moteur-electrique-pour-velo-scaled.jpg\",\"alt\":\"\",\"caption\":false,\"thumb\":\"https:\\\/\\\/www.lift-mtb.com\\\/wp-content\\\/uploads\\\/2024\\\/02\\\/moteur-electrique-pour-velo-scaled-75x50_c.jpg\",\"tags\":[],\"meta\":{\"aperture\":\"8\",\"credit\":null,\"camera\":\"NIKON D7000\",\"caption\":\"\",\"created_timestamp\":\"1706616738\",\"copyright\":null,\"focal_length\":\"210\",\"iso\":\"1600\",\"shutter_speed\":\"0.00025\",\"title\":\"\",\"orientation\":\"1\",\"keywords\":null,\"resized_images\":null},\"thumbnail\":\"https:\\\/\\\/www.lift-mtb.com\\\/wp-content\\\/uploads\\\/2024\\\/02\\\/moteur-electrique-pour-velo-150x150.jpg\",\"medium\":\"https:\\\/\\\/www.lift-mtb.com\\\/wp-content\\\/uploads\\\/2024\\\/02\\\/moteur-electrique-pour-velo-300x199.jpg\",\"medium_large\":\"https:\\\/\\\/www.lift-mtb.com\\\/wp-content\\\/uploads\\\/2024\\\/02\\\/moteur-electrique-pour-velo-768x509.jpg\",\"large\":\"https:\\\/\\\/www.lift-mtb.com\\\/wp-content\\\/uploads\\\/2024\\\/02\\\/moteur-electrique-pour-velo-1024x678.jpg\",\"1536x1536\":\"https:\\\/\\\/www.lift-mtb.com\\\/wp-content\\\/uploads\\\/2024\\\/02\\\/moteur-electrique-pour-velo-1536x1018.jpg\",\"2048x2048\":\"https:\\\/\\\/www.lift-mtb.com\\\/wp-content\\\/uploads\\\/2024\\\/02\\\/moteur-electrique-pour-velo-2048x1357.jpg\",\"blog-large\":\"https:\\\/\\\/www.lift-mtb.com\\\/wp-content\\\/uploads\\\/2024\\\/02\\\/moteur-electrique-pour-velo-669x272.jpg\",\"blog-medium\":\"https:\\\/\\\/www.lift-mtb.com\\\/wp-content\\\/uploads\\\/2024\\\/02\\\/moteur-electrique-pour-velo-320x202.jpg\",\"recent-posts\":\"https:\\\/\\\/www.lift-mtb.com\\\/wp-content\\\/uploads\\\/2024\\\/02\\\/moteur-electrique-pour-velo-700x441.jpg\",\"recent-works-thumbnail\":\"https:\\\/\\\/www.lift-mtb.com\\\/wp-content\\\/uploads\\\/2024\\\/02\\\/moteur-electrique-pour-velo-66x66.jpg\",\"fusion-200\":\"https:\\\/\\\/www.lift-mtb.com\\\/wp-content\\\/uploads\\\/2024\\\/02\\\/moteur-electrique-pour-velo-200x132.jpg\",\"fusion-400\":\"https:\\\/\\\/www.lift-mtb.com\\\/wp-content\\\/uploads\\\/2024\\\/02\\\/moteur-electrique-pour-velo-400x265.jpg\",\"fusion-600\":\"https:\\\/\\\/www.lift-mtb.com\\\/wp-content\\\/uploads\\\/2024\\\/02\\\/moteur-electrique-pour-velo-600x397.jpg\",\"fusion-800\":\"https:\\\/\\\/www.lift-mtb.com\\\/wp-content\\\/uploads\\\/2024\\\/02\\\/moteur-electrique-pour-velo-800x530.jpg\",\"fusion-1200\":\"https:\\\/\\\/www.lift-mtb.com\\\/wp-content\\\/uploads\\\/2024\\\/02\\\/moteur-electrique-pour-velo-1200x795.jpg\",\"portfolio-full\":\"https:\\\/\\\/www.lift-mtb.com\\\/wp-content\\\/uploads\\\/2024\\\/02\\\/moteur-electrique-pour-velo-940x400.jpg\",\"portfolio-one\":\"https:\\\/\\\/www.lift-mtb.com\\\/wp-content\\\/uploads\\\/2024\\\/02\\\/moteur-electrique-pour-velo-540x272.jpg\",\"portfolio-two\":\"https:\\\/\\\/www.lift-mtb.com\\\/wp-content\\\/uploads\\\/2024\\\/02\\\/moteur-electrique-pour-velo-460x295.jpg\",\"portfolio-three\":\"https:\\\/\\\/www.lift-mtb.com\\\/wp-content\\\/uploads\\\/2024\\\/02\\\/moteur-electrique-pour-velo-300x214.jpg\",\"portfolio-five\":\"https:\\\/\\\/www.lift-mtb.com\\\/wp-content\\\/uploads\\\/2024\\\/02\\\/moteur-electrique-pour-velo-177x142.jpg\",\"woocommerce_thumbnail\":\"https:\\\/\\\/www.lift-mtb.com\\\/wp-content\\\/uploads\\\/2024\\\/02\\\/moteur-electrique-pour-velo-500x331.jpg\",\"woocommerce_single\":\"https:\\\/\\\/www.lift-mtb.com\\\/wp-content\\\/uploads\\\/2024\\\/02\\\/moteur-electrique-pour-velo-700x464.jpg\",\"woocommerce_gallery_thumbnail\":\"https:\\\/\\\/www.lift-mtb.com\\\/wp-content\\\/uploads\\\/2024\\\/02\\\/moteur-electrique-pour-velo-150x150.jpg\",\"full\":\"https:\\\/\\\/www.lift-mtb.com\\\/wp-content\\\/uploads\\\/2024\\\/02\\\/moteur-electrique-pour-velo-scaled.jpg\",\"index\":0,\"id\":49091,\"video\":false,\"opts\":{\"caption\":\"\",\"thumb\":\"https:\\\/\\\/www.lift-mtb.com\\\/wp-content\\\/uploads\\\/2024\\\/02\\\/moteur-electrique-pour-velo-scaled-75x50_c.jpg\",\"title\":\"moteur electrique pour v&eacute;lo\"},\"gallery_id\":\"49090\"},{\"status\":\"active\",\"src\":\"https:\\\/\\\/www.lift-mtb.com\\\/wp-content\\\/uploads\\\/2024\\\/02\\\/velo-electrique-hyeres-4-scaled.jpg\",\"title\":\"velo electrique hyeres &amp;#8211; 4\",\"link\":\"http:\\\/\\\/lift-mtb.com\\\/wp-content\\\/uploads\\\/2024\\\/02\\\/velo-electrique-hyeres-4-scaled.jpg\",\"alt\":\"\",\"caption\":false,\"thumb\":\"https:\\\/\\\/www.lift-mtb.com\\\/wp-content\\\/uploads\\\/2024\\\/02\\\/velo-electrique-hyeres-4-scaled-75x50_c.jpg\",\"tags\":[],\"meta\":{\"aperture\":\"8\",\"credit\":null,\"camera\":\"NIKON D7000\",\"caption\":\"\",\"created_timestamp\":\"1706002067\",\"copyright\":null,\"focal_length\":\"170\",\"iso\":\"1600\",\"shutter_speed\":\"0.00025\",\"title\":\"\",\"orientation\":\"1\",\"keywords\":null,\"resized_images\":null},\"thumbnail\":\"https:\\\/\\\/www.lift-mtb.com\\\/wp-content\\\/uploads\\\/2024\\\/02\\\/velo-electrique-hyeres-4-150x150.jpg\",\"medium\":\"https:\\\/\\\/www.lift-mtb.com\\\/wp-content\\\/uploads\\\/2024\\\/02\\\/velo-electrique-hyeres-4-300x199.jpg\",\"medium_large\":\"https:\\\/\\\/www.lift-mtb.com\\\/wp-content\\\/uploads\\\/2024\\\/02\\\/velo-electrique-hyeres-4-768x509.jpg\",\"large\":\"https:\\\/\\\/www.lift-mtb.com\\\/wp-content\\\/uploads\\\/2024\\\/02\\\/velo-electrique-hyeres-4-1024x678.jpg\",\"1536x1536\":\"https:\\\/\\\/www.lift-mtb.com\\\/wp-content\\\/uploads\\\/2024\\\/02\\\/velo-electrique-hyeres-4-1536x1017.jpg\",\"2048x2048\":\"https:\\\/\\\/www.lift-mtb.com\\\/wp-content\\\/uploads\\\/2024\\\/02\\\/velo-electrique-hyeres-4-2048x1357.jpg\",\"blog-large\":\"https:\\\/\\\/www.lift-mtb.com\\\/wp-content\\\/uploads\\\/2024\\\/02\\\/velo-electrique-hyeres-4-669x272.jpg\",\"blog-medium\":\"https:\\\/\\\/www.lift-mtb.com\\\/wp-content\\\/uploads\\\/2024\\\/02\\\/velo-electrique-hyeres-4-320x202.jpg\",\"recent-posts\":\"https:\\\/\\\/www.lift-mtb.com\\\/wp-content\\\/uploads\\\/2024\\\/02\\\/velo-electrique-hyeres-4-700x441.jpg\",\"recent-works-thumbnail\":\"https:\\\/\\\/www.lift-mtb.com\\\/wp-content\\\/uploads\\\/2024\\\/02\\\/velo-electrique-hyeres-4-66x66.jpg\",\"fusion-200\":\"https:\\\/\\\/www.lift-mtb.com\\\/wp-content\\\/uploads\\\/2024\\\/02\\\/velo-electrique-hyeres-4-200x132.jpg\",\"fusion-400\":\"https:\\\/\\\/www.lift-mtb.com\\\/wp-content\\\/uploads\\\/2024\\\/02\\\/velo-electrique-hyeres-4-400x265.jpg\",\"fusion-600\":\"https:\\\/\\\/www.lift-mtb.com\\\/wp-content\\\/uploads\\\/2024\\\/02\\\/velo-electrique-hyeres-4-600x397.jpg\",\"fusion-800\":\"https:\\\/\\\/www.lift-mtb.com\\\/wp-content\\\/uploads\\\/2024\\\/02\\\/velo-electrique-hyeres-4-800x530.jpg\",\"fusion-1200\":\"https:\\\/\\\/www.lift-mtb.com\\\/wp-content\\\/uploads\\\/2024\\\/02\\\/velo-electrique-hyeres-4-1200x795.jpg\",\"portfolio-full\":\"https:\\\/\\\/www.lift-mtb.com\\\/wp-content\\\/uploads\\\/2024\\\/02\\\/velo-electrique-hyeres-4-940x400.jpg\",\"portfolio-one\":\"https:\\\/\\\/www.lift-mtb.com\\\/wp-content\\\/uploads\\\/2024\\\/02\\\/velo-electrique-hyeres-4-540x272.jpg\",\"portfolio-two\":\"https:\\\/\\\/www.lift-mtb.com\\\/wp-content\\\/uploads\\\/2024\\\/02\\\/velo-electrique-hyeres-4-460x295.jpg\",\"portfolio-three\":\"https:\\\/\\\/www.lift-mtb.com\\\/wp-content\\\/uploads\\\/2024\\\/02\\\/velo-electrique-hyeres-4-300x214.jpg\",\"portfolio-five\":\"https:\\\/\\\/www.lift-mtb.com\\\/wp-content\\\/uploads\\\/2024\\\/02\\\/velo-electrique-hyeres-4-177x142.jpg\",\"woocommerce_thumbnail\":\"https:\\\/\\\/www.lift-mtb.com\\\/wp-content\\\/uploads\\\/2024\\\/02\\\/velo-electrique-hyeres-4-500x331.jpg\",\"woocommerce_single\":\"https:\\\/\\\/www.lift-mtb.com\\\/wp-content\\\/uploads\\\/2024\\\/02\\\/velo-electrique-hyeres-4-700x464.jpg\",\"woocommerce_gallery_thumbnail\":\"https:\\\/\\\/www.lift-mtb.com\\\/wp-content\\\/uploads\\\/2024\\\/02\\\/velo-electrique-hyeres-4-150x150.jpg\",\"full\":\"https:\\\/\\\/www.lift-mtb.com\\\/wp-content\\\/uploads\\\/2024\\\/02\\\/velo-electrique-hyeres-4-scaled.jpg\",\"index\":1,\"id\":49151,\"video\":false,\"opts\":{\"caption\":\"\",\"thumb\":\"https:\\\/\\\/www.lift-mtb.com\\\/wp-content\\\/uploads\\\/2024\\\/02\\\/velo-electrique-hyeres-4-scaled-75x50_c.jpg\",\"title\":\"velo electrique hyeres &amp;#8211; 4\"},\"gallery_id\":\"49090\"},{\"status\":\"active\",\"src\":\"https:\\\/\\\/www.lift-mtb.com\\\/wp-content\\\/uploads\\\/2024\\\/02\\\/moteur-electrique-velo-hyeres-copie-scaled.jpg\",\"title\":\"moteur electrique v&eacute;lo hyeres &amp;#8211; Copie\",\"link\":\"http:\\\/\\\/lift-mtb.com\\\/wp-content\\\/uploads\\\/2024\\\/02\\\/moteur-electrique-velo-hyeres-copie-scaled.jpg\",\"alt\":\"\",\"caption\":false,\"thumb\":\"https:\\\/\\\/www.lift-mtb.com\\\/wp-content\\\/uploads\\\/2024\\\/02\\\/moteur-electrique-velo-hyeres-copie-scaled-75x50_c.jpg\",\"tags\":[],\"meta\":{\"aperture\":\"8\",\"credit\":null,\"camera\":\"NIKON D7000\",\"caption\":\"\",\"created_timestamp\":\"1706616094\",\"copyright\":null,\"focal_length\":\"210\",\"iso\":\"1600\",\"shutter_speed\":\"0.00025\",\"title\":\"\",\"orientation\":\"1\",\"keywords\":null,\"resized_images\":null},\"thumbnail\":\"https:\\\/\\\/www.lift-mtb.com\\\/wp-content\\\/uploads\\\/2024\\\/02\\\/moteur-electrique-velo-hyeres-copie-150x150.jpg\",\"medium\":\"https:\\\/\\\/www.lift-mtb.com\\\/wp-content\\\/uploads\\\/2024\\\/02\\\/moteur-electrique-velo-hyeres-copie-300x199.jpg\",\"medium_large\":\"https:\\\/\\\/www.lift-mtb.com\\\/wp-content\\\/uploads\\\/2024\\\/02\\\/moteur-electrique-velo-hyeres-copie-768x509.jpg\",\"large\":\"https:\\\/\\\/www.lift-mtb.com\\\/wp-content\\\/uploads\\\/2024\\\/02\\\/moteur-electrique-velo-hyeres-copie-1024x678.jpg\",\"1536x1536\":\"https:\\\/\\\/www.lift-mtb.com\\\/wp-content\\\/uploads\\\/2024\\\/02\\\/moteur-electrique-velo-hyeres-copie-1536x1017.jpg\",\"2048x2048\":\"https:\\\/\\\/www.lift-mtb.com\\\/wp-content\\\/uploads\\\/2024\\\/02\\\/moteur-electrique-velo-hyeres-copie-2048x1356.jpg\",\"blog-large\":\"https:\\\/\\\/www.lift-mtb.com\\\/wp-content\\\/uploads\\\/2024\\\/02\\\/moteur-electrique-velo-hyeres-copie-669x272.jpg\",\"blog-medium\":\"https:\\\/\\\/www.lift-mtb.com\\\/wp-content\\\/uploads\\\/2024\\\/02\\\/moteur-electrique-velo-hyeres-copie-320x202.jpg\",\"recent-posts\":\"https:\\\/\\\/www.lift-mtb.com\\\/wp-content\\\/uploads\\\/2024\\\/02\\\/moteur-electrique-velo-hyeres-copie-700x441.jpg\",\"recent-works-thumbnail\":\"https:\\\/\\\/www.lift-mtb.com\\\/wp-content\\\/uploads\\\/2024\\\/02\\\/moteur-electrique-velo-hyeres-copie-66x66.jpg\",\"fusion-200\":\"https:\\\/\\\/www.lift-mtb.com\\\/wp-content\\\/uploads\\\/2024\\\/02\\\/moteur-electrique-velo-hyeres-copie-200x132.jpg\",\"fusion-400\":\"https:\\\/\\\/www.lift-mtb.com\\\/wp-content\\\/uploads\\\/2024\\\/02\\\/moteur-electrique-velo-hyeres-copie-400x265.jpg\",\"fusion-600\":\"https:\\\/\\\/www.lift-mtb.com\\\/wp-content\\\/uploads\\\/2024\\\/02\\\/moteur-electrique-velo-hyeres-copie-600x397.jpg\",\"fusion-800\":\"https:\\\/\\\/www.lift-mtb.com\\\/wp-content\\\/uploads\\\/2024\\\/02\\\/moteur-electrique-velo-hyeres-copie-800x530.jpg\",\"fusion-1200\":\"https:\\\/\\\/www.lift-mtb.com\\\/wp-content\\\/uploads\\\/2024\\\/02\\\/moteur-electrique-velo-hyeres-copie-1200x795.jpg\",\"portfolio-full\":\"https:\\\/\\\/www.lift-mtb.com\\\/wp-content\\\/uploads\\\/2024\\\/02\\\/moteur-electrique-velo-hyeres-copie-940x400.jpg\",\"portfolio-one\":\"https:\\\/\\\/www.lift-mtb.com\\\/wp-content\\\/uploads\\\/2024\\\/02\\\/moteur-electrique-velo-hyeres-copie-540x272.jpg\",\"portfolio-two\":\"https:\\\/\\\/www.lift-mtb.com\\\/wp-content\\\/uploads\\\/2024\\\/02\\\/moteur-electrique-velo-hyeres-copie-460x295.jpg\",\"portfolio-three\":\"https:\\\/\\\/www.lift-mtb.com\\\/wp-content\\\/uploads\\\/2024\\\/02\\\/moteur-electrique-velo-hyeres-copie-300x214.jpg\",\"portfolio-five\":\"https:\\\/\\\/www.lift-mtb.com\\\/wp-content\\\/uploads\\\/2024\\\/02\\\/moteur-electrique-velo-hyeres-copie-177x142.jpg\",\"woocommerce_thumbnail\":\"https:\\\/\\\/www.lift-mtb.com\\\/wp-content\\\/uploads\\\/2024\\\/02\\\/moteur-electrique-velo-hyeres-copie-500x331.jpg\",\"woocommerce_single\":\"https:\\\/\\\/www.lift-mtb.com\\\/wp-content\\\/uploads\\\/2024\\\/02\\\/moteur-electrique-velo-hyeres-copie-700x464.jpg\",\"woocommerce_gallery_thumbnail\":\"https:\\\/\\\/www.lift-mtb.com\\\/wp-content\\\/uploads\\\/2024\\\/02\\\/moteur-electrique-velo-hyeres-copie-150x150.jpg\",\"full\":\"https:\\\/\\\/www.lift-mtb.com\\\/wp-content\\\/uploads\\\/2024\\\/02\\\/moteur-electrique-velo-hyeres-copie-scaled.jpg\",\"index\":2,\"id\":49096,\"video\":false,\"opts\":{\"caption\":\"\",\"thumb\":\"https:\\\/\\\/www.lift-mtb.com\\\/wp-content\\\/uploads\\\/2024\\\/02\\\/moteur-electrique-velo-hyeres-copie-scaled-75x50_c.jpg\",\"title\":\"moteur electrique v&eacute;lo hyeres &amp;#8211; Copie\"},\"gallery_id\":\"49090\"},{\"status\":\"active\",\"src\":\"https:\\\/\\\/www.lift-mtb.com\\\/wp-content\\\/uploads\\\/2024\\\/02\\\/velo-electrique-hyeres-1-scaled.jpg\",\"title\":\"velo electrique hyeres -1\",\"link\":\"http:\\\/\\\/lift-mtb.com\\\/wp-content\\\/uploads\\\/2024\\\/02\\\/velo-electrique-hyeres-1-scaled.jpg\",\"alt\":\"\",\"caption\":false,\"thumb\":\"https:\\\/\\\/www.lift-mtb.com\\\/wp-content\\\/uploads\\\/2024\\\/02\\\/velo-electrique-hyeres-1-scaled-75x50_c.jpg\",\"tags\":[],\"meta\":{\"aperture\":\"8\",\"credit\":null,\"camera\":\"NIKON D7000\",\"caption\":\"\",\"created_timestamp\":\"1706001867\",\"copyright\":null,\"focal_length\":\"190\",\"iso\":\"1600\",\"shutter_speed\":\"0.00025\",\"title\":\"\",\"orientation\":\"1\",\"keywords\":null,\"resized_images\":null},\"thumbnail\":\"https:\\\/\\\/www.lift-mtb.com\\\/wp-content\\\/uploads\\\/2024\\\/02\\\/velo-electrique-hyeres-1-150x150.jpg\",\"medium\":\"https:\\\/\\\/www.lift-mtb.com\\\/wp-content\\\/uploads\\\/2024\\\/02\\\/velo-electrique-hyeres-1-300x199.jpg\",\"medium_large\":\"https:\\\/\\\/www.lift-mtb.com\\\/wp-content\\\/uploads\\\/2024\\\/02\\\/velo-electrique-hyeres-1-768x509.jpg\",\"large\":\"https:\\\/\\\/www.lift-mtb.com\\\/wp-content\\\/uploads\\\/2024\\\/02\\\/velo-electrique-hyeres-1-1024x678.jpg\",\"1536x1536\":\"https:\\\/\\\/www.lift-mtb.com\\\/wp-content\\\/uploads\\\/2024\\\/02\\\/velo-electrique-hyeres-1-1536x1017.jpg\",\"2048x2048\":\"https:\\\/\\\/www.lift-mtb.com\\\/wp-content\\\/uploads\\\/2024\\\/02\\\/velo-electrique-hyeres-1-2048x1356.jpg\",\"blog-large\":\"https:\\\/\\\/www.lift-mtb.com\\\/wp-content\\\/uploads\\\/2024\\\/02\\\/velo-electrique-hyeres-1-669x272.jpg\",\"blog-medium\":\"https:\\\/\\\/www.lift-mtb.com\\\/wp-content\\\/uploads\\\/2024\\\/02\\\/velo-electrique-hyeres-1-320x202.jpg\",\"recent-posts\":\"https:\\\/\\\/www.lift-mtb.com\\\/wp-content\\\/uploads\\\/2024\\\/02\\\/velo-electrique-hyeres-1-700x441.jpg\",\"recent-works-thumbnail\":\"https:\\\/\\\/www.lift-mtb.com\\\/wp-content\\\/uploads\\\/2024\\\/02\\\/velo-electrique-hyeres-1-66x66.jpg\",\"fusion-200\":\"https:\\\/\\\/www.lift-mtb.com\\\/wp-content\\\/uploads\\\/2024\\\/02\\\/velo-electrique-hyeres-1-200x132.jpg\",\"fusion-400\":\"https:\\\/\\\/www.lift-mtb.com\\\/wp-content\\\/uploads\\\/2024\\\/02\\\/velo-electrique-hyeres-1-400x265.jpg\",\"fusion-600\":\"https:\\\/\\\/www.lift-mtb.com\\\/wp-content\\\/uploads\\\/2024\\\/02\\\/velo-electrique-hyeres-1-600x397.jpg\",\"fusion-800\":\"https:\\\/\\\/www.lift-mtb.com\\\/wp-content\\\/uploads\\\/2024\\\/02\\\/velo-electrique-hyeres-1-800x530.jpg\",\"fusion-1200\":\"https:\\\/\\\/www.lift-mtb.com\\\/wp-content\\\/uploads\\\/2024\\\/02\\\/velo-electrique-hyeres-1-1200x795.jpg\",\"portfolio-full\":\"https:\\\/\\\/www.lift-mtb.com\\\/wp-content\\\/uploads\\\/2024\\\/02\\\/velo-electrique-hyeres-1-940x400.jpg\",\"portfolio-one\":\"https:\\\/\\\/www.lift-mtb.com\\\/wp-content\\\/uploads\\\/2024\\\/02\\\/velo-electrique-hyeres-1-540x272.jpg\",\"portfolio-two\":\"https:\\\/\\\/www.lift-mtb.com\\\/wp-content\\\/uploads\\\/2024\\\/02\\\/velo-electrique-hyeres-1-460x295.jpg\",\"portfolio-three\":\"https:\\\/\\\/www.lift-mtb.com\\\/wp-content\\\/uploads\\\/2024\\\/02\\\/velo-electrique-hyeres-1-300x214.jpg\",\"portfolio-five\":\"https:\\\/\\\/www.lift-mtb.com\\\/wp-content\\\/uploads\\\/2024\\\/02\\\/velo-electrique-hyeres-1-177x142.jpg\",\"woocommerce_thumbnail\":\"https:\\\/\\\/www.lift-mtb.com\\\/wp-content\\\/uploads\\\/2024\\\/02\\\/velo-electrique-hyeres-1-500x331.jpg\",\"woocommerce_single\":\"https:\\\/\\\/www.lift-mtb.com\\\/wp-content\\\/uploads\\\/2024\\\/02\\\/velo-electrique-hyeres-1-700x464.jpg\",\"woocommerce_gallery_thumbnail\":\"https:\\\/\\\/www.lift-mtb.com\\\/wp-content\\\/uploads\\\/2024\\\/02\\\/velo-electrique-hyeres-1-150x150.jpg\",\"full\":\"https:\\\/\\\/www.lift-mtb.com\\\/wp-content\\\/uploads\\\/2024\\\/02\\\/velo-electrique-hyeres-1-scaled.jpg\",\"index\":3,\"id\":49176,\"video\":false,\"opts\":{\"caption\":\"\",\"thumb\":\"https:\\\/\\\/www.lift-mtb.com\\\/wp-content\\\/uploads\\\/2024\\\/02\\\/velo-electrique-hyeres-1-scaled-75x50_c.jpg\",\"title\":\"velo electrique hyeres -1\"},\"gallery_id\":\"49090\"},{\"status\":\"active\",\"src\":\"https:\\\/\\\/www.lift-mtb.com\\\/wp-content\\\/uploads\\\/2024\\\/02\\\/moteur-electrique-velo-hyeres-vtt-copie-scaled.jpg\",\"title\":\"moteur electrique v&eacute;lo hyeres vtt &amp;#8211; Copie\",\"link\":\"http:\\\/\\\/lift-mtb.com\\\/wp-content\\\/uploads\\\/2024\\\/02\\\/moteur-electrique-velo-hyeres-vtt-copie-scaled.jpg\",\"alt\":\"\",\"caption\":false,\"thumb\":\"https:\\\/\\\/www.lift-mtb.com\\\/wp-content\\\/uploads\\\/2024\\\/02\\\/moteur-electrique-velo-hyeres-vtt-copie-scaled-75x50_c.jpg\",\"tags\":[],\"meta\":{\"aperture\":\"25\",\"credit\":null,\"camera\":\"NIKON D7000\",\"caption\":\"\",\"created_timestamp\":\"1706616212\",\"copyright\":null,\"focal_length\":\"190\",\"iso\":\"1600\",\"shutter_speed\":\"0.004\",\"title\":\"\",\"orientation\":\"1\",\"keywords\":null,\"resized_images\":null},\"thumbnail\":\"https:\\\/\\\/www.lift-mtb.com\\\/wp-content\\\/uploads\\\/2024\\\/02\\\/moteur-electrique-velo-hyeres-vtt-copie-150x150.jpg\",\"medium\":\"https:\\\/\\\/www.lift-mtb.com\\\/wp-content\\\/uploads\\\/2024\\\/02\\\/moteur-electrique-velo-hyeres-vtt-copie-300x199.jpg\",\"medium_large\":\"https:\\\/\\\/www.lift-mtb.com\\\/wp-content\\\/uploads\\\/2024\\\/02\\\/moteur-electrique-velo-hyeres-vtt-copie-768x509.jpg\",\"large\":\"https:\\\/\\\/www.lift-mtb.com\\\/wp-content\\\/uploads\\\/2024\\\/02\\\/moteur-electrique-velo-hyeres-vtt-copie-1024x678.jpg\",\"1536x1536\":\"https:\\\/\\\/www.lift-mtb.com\\\/wp-content\\\/uploads\\\/2024\\\/02\\\/moteur-electrique-velo-hyeres-vtt-copie-1536x1017.jpg\",\"2048x2048\":\"https:\\\/\\\/www.lift-mtb.com\\\/wp-content\\\/uploads\\\/2024\\\/02\\\/moteur-electrique-velo-hyeres-vtt-copie-2048x1356.jpg\",\"blog-large\":\"https:\\\/\\\/www.lift-mtb.com\\\/wp-content\\\/uploads\\\/2024\\\/02\\\/moteur-electrique-velo-hyeres-vtt-copie-669x272.jpg\",\"blog-medium\":\"https:\\\/\\\/www.lift-mtb.com\\\/wp-content\\\/uploads\\\/2024\\\/02\\\/moteur-electrique-velo-hyeres-vtt-copie-320x202.jpg\",\"recent-posts\":\"https:\\\/\\\/www.lift-mtb.com\\\/wp-content\\\/uploads\\\/2024\\\/02\\\/moteur-electrique-velo-hyeres-vtt-copie-700x441.jpg\",\"recent-works-thumbnail\":\"https:\\\/\\\/www.lift-mtb.com\\\/wp-content\\\/uploads\\\/2024\\\/02\\\/moteur-electrique-velo-hyeres-vtt-copie-66x66.jpg\",\"fusion-200\":\"https:\\\/\\\/www.lift-mtb.com\\\/wp-content\\\/uploads\\\/2024\\\/02\\\/moteur-electrique-velo-hyeres-vtt-copie-200x132.jpg\",\"fusion-400\":\"https:\\\/\\\/www.lift-mtb.com\\\/wp-content\\\/uploads\\\/2024\\\/02\\\/moteur-electrique-velo-hyeres-vtt-copie-400x265.jpg\",\"fusion-600\":\"https:\\\/\\\/www.lift-mtb.com\\\/wp-content\\\/uploads\\\/2024\\\/02\\\/moteur-electrique-velo-hyeres-vtt-copie-600x397.jpg\",\"fusion-800\":\"https:\\\/\\\/www.lift-mtb.com\\\/wp-content\\\/uploads\\\/2024\\\/02\\\/moteur-electrique-velo-hyeres-vtt-copie-800x530.jpg\",\"fusion-1200\":\"https:\\\/\\\/www.lift-mtb.com\\\/wp-content\\\/uploads\\\/2024\\\/02\\\/moteur-electrique-velo-hyeres-vtt-copie-1200x795.jpg\",\"portfolio-full\":\"https:\\\/\\\/www.lift-mtb.com\\\/wp-content\\\/uploads\\\/2024\\\/02\\\/moteur-electrique-velo-hyeres-vtt-copie-940x400.jpg\",\"portfolio-one\":\"https:\\\/\\\/www.lift-mtb.com\\\/wp-content\\\/uploads\\\/2024\\\/02\\\/moteur-electrique-velo-hyeres-vtt-copie-540x272.jpg\",\"portfolio-two\":\"https:\\\/\\\/www.lift-mtb.com\\\/wp-content\\\/uploads\\\/2024\\\/02\\\/moteur-electrique-velo-hyeres-vtt-copie-460x295.jpg\",\"portfolio-three\":\"https:\\\/\\\/www.lift-mtb.com\\\/wp-content\\\/uploads\\\/2024\\\/02\\\/moteur-electrique-velo-hyeres-vtt-copie-300x214.jpg\",\"portfolio-five\":\"https:\\\/\\\/www.lift-mtb.com\\\/wp-content\\\/uploads\\\/2024\\\/02\\\/moteur-electrique-velo-hyeres-vtt-copie-177x142.jpg\",\"woocommerce_thumbnail\":\"https:\\\/\\\/www.lift-mtb.com\\\/wp-content\\\/uploads\\\/2024\\\/02\\\/moteur-electrique-velo-hyeres-vtt-copie-500x331.jpg\",\"woocommerce_single\":\"https:\\\/\\\/www.lift-mtb.com\\\/wp-content\\\/uploads\\\/2024\\\/02\\\/moteur-electrique-velo-hyeres-vtt-copie-700x464.jpg\",\"woocommerce_gallery_thumbnail\":\"https:\\\/\\\/www.lift-mtb.com\\\/wp-content\\\/uploads\\\/2024\\\/02\\\/moteur-electrique-velo-hyeres-vtt-copie-150x150.jpg\",\"full\":\"https:\\\/\\\/www.lift-mtb.com\\\/wp-content\\\/uploads\\\/2024\\\/02\\\/moteur-electrique-velo-hyeres-vtt-copie-scaled.jpg\",\"index\":4,\"id\":49116,\"video\":false,\"opts\":{\"caption\":\"\",\"thumb\":\"https:\\\/\\\/www.lift-mtb.com\\\/wp-content\\\/uploads\\\/2024\\\/02\\\/moteur-electrique-velo-hyeres-vtt-copie-scaled-75x50_c.jpg\",\"title\":\"moteur electrique v&eacute;lo hyeres vtt &amp;#8211; Copie\"},\"gallery_id\":\"49090\"},{\"status\":\"active\",\"src\":\"https:\\\/\\\/www.lift-mtb.com\\\/wp-content\\\/uploads\\\/2024\\\/02\\\/velo-electrique-hyeres-2-scaled.jpg\",\"title\":\"velo electrique hyeres &amp;#8211; 2\",\"link\":\"http:\\\/\\\/lift-mtb.com\\\/wp-content\\\/uploads\\\/2024\\\/02\\\/velo-electrique-hyeres-2-scaled.jpg\",\"alt\":\"\",\"caption\":false,\"thumb\":\"https:\\\/\\\/www.lift-mtb.com\\\/wp-content\\\/uploads\\\/2024\\\/02\\\/velo-electrique-hyeres-2-scaled-75x50_c.jpg\",\"tags\":[],\"meta\":{\"aperture\":\"8\",\"credit\":null,\"camera\":\"NIKON D7000\",\"caption\":\"\",\"created_timestamp\":\"1706001892\",\"copyright\":null,\"focal_length\":\"180\",\"iso\":\"1600\",\"shutter_speed\":\"0.00025\",\"title\":\"\",\"orientation\":\"1\",\"keywords\":null,\"resized_images\":null},\"thumbnail\":\"https:\\\/\\\/www.lift-mtb.com\\\/wp-content\\\/uploads\\\/2024\\\/02\\\/velo-electrique-hyeres-2-150x150.jpg\",\"medium\":\"https:\\\/\\\/www.lift-mtb.com\\\/wp-content\\\/uploads\\\/2024\\\/02\\\/velo-electrique-hyeres-2-300x191.jpg\",\"medium_large\":\"https:\\\/\\\/www.lift-mtb.com\\\/wp-content\\\/uploads\\\/2024\\\/02\\\/velo-electrique-hyeres-2-768x488.jpg\",\"large\":\"https:\\\/\\\/www.lift-mtb.com\\\/wp-content\\\/uploads\\\/2024\\\/02\\\/velo-electrique-hyeres-2-1024x651.jpg\",\"1536x1536\":\"https:\\\/\\\/www.lift-mtb.com\\\/wp-content\\\/uploads\\\/2024\\\/02\\\/velo-electrique-hyeres-2-1536x976.jpg\",\"2048x2048\":\"https:\\\/\\\/www.lift-mtb.com\\\/wp-content\\\/uploads\\\/2024\\\/02\\\/velo-electrique-hyeres-2-2048x1301.jpg\",\"blog-large\":\"https:\\\/\\\/www.lift-mtb.com\\\/wp-content\\\/uploads\\\/2024\\\/02\\\/velo-electrique-hyeres-2-669x272.jpg\",\"blog-medium\":\"https:\\\/\\\/www.lift-mtb.com\\\/wp-content\\\/uploads\\\/2024\\\/02\\\/velo-electrique-hyeres-2-320x202.jpg\",\"recent-posts\":\"https:\\\/\\\/www.lift-mtb.com\\\/wp-content\\\/uploads\\\/2024\\\/02\\\/velo-electrique-hyeres-2-700x441.jpg\",\"recent-works-thumbnail\":\"https:\\\/\\\/www.lift-mtb.com\\\/wp-content\\\/uploads\\\/2024\\\/02\\\/velo-electrique-hyeres-2-66x66.jpg\",\"fusion-200\":\"https:\\\/\\\/www.lift-mtb.com\\\/wp-content\\\/uploads\\\/2024\\\/02\\\/velo-electrique-hyeres-2-200x127.jpg\",\"fusion-400\":\"https:\\\/\\\/www.lift-mtb.com\\\/wp-content\\\/uploads\\\/2024\\\/02\\\/velo-electrique-hyeres-2-400x254.jpg\",\"fusion-600\":\"https:\\\/\\\/www.lift-mtb.com\\\/wp-content\\\/uploads\\\/2024\\\/02\\\/velo-electrique-hyeres-2-600x381.jpg\",\"fusion-800\":\"https:\\\/\\\/www.lift-mtb.com\\\/wp-content\\\/uploads\\\/2024\\\/02\\\/velo-electrique-hyeres-2-800x508.jpg\",\"fusion-1200\":\"https:\\\/\\\/www.lift-mtb.com\\\/wp-content\\\/uploads\\\/2024\\\/02\\\/velo-electrique-hyeres-2-1200x762.jpg\",\"portfolio-full\":\"https:\\\/\\\/www.lift-mtb.com\\\/wp-content\\\/uploads\\\/2024\\\/02\\\/velo-electrique-hyeres-2-940x400.jpg\",\"portfolio-one\":\"https:\\\/\\\/www.lift-mtb.com\\\/wp-content\\\/uploads\\\/2024\\\/02\\\/velo-electrique-hyeres-2-540x272.jpg\",\"portfolio-two\":\"https:\\\/\\\/www.lift-mtb.com\\\/wp-content\\\/uploads\\\/2024\\\/02\\\/velo-electrique-hyeres-2-460x295.jpg\",\"portfolio-three\":\"https:\\\/\\\/www.lift-mtb.com\\\/wp-content\\\/uploads\\\/2024\\\/02\\\/velo-electrique-hyeres-2-300x214.jpg\",\"portfolio-five\":\"https:\\\/\\\/www.lift-mtb.com\\\/wp-content\\\/uploads\\\/2024\\\/02\\\/velo-electrique-hyeres-2-177x142.jpg\",\"woocommerce_thumbnail\":\"https:\\\/\\\/www.lift-mtb.com\\\/wp-content\\\/uploads\\\/2024\\\/02\\\/velo-electrique-hyeres-2-500x318.jpg\",\"woocommerce_single\":\"https:\\\/\\\/www.lift-mtb.com\\\/wp-content\\\/uploads\\\/2024\\\/02\\\/velo-electrique-hyeres-2-700x445.jpg\",\"woocommerce_gallery_thumbnail\":\"https:\\\/\\\/www.lift-mtb.com\\\/wp-content\\\/uploads\\\/2024\\\/02\\\/velo-electrique-hyeres-2-150x150.jpg\",\"full\":\"https:\\\/\\\/www.lift-mtb.com\\\/wp-content\\\/uploads\\\/2024\\\/02\\\/velo-electrique-hyeres-2-scaled.jpg\",\"index\":5,\"id\":49141,\"video\":false,\"opts\":{\"caption\":\"\",\"thumb\":\"https:\\\/\\\/www.lift-mtb.com\\\/wp-content\\\/uploads\\\/2024\\\/02\\\/velo-electrique-hyeres-2-scaled-75x50_c.jpg\",\"title\":\"velo electrique hyeres &amp;#8211; 2\"},\"gallery_id\":\"49090\"},{\"status\":\"active\",\"src\":\"https:\\\/\\\/www.lift-mtb.com\\\/wp-content\\\/uploads\\\/2024\\\/02\\\/moteur-electrique-velo-hyeres-la-crau-scaled.jpg\",\"title\":\"moteur electrique v&eacute;lo hyeres la crau\",\"link\":\"http:\\\/\\\/lift-mtb.com\\\/wp-content\\\/uploads\\\/2024\\\/02\\\/moteur-electrique-velo-hyeres-la-crau-scaled.jpg\",\"alt\":\"\",\"caption\":false,\"thumb\":\"https:\\\/\\\/www.lift-mtb.com\\\/wp-content\\\/uploads\\\/2024\\\/02\\\/moteur-electrique-velo-hyeres-la-crau-scaled-75x50_c.jpg\",\"tags\":[],\"meta\":{\"aperture\":\"7.1\",\"credit\":null,\"camera\":\"NIKON D7000\",\"caption\":\"\",\"created_timestamp\":\"1706616791\",\"copyright\":null,\"focal_length\":\"210\",\"iso\":\"1600\",\"shutter_speed\":\"0.0003125\",\"title\":\"\",\"orientation\":\"1\",\"keywords\":null,\"resized_images\":null},\"thumbnail\":\"https:\\\/\\\/www.lift-mtb.com\\\/wp-content\\\/uploads\\\/2024\\\/02\\\/moteur-electrique-velo-hyeres-la-crau-150x150.jpg\",\"medium\":\"https:\\\/\\\/www.lift-mtb.com\\\/wp-content\\\/uploads\\\/2024\\\/02\\\/moteur-electrique-velo-hyeres-la-crau-300x199.jpg\",\"medium_large\":\"https:\\\/\\\/www.lift-mtb.com\\\/wp-content\\\/uploads\\\/2024\\\/02\\\/moteur-electrique-velo-hyeres-la-crau-768x509.jpg\",\"large\":\"https:\\\/\\\/www.lift-mtb.com\\\/wp-content\\\/uploads\\\/2024\\\/02\\\/moteur-electrique-velo-hyeres-la-crau-1024x678.jpg\",\"1536x1536\":\"https:\\\/\\\/www.lift-mtb.com\\\/wp-content\\\/uploads\\\/2024\\\/02\\\/moteur-electrique-velo-hyeres-la-crau-1536x1017.jpg\",\"2048x2048\":\"https:\\\/\\\/www.lift-mtb.com\\\/wp-content\\\/uploads\\\/2024\\\/02\\\/moteur-electrique-velo-hyeres-la-crau-2048x1356.jpg\",\"blog-large\":\"https:\\\/\\\/www.lift-mtb.com\\\/wp-content\\\/uploads\\\/2024\\\/02\\\/moteur-electrique-velo-hyeres-la-crau-669x272.jpg\",\"blog-medium\":\"https:\\\/\\\/www.lift-mtb.com\\\/wp-content\\\/uploads\\\/2024\\\/02\\\/moteur-electrique-velo-hyeres-la-crau-320x202.jpg\",\"recent-posts\":\"https:\\\/\\\/www.lift-mtb.com\\\/wp-content\\\/uploads\\\/2024\\\/02\\\/moteur-electrique-velo-hyeres-la-crau-700x441.jpg\",\"recent-works-thumbnail\":\"https:\\\/\\\/www.lift-mtb.com\\\/wp-content\\\/uploads\\\/2024\\\/02\\\/moteur-electrique-velo-hyeres-la-crau-66x66.jpg\",\"fusion-200\":\"https:\\\/\\\/www.lift-mtb.com\\\/wp-content\\\/uploads\\\/2024\\\/02\\\/moteur-electrique-velo-hyeres-la-crau-200x132.jpg\",\"fusion-400\":\"https:\\\/\\\/www.lift-mtb.com\\\/wp-content\\\/uploads\\\/2024\\\/02\\\/moteur-electrique-velo-hyeres-la-crau-400x265.jpg\",\"fusion-600\":\"https:\\\/\\\/www.lift-mtb.com\\\/wp-content\\\/uploads\\\/2024\\\/02\\\/moteur-electrique-velo-hyeres-la-crau-600x397.jpg\",\"fusion-800\":\"https:\\\/\\\/www.lift-mtb.com\\\/wp-content\\\/uploads\\\/2024\\\/02\\\/moteur-electrique-velo-hyeres-la-crau-800x530.jpg\",\"fusion-1200\":\"https:\\\/\\\/www.lift-mtb.com\\\/wp-content\\\/uploads\\\/2024\\\/02\\\/moteur-electrique-velo-hyeres-la-crau-1200x795.jpg\",\"portfolio-full\":\"https:\\\/\\\/www.lift-mtb.com\\\/wp-content\\\/uploads\\\/2024\\\/02\\\/moteur-electrique-velo-hyeres-la-crau-940x400.jpg\",\"portfolio-one\":\"https:\\\/\\\/www.lift-mtb.com\\\/wp-content\\\/uploads\\\/2024\\\/02\\\/moteur-electrique-velo-hyeres-la-crau-540x272.jpg\",\"portfolio-two\":\"https:\\\/\\\/www.lift-mtb.com\\\/wp-content\\\/uploads\\\/2024\\\/02\\\/moteur-electrique-velo-hyeres-la-crau-460x295.jpg\",\"portfolio-three\":\"https:\\\/\\\/www.lift-mtb.com\\\/wp-content\\\/uploads\\\/2024\\\/02\\\/moteur-electrique-velo-hyeres-la-crau-300x214.jpg\",\"portfolio-five\":\"https:\\\/\\\/www.lift-mtb.com\\\/wp-content\\\/uploads\\\/2024\\\/02\\\/moteur-electrique-velo-hyeres-la-crau-177x142.jpg\",\"woocommerce_thumbnail\":\"https:\\\/\\\/www.lift-mtb.com\\\/wp-content\\\/uploads\\\/2024\\\/02\\\/moteur-electrique-velo-hyeres-la-crau-500x331.jpg\",\"woocommerce_single\":\"https:\\\/\\\/www.lift-mtb.com\\\/wp-content\\\/uploads\\\/2024\\\/02\\\/moteur-electrique-velo-hyeres-la-crau-700x464.jpg\",\"woocommerce_gallery_thumbnail\":\"https:\\\/\\\/www.lift-mtb.com\\\/wp-content\\\/uploads\\\/2024\\\/02\\\/moteur-electrique-velo-hyeres-la-crau-150x150.jpg\",\"full\":\"https:\\\/\\\/www.lift-mtb.com\\\/wp-content\\\/uploads\\\/2024\\\/02\\\/moteur-electrique-velo-hyeres-la-crau-scaled.jpg\",\"index\":6,\"id\":49111,\"video\":false,\"opts\":{\"caption\":\"\",\"thumb\":\"https:\\\/\\\/www.lift-mtb.com\\\/wp-content\\\/uploads\\\/2024\\\/02\\\/moteur-electrique-velo-hyeres-la-crau-scaled-75x50_c.jpg\",\"title\":\"moteur electrique v&eacute;lo hyeres la crau\"},\"gallery_id\":\"49090\"},{\"status\":\"active\",\"src\":\"https:\\\/\\\/www.lift-mtb.com\\\/wp-content\\\/uploads\\\/2024\\\/02\\\/velo-electrique-hyeres-7-scaled.jpg\",\"title\":\"velo electrique hyeres &amp;#8211; 7\",\"link\":\"http:\\\/\\\/lift-mtb.com\\\/wp-content\\\/uploads\\\/2024\\\/02\\\/velo-electrique-hyeres-7-scaled.jpg\",\"alt\":\"\",\"caption\":false,\"thumb\":\"https:\\\/\\\/www.lift-mtb.com\\\/wp-content\\\/uploads\\\/2024\\\/02\\\/velo-electrique-hyeres-7-scaled-75x50_c.jpg\",\"tags\":[],\"meta\":{\"aperture\":\"7.1\",\"credit\":null,\"camera\":\"NIKON D7000\",\"caption\":\"\",\"created_timestamp\":\"1706002116\",\"copyright\":null,\"focal_length\":\"190\",\"iso\":\"1600\",\"shutter_speed\":\"0.0003125\",\"title\":\"\",\"orientation\":\"1\",\"keywords\":null,\"resized_images\":null},\"thumbnail\":\"https:\\\/\\\/www.lift-mtb.com\\\/wp-content\\\/uploads\\\/2024\\\/02\\\/velo-electrique-hyeres-7-150x150.jpg\",\"medium\":\"https:\\\/\\\/www.lift-mtb.com\\\/wp-content\\\/uploads\\\/2024\\\/02\\\/velo-electrique-hyeres-7-300x199.jpg\",\"medium_large\":\"https:\\\/\\\/www.lift-mtb.com\\\/wp-content\\\/uploads\\\/2024\\\/02\\\/velo-electrique-hyeres-7-768x509.jpg\",\"large\":\"https:\\\/\\\/www.lift-mtb.com\\\/wp-content\\\/uploads\\\/2024\\\/02\\\/velo-electrique-hyeres-7-1024x678.jpg\",\"1536x1536\":\"https:\\\/\\\/www.lift-mtb.com\\\/wp-content\\\/uploads\\\/2024\\\/02\\\/velo-electrique-hyeres-7-1536x1017.jpg\",\"2048x2048\":\"https:\\\/\\\/www.lift-mtb.com\\\/wp-content\\\/uploads\\\/2024\\\/02\\\/velo-electrique-hyeres-7-2048x1356.jpg\",\"blog-large\":\"https:\\\/\\\/www.lift-mtb.com\\\/wp-content\\\/uploads\\\/2024\\\/02\\\/velo-electrique-hyeres-7-669x272.jpg\",\"blog-medium\":\"https:\\\/\\\/www.lift-mtb.com\\\/wp-content\\\/uploads\\\/2024\\\/02\\\/velo-electrique-hyeres-7-320x202.jpg\",\"recent-posts\":\"https:\\\/\\\/www.lift-mtb.com\\\/wp-content\\\/uploads\\\/2024\\\/02\\\/velo-electrique-hyeres-7-700x441.jpg\",\"recent-works-thumbnail\":\"https:\\\/\\\/www.lift-mtb.com\\\/wp-content\\\/uploads\\\/2024\\\/02\\\/velo-electrique-hyeres-7-66x66.jpg\",\"fusion-200\":\"https:\\\/\\\/www.lift-mtb.com\\\/wp-content\\\/uploads\\\/2024\\\/02\\\/velo-electrique-hyeres-7-200x132.jpg\",\"fusion-400\":\"https:\\\/\\\/www.lift-mtb.com\\\/wp-content\\\/uploads\\\/2024\\\/02\\\/velo-electrique-hyeres-7-400x265.jpg\",\"fusion-600\":\"https:\\\/\\\/www.lift-mtb.com\\\/wp-content\\\/uploads\\\/2024\\\/02\\\/velo-electrique-hyeres-7-600x397.jpg\",\"fusion-800\":\"https:\\\/\\\/www.lift-mtb.com\\\/wp-content\\\/uploads\\\/2024\\\/02\\\/velo-electrique-hyeres-7-800x530.jpg\",\"fusion-1200\":\"https:\\\/\\\/www.lift-mtb.com\\\/wp-content\\\/uploads\\\/2024\\\/02\\\/velo-electrique-hyeres-7-1200x795.jpg\",\"portfolio-full\":\"https:\\\/\\\/www.lift-mtb.com\\\/wp-content\\\/uploads\\\/2024\\\/02\\\/velo-electrique-hyeres-7-940x400.jpg\",\"portfolio-one\":\"https:\\\/\\\/www.lift-mtb.com\\\/wp-content\\\/uploads\\\/2024\\\/02\\\/velo-electrique-hyeres-7-540x272.jpg\",\"portfolio-two\":\"https:\\\/\\\/www.lift-mtb.com\\\/wp-content\\\/uploads\\\/2024\\\/02\\\/velo-electrique-hyeres-7-460x295.jpg\",\"portfolio-three\":\"https:\\\/\\\/www.lift-mtb.com\\\/wp-content\\\/uploads\\\/2024\\\/02\\\/velo-electrique-hyeres-7-300x214.jpg\",\"portfolio-five\":\"https:\\\/\\\/www.lift-mtb.com\\\/wp-content\\\/uploads\\\/2024\\\/02\\\/velo-electrique-hyeres-7-177x142.jpg\",\"woocommerce_thumbnail\":\"https:\\\/\\\/www.lift-mtb.com\\\/wp-content\\\/uploads\\\/2024\\\/02\\\/velo-electrique-hyeres-7-500x331.jpg\",\"woocommerce_single\":\"https:\\\/\\\/www.lift-mtb.com\\\/wp-content\\\/uploads\\\/2024\\\/02\\\/velo-electrique-hyeres-7-700x464.jpg\",\"woocommerce_gallery_thumbnail\":\"https:\\\/\\\/www.lift-mtb.com\\\/wp-content\\\/uploads\\\/2024\\\/02\\\/velo-electrique-hyeres-7-150x150.jpg\",\"full\":\"https:\\\/\\\/www.lift-mtb.com\\\/wp-content\\\/uploads\\\/2024\\\/02\\\/velo-electrique-hyeres-7-scaled.jpg\",\"index\":7,\"id\":49166,\"video\":false,\"opts\":{\"caption\":\"\",\"thumb\":\"https:\\\/\\\/www.lift-mtb.com\\\/wp-content\\\/uploads\\\/2024\\\/02\\\/velo-electrique-hyeres-7-scaled-75x50_c.jpg\",\"title\":\"velo electrique hyeres &amp;#8211; 7\"},\"gallery_id\":\"49090\"},{\"status\":\"active\",\"src\":\"https:\\\/\\\/www.lift-mtb.com\\\/wp-content\\\/uploads\\\/2024\\\/02\\\/velo-electrique-hyeres-5-scaled.jpg\",\"title\":\"velo electrique hyeres &amp;#8211; 5\",\"link\":\"http:\\\/\\\/lift-mtb.com\\\/wp-content\\\/uploads\\\/2024\\\/02\\\/velo-electrique-hyeres-5-scaled.jpg\",\"alt\":\"\",\"caption\":false,\"thumb\":\"https:\\\/\\\/www.lift-mtb.com\\\/wp-content\\\/uploads\\\/2024\\\/02\\\/velo-electrique-hyeres-5-scaled-75x50_c.jpg\",\"tags\":[],\"meta\":{\"aperture\":\"10\",\"credit\":null,\"camera\":\"NIKON D7000\",\"caption\":\"\",\"created_timestamp\":\"1706002108\",\"copyright\":null,\"focal_length\":\"95\",\"iso\":\"1600\",\"shutter_speed\":\"0.000625\",\"title\":\"\",\"orientation\":\"1\",\"keywords\":null,\"resized_images\":null},\"thumbnail\":\"https:\\\/\\\/www.lift-mtb.com\\\/wp-content\\\/uploads\\\/2024\\\/02\\\/velo-electrique-hyeres-5-150x150.jpg\",\"medium\":\"https:\\\/\\\/www.lift-mtb.com\\\/wp-content\\\/uploads\\\/2024\\\/02\\\/velo-electrique-hyeres-5-300x199.jpg\",\"medium_large\":\"https:\\\/\\\/www.lift-mtb.com\\\/wp-content\\\/uploads\\\/2024\\\/02\\\/velo-electrique-hyeres-5-768x509.jpg\",\"large\":\"https:\\\/\\\/www.lift-mtb.com\\\/wp-content\\\/uploads\\\/2024\\\/02\\\/velo-electrique-hyeres-5-1024x678.jpg\",\"1536x1536\":\"https:\\\/\\\/www.lift-mtb.com\\\/wp-content\\\/uploads\\\/2024\\\/02\\\/velo-electrique-hyeres-5-1536x1017.jpg\",\"2048x2048\":\"https:\\\/\\\/www.lift-mtb.com\\\/wp-content\\\/uploads\\\/2024\\\/02\\\/velo-electrique-hyeres-5-2048x1356.jpg\",\"blog-large\":\"https:\\\/\\\/www.lift-mtb.com\\\/wp-content\\\/uploads\\\/2024\\\/02\\\/velo-electrique-hyeres-5-669x272.jpg\",\"blog-medium\":\"https:\\\/\\\/www.lift-mtb.com\\\/wp-content\\\/uploads\\\/2024\\\/02\\\/velo-electrique-hyeres-5-320x202.jpg\",\"recent-posts\":\"https:\\\/\\\/www.lift-mtb.com\\\/wp-content\\\/uploads\\\/2024\\\/02\\\/velo-electrique-hyeres-5-700x441.jpg\",\"recent-works-thumbnail\":\"https:\\\/\\\/www.lift-mtb.com\\\/wp-content\\\/uploads\\\/2024\\\/02\\\/velo-electrique-hyeres-5-66x66.jpg\",\"fusion-200\":\"https:\\\/\\\/www.lift-mtb.com\\\/wp-content\\\/uploads\\\/2024\\\/02\\\/velo-electrique-hyeres-5-200x132.jpg\",\"fusion-400\":\"https:\\\/\\\/www.lift-mtb.com\\\/wp-content\\\/uploads\\\/2024\\\/02\\\/velo-electrique-hyeres-5-400x265.jpg\",\"fusion-600\":\"https:\\\/\\\/www.lift-mtb.com\\\/wp-content\\\/uploads\\\/2024\\\/02\\\/velo-electrique-hyeres-5-600x397.jpg\",\"fusion-800\":\"https:\\\/\\\/www.lift-mtb.com\\\/wp-content\\\/uploads\\\/2024\\\/02\\\/velo-electrique-hyeres-5-800x530.jpg\",\"fusion-1200\":\"https:\\\/\\\/www.lift-mtb.com\\\/wp-content\\\/uploads\\\/2024\\\/02\\\/velo-electrique-hyeres-5-1200x795.jpg\",\"portfolio-full\":\"https:\\\/\\\/www.lift-mtb.com\\\/wp-content\\\/uploads\\\/2024\\\/02\\\/velo-electrique-hyeres-5-940x400.jpg\",\"portfolio-one\":\"https:\\\/\\\/www.lift-mtb.com\\\/wp-content\\\/uploads\\\/2024\\\/02\\\/velo-electrique-hyeres-5-540x272.jpg\",\"portfolio-two\":\"https:\\\/\\\/www.lift-mtb.com\\\/wp-content\\\/uploads\\\/2024\\\/02\\\/velo-electrique-hyeres-5-460x295.jpg\",\"portfolio-three\":\"https:\\\/\\\/www.lift-mtb.com\\\/wp-content\\\/uploads\\\/2024\\\/02\\\/velo-electrique-hyeres-5-300x214.jpg\",\"portfolio-five\":\"https:\\\/\\\/www.lift-mtb.com\\\/wp-content\\\/uploads\\\/2024\\\/02\\\/velo-electrique-hyeres-5-177x142.jpg\",\"woocommerce_thumbnail\":\"https:\\\/\\\/www.lift-mtb.com\\\/wp-content\\\/uploads\\\/2024\\\/02\\\/velo-electrique-hyeres-5-500x331.jpg\",\"woocommerce_single\":\"https:\\\/\\\/www.lift-mtb.com\\\/wp-content\\\/uploads\\\/2024\\\/02\\\/velo-electrique-hyeres-5-700x464.jpg\",\"woocommerce_gallery_thumbnail\":\"https:\\\/\\\/www.lift-mtb.com\\\/wp-content\\\/uploads\\\/2024\\\/02\\\/velo-electrique-hyeres-5-150x150.jpg\",\"full\":\"https:\\\/\\\/www.lift-mtb.com\\\/wp-content\\\/uploads\\\/2024\\\/02\\\/velo-electrique-hyeres-5-scaled.jpg\",\"index\":8,\"id\":49156,\"video\":false,\"opts\":{\"caption\":\"\",\"thumb\":\"https:\\\/\\\/www.lift-mtb.com\\\/wp-content\\\/uploads\\\/2024\\\/02\\\/velo-electrique-hyeres-5-scaled-75x50_c.jpg\",\"title\":\"velo electrique hyeres &amp;#8211; 5\"},\"gallery_id\":\"49090\"},{\"status\":\"active\",\"src\":\"https:\\\/\\\/www.lift-mtb.com\\\/wp-content\\\/uploads\\\/2024\\\/02\\\/velo-electrique-hyeres-8-scaled.jpg\",\"title\":\"velo electrique hyeres &amp;#8211; 8\",\"link\":\"http:\\\/\\\/lift-mtb.com\\\/wp-content\\\/uploads\\\/2024\\\/02\\\/velo-electrique-hyeres-8-scaled.jpg\",\"alt\":\"\",\"caption\":false,\"thumb\":\"https:\\\/\\\/www.lift-mtb.com\\\/wp-content\\\/uploads\\\/2024\\\/02\\\/velo-electrique-hyeres-8-scaled-75x50_c.jpg\",\"tags\":[],\"meta\":{\"aperture\":\"10\",\"credit\":null,\"camera\":\"NIKON D7000\",\"caption\":\"\",\"created_timestamp\":\"1706002150\",\"copyright\":null,\"focal_length\":\"110\",\"iso\":\"1600\",\"shutter_speed\":\"0.000625\",\"title\":\"\",\"orientation\":\"1\",\"keywords\":null,\"resized_images\":null},\"thumbnail\":\"https:\\\/\\\/www.lift-mtb.com\\\/wp-content\\\/uploads\\\/2024\\\/02\\\/velo-electrique-hyeres-8-150x150.jpg\",\"medium\":\"https:\\\/\\\/www.lift-mtb.com\\\/wp-content\\\/uploads\\\/2024\\\/02\\\/velo-electrique-hyeres-8-300x199.jpg\",\"medium_large\":\"https:\\\/\\\/www.lift-mtb.com\\\/wp-content\\\/uploads\\\/2024\\\/02\\\/velo-electrique-hyeres-8-768x509.jpg\",\"large\":\"https:\\\/\\\/www.lift-mtb.com\\\/wp-content\\\/uploads\\\/2024\\\/02\\\/velo-electrique-hyeres-8-1024x678.jpg\",\"1536x1536\":\"https:\\\/\\\/www.lift-mtb.com\\\/wp-content\\\/uploads\\\/2024\\\/02\\\/velo-electrique-hyeres-8-1536x1017.jpg\",\"2048x2048\":\"https:\\\/\\\/www.lift-mtb.com\\\/wp-content\\\/uploads\\\/2024\\\/02\\\/velo-electrique-hyeres-8-2048x1356.jpg\",\"blog-large\":\"https:\\\/\\\/www.lift-mtb.com\\\/wp-content\\\/uploads\\\/2024\\\/02\\\/velo-electrique-hyeres-8-669x272.jpg\",\"blog-medium\":\"https:\\\/\\\/www.lift-mtb.com\\\/wp-content\\\/uploads\\\/2024\\\/02\\\/velo-electrique-hyeres-8-320x202.jpg\",\"recent-posts\":\"https:\\\/\\\/www.lift-mtb.com\\\/wp-content\\\/uploads\\\/2024\\\/02\\\/velo-electrique-hyeres-8-700x441.jpg\",\"recent-works-thumbnail\":\"https:\\\/\\\/www.lift-mtb.com\\\/wp-content\\\/uploads\\\/2024\\\/02\\\/velo-electrique-hyeres-8-66x66.jpg\",\"fusion-200\":\"https:\\\/\\\/www.lift-mtb.com\\\/wp-content\\\/uploads\\\/2024\\\/02\\\/velo-electrique-hyeres-8-200x132.jpg\",\"fusion-400\":\"https:\\\/\\\/www.lift-mtb.com\\\/wp-content\\\/uploads\\\/2024\\\/02\\\/velo-electrique-hyeres-8-400x265.jpg\",\"fusion-600\":\"https:\\\/\\\/www.lift-mtb.com\\\/wp-content\\\/uploads\\\/2024\\\/02\\\/velo-electrique-hyeres-8-600x397.jpg\",\"fusion-800\":\"https:\\\/\\\/www.lift-mtb.com\\\/wp-content\\\/uploads\\\/2024\\\/02\\\/velo-electrique-hyeres-8-800x530.jpg\",\"fusion-1200\":\"https:\\\/\\\/www.lift-mtb.com\\\/wp-content\\\/uploads\\\/2024\\\/02\\\/velo-electrique-hyeres-8-1200x795.jpg\",\"portfolio-full\":\"https:\\\/\\\/www.lift-mtb.com\\\/wp-content\\\/uploads\\\/2024\\\/02\\\/velo-electrique-hyeres-8-940x400.jpg\",\"portfolio-one\":\"https:\\\/\\\/www.lift-mtb.com\\\/wp-content\\\/uploads\\\/2024\\\/02\\\/velo-electrique-hyeres-8-540x272.jpg\",\"portfolio-two\":\"https:\\\/\\\/www.lift-mtb.com\\\/wp-content\\\/uploads\\\/2024\\\/02\\\/velo-electrique-hyeres-8-460x295.jpg\",\"portfolio-three\":\"https:\\\/\\\/www.lift-mtb.com\\\/wp-content\\\/uploads\\\/2024\\\/02\\\/velo-electrique-hyeres-8-300x214.jpg\",\"portfolio-five\":\"https:\\\/\\\/www.lift-mtb.com\\\/wp-content\\\/uploads\\\/2024\\\/02\\\/velo-electrique-hyeres-8-177x142.jpg\",\"woocommerce_thumbnail\":\"https:\\\/\\\/www.lift-mtb.com\\\/wp-content\\\/uploads\\\/2024\\\/02\\\/velo-electrique-hyeres-8-500x331.jpg\",\"woocommerce_single\":\"https:\\\/\\\/www.lift-mtb.com\\\/wp-content\\\/uploads\\\/2024\\\/02\\\/velo-electrique-hyeres-8-700x464.jpg\",\"woocommerce_gallery_thumbnail\":\"https:\\\/\\\/www.lift-mtb.com\\\/wp-content\\\/uploads\\\/2024\\\/02\\\/velo-electrique-hyeres-8-150x150.jpg\",\"full\":\"https:\\\/\\\/www.lift-mtb.com\\\/wp-content\\\/uploads\\\/2024\\\/02\\\/velo-electrique-hyeres-8-scaled.jpg\",\"index\":9,\"id\":49171,\"video\":false,\"opts\":{\"caption\":\"\",\"thumb\":\"https:\\\/\\\/www.lift-mtb.com\\\/wp-content\\\/uploads\\\/2024\\\/02\\\/velo-electrique-hyeres-8-scaled-75x50_c.jpg\",\"title\":\"velo electrique hyeres &amp;#8211; 8\"},\"gallery_id\":\"49090\"},{\"status\":\"active\",\"src\":\"https:\\\/\\\/www.lift-mtb.com\\\/wp-content\\\/uploads\\\/2024\\\/02\\\/moteur-electrique-velo-hyeres-3-copie-scaled.jpg\",\"title\":\"moteur electrique v&eacute;lo hyeres 3 &amp;#8211; Copie\",\"link\":\"http:\\\/\\\/lift-mtb.com\\\/wp-content\\\/uploads\\\/2024\\\/02\\\/moteur-electrique-velo-hyeres-3-copie-scaled.jpg\",\"alt\":\"\",\"caption\":false,\"thumb\":\"https:\\\/\\\/www.lift-mtb.com\\\/wp-content\\\/uploads\\\/2024\\\/02\\\/moteur-electrique-velo-hyeres-3-copie-scaled-75x50_c.jpg\",\"tags\":[],\"meta\":{\"aperture\":\"7.1\",\"credit\":null,\"camera\":\"NIKON D7000\",\"caption\":\"\",\"created_timestamp\":\"1706616461\",\"copyright\":null,\"focal_length\":\"180\",\"iso\":\"1600\",\"shutter_speed\":\"0.0003125\",\"title\":\"\",\"orientation\":\"1\",\"keywords\":null,\"resized_images\":null},\"thumbnail\":\"https:\\\/\\\/www.lift-mtb.com\\\/wp-content\\\/uploads\\\/2024\\\/02\\\/moteur-electrique-velo-hyeres-3-copie-150x150.jpg\",\"medium\":\"https:\\\/\\\/www.lift-mtb.com\\\/wp-content\\\/uploads\\\/2024\\\/02\\\/moteur-electrique-velo-hyeres-3-copie-300x199.jpg\",\"medium_large\":\"https:\\\/\\\/www.lift-mtb.com\\\/wp-content\\\/uploads\\\/2024\\\/02\\\/moteur-electrique-velo-hyeres-3-copie-768x509.jpg\",\"large\":\"https:\\\/\\\/www.lift-mtb.com\\\/wp-content\\\/uploads\\\/2024\\\/02\\\/moteur-electrique-velo-hyeres-3-copie-1024x678.jpg\",\"1536x1536\":\"https:\\\/\\\/www.lift-mtb.com\\\/wp-content\\\/uploads\\\/2024\\\/02\\\/moteur-electrique-velo-hyeres-3-copie-1536x1017.jpg\",\"2048x2048\":\"https:\\\/\\\/www.lift-mtb.com\\\/wp-content\\\/uploads\\\/2024\\\/02\\\/moteur-electrique-velo-hyeres-3-copie-2048x1356.jpg\",\"blog-large\":\"https:\\\/\\\/www.lift-mtb.com\\\/wp-content\\\/uploads\\\/2024\\\/02\\\/moteur-electrique-velo-hyeres-3-copie-669x272.jpg\",\"blog-medium\":\"https:\\\/\\\/www.lift-mtb.com\\\/wp-content\\\/uploads\\\/2024\\\/02\\\/moteur-electrique-velo-hyeres-3-copie-320x202.jpg\",\"recent-posts\":\"https:\\\/\\\/www.lift-mtb.com\\\/wp-content\\\/uploads\\\/2024\\\/02\\\/moteur-electrique-velo-hyeres-3-copie-700x441.jpg\",\"recent-works-thumbnail\":\"https:\\\/\\\/www.lift-mtb.com\\\/wp-content\\\/uploads\\\/2024\\\/02\\\/moteur-electrique-velo-hyeres-3-copie-66x66.jpg\",\"fusion-200\":\"https:\\\/\\\/www.lift-mtb.com\\\/wp-content\\\/uploads\\\/2024\\\/02\\\/moteur-electrique-velo-hyeres-3-copie-200x132.jpg\",\"fusion-400\":\"https:\\\/\\\/www.lift-mtb.com\\\/wp-content\\\/uploads\\\/2024\\\/02\\\/moteur-electrique-velo-hyeres-3-copie-400x265.jpg\",\"fusion-600\":\"https:\\\/\\\/www.lift-mtb.com\\\/wp-content\\\/uploads\\\/2024\\\/02\\\/moteur-electrique-velo-hyeres-3-copie-600x397.jpg\",\"fusion-800\":\"https:\\\/\\\/www.lift-mtb.com\\\/wp-content\\\/uploads\\\/2024\\\/02\\\/moteur-electrique-velo-hyeres-3-copie-800x530.jpg\",\"fusion-1200\":\"https:\\\/\\\/www.lift-mtb.com\\\/wp-content\\\/uploads\\\/2024\\\/02\\\/moteur-electrique-velo-hyeres-3-copie-1200x795.jpg\",\"portfolio-full\":\"https:\\\/\\\/www.lift-mtb.com\\\/wp-content\\\/uploads\\\/2024\\\/02\\\/moteur-electrique-velo-hyeres-3-copie-940x400.jpg\",\"portfolio-one\":\"https:\\\/\\\/www.lift-mtb.com\\\/wp-content\\\/uploads\\\/2024\\\/02\\\/moteur-electrique-velo-hyeres-3-copie-540x272.jpg\",\"portfolio-two\":\"https:\\\/\\\/www.lift-mtb.com\\\/wp-content\\\/uploads\\\/2024\\\/02\\\/moteur-electrique-velo-hyeres-3-copie-460x295.jpg\",\"portfolio-three\":\"https:\\\/\\\/www.lift-mtb.com\\\/wp-content\\\/uploads\\\/2024\\\/02\\\/moteur-electrique-velo-hyeres-3-copie-300x214.jpg\",\"portfolio-five\":\"https:\\\/\\\/www.lift-mtb.com\\\/wp-content\\\/uploads\\\/2024\\\/02\\\/moteur-electrique-velo-hyeres-3-copie-177x142.jpg\",\"woocommerce_thumbnail\":\"https:\\\/\\\/www.lift-mtb.com\\\/wp-content\\\/uploads\\\/2024\\\/02\\\/moteur-electrique-velo-hyeres-3-copie-500x331.jpg\",\"woocommerce_single\":\"https:\\\/\\\/www.lift-mtb.com\\\/wp-content\\\/uploads\\\/2024\\\/02\\\/moteur-electrique-velo-hyeres-3-copie-700x464.jpg\",\"woocommerce_gallery_thumbnail\":\"https:\\\/\\\/www.lift-mtb.com\\\/wp-content\\\/uploads\\\/2024\\\/02\\\/moteur-electrique-velo-hyeres-3-copie-150x150.jpg\",\"full\":\"https:\\\/\\\/www.lift-mtb.com\\\/wp-content\\\/uploads\\\/2024\\\/02\\\/moteur-electrique-velo-hyeres-3-copie-scaled.jpg\",\"index\":10,\"id\":49101,\"video\":false,\"opts\":{\"caption\":\"\",\"thumb\":\"https:\\\/\\\/www.lift-mtb.com\\\/wp-content\\\/uploads\\\/2024\\\/02\\\/moteur-electrique-velo-hyeres-3-copie-scaled-75x50_c.jpg\",\"title\":\"moteur electrique v&eacute;lo hyeres 3 &amp;#8211; Copie\"},\"gallery_id\":\"49090\"},{\"status\":\"active\",\"src\":\"https:\\\/\\\/www.lift-mtb.com\\\/wp-content\\\/uploads\\\/2024\\\/02\\\/velo-electrique-hyeres-6-scaled.jpg\",\"title\":\"velo electrique hyeres &amp;#8211; 6\",\"link\":\"http:\\\/\\\/lift-mtb.com\\\/wp-content\\\/uploads\\\/2024\\\/02\\\/velo-electrique-hyeres-6-scaled.jpg\",\"alt\":\"\",\"caption\":false,\"thumb\":\"https:\\\/\\\/www.lift-mtb.com\\\/wp-content\\\/uploads\\\/2024\\\/02\\\/velo-electrique-hyeres-6-scaled-75x50_c.jpg\",\"tags\":[],\"meta\":{\"aperture\":\"10\",\"credit\":null,\"camera\":\"NIKON D7000\",\"caption\":\"\",\"created_timestamp\":\"1706002120\",\"copyright\":null,\"focal_length\":\"116\",\"iso\":\"1600\",\"shutter_speed\":\"0.000625\",\"title\":\"\",\"orientation\":\"1\",\"keywords\":null,\"resized_images\":null},\"thumbnail\":\"https:\\\/\\\/www.lift-mtb.com\\\/wp-content\\\/uploads\\\/2024\\\/02\\\/velo-electrique-hyeres-6-150x150.jpg\",\"medium\":\"https:\\\/\\\/www.lift-mtb.com\\\/wp-content\\\/uploads\\\/2024\\\/02\\\/velo-electrique-hyeres-6-300x199.jpg\",\"medium_large\":\"https:\\\/\\\/www.lift-mtb.com\\\/wp-content\\\/uploads\\\/2024\\\/02\\\/velo-electrique-hyeres-6-768x509.jpg\",\"large\":\"https:\\\/\\\/www.lift-mtb.com\\\/wp-content\\\/uploads\\\/2024\\\/02\\\/velo-electrique-hyeres-6-1024x678.jpg\",\"1536x1536\":\"https:\\\/\\\/www.lift-mtb.com\\\/wp-content\\\/uploads\\\/2024\\\/02\\\/velo-electrique-hyeres-6-1536x1017.jpg\",\"2048x2048\":\"https:\\\/\\\/www.lift-mtb.com\\\/wp-content\\\/uploads\\\/2024\\\/02\\\/velo-electrique-hyeres-6-2048x1356.jpg\",\"blog-large\":\"https:\\\/\\\/www.lift-mtb.com\\\/wp-content\\\/uploads\\\/2024\\\/02\\\/velo-electrique-hyeres-6-669x272.jpg\",\"blog-medium\":\"https:\\\/\\\/www.lift-mtb.com\\\/wp-content\\\/uploads\\\/2024\\\/02\\\/velo-electrique-hyeres-6-320x202.jpg\",\"recent-posts\":\"https:\\\/\\\/www.lift-mtb.com\\\/wp-content\\\/uploads\\\/2024\\\/02\\\/velo-electrique-hyeres-6-700x441.jpg\",\"recent-works-thumbnail\":\"https:\\\/\\\/www.lift-mtb.com\\\/wp-content\\\/uploads\\\/2024\\\/02\\\/velo-electrique-hyeres-6-66x66.jpg\",\"fusion-200\":\"https:\\\/\\\/www.lift-mtb.com\\\/wp-content\\\/uploads\\\/2024\\\/02\\\/velo-electrique-hyeres-6-200x132.jpg\",\"fusion-400\":\"https:\\\/\\\/www.lift-mtb.com\\\/wp-content\\\/uploads\\\/2024\\\/02\\\/velo-electrique-hyeres-6-400x265.jpg\",\"fusion-600\":\"https:\\\/\\\/www.lift-mtb.com\\\/wp-content\\\/uploads\\\/2024\\\/02\\\/velo-electrique-hyeres-6-600x397.jpg\",\"fusion-800\":\"https:\\\/\\\/www.lift-mtb.com\\\/wp-content\\\/uploads\\\/2024\\\/02\\\/velo-electrique-hyeres-6-800x530.jpg\",\"fusion-1200\":\"https:\\\/\\\/www.lift-mtb.com\\\/wp-content\\\/uploads\\\/2024\\\/02\\\/velo-electrique-hyeres-6-1200x795.jpg\",\"portfolio-full\":\"https:\\\/\\\/www.lift-mtb.com\\\/wp-content\\\/uploads\\\/2024\\\/02\\\/velo-electrique-hyeres-6-940x400.jpg\",\"portfolio-one\":\"https:\\\/\\\/www.lift-mtb.com\\\/wp-content\\\/uploads\\\/2024\\\/02\\\/velo-electrique-hyeres-6-540x272.jpg\",\"portfolio-two\":\"https:\\\/\\\/www.lift-mtb.com\\\/wp-content\\\/uploads\\\/2024\\\/02\\\/velo-electrique-hyeres-6-460x295.jpg\",\"portfolio-three\":\"https:\\\/\\\/www.lift-mtb.com\\\/wp-content\\\/uploads\\\/2024\\\/02\\\/velo-electrique-hyeres-6-300x214.jpg\",\"portfolio-five\":\"https:\\\/\\\/www.lift-mtb.com\\\/wp-content\\\/uploads\\\/2024\\\/02\\\/velo-electrique-hyeres-6-177x142.jpg\",\"woocommerce_thumbnail\":\"https:\\\/\\\/www.lift-mtb.com\\\/wp-content\\\/uploads\\\/2024\\\/02\\\/velo-electrique-hyeres-6-500x331.jpg\",\"woocommerce_single\":\"https:\\\/\\\/www.lift-mtb.com\\\/wp-content\\\/uploads\\\/2024\\\/02\\\/velo-electrique-hyeres-6-700x464.jpg\",\"woocommerce_gallery_thumbnail\":\"https:\\\/\\\/www.lift-mtb.com\\\/wp-content\\\/uploads\\\/2024\\\/02\\\/velo-electrique-hyeres-6-150x150.jpg\",\"full\":\"https:\\\/\\\/www.lift-mtb.com\\\/wp-content\\\/uploads\\\/2024\\\/02\\\/velo-electrique-hyeres-6-scaled.jpg\",\"index\":11,\"id\":49161,\"video\":false,\"opts\":{\"caption\":\"\",\"thumb\":\"https:\\\/\\\/www.lift-mtb.com\\\/wp-content\\\/uploads\\\/2024\\\/02\\\/velo-electrique-hyeres-6-scaled-75x50_c.jpg\",\"title\":\"velo electrique hyeres &amp;#8211; 6\"},\"gallery_id\":\"49090\"},{\"status\":\"active\",\"src\":\"https:\\\/\\\/www.lift-mtb.com\\\/wp-content\\\/uploads\\\/2024\\\/02\\\/moteur-pedalier-vtt-pas-cher-copie-scaled.jpg\",\"title\":\"moteur pedalier vtt pas cher &amp;#8211; Copie\",\"link\":\"http:\\\/\\\/lift-mtb.com\\\/wp-content\\\/uploads\\\/2024\\\/02\\\/moteur-pedalier-vtt-pas-cher-copie-scaled.jpg\",\"alt\":\"\",\"caption\":false,\"thumb\":\"https:\\\/\\\/www.lift-mtb.com\\\/wp-content\\\/uploads\\\/2024\\\/02\\\/moteur-pedalier-vtt-pas-cher-copie-scaled-75x50_c.jpg\",\"tags\":[],\"meta\":{\"aperture\":\"8\",\"credit\":null,\"camera\":\"NIKON D7000\",\"caption\":\"\",\"created_timestamp\":\"1706616748\",\"copyright\":null,\"focal_length\":\"210\",\"iso\":\"1600\",\"shutter_speed\":\"0.00025\",\"title\":\"\",\"orientation\":\"1\",\"keywords\":null,\"resized_images\":null},\"thumbnail\":\"https:\\\/\\\/www.lift-mtb.com\\\/wp-content\\\/uploads\\\/2024\\\/02\\\/moteur-pedalier-vtt-pas-cher-copie-150x150.jpg\",\"medium\":\"https:\\\/\\\/www.lift-mtb.com\\\/wp-content\\\/uploads\\\/2024\\\/02\\\/moteur-pedalier-vtt-pas-cher-copie-300x199.jpg\",\"medium_large\":\"https:\\\/\\\/www.lift-mtb.com\\\/wp-content\\\/uploads\\\/2024\\\/02\\\/moteur-pedalier-vtt-pas-cher-copie-768x509.jpg\",\"large\":\"https:\\\/\\\/www.lift-mtb.com\\\/wp-content\\\/uploads\\\/2024\\\/02\\\/moteur-pedalier-vtt-pas-cher-copie-1024x678.jpg\",\"1536x1536\":\"https:\\\/\\\/www.lift-mtb.com\\\/wp-content\\\/uploads\\\/2024\\\/02\\\/moteur-pedalier-vtt-pas-cher-copie-1536x1017.jpg\",\"2048x2048\":\"https:\\\/\\\/www.lift-mtb.com\\\/wp-content\\\/uploads\\\/2024\\\/02\\\/moteur-pedalier-vtt-pas-cher-copie-2048x1356.jpg\",\"blog-large\":\"https:\\\/\\\/www.lift-mtb.com\\\/wp-content\\\/uploads\\\/2024\\\/02\\\/moteur-pedalier-vtt-pas-cher-copie-669x272.jpg\",\"blog-medium\":\"https:\\\/\\\/www.lift-mtb.com\\\/wp-content\\\/uploads\\\/2024\\\/02\\\/moteur-pedalier-vtt-pas-cher-copie-320x202.jpg\",\"recent-posts\":\"https:\\\/\\\/www.lift-mtb.com\\\/wp-content\\\/uploads\\\/2024\\\/02\\\/moteur-pedalier-vtt-pas-cher-copie-700x441.jpg\",\"recent-works-thumbnail\":\"https:\\\/\\\/www.lift-mtb.com\\\/wp-content\\\/uploads\\\/2024\\\/02\\\/moteur-pedalier-vtt-pas-cher-copie-66x66.jpg\",\"fusion-200\":\"https:\\\/\\\/www.lift-mtb.com\\\/wp-content\\\/uploads\\\/2024\\\/02\\\/moteur-pedalier-vtt-pas-cher-copie-200x132.jpg\",\"fusion-400\":\"https:\\\/\\\/www.lift-mtb.com\\\/wp-content\\\/uploads\\\/2024\\\/02\\\/moteur-pedalier-vtt-pas-cher-copie-400x265.jpg\",\"fusion-600\":\"https:\\\/\\\/www.lift-mtb.com\\\/wp-content\\\/uploads\\\/2024\\\/02\\\/moteur-pedalier-vtt-pas-cher-copie-600x397.jpg\",\"fusion-800\":\"https:\\\/\\\/www.lift-mtb.com\\\/wp-content\\\/uploads\\\/2024\\\/02\\\/moteur-pedalier-vtt-pas-cher-copie-800x530.jpg\",\"fusion-1200\":\"https:\\\/\\\/www.lift-mtb.com\\\/wp-content\\\/uploads\\\/2024\\\/02\\\/moteur-pedalier-vtt-pas-cher-copie-1200x795.jpg\",\"portfolio-full\":\"https:\\\/\\\/www.lift-mtb.com\\\/wp-content\\\/uploads\\\/2024\\\/02\\\/moteur-pedalier-vtt-pas-cher-copie-940x400.jpg\",\"portfolio-one\":\"https:\\\/\\\/www.lift-mtb.com\\\/wp-content\\\/uploads\\\/2024\\\/02\\\/moteur-pedalier-vtt-pas-cher-copie-540x272.jpg\",\"portfolio-two\":\"https:\\\/\\\/www.lift-mtb.com\\\/wp-content\\\/uploads\\\/2024\\\/02\\\/moteur-pedalier-vtt-pas-cher-copie-460x295.jpg\",\"portfolio-three\":\"https:\\\/\\\/www.lift-mtb.com\\\/wp-content\\\/uploads\\\/2024\\\/02\\\/moteur-pedalier-vtt-pas-cher-copie-300x214.jpg\",\"portfolio-five\":\"https:\\\/\\\/www.lift-mtb.com\\\/wp-content\\\/uploads\\\/2024\\\/02\\\/moteur-pedalier-vtt-pas-cher-copie-177x142.jpg\",\"woocommerce_thumbnail\":\"https:\\\/\\\/www.lift-mtb.com\\\/wp-content\\\/uploads\\\/2024\\\/02\\\/moteur-pedalier-vtt-pas-cher-copie-500x331.jpg\",\"woocommerce_single\":\"https:\\\/\\\/www.lift-mtb.com\\\/wp-content\\\/uploads\\\/2024\\\/02\\\/moteur-pedalier-vtt-pas-cher-copie-700x464.jpg\",\"woocommerce_gallery_thumbnail\":\"https:\\\/\\\/www.lift-mtb.com\\\/wp-content\\\/uploads\\\/2024\\\/02\\\/moteur-pedalier-vtt-pas-cher-copie-150x150.jpg\",\"full\":\"https:\\\/\\\/www.lift-mtb.com\\\/wp-content\\\/uploads\\\/2024\\\/02\\\/moteur-pedalier-vtt-pas-cher-copie-scaled.jpg\",\"index\":12,\"id\":49121,\"video\":false,\"opts\":{\"caption\":\"\",\"thumb\":\"https:\\\/\\\/www.lift-mtb.com\\\/wp-content\\\/uploads\\\/2024\\\/02\\\/moteur-pedalier-vtt-pas-cher-copie-scaled-75x50_c.jpg\",\"title\":\"moteur pedalier vtt pas cher &amp;#8211; Copie\"},\"gallery_id\":\"49090\"},{\"status\":\"active\",\"src\":\"https:\\\/\\\/www.lift-mtb.com\\\/wp-content\\\/uploads\\\/2024\\\/02\\\/piste-cyclabe-hyeres-scaled.jpg\",\"title\":\"piste cyclabe hyeres\",\"link\":\"http:\\\/\\\/lift-mtb.com\\\/wp-content\\\/uploads\\\/2024\\\/02\\\/piste-cyclabe-hyeres-scaled.jpg\",\"alt\":\"\",\"caption\":false,\"thumb\":\"https:\\\/\\\/www.lift-mtb.com\\\/wp-content\\\/uploads\\\/2024\\\/02\\\/piste-cyclabe-hyeres-scaled-75x50_c.jpg\",\"tags\":[],\"meta\":{\"aperture\":\"8\",\"credit\":null,\"camera\":\"NIKON D7000\",\"caption\":\"\",\"created_timestamp\":\"1706616618\",\"copyright\":null,\"focal_length\":\"210\",\"iso\":\"1600\",\"shutter_speed\":\"0.00025\",\"title\":\"\",\"orientation\":\"1\",\"keywords\":null,\"resized_images\":null},\"thumbnail\":\"https:\\\/\\\/www.lift-mtb.com\\\/wp-content\\\/uploads\\\/2024\\\/02\\\/piste-cyclabe-hyeres-150x150.jpg\",\"medium\":\"https:\\\/\\\/www.lift-mtb.com\\\/wp-content\\\/uploads\\\/2024\\\/02\\\/piste-cyclabe-hyeres-300x199.jpg\",\"medium_large\":\"https:\\\/\\\/www.lift-mtb.com\\\/wp-content\\\/uploads\\\/2024\\\/02\\\/piste-cyclabe-hyeres-768x509.jpg\",\"large\":\"https:\\\/\\\/www.lift-mtb.com\\\/wp-content\\\/uploads\\\/2024\\\/02\\\/piste-cyclabe-hyeres-1024x678.jpg\",\"1536x1536\":\"https:\\\/\\\/www.lift-mtb.com\\\/wp-content\\\/uploads\\\/2024\\\/02\\\/piste-cyclabe-hyeres-1536x1017.jpg\",\"2048x2048\":\"https:\\\/\\\/www.lift-mtb.com\\\/wp-content\\\/uploads\\\/2024\\\/02\\\/piste-cyclabe-hyeres-2048x1357.jpg\",\"blog-large\":\"https:\\\/\\\/www.lift-mtb.com\\\/wp-content\\\/uploads\\\/2024\\\/02\\\/piste-cyclabe-hyeres-669x272.jpg\",\"blog-medium\":\"https:\\\/\\\/www.lift-mtb.com\\\/wp-content\\\/uploads\\\/2024\\\/02\\\/piste-cyclabe-hyeres-320x202.jpg\",\"recent-posts\":\"https:\\\/\\\/www.lift-mtb.com\\\/wp-content\\\/uploads\\\/2024\\\/02\\\/piste-cyclabe-hyeres-700x441.jpg\",\"recent-works-thumbnail\":\"https:\\\/\\\/www.lift-mtb.com\\\/wp-content\\\/uploads\\\/2024\\\/02\\\/piste-cyclabe-hyeres-66x66.jpg\",\"fusion-200\":\"https:\\\/\\\/www.lift-mtb.com\\\/wp-content\\\/uploads\\\/2024\\\/02\\\/piste-cyclabe-hyeres-200x132.jpg\",\"fusion-400\":\"https:\\\/\\\/www.lift-mtb.com\\\/wp-content\\\/uploads\\\/2024\\\/02\\\/piste-cyclabe-hyeres-400x265.jpg\",\"fusion-600\":\"https:\\\/\\\/www.lift-mtb.com\\\/wp-content\\\/uploads\\\/2024\\\/02\\\/piste-cyclabe-hyeres-600x397.jpg\",\"fusion-800\":\"https:\\\/\\\/www.lift-mtb.com\\\/wp-content\\\/uploads\\\/2024\\\/02\\\/piste-cyclabe-hyeres-800x530.jpg\",\"fusion-1200\":\"https:\\\/\\\/www.lift-mtb.com\\\/wp-content\\\/uploads\\\/2024\\\/02\\\/piste-cyclabe-hyeres-1200x795.jpg\",\"portfolio-full\":\"https:\\\/\\\/www.lift-mtb.com\\\/wp-content\\\/uploads\\\/2024\\\/02\\\/piste-cyclabe-hyeres-940x400.jpg\",\"portfolio-one\":\"https:\\\/\\\/www.lift-mtb.com\\\/wp-content\\\/uploads\\\/2024\\\/02\\\/piste-cyclabe-hyeres-540x272.jpg\",\"portfolio-two\":\"https:\\\/\\\/www.lift-mtb.com\\\/wp-content\\\/uploads\\\/2024\\\/02\\\/piste-cyclabe-hyeres-460x295.jpg\",\"portfolio-three\":\"https:\\\/\\\/www.lift-mtb.com\\\/wp-content\\\/uploads\\\/2024\\\/02\\\/piste-cyclabe-hyeres-300x214.jpg\",\"portfolio-five\":\"https:\\\/\\\/www.lift-mtb.com\\\/wp-content\\\/uploads\\\/2024\\\/02\\\/piste-cyclabe-hyeres-177x142.jpg\",\"woocommerce_thumbnail\":\"https:\\\/\\\/www.lift-mtb.com\\\/wp-content\\\/uploads\\\/2024\\\/02\\\/piste-cyclabe-hyeres-500x331.jpg\",\"woocommerce_single\":\"https:\\\/\\\/www.lift-mtb.com\\\/wp-content\\\/uploads\\\/2024\\\/02\\\/piste-cyclabe-hyeres-700x464.jpg\",\"woocommerce_gallery_thumbnail\":\"https:\\\/\\\/www.lift-mtb.com\\\/wp-content\\\/uploads\\\/2024\\\/02\\\/piste-cyclabe-hyeres-150x150.jpg\",\"full\":\"https:\\\/\\\/www.lift-mtb.com\\\/wp-content\\\/uploads\\\/2024\\\/02\\\/piste-cyclabe-hyeres-scaled.jpg\",\"index\":13,\"id\":49131,\"video\":false,\"opts\":{\"caption\":\"\",\"thumb\":\"https:\\\/\\\/www.lift-mtb.com\\\/wp-content\\\/uploads\\\/2024\\\/02\\\/piste-cyclabe-hyeres-scaled-75x50_c.jpg\",\"title\":\"piste cyclabe hyeres\"},\"gallery_id\":\"49090\"},{\"status\":\"active\",\"src\":\"https:\\\/\\\/www.lift-mtb.com\\\/wp-content\\\/uploads\\\/2024\\\/02\\\/moteur-electrique-velo-hyeres-8-scaled.jpg\",\"title\":\"moteur electrique v&eacute;lo hyeres 8\",\"link\":\"http:\\\/\\\/lift-mtb.com\\\/wp-content\\\/uploads\\\/2024\\\/02\\\/moteur-electrique-velo-hyeres-8-scaled.jpg\",\"alt\":\"\",\"caption\":false,\"thumb\":\"https:\\\/\\\/www.lift-mtb.com\\\/wp-content\\\/uploads\\\/2024\\\/02\\\/moteur-electrique-velo-hyeres-8-scaled-75x50_c.jpg\",\"tags\":[],\"meta\":{\"aperture\":\"8\",\"credit\":null,\"camera\":\"NIKON D7000\",\"caption\":\"\",\"created_timestamp\":\"1706616843\",\"copyright\":null,\"focal_length\":\"210\",\"iso\":\"1600\",\"shutter_speed\":\"0.00025\",\"title\":\"\",\"orientation\":\"1\",\"keywords\":null,\"resized_images\":null},\"thumbnail\":\"https:\\\/\\\/www.lift-mtb.com\\\/wp-content\\\/uploads\\\/2024\\\/02\\\/moteur-electrique-velo-hyeres-8-150x150.jpg\",\"medium\":\"https:\\\/\\\/www.lift-mtb.com\\\/wp-content\\\/uploads\\\/2024\\\/02\\\/moteur-electrique-velo-hyeres-8-300x199.jpg\",\"medium_large\":\"https:\\\/\\\/www.lift-mtb.com\\\/wp-content\\\/uploads\\\/2024\\\/02\\\/moteur-electrique-velo-hyeres-8-768x509.jpg\",\"large\":\"https:\\\/\\\/www.lift-mtb.com\\\/wp-content\\\/uploads\\\/2024\\\/02\\\/moteur-electrique-velo-hyeres-8-1024x678.jpg\",\"1536x1536\":\"https:\\\/\\\/www.lift-mtb.com\\\/wp-content\\\/uploads\\\/2024\\\/02\\\/moteur-electrique-velo-hyeres-8-1536x1017.jpg\",\"2048x2048\":\"https:\\\/\\\/www.lift-mtb.com\\\/wp-content\\\/uploads\\\/2024\\\/02\\\/moteur-electrique-velo-hyeres-8-2048x1356.jpg\",\"blog-large\":\"https:\\\/\\\/www.lift-mtb.com\\\/wp-content\\\/uploads\\\/2024\\\/02\\\/moteur-electrique-velo-hyeres-8-669x272.jpg\",\"blog-medium\":\"https:\\\/\\\/www.lift-mtb.com\\\/wp-content\\\/uploads\\\/2024\\\/02\\\/moteur-electrique-velo-hyeres-8-320x202.jpg\",\"recent-posts\":\"https:\\\/\\\/www.lift-mtb.com\\\/wp-content\\\/uploads\\\/2024\\\/02\\\/moteur-electrique-velo-hyeres-8-700x441.jpg\",\"recent-works-thumbnail\":\"https:\\\/\\\/www.lift-mtb.com\\\/wp-content\\\/uploads\\\/2024\\\/02\\\/moteur-electrique-velo-hyeres-8-66x66.jpg\",\"fusion-200\":\"https:\\\/\\\/www.lift-mtb.com\\\/wp-content\\\/uploads\\\/2024\\\/02\\\/moteur-electrique-velo-hyeres-8-200x132.jpg\",\"fusion-400\":\"https:\\\/\\\/www.lift-mtb.com\\\/wp-content\\\/uploads\\\/2024\\\/02\\\/moteur-electrique-velo-hyeres-8-400x265.jpg\",\"fusion-600\":\"https:\\\/\\\/www.lift-mtb.com\\\/wp-content\\\/uploads\\\/2024\\\/02\\\/moteur-electrique-velo-hyeres-8-600x397.jpg\",\"fusion-800\":\"https:\\\/\\\/www.lift-mtb.com\\\/wp-content\\\/uploads\\\/2024\\\/02\\\/moteur-electrique-velo-hyeres-8-800x530.jpg\",\"fusion-1200\":\"https:\\\/\\\/www.lift-mtb.com\\\/wp-content\\\/uploads\\\/2024\\\/02\\\/moteur-electrique-velo-hyeres-8-1200x795.jpg\",\"portfolio-full\":\"https:\\\/\\\/www.lift-mtb.com\\\/wp-content\\\/uploads\\\/2024\\\/02\\\/moteur-electrique-velo-hyeres-8-940x400.jpg\",\"portfolio-one\":\"https:\\\/\\\/www.lift-mtb.com\\\/wp-content\\\/uploads\\\/2024\\\/02\\\/moteur-electrique-velo-hyeres-8-540x272.jpg\",\"portfolio-two\":\"https:\\\/\\\/www.lift-mtb.com\\\/wp-content\\\/uploads\\\/2024\\\/02\\\/moteur-electrique-velo-hyeres-8-460x295.jpg\",\"portfolio-three\":\"https:\\\/\\\/www.lift-mtb.com\\\/wp-content\\\/uploads\\\/2024\\\/02\\\/moteur-electrique-velo-hyeres-8-300x214.jpg\",\"portfolio-five\":\"https:\\\/\\\/www.lift-mtb.com\\\/wp-content\\\/uploads\\\/2024\\\/02\\\/moteur-electrique-velo-hyeres-8-177x142.jpg\",\"woocommerce_thumbnail\":\"https:\\\/\\\/www.lift-mtb.com\\\/wp-content\\\/uploads\\\/2024\\\/02\\\/moteur-electrique-velo-hyeres-8-500x331.jpg\",\"woocommerce_single\":\"https:\\\/\\\/www.lift-mtb.com\\\/wp-content\\\/uploads\\\/2024\\\/02\\\/moteur-electrique-velo-hyeres-8-700x464.jpg\",\"woocommerce_gallery_thumbnail\":\"https:\\\/\\\/www.lift-mtb.com\\\/wp-content\\\/uploads\\\/2024\\\/02\\\/moteur-electrique-velo-hyeres-8-150x150.jpg\",\"full\":\"https:\\\/\\\/www.lift-mtb.com\\\/wp-content\\\/uploads\\\/2024\\\/02\\\/moteur-electrique-velo-hyeres-8-scaled.jpg\",\"index\":14,\"id\":49106,\"video\":false,\"opts\":{\"caption\":\"\",\"thumb\":\"https:\\\/\\\/www.lift-mtb.com\\\/wp-content\\\/uploads\\\/2024\\\/02\\\/moteur-electrique-velo-hyeres-8-scaled-75x50_c.jpg\",\"title\":\"moteur electrique v&eacute;lo hyeres 8\"},\"gallery_id\":\"49090\"},{\"status\":\"active\",\"src\":\"https:\\\/\\\/www.lift-mtb.com\\\/wp-content\\\/uploads\\\/2024\\\/02\\\/battery-bag-ebike-2-scaled.jpg\",\"title\":\"battery bag ebike 2\",\"link\":\"http:\\\/\\\/lift-mtb.com\\\/wp-content\\\/uploads\\\/2024\\\/02\\\/battery-bag-ebike-2-scaled.jpg\",\"alt\":\"\",\"caption\":false,\"thumb\":\"https:\\\/\\\/www.lift-mtb.com\\\/wp-content\\\/uploads\\\/2024\\\/02\\\/battery-bag-ebike-2-scaled-75x50_c.jpg\",\"tags\":[],\"meta\":{\"aperture\":\"7.1\",\"credit\":null,\"camera\":\"NIKON D7000\",\"caption\":\"\",\"created_timestamp\":\"1619711840\",\"copyright\":null,\"focal_length\":\"90\",\"iso\":\"640\",\"shutter_speed\":\"0.000625\",\"title\":\"\",\"orientation\":\"1\",\"keywords\":null,\"resized_images\":null},\"thumbnail\":\"https:\\\/\\\/www.lift-mtb.com\\\/wp-content\\\/uploads\\\/2024\\\/02\\\/battery-bag-ebike-2-150x150.jpg\",\"medium\":\"https:\\\/\\\/www.lift-mtb.com\\\/wp-content\\\/uploads\\\/2024\\\/02\\\/battery-bag-ebike-2-300x199.jpg\",\"medium_large\":\"https:\\\/\\\/www.lift-mtb.com\\\/wp-content\\\/uploads\\\/2024\\\/02\\\/battery-bag-ebike-2-768x509.jpg\",\"large\":\"https:\\\/\\\/www.lift-mtb.com\\\/wp-content\\\/uploads\\\/2024\\\/02\\\/battery-bag-ebike-2-1024x678.jpg\",\"1536x1536\":\"https:\\\/\\\/www.lift-mtb.com\\\/wp-content\\\/uploads\\\/2024\\\/02\\\/battery-bag-ebike-2-1536x1017.jpg\",\"2048x2048\":\"https:\\\/\\\/www.lift-mtb.com\\\/wp-content\\\/uploads\\\/2024\\\/02\\\/battery-bag-ebike-2-2048x1357.jpg\",\"blog-large\":\"https:\\\/\\\/www.lift-mtb.com\\\/wp-content\\\/uploads\\\/2024\\\/02\\\/battery-bag-ebike-2-669x272.jpg\",\"blog-medium\":\"https:\\\/\\\/www.lift-mtb.com\\\/wp-content\\\/uploads\\\/2024\\\/02\\\/battery-bag-ebike-2-320x202.jpg\",\"recent-posts\":\"https:\\\/\\\/www.lift-mtb.com\\\/wp-content\\\/uploads\\\/2024\\\/02\\\/battery-bag-ebike-2-700x441.jpg\",\"recent-works-thumbnail\":\"https:\\\/\\\/www.lift-mtb.com\\\/wp-content\\\/uploads\\\/2024\\\/02\\\/battery-bag-ebike-2-66x66.jpg\",\"fusion-200\":\"https:\\\/\\\/www.lift-mtb.com\\\/wp-content\\\/uploads\\\/2024\\\/02\\\/battery-bag-ebike-2-200x132.jpg\",\"fusion-400\":\"https:\\\/\\\/www.lift-mtb.com\\\/wp-content\\\/uploads\\\/2024\\\/02\\\/battery-bag-ebike-2-400x265.jpg\",\"fusion-600\":\"https:\\\/\\\/www.lift-mtb.com\\\/wp-content\\\/uploads\\\/2024\\\/02\\\/battery-bag-ebike-2-600x397.jpg\",\"fusion-800\":\"https:\\\/\\\/www.lift-mtb.com\\\/wp-content\\\/uploads\\\/2024\\\/02\\\/battery-bag-ebike-2-800x530.jpg\",\"fusion-1200\":\"https:\\\/\\\/www.lift-mtb.com\\\/wp-content\\\/uploads\\\/2024\\\/02\\\/battery-bag-ebike-2-1200x795.jpg\",\"portfolio-full\":\"https:\\\/\\\/www.lift-mtb.com\\\/wp-content\\\/uploads\\\/2024\\\/02\\\/battery-bag-ebike-2-940x400.jpg\",\"portfolio-one\":\"https:\\\/\\\/www.lift-mtb.com\\\/wp-content\\\/uploads\\\/2024\\\/02\\\/battery-bag-ebike-2-540x272.jpg\",\"portfolio-two\":\"https:\\\/\\\/www.lift-mtb.com\\\/wp-content\\\/uploads\\\/2024\\\/02\\\/battery-bag-ebike-2-460x295.jpg\",\"portfolio-three\":\"https:\\\/\\\/www.lift-mtb.com\\\/wp-content\\\/uploads\\\/2024\\\/02\\\/battery-bag-ebike-2-300x214.jpg\",\"portfolio-five\":\"https:\\\/\\\/www.lift-mtb.com\\\/wp-content\\\/uploads\\\/2024\\\/02\\\/battery-bag-ebike-2-177x142.jpg\",\"woocommerce_thumbnail\":\"https:\\\/\\\/www.lift-mtb.com\\\/wp-content\\\/uploads\\\/2024\\\/02\\\/battery-bag-ebike-2-500x331.jpg\",\"woocommerce_single\":\"https:\\\/\\\/www.lift-mtb.com\\\/wp-content\\\/uploads\\\/2024\\\/02\\\/battery-bag-ebike-2-700x464.jpg\",\"woocommerce_gallery_thumbnail\":\"https:\\\/\\\/www.lift-mtb.com\\\/wp-content\\\/uploads\\\/2024\\\/02\\\/battery-bag-ebike-2-150x150.jpg\",\"full\":\"https:\\\/\\\/www.lift-mtb.com\\\/wp-content\\\/uploads\\\/2024\\\/02\\\/battery-bag-ebike-2-scaled.jpg\",\"index\":15,\"id\":49181,\"video\":false,\"opts\":{\"caption\":\"\",\"thumb\":\"https:\\\/\\\/www.lift-mtb.com\\\/wp-content\\\/uploads\\\/2024\\\/02\\\/battery-bag-ebike-2-scaled-75x50_c.jpg\",\"title\":\"battery bag ebike 2\"},\"gallery_id\":\"49090\"},{\"status\":\"active\",\"src\":\"https:\\\/\\\/www.lift-mtb.com\\\/wp-content\\\/uploads\\\/2024\\\/02\\\/batterie-cadre-2.png\",\"title\":\"batterie cadre 2\",\"link\":\"http:\\\/\\\/lift-mtb.com\\\/wp-content\\\/uploads\\\/2024\\\/02\\\/batterie-cadre-2.png\",\"alt\":\"\",\"caption\":false,\"thumb\":\"https:\\\/\\\/www.lift-mtb.com\\\/wp-content\\\/uploads\\\/2024\\\/02\\\/batterie-cadre-2-75x50_c.png\",\"tags\":[],\"meta\":{\"aperture\":null,\"credit\":null,\"camera\":null,\"caption\":\"\",\"created_timestamp\":null,\"copyright\":null,\"focal_length\":null,\"iso\":null,\"shutter_speed\":null,\"title\":\"\",\"orientation\":null,\"keywords\":null,\"resized_images\":null},\"thumbnail\":\"https:\\\/\\\/www.lift-mtb.com\\\/wp-content\\\/uploads\\\/2024\\\/02\\\/batterie-cadre-2-150x150.png\",\"medium\":\"https:\\\/\\\/www.lift-mtb.com\\\/wp-content\\\/uploads\\\/2024\\\/02\\\/batterie-cadre-2-300x213.png\",\"medium_large\":\"https:\\\/\\\/www.lift-mtb.com\\\/wp-content\\\/uploads\\\/2024\\\/02\\\/batterie-cadre-2-768x545.png\",\"large\":\"https:\\\/\\\/www.lift-mtb.com\\\/wp-content\\\/uploads\\\/2024\\\/02\\\/batterie-cadre-2-1024x726.png\",\"1536x1536\":\"https:\\\/\\\/www.lift-mtb.com\\\/wp-content\\\/uploads\\\/2024\\\/02\\\/batterie-cadre-2-1536x1090.png\",\"2048x2048\":\"https:\\\/\\\/www.lift-mtb.com\\\/wp-content\\\/uploads\\\/2024\\\/02\\\/batterie-cadre-2.png\",\"blog-large\":\"https:\\\/\\\/www.lift-mtb.com\\\/wp-content\\\/uploads\\\/2024\\\/02\\\/batterie-cadre-2-669x272.png\",\"blog-medium\":\"https:\\\/\\\/www.lift-mtb.com\\\/wp-content\\\/uploads\\\/2024\\\/02\\\/batterie-cadre-2-320x202.png\",\"recent-posts\":\"https:\\\/\\\/www.lift-mtb.com\\\/wp-content\\\/uploads\\\/2024\\\/02\\\/batterie-cadre-2-700x441.png\",\"recent-works-thumbnail\":\"https:\\\/\\\/www.lift-mtb.com\\\/wp-content\\\/uploads\\\/2024\\\/02\\\/batterie-cadre-2-66x66.png\",\"fusion-200\":\"https:\\\/\\\/www.lift-mtb.com\\\/wp-content\\\/uploads\\\/2024\\\/02\\\/batterie-cadre-2-200x142.png\",\"fusion-400\":\"https:\\\/\\\/www.lift-mtb.com\\\/wp-content\\\/uploads\\\/2024\\\/02\\\/batterie-cadre-2-400x284.png\",\"fusion-600\":\"https:\\\/\\\/www.lift-mtb.com\\\/wp-content\\\/uploads\\\/2024\\\/02\\\/batterie-cadre-2-600x426.png\",\"fusion-800\":\"https:\\\/\\\/www.lift-mtb.com\\\/wp-content\\\/uploads\\\/2024\\\/02\\\/batterie-cadre-2-800x568.png\",\"fusion-1200\":\"https:\\\/\\\/www.lift-mtb.com\\\/wp-content\\\/uploads\\\/2024\\\/02\\\/batterie-cadre-2-1200x851.png\",\"portfolio-full\":\"https:\\\/\\\/www.lift-mtb.com\\\/wp-content\\\/uploads\\\/2024\\\/02\\\/batterie-cadre-2-940x400.png\",\"portfolio-one\":\"https:\\\/\\\/www.lift-mtb.com\\\/wp-content\\\/uploads\\\/2024\\\/02\\\/batterie-cadre-2-540x272.png\",\"portfolio-two\":\"https:\\\/\\\/www.lift-mtb.com\\\/wp-content\\\/uploads\\\/2024\\\/02\\\/batterie-cadre-2-460x295.png\",\"portfolio-three\":\"https:\\\/\\\/www.lift-mtb.com\\\/wp-content\\\/uploads\\\/2024\\\/02\\\/batterie-cadre-2-300x214.png\",\"portfolio-five\":\"https:\\\/\\\/www.lift-mtb.com\\\/wp-content\\\/uploads\\\/2024\\\/02\\\/batterie-cadre-2-177x142.png\",\"woocommerce_thumbnail\":\"https:\\\/\\\/www.lift-mtb.com\\\/wp-content\\\/uploads\\\/2024\\\/02\\\/batterie-cadre-2-500x355.png\",\"woocommerce_single\":\"https:\\\/\\\/www.lift-mtb.com\\\/wp-content\\\/uploads\\\/2024\\\/02\\\/batterie-cadre-2-700x497.png\",\"woocommerce_gallery_thumbnail\":\"https:\\\/\\\/www.lift-mtb.com\\\/wp-content\\\/uploads\\\/2024\\\/02\\\/batterie-cadre-2-150x150.png\",\"full\":\"https:\\\/\\\/www.lift-mtb.com\\\/wp-content\\\/uploads\\\/2024\\\/02\\\/batterie-cadre-2.png\",\"index\":16,\"id\":49191,\"video\":false,\"opts\":{\"caption\":\"\",\"thumb\":\"https:\\\/\\\/www.lift-mtb.com\\\/wp-content\\\/uploads\\\/2024\\\/02\\\/batterie-cadre-2-75x50_c.png\",\"title\":\"batterie cadre 2\"},\"gallery_id\":\"49090\"},{\"status\":\"active\",\"src\":\"https:\\\/\\\/www.lift-mtb.com\\\/wp-content\\\/uploads\\\/2024\\\/02\\\/bleu-plage-photo-vacances-carte-1.png\",\"title\":\"Bleu Plage Photo Vacances Carte (1)\",\"link\":\"http:\\\/\\\/lift-mtb.com\\\/wp-content\\\/uploads\\\/2024\\\/02\\\/bleu-plage-photo-vacances-carte-1.png\",\"alt\":\"\",\"caption\":false,\"thumb\":\"https:\\\/\\\/www.lift-mtb.com\\\/wp-content\\\/uploads\\\/2024\\\/02\\\/bleu-plage-photo-vacances-carte-1-75x50_c.png\",\"tags\":[],\"meta\":{\"aperture\":null,\"credit\":null,\"camera\":null,\"caption\":\"\",\"created_timestamp\":null,\"copyright\":null,\"focal_length\":null,\"iso\":null,\"shutter_speed\":null,\"title\":\"\",\"orientation\":null,\"keywords\":null,\"resized_images\":null},\"thumbnail\":\"https:\\\/\\\/www.lift-mtb.com\\\/wp-content\\\/uploads\\\/2024\\\/02\\\/bleu-plage-photo-vacances-carte-1-150x150.png\",\"medium\":\"https:\\\/\\\/www.lift-mtb.com\\\/wp-content\\\/uploads\\\/2024\\\/02\\\/bleu-plage-photo-vacances-carte-1-300x213.png\",\"medium_large\":\"https:\\\/\\\/www.lift-mtb.com\\\/wp-content\\\/uploads\\\/2024\\\/02\\\/bleu-plage-photo-vacances-carte-1-768x545.png\",\"large\":\"https:\\\/\\\/www.lift-mtb.com\\\/wp-content\\\/uploads\\\/2024\\\/02\\\/bleu-plage-photo-vacances-carte-1-1024x726.png\",\"1536x1536\":\"https:\\\/\\\/www.lift-mtb.com\\\/wp-content\\\/uploads\\\/2024\\\/02\\\/bleu-plage-photo-vacances-carte-1-1536x1090.png\",\"2048x2048\":\"https:\\\/\\\/www.lift-mtb.com\\\/wp-content\\\/uploads\\\/2024\\\/02\\\/bleu-plage-photo-vacances-carte-1.png\",\"blog-large\":\"https:\\\/\\\/www.lift-mtb.com\\\/wp-content\\\/uploads\\\/2024\\\/02\\\/bleu-plage-photo-vacances-carte-1-669x272.png\",\"blog-medium\":\"https:\\\/\\\/www.lift-mtb.com\\\/wp-content\\\/uploads\\\/2024\\\/02\\\/bleu-plage-photo-vacances-carte-1-320x202.png\",\"recent-posts\":\"https:\\\/\\\/www.lift-mtb.com\\\/wp-content\\\/uploads\\\/2024\\\/02\\\/bleu-plage-photo-vacances-carte-1-700x441.png\",\"recent-works-thumbnail\":\"https:\\\/\\\/www.lift-mtb.com\\\/wp-content\\\/uploads\\\/2024\\\/02\\\/bleu-plage-photo-vacances-carte-1-66x66.png\",\"fusion-200\":\"https:\\\/\\\/www.lift-mtb.com\\\/wp-content\\\/uploads\\\/2024\\\/02\\\/bleu-plage-photo-vacances-carte-1-200x142.png\",\"fusion-400\":\"https:\\\/\\\/www.lift-mtb.com\\\/wp-content\\\/uploads\\\/2024\\\/02\\\/bleu-plage-photo-vacances-carte-1-400x284.png\",\"fusion-600\":\"https:\\\/\\\/www.lift-mtb.com\\\/wp-content\\\/uploads\\\/2024\\\/02\\\/bleu-plage-photo-vacances-carte-1-600x426.png\",\"fusion-800\":\"https:\\\/\\\/www.lift-mtb.com\\\/wp-content\\\/uploads\\\/2024\\\/02\\\/bleu-plage-photo-vacances-carte-1-800x568.png\",\"fusion-1200\":\"https:\\\/\\\/www.lift-mtb.com\\\/wp-content\\\/uploads\\\/2024\\\/02\\\/bleu-plage-photo-vacances-carte-1-1200x851.png\",\"portfolio-full\":\"https:\\\/\\\/www.lift-mtb.com\\\/wp-content\\\/uploads\\\/2024\\\/02\\\/bleu-plage-photo-vacances-carte-1-940x400.png\",\"portfolio-one\":\"https:\\\/\\\/www.lift-mtb.com\\\/wp-content\\\/uploads\\\/2024\\\/02\\\/bleu-plage-photo-vacances-carte-1-540x272.png\",\"portfolio-two\":\"https:\\\/\\\/www.lift-mtb.com\\\/wp-content\\\/uploads\\\/2024\\\/02\\\/bleu-plage-photo-vacances-carte-1-460x295.png\",\"portfolio-three\":\"https:\\\/\\\/www.lift-mtb.com\\\/wp-content\\\/uploads\\\/2024\\\/02\\\/bleu-plage-photo-vacances-carte-1-300x214.png\",\"portfolio-five\":\"https:\\\/\\\/www.lift-mtb.com\\\/wp-content\\\/uploads\\\/2024\\\/02\\\/bleu-plage-photo-vacances-carte-1-177x142.png\",\"woocommerce_thumbnail\":\"https:\\\/\\\/www.lift-mtb.com\\\/wp-content\\\/uploads\\\/2024\\\/02\\\/bleu-plage-photo-vacances-carte-1-500x355.png\",\"woocommerce_single\":\"https:\\\/\\\/www.lift-mtb.com\\\/wp-content\\\/uploads\\\/2024\\\/02\\\/bleu-plage-photo-vacances-carte-1-700x497.png\",\"woocommerce_gallery_thumbnail\":\"https:\\\/\\\/www.lift-mtb.com\\\/wp-content\\\/uploads\\\/2024\\\/02\\\/bleu-plage-photo-vacances-carte-1-150x150.png\",\"full\":\"https:\\\/\\\/www.lift-mtb.com\\\/wp-content\\\/uploads\\\/2024\\\/02\\\/bleu-plage-photo-vacances-carte-1.png\",\"index\":17,\"id\":49196,\"video\":false,\"opts\":{\"caption\":\"\",\"thumb\":\"https:\\\/\\\/www.lift-mtb.com\\\/wp-content\\\/uploads\\\/2024\\\/02\\\/bleu-plage-photo-vacances-carte-1-75x50_c.png\",\"title\":\"Bleu Plage Photo Vacances Carte (1)\"},\"gallery_id\":\"49090\"},{\"status\":\"active\",\"src\":\"https:\\\/\\\/www.lift-mtb.com\\\/wp-content\\\/uploads\\\/2024\\\/02\\\/bsa.png\",\"title\":\"BSA\",\"link\":\"http:\\\/\\\/lift-mtb.com\\\/wp-content\\\/uploads\\\/2024\\\/02\\\/bsa.png\",\"alt\":\"\",\"caption\":false,\"thumb\":\"https:\\\/\\\/www.lift-mtb.com\\\/wp-content\\\/uploads\\\/2024\\\/02\\\/bsa-75x50_c.png\",\"tags\":[],\"meta\":{\"aperture\":null,\"credit\":null,\"camera\":null,\"caption\":\"\",\"created_timestamp\":null,\"copyright\":null,\"focal_length\":null,\"iso\":null,\"shutter_speed\":null,\"title\":\"\",\"orientation\":null,\"keywords\":null,\"resized_images\":null},\"thumbnail\":\"https:\\\/\\\/www.lift-mtb.com\\\/wp-content\\\/uploads\\\/2024\\\/02\\\/bsa-150x150.png\",\"medium\":\"https:\\\/\\\/www.lift-mtb.com\\\/wp-content\\\/uploads\\\/2024\\\/02\\\/bsa-256x300.png\",\"medium_large\":\"https:\\\/\\\/www.lift-mtb.com\\\/wp-content\\\/uploads\\\/2024\\\/02\\\/bsa.png\",\"large\":\"https:\\\/\\\/www.lift-mtb.com\\\/wp-content\\\/uploads\\\/2024\\\/02\\\/bsa.png\",\"1536x1536\":\"https:\\\/\\\/www.lift-mtb.com\\\/wp-content\\\/uploads\\\/2024\\\/02\\\/bsa.png\",\"2048x2048\":\"https:\\\/\\\/www.lift-mtb.com\\\/wp-content\\\/uploads\\\/2024\\\/02\\\/bsa.png\",\"blog-large\":\"https:\\\/\\\/www.lift-mtb.com\\\/wp-content\\\/uploads\\\/2024\\\/02\\\/bsa-669x272.png\",\"blog-medium\":\"https:\\\/\\\/www.lift-mtb.com\\\/wp-content\\\/uploads\\\/2024\\\/02\\\/bsa-320x202.png\",\"recent-posts\":\"https:\\\/\\\/www.lift-mtb.com\\\/wp-content\\\/uploads\\\/2024\\\/02\\\/bsa-700x441.png\",\"recent-works-thumbnail\":\"https:\\\/\\\/www.lift-mtb.com\\\/wp-content\\\/uploads\\\/2024\\\/02\\\/bsa-66x66.png\",\"fusion-200\":\"https:\\\/\\\/www.lift-mtb.com\\\/wp-content\\\/uploads\\\/2024\\\/02\\\/bsa-200x234.png\",\"fusion-400\":\"https:\\\/\\\/www.lift-mtb.com\\\/wp-content\\\/uploads\\\/2024\\\/02\\\/bsa-400x468.png\",\"fusion-600\":\"https:\\\/\\\/www.lift-mtb.com\\\/wp-content\\\/uploads\\\/2024\\\/02\\\/bsa-600x703.png\",\"fusion-800\":\"https:\\\/\\\/www.lift-mtb.com\\\/wp-content\\\/uploads\\\/2024\\\/02\\\/bsa.png\",\"fusion-1200\":\"https:\\\/\\\/www.lift-mtb.com\\\/wp-content\\\/uploads\\\/2024\\\/02\\\/bsa.png\",\"portfolio-full\":\"https:\\\/\\\/www.lift-mtb.com\\\/wp-content\\\/uploads\\\/2024\\\/02\\\/bsa-760x400.png\",\"portfolio-one\":\"https:\\\/\\\/www.lift-mtb.com\\\/wp-content\\\/uploads\\\/2024\\\/02\\\/bsa-540x272.png\",\"portfolio-two\":\"https:\\\/\\\/www.lift-mtb.com\\\/wp-content\\\/uploads\\\/2024\\\/02\\\/bsa-460x295.png\",\"portfolio-three\":\"https:\\\/\\\/www.lift-mtb.com\\\/wp-content\\\/uploads\\\/2024\\\/02\\\/bsa-300x214.png\",\"portfolio-five\":\"https:\\\/\\\/www.lift-mtb.com\\\/wp-content\\\/uploads\\\/2024\\\/02\\\/bsa-177x142.png\",\"woocommerce_thumbnail\":\"https:\\\/\\\/www.lift-mtb.com\\\/wp-content\\\/uploads\\\/2024\\\/02\\\/bsa-500x586.png\",\"woocommerce_single\":\"https:\\\/\\\/www.lift-mtb.com\\\/wp-content\\\/uploads\\\/2024\\\/02\\\/bsa-700x820.png\",\"woocommerce_gallery_thumbnail\":\"https:\\\/\\\/www.lift-mtb.com\\\/wp-content\\\/uploads\\\/2024\\\/02\\\/bsa-150x150.png\",\"full\":\"https:\\\/\\\/www.lift-mtb.com\\\/wp-content\\\/uploads\\\/2024\\\/02\\\/bsa.png\",\"index\":18,\"id\":49575,\"video\":false,\"opts\":{\"caption\":\"\",\"thumb\":\"https:\\\/\\\/www.lift-mtb.com\\\/wp-content\\\/uploads\\\/2024\\\/02\\\/bsa-75x50_c.png\",\"title\":\"BSA\"},\"gallery_id\":\"49090\"}]' data-lightbox-theme='{&quot;arrows&quot;:true,&quot;margins&quot;:[120,0],&quot;gutter&quot;:&quot;100&quot;,&quot;thumbs_position&quot;:&quot;bottom&quot;,&quot;base_template&quot;:&quot;&lt;div id=\\&quot;envirabox-49090\\&quot; data-envirabox-id=\\&quot;49090\\&quot; class=\\&quot;envirabox-container envirabox-theme-base_dark envirabox-wrap\\&quot; role=\\&quot;dialog\\&quot;&gt;&lt;div class=\\&quot;envirabox-bg\\&quot;&gt;&lt;\\\/div&gt;&lt;div class=\\&quot;envirabox-outer\\&quot;&gt;&lt;div class=\\&quot;envirabox-inner\\&quot;&gt;&lt;div class=\\&quot;envirabox-caption-wrap\\&quot;&gt;&lt;div class=\\&quot;envirabox-title\\&quot;&gt;&lt;\\\/div&gt;&lt;\\\/div&gt;&lt;div class=\\&quot;envirabox-toolbar\\&quot;&gt;&lt;div class=\\&quot;envira-close-button\\&quot;&gt;&lt;a data-envirabox-close class=\\&quot;envirabox-item envirabox-close envirabox-button--close\\&quot; title=\\&quot;Close\\&quot; href=\\&quot;#\\&quot;&gt;&lt;\\\/a&gt;&lt;\\\/div&gt;&lt;\\\/div&gt;&lt;div class=\\&quot;envirabox-navigation\\&quot;&gt;&lt;a data-envirabox-prev title=\\&quot;Prev\\&quot; class=\\&quot;envirabox-arrow envirabox-arrow--left envirabox-nav envirabox-prev\\&quot; href=\\&quot;#\\&quot;&gt;&lt;span&gt;&lt;\\\/span&gt;&lt;\\\/a&gt;&lt;a data-envirabox-next title=\\&quot;Next\\&quot; class=\\&quot;envirabox-arrow envirabox-arrow--right envirabox-nav envirabox-next\\&quot; href=\\&quot;#\\&quot;&gt;&lt;span&gt;&lt;\\\/span&gt;&lt;\\\/a&gt;&lt;\\\/div&gt;&lt;div class=\\&quot;envirabox-stage\\&quot;&gt;&lt;\\\/div&gt;&lt;\\\/div&gt;&lt;\\\/div&gt;&lt;\\\/div&gt;&quot;,&quot;load_all&quot;:false,&quot;error_template&quot;:&quot;&lt;div class=\\&quot;envirabox-error\\&quot;&gt;&lt;p&gt;{{ERROR}}&lt;p&gt;&lt;\\\/div&gt;&quot;,&quot;inner_caption&quot;:false,&quot;caption_position&quot;:false,&quot;arrow_position&quot;:false,&quot;toolbar&quot;:true,&quot;infobar&quot;:false,&quot;show_smallbtn&quot;:false,&quot;idle_time&quot;:false,&quot;click_content&quot;:false,&quot;click_slide&quot;:false,&quot;click_outside&quot;:false,&quot;animation_duration&quot;:false,&quot;transition_duration&quot;:false,&quot;small_btn_template&quot;:&quot;&lt;a data-envirabox-close class=\\&quot;envirabox-item envirabox-close envirabox-button--close\\&quot; title=\\&quot;Close\\&quot; href=\\&quot;#\\&quot;&gt;&lt;\\\/a&gt;&quot;}' data-parsed-attrs='{\"id\":\"49090\",\"cache\":true}'><div id=\"envira-gallery-item-49091\" class=\"envira-gallery-item envira-gallery-item-1 envira-lazy-load\" style=\"padding-left: 5px; padding-bottom: 10px; padding-right: 5px;\"  itemscope itemtype=\"https:\/\/schema.org\/ImageObject\"><div class=\"envira-gallery-item-inner\"><div class=\"envira-gallery-position-overlay envira-gallery-top-left\"><\/div><div class=\"envira-gallery-position-overlay envira-gallery-top-right\"><\/div><div class=\"envira-gallery-position-overlay envira-gallery-bottom-left\"><\/div><div class=\"envira-gallery-position-overlay envira-gallery-bottom-right\"><\/div><a class=\"envira-gallery-49090 envira-gallery-link\" href=\"https:\/\/lift-mtb.com\/wp-content\/uploads\/2024\/02\/moteur-electrique-pour-velo-scaled.jpg\" title=\"moteur electrique pour v\u00e9lo\" data-caption=\"\" data-envira-item-id=\"49091\" data-envira-retina=\"https:\/\/www.lift-mtb.com\/wp-content\/uploads\/2024\/02\/moteur-electrique-pour-velo-scaled.jpg\" data-thumb=\"https:\/\/lift-mtb.com\/wp-content\/uploads\/2024\/02\/moteur-electrique-pour-velo-scaled-75x50_c.jpg\" data-title=\"moteur electrique pour v&eacute;lo\" data-envirabox='49090' itemprop=\"contentUrl\"><div class=\"envira-lazy\" style=\"padding-bottom: 75%;\" data-envira-changed=\"false\" data-width=\"640\" data-height=\"480\"><img decoding=\"async\" src=\"https:\/\/www.lift-mtb.com\/wp-content\/uploads\/2024\/02\/moteur-electrique-pour-velo-1024x678.jpg\" alt=\"\" class=\"envira-gallery-image envira-gallery-image-1    envira-lazy\" height=\"480\" id=\"envira-gallery-image-49091\" srcset=\"data:image\/gif;base64,R0lGODlhAQABAIAAAP\/\/\/\/\/\/\/yH5BAEKAAEALAAAAAABAAEAAAICTAEAOw==\" tabindex=\"-1\" title=\"moteur electrique pour v\u00e9lo\" width=\"640\" data-caption=\"\" data-envira-gallery-id=\"49090\" data-envira-index=\"0\" data-envira-item-id=\"49091\" data-envira-src=\"https:\/\/www.lift-mtb.com\/wp-content\/uploads\/2024\/02\/moteur-electrique-pour-velo-1024x678.jpg\" data-envira-srcset=\"https:\/\/www.lift-mtb.com\/wp-content\/uploads\/2024\/02\/moteur-electrique-pour-velo-1024x678.jpg 400w, https:\/\/www.lift-mtb.com\/wp-content\/uploads\/2024\/02\/moteur-electrique-pour-velo-1024x678.jpg 2x\" data-title=\"moteur electrique pour v&eacute;lo\" itemprop=\"thumbnailUrl\"  draggable=\"false\" onmousedown=\"event.preventDefault()\"  data-envirabox=\"49090\" \/><\/div><\/a><div class=\"envira-gallery-captioned-data envira-gallery-captioned-data-base\"><\/div><\/div><\/div><div id=\"envira-gallery-item-49151\" class=\"envira-gallery-item envira-gallery-item-2 envira-lazy-load\" style=\"padding-left: 5px; padding-bottom: 10px; padding-right: 5px;\"  itemscope itemtype=\"https:\/\/schema.org\/ImageObject\"><div class=\"envira-gallery-item-inner\"><div class=\"envira-gallery-position-overlay envira-gallery-top-left\"><\/div><div class=\"envira-gallery-position-overlay envira-gallery-top-right\"><\/div><div class=\"envira-gallery-position-overlay envira-gallery-bottom-left\"><\/div><div class=\"envira-gallery-position-overlay envira-gallery-bottom-right\"><\/div><a class=\"envira-gallery-49090 envira-gallery-link\" href=\"https:\/\/lift-mtb.com\/wp-content\/uploads\/2024\/02\/velo-electrique-hyeres-4-scaled.jpg\" title=\"velo electrique hyeres &amp;#8211; 4\" data-caption=\"\" data-envira-item-id=\"49151\" data-envira-retina=\"https:\/\/www.lift-mtb.com\/wp-content\/uploads\/2024\/02\/velo-electrique-hyeres-4-scaled.jpg\" data-thumb=\"https:\/\/lift-mtb.com\/wp-content\/uploads\/2024\/02\/velo-electrique-hyeres-4-scaled-75x50_c.jpg\" data-title=\"velo electrique hyeres &amp;amp;#8211; 4\" data-envirabox='49090' itemprop=\"contentUrl\"><div class=\"envira-lazy\" style=\"padding-bottom: 75%;\" data-envira-changed=\"false\" data-width=\"640\" data-height=\"480\"><img decoding=\"async\" src=\"https:\/\/www.lift-mtb.com\/wp-content\/uploads\/2024\/02\/velo-electrique-hyeres-4-1024x678.jpg\" alt=\"\" class=\"envira-gallery-image envira-gallery-image-2    envira-lazy\" height=\"480\" id=\"envira-gallery-image-49151\" srcset=\"data:image\/gif;base64,R0lGODlhAQABAIAAAP\/\/\/\/\/\/\/yH5BAEKAAEALAAAAAABAAEAAAICTAEAOw==\" tabindex=\"-1\" title=\"velo electrique hyeres &#8211; 4\" width=\"640\" data-caption=\"\" data-envira-gallery-id=\"49090\" data-envira-index=\"1\" data-envira-item-id=\"49151\" data-envira-src=\"https:\/\/www.lift-mtb.com\/wp-content\/uploads\/2024\/02\/velo-electrique-hyeres-4-1024x678.jpg\" data-envira-srcset=\"https:\/\/www.lift-mtb.com\/wp-content\/uploads\/2024\/02\/velo-electrique-hyeres-4-1024x678.jpg 400w, https:\/\/www.lift-mtb.com\/wp-content\/uploads\/2024\/02\/velo-electrique-hyeres-4-1024x678.jpg 2x\" data-title=\"velo electrique hyeres &amp;amp;#8211; 4\" itemprop=\"thumbnailUrl\"  draggable=\"false\" onmousedown=\"event.preventDefault()\"  data-envirabox=\"49090\" \/><\/div><\/a><div class=\"envira-gallery-captioned-data envira-gallery-captioned-data-base\"><\/div><\/div><\/div><div id=\"envira-gallery-item-49096\" class=\"envira-gallery-item envira-gallery-item-3 envira-lazy-load\" style=\"padding-left: 5px; padding-bottom: 10px; padding-right: 5px;\"  itemscope itemtype=\"https:\/\/schema.org\/ImageObject\"><div class=\"envira-gallery-item-inner\"><div class=\"envira-gallery-position-overlay envira-gallery-top-left\"><\/div><div class=\"envira-gallery-position-overlay envira-gallery-top-right\"><\/div><div class=\"envira-gallery-position-overlay envira-gallery-bottom-left\"><\/div><div class=\"envira-gallery-position-overlay envira-gallery-bottom-right\"><\/div><a class=\"envira-gallery-49090 envira-gallery-link\" href=\"https:\/\/lift-mtb.com\/wp-content\/uploads\/2024\/02\/moteur-electrique-velo-hyeres-copie-scaled.jpg\" title=\"moteur electrique v\u00e9lo hyeres &amp;#8211; Copie\" data-caption=\"\" data-envira-item-id=\"49096\" data-envira-retina=\"https:\/\/www.lift-mtb.com\/wp-content\/uploads\/2024\/02\/moteur-electrique-velo-hyeres-copie-scaled.jpg\" data-thumb=\"https:\/\/lift-mtb.com\/wp-content\/uploads\/2024\/02\/moteur-electrique-velo-hyeres-copie-scaled-75x50_c.jpg\" data-title=\"moteur electrique v&eacute;lo hyeres &amp;amp;#8211; Copie\" data-envirabox='49090' itemprop=\"contentUrl\"><div class=\"envira-lazy\" style=\"padding-bottom: 75%;\" data-envira-changed=\"false\" data-width=\"640\" data-height=\"480\"><img decoding=\"async\" src=\"https:\/\/www.lift-mtb.com\/wp-content\/uploads\/2024\/02\/moteur-electrique-velo-hyeres-copie-1024x678.jpg\" alt=\"\" class=\"envira-gallery-image envira-gallery-image-3    envira-lazy\" height=\"480\" id=\"envira-gallery-image-49096\" srcset=\"data:image\/gif;base64,R0lGODlhAQABAIAAAP\/\/\/\/\/\/\/yH5BAEKAAEALAAAAAABAAEAAAICTAEAOw==\" tabindex=\"-1\" title=\"moteur electrique v\u00e9lo hyeres &#8211; Copie\" width=\"640\" data-caption=\"\" data-envira-gallery-id=\"49090\" data-envira-index=\"2\" data-envira-item-id=\"49096\" data-envira-src=\"https:\/\/www.lift-mtb.com\/wp-content\/uploads\/2024\/02\/moteur-electrique-velo-hyeres-copie-1024x678.jpg\" data-envira-srcset=\"https:\/\/www.lift-mtb.com\/wp-content\/uploads\/2024\/02\/moteur-electrique-velo-hyeres-copie-1024x678.jpg 400w, https:\/\/www.lift-mtb.com\/wp-content\/uploads\/2024\/02\/moteur-electrique-velo-hyeres-copie-1024x678.jpg 2x\" data-title=\"moteur electrique v&eacute;lo hyeres &amp;amp;#8211; Copie\" itemprop=\"thumbnailUrl\"  draggable=\"false\" onmousedown=\"event.preventDefault()\"  data-envirabox=\"49090\" \/><\/div><\/a><div class=\"envira-gallery-captioned-data envira-gallery-captioned-data-base\"><\/div><\/div><\/div><div id=\"envira-gallery-item-49176\" class=\"envira-gallery-item envira-gallery-item-4 envira-lazy-load\" style=\"padding-left: 5px; padding-bottom: 10px; padding-right: 5px;\"  itemscope itemtype=\"https:\/\/schema.org\/ImageObject\"><div class=\"envira-gallery-item-inner\"><div class=\"envira-gallery-position-overlay envira-gallery-top-left\"><\/div><div class=\"envira-gallery-position-overlay envira-gallery-top-right\"><\/div><div class=\"envira-gallery-position-overlay envira-gallery-bottom-left\"><\/div><div class=\"envira-gallery-position-overlay envira-gallery-bottom-right\"><\/div><a class=\"envira-gallery-49090 envira-gallery-link\" href=\"https:\/\/lift-mtb.com\/wp-content\/uploads\/2024\/02\/velo-electrique-hyeres-1-scaled.jpg\" title=\"velo electrique hyeres -1\" data-caption=\"\" data-envira-item-id=\"49176\" data-envira-retina=\"https:\/\/www.lift-mtb.com\/wp-content\/uploads\/2024\/02\/velo-electrique-hyeres-1-scaled.jpg\" data-thumb=\"https:\/\/lift-mtb.com\/wp-content\/uploads\/2024\/02\/velo-electrique-hyeres-1-scaled-75x50_c.jpg\" data-title=\"velo electrique hyeres -1\" data-envirabox='49090' itemprop=\"contentUrl\"><div class=\"envira-lazy\" style=\"padding-bottom: 75%;\" data-envira-changed=\"false\" data-width=\"640\" data-height=\"480\"><img decoding=\"async\" src=\"https:\/\/www.lift-mtb.com\/wp-content\/uploads\/2024\/02\/velo-electrique-hyeres-1-1024x678.jpg\" alt=\"\" class=\"envira-gallery-image envira-gallery-image-4    envira-lazy\" height=\"480\" id=\"envira-gallery-image-49176\" srcset=\"data:image\/gif;base64,R0lGODlhAQABAIAAAP\/\/\/\/\/\/\/yH5BAEKAAEALAAAAAABAAEAAAICTAEAOw==\" tabindex=\"-1\" title=\"velo electrique hyeres -1\" width=\"640\" data-caption=\"\" data-envira-gallery-id=\"49090\" data-envira-index=\"3\" data-envira-item-id=\"49176\" data-envira-src=\"https:\/\/www.lift-mtb.com\/wp-content\/uploads\/2024\/02\/velo-electrique-hyeres-1-1024x678.jpg\" data-envira-srcset=\"https:\/\/www.lift-mtb.com\/wp-content\/uploads\/2024\/02\/velo-electrique-hyeres-1-1024x678.jpg 400w, https:\/\/www.lift-mtb.com\/wp-content\/uploads\/2024\/02\/velo-electrique-hyeres-1-1024x678.jpg 2x\" data-title=\"velo electrique hyeres -1\" itemprop=\"thumbnailUrl\"  draggable=\"false\" onmousedown=\"event.preventDefault()\"  data-envirabox=\"49090\" \/><\/div><\/a><div class=\"envira-gallery-captioned-data envira-gallery-captioned-data-base\"><\/div><\/div><\/div><div id=\"envira-gallery-item-49116\" class=\"envira-gallery-item envira-gallery-item-5 envira-lazy-load\" style=\"padding-left: 5px; padding-bottom: 10px; padding-right: 5px;\"  itemscope itemtype=\"https:\/\/schema.org\/ImageObject\"><div class=\"envira-gallery-item-inner\"><div class=\"envira-gallery-position-overlay envira-gallery-top-left\"><\/div><div class=\"envira-gallery-position-overlay envira-gallery-top-right\"><\/div><div class=\"envira-gallery-position-overlay envira-gallery-bottom-left\"><\/div><div class=\"envira-gallery-position-overlay envira-gallery-bottom-right\"><\/div><a class=\"envira-gallery-49090 envira-gallery-link\" href=\"https:\/\/lift-mtb.com\/wp-content\/uploads\/2024\/02\/moteur-electrique-velo-hyeres-vtt-copie-scaled.jpg\" title=\"moteur electrique v\u00e9lo hyeres vtt &amp;#8211; Copie\" data-caption=\"\" data-envira-item-id=\"49116\" data-envira-retina=\"https:\/\/www.lift-mtb.com\/wp-content\/uploads\/2024\/02\/moteur-electrique-velo-hyeres-vtt-copie-scaled.jpg\" data-thumb=\"https:\/\/lift-mtb.com\/wp-content\/uploads\/2024\/02\/moteur-electrique-velo-hyeres-vtt-copie-scaled-75x50_c.jpg\" data-title=\"moteur electrique v&eacute;lo hyeres vtt &amp;amp;#8211; Copie\" data-envirabox='49090' itemprop=\"contentUrl\"><div class=\"envira-lazy\" style=\"padding-bottom: 75%;\" data-envira-changed=\"false\" data-width=\"640\" data-height=\"480\"><img decoding=\"async\" src=\"https:\/\/www.lift-mtb.com\/wp-content\/uploads\/2024\/02\/moteur-electrique-velo-hyeres-vtt-copie-1024x678.jpg\" alt=\"\" class=\"envira-gallery-image envira-gallery-image-5    envira-lazy\" height=\"480\" id=\"envira-gallery-image-49116\" srcset=\"data:image\/gif;base64,R0lGODlhAQABAIAAAP\/\/\/\/\/\/\/yH5BAEKAAEALAAAAAABAAEAAAICTAEAOw==\" tabindex=\"-1\" title=\"moteur electrique v\u00e9lo hyeres vtt &#8211; Copie\" width=\"640\" data-caption=\"\" data-envira-gallery-id=\"49090\" data-envira-index=\"4\" data-envira-item-id=\"49116\" data-envira-src=\"https:\/\/www.lift-mtb.com\/wp-content\/uploads\/2024\/02\/moteur-electrique-velo-hyeres-vtt-copie-1024x678.jpg\" data-envira-srcset=\"https:\/\/www.lift-mtb.com\/wp-content\/uploads\/2024\/02\/moteur-electrique-velo-hyeres-vtt-copie-1024x678.jpg 400w, https:\/\/www.lift-mtb.com\/wp-content\/uploads\/2024\/02\/moteur-electrique-velo-hyeres-vtt-copie-1024x678.jpg 2x\" data-title=\"moteur electrique v&eacute;lo hyeres vtt &amp;amp;#8211; Copie\" itemprop=\"thumbnailUrl\"  draggable=\"false\" onmousedown=\"event.preventDefault()\"  data-envirabox=\"49090\" \/><\/div><\/a><div class=\"envira-gallery-captioned-data envira-gallery-captioned-data-base\"><\/div><\/div><\/div><div id=\"envira-gallery-item-49141\" class=\"envira-gallery-item envira-gallery-item-6 envira-lazy-load\" style=\"padding-left: 5px; padding-bottom: 10px; padding-right: 5px;\"  itemscope itemtype=\"https:\/\/schema.org\/ImageObject\"><div class=\"envira-gallery-item-inner\"><div class=\"envira-gallery-position-overlay envira-gallery-top-left\"><\/div><div class=\"envira-gallery-position-overlay envira-gallery-top-right\"><\/div><div class=\"envira-gallery-position-overlay envira-gallery-bottom-left\"><\/div><div class=\"envira-gallery-position-overlay envira-gallery-bottom-right\"><\/div><a class=\"envira-gallery-49090 envira-gallery-link\" href=\"https:\/\/lift-mtb.com\/wp-content\/uploads\/2024\/02\/velo-electrique-hyeres-2-scaled.jpg\" title=\"velo electrique hyeres &amp;#8211; 2\" data-caption=\"\" data-envira-item-id=\"49141\" data-envira-retina=\"https:\/\/www.lift-mtb.com\/wp-content\/uploads\/2024\/02\/velo-electrique-hyeres-2-scaled.jpg\" data-thumb=\"https:\/\/lift-mtb.com\/wp-content\/uploads\/2024\/02\/velo-electrique-hyeres-2-scaled-75x50_c.jpg\" data-title=\"velo electrique hyeres &amp;amp;#8211; 2\" data-envirabox='49090' itemprop=\"contentUrl\"><div class=\"envira-lazy\" style=\"padding-bottom: 75%;\" data-envira-changed=\"false\" data-width=\"640\" data-height=\"480\"><img decoding=\"async\" src=\"https:\/\/www.lift-mtb.com\/wp-content\/uploads\/2024\/02\/velo-electrique-hyeres-2-1024x651.jpg\" alt=\"\" class=\"envira-gallery-image envira-gallery-image-6    envira-lazy\" height=\"480\" id=\"envira-gallery-image-49141\" srcset=\"data:image\/gif;base64,R0lGODlhAQABAIAAAP\/\/\/\/\/\/\/yH5BAEKAAEALAAAAAABAAEAAAICTAEAOw==\" tabindex=\"-1\" title=\"velo electrique hyeres &#8211; 2\" width=\"640\" data-caption=\"\" data-envira-gallery-id=\"49090\" data-envira-index=\"5\" data-envira-item-id=\"49141\" data-envira-src=\"https:\/\/www.lift-mtb.com\/wp-content\/uploads\/2024\/02\/velo-electrique-hyeres-2-1024x651.jpg\" data-envira-srcset=\"https:\/\/www.lift-mtb.com\/wp-content\/uploads\/2024\/02\/velo-electrique-hyeres-2-1024x651.jpg 400w, https:\/\/www.lift-mtb.com\/wp-content\/uploads\/2024\/02\/velo-electrique-hyeres-2-1024x651.jpg 2x\" data-title=\"velo electrique hyeres &amp;amp;#8211; 2\" itemprop=\"thumbnailUrl\"  draggable=\"false\" onmousedown=\"event.preventDefault()\"  data-envirabox=\"49090\" \/><\/div><\/a><div class=\"envira-gallery-captioned-data envira-gallery-captioned-data-base\"><\/div><\/div><\/div><div id=\"envira-gallery-item-49111\" class=\"envira-gallery-item envira-gallery-item-7 envira-lazy-load\" style=\"padding-left: 5px; padding-bottom: 10px; padding-right: 5px;\"  itemscope itemtype=\"https:\/\/schema.org\/ImageObject\"><div class=\"envira-gallery-item-inner\"><div class=\"envira-gallery-position-overlay envira-gallery-top-left\"><\/div><div class=\"envira-gallery-position-overlay envira-gallery-top-right\"><\/div><div class=\"envira-gallery-position-overlay envira-gallery-bottom-left\"><\/div><div class=\"envira-gallery-position-overlay envira-gallery-bottom-right\"><\/div><a class=\"envira-gallery-49090 envira-gallery-link\" href=\"https:\/\/lift-mtb.com\/wp-content\/uploads\/2024\/02\/moteur-electrique-velo-hyeres-la-crau-scaled.jpg\" title=\"moteur electrique v\u00e9lo hyeres la crau\" data-caption=\"\" data-envira-item-id=\"49111\" data-envira-retina=\"https:\/\/www.lift-mtb.com\/wp-content\/uploads\/2024\/02\/moteur-electrique-velo-hyeres-la-crau-scaled.jpg\" data-thumb=\"https:\/\/lift-mtb.com\/wp-content\/uploads\/2024\/02\/moteur-electrique-velo-hyeres-la-crau-scaled-75x50_c.jpg\" data-title=\"moteur electrique v&eacute;lo hyeres la crau\" data-envirabox='49090' itemprop=\"contentUrl\"><div class=\"envira-lazy\" style=\"padding-bottom: 75%;\" data-envira-changed=\"false\" data-width=\"640\" data-height=\"480\"><img decoding=\"async\" src=\"https:\/\/www.lift-mtb.com\/wp-content\/uploads\/2024\/02\/moteur-electrique-velo-hyeres-la-crau-1024x678.jpg\" alt=\"\" class=\"envira-gallery-image envira-gallery-image-7    envira-lazy\" height=\"480\" id=\"envira-gallery-image-49111\" srcset=\"data:image\/gif;base64,R0lGODlhAQABAIAAAP\/\/\/\/\/\/\/yH5BAEKAAEALAAAAAABAAEAAAICTAEAOw==\" tabindex=\"-1\" title=\"moteur electrique v\u00e9lo hyeres la crau\" width=\"640\" data-caption=\"\" data-envira-gallery-id=\"49090\" data-envira-index=\"6\" data-envira-item-id=\"49111\" data-envira-src=\"https:\/\/www.lift-mtb.com\/wp-content\/uploads\/2024\/02\/moteur-electrique-velo-hyeres-la-crau-1024x678.jpg\" data-envira-srcset=\"https:\/\/www.lift-mtb.com\/wp-content\/uploads\/2024\/02\/moteur-electrique-velo-hyeres-la-crau-1024x678.jpg 400w, https:\/\/www.lift-mtb.com\/wp-content\/uploads\/2024\/02\/moteur-electrique-velo-hyeres-la-crau-1024x678.jpg 2x\" data-title=\"moteur electrique v&eacute;lo hyeres la crau\" itemprop=\"thumbnailUrl\"  draggable=\"false\" onmousedown=\"event.preventDefault()\"  data-envirabox=\"49090\" \/><\/div><\/a><div class=\"envira-gallery-captioned-data envira-gallery-captioned-data-base\"><\/div><\/div><\/div><div id=\"envira-gallery-item-49166\" class=\"envira-gallery-item envira-gallery-item-8 envira-lazy-load\" style=\"padding-left: 5px; padding-bottom: 10px; padding-right: 5px;\"  itemscope itemtype=\"https:\/\/schema.org\/ImageObject\"><div class=\"envira-gallery-item-inner\"><div class=\"envira-gallery-position-overlay envira-gallery-top-left\"><\/div><div class=\"envira-gallery-position-overlay envira-gallery-top-right\"><\/div><div class=\"envira-gallery-position-overlay envira-gallery-bottom-left\"><\/div><div class=\"envira-gallery-position-overlay envira-gallery-bottom-right\"><\/div><a class=\"envira-gallery-49090 envira-gallery-link\" href=\"https:\/\/lift-mtb.com\/wp-content\/uploads\/2024\/02\/velo-electrique-hyeres-7-scaled.jpg\" title=\"velo electrique hyeres &amp;#8211; 7\" data-caption=\"\" data-envira-item-id=\"49166\" data-envira-retina=\"https:\/\/www.lift-mtb.com\/wp-content\/uploads\/2024\/02\/velo-electrique-hyeres-7-scaled.jpg\" data-thumb=\"https:\/\/lift-mtb.com\/wp-content\/uploads\/2024\/02\/velo-electrique-hyeres-7-scaled-75x50_c.jpg\" data-title=\"velo electrique hyeres &amp;amp;#8211; 7\" data-envirabox='49090' itemprop=\"contentUrl\"><div class=\"envira-lazy\" style=\"padding-bottom: 75%;\" data-envira-changed=\"false\" data-width=\"640\" data-height=\"480\"><img decoding=\"async\" src=\"https:\/\/www.lift-mtb.com\/wp-content\/uploads\/2024\/02\/velo-electrique-hyeres-7-1024x678.jpg\" alt=\"\" class=\"envira-gallery-image envira-gallery-image-8    envira-lazy\" height=\"480\" id=\"envira-gallery-image-49166\" srcset=\"data:image\/gif;base64,R0lGODlhAQABAIAAAP\/\/\/\/\/\/\/yH5BAEKAAEALAAAAAABAAEAAAICTAEAOw==\" tabindex=\"-1\" title=\"velo electrique hyeres &#8211; 7\" width=\"640\" data-caption=\"\" data-envira-gallery-id=\"49090\" data-envira-index=\"7\" data-envira-item-id=\"49166\" data-envira-src=\"https:\/\/www.lift-mtb.com\/wp-content\/uploads\/2024\/02\/velo-electrique-hyeres-7-1024x678.jpg\" data-envira-srcset=\"https:\/\/www.lift-mtb.com\/wp-content\/uploads\/2024\/02\/velo-electrique-hyeres-7-1024x678.jpg 400w, https:\/\/www.lift-mtb.com\/wp-content\/uploads\/2024\/02\/velo-electrique-hyeres-7-1024x678.jpg 2x\" data-title=\"velo electrique hyeres &amp;amp;#8211; 7\" itemprop=\"thumbnailUrl\"  draggable=\"false\" onmousedown=\"event.preventDefault()\"  data-envirabox=\"49090\" \/><\/div><\/a><div class=\"envira-gallery-captioned-data envira-gallery-captioned-data-base\"><\/div><\/div><\/div><div id=\"envira-gallery-item-49156\" class=\"envira-gallery-item envira-gallery-item-9 envira-lazy-load\" style=\"padding-left: 5px; padding-bottom: 10px; padding-right: 5px;\"  itemscope itemtype=\"https:\/\/schema.org\/ImageObject\"><div class=\"envira-gallery-item-inner\"><div class=\"envira-gallery-position-overlay envira-gallery-top-left\"><\/div><div class=\"envira-gallery-position-overlay envira-gallery-top-right\"><\/div><div class=\"envira-gallery-position-overlay envira-gallery-bottom-left\"><\/div><div class=\"envira-gallery-position-overlay envira-gallery-bottom-right\"><\/div><a class=\"envira-gallery-49090 envira-gallery-link\" href=\"https:\/\/lift-mtb.com\/wp-content\/uploads\/2024\/02\/velo-electrique-hyeres-5-scaled.jpg\" title=\"velo electrique hyeres &amp;#8211; 5\" data-caption=\"\" data-envira-item-id=\"49156\" data-envira-retina=\"https:\/\/www.lift-mtb.com\/wp-content\/uploads\/2024\/02\/velo-electrique-hyeres-5-scaled.jpg\" data-thumb=\"https:\/\/lift-mtb.com\/wp-content\/uploads\/2024\/02\/velo-electrique-hyeres-5-scaled-75x50_c.jpg\" data-title=\"velo electrique hyeres &amp;amp;#8211; 5\" data-envirabox='49090' itemprop=\"contentUrl\"><div class=\"envira-lazy\" style=\"padding-bottom: 75%;\" data-envira-changed=\"false\" data-width=\"640\" data-height=\"480\"><img decoding=\"async\" src=\"https:\/\/www.lift-mtb.com\/wp-content\/uploads\/2024\/02\/velo-electrique-hyeres-5-1024x678.jpg\" alt=\"\" class=\"envira-gallery-image envira-gallery-image-9    envira-lazy\" height=\"480\" id=\"envira-gallery-image-49156\" srcset=\"data:image\/gif;base64,R0lGODlhAQABAIAAAP\/\/\/\/\/\/\/yH5BAEKAAEALAAAAAABAAEAAAICTAEAOw==\" tabindex=\"-1\" title=\"velo electrique hyeres &#8211; 5\" width=\"640\" data-caption=\"\" data-envira-gallery-id=\"49090\" data-envira-index=\"8\" data-envira-item-id=\"49156\" data-envira-src=\"https:\/\/www.lift-mtb.com\/wp-content\/uploads\/2024\/02\/velo-electrique-hyeres-5-1024x678.jpg\" data-envira-srcset=\"https:\/\/www.lift-mtb.com\/wp-content\/uploads\/2024\/02\/velo-electrique-hyeres-5-1024x678.jpg 400w, https:\/\/www.lift-mtb.com\/wp-content\/uploads\/2024\/02\/velo-electrique-hyeres-5-1024x678.jpg 2x\" data-title=\"velo electrique hyeres &amp;amp;#8211; 5\" itemprop=\"thumbnailUrl\"  draggable=\"false\" onmousedown=\"event.preventDefault()\"  data-envirabox=\"49090\" \/><\/div><\/a><div class=\"envira-gallery-captioned-data envira-gallery-captioned-data-base\"><\/div><\/div><\/div><div id=\"envira-gallery-item-49171\" class=\"envira-gallery-item envira-gallery-item-10 envira-lazy-load\" style=\"padding-left: 5px; padding-bottom: 10px; padding-right: 5px;\"  itemscope itemtype=\"https:\/\/schema.org\/ImageObject\"><div class=\"envira-gallery-item-inner\"><div class=\"envira-gallery-position-overlay envira-gallery-top-left\"><\/div><div class=\"envira-gallery-position-overlay envira-gallery-top-right\"><\/div><div class=\"envira-gallery-position-overlay envira-gallery-bottom-left\"><\/div><div class=\"envira-gallery-position-overlay envira-gallery-bottom-right\"><\/div><a class=\"envira-gallery-49090 envira-gallery-link\" href=\"https:\/\/lift-mtb.com\/wp-content\/uploads\/2024\/02\/velo-electrique-hyeres-8-scaled.jpg\" title=\"velo electrique hyeres &amp;#8211; 8\" data-caption=\"\" data-envira-item-id=\"49171\" data-envira-retina=\"https:\/\/www.lift-mtb.com\/wp-content\/uploads\/2024\/02\/velo-electrique-hyeres-8-scaled.jpg\" data-thumb=\"https:\/\/lift-mtb.com\/wp-content\/uploads\/2024\/02\/velo-electrique-hyeres-8-scaled-75x50_c.jpg\" data-title=\"velo electrique hyeres &amp;amp;#8211; 8\" data-envirabox='49090' itemprop=\"contentUrl\"><div class=\"envira-lazy\" style=\"padding-bottom: 75%;\" data-envira-changed=\"false\" data-width=\"640\" data-height=\"480\"><img decoding=\"async\" src=\"https:\/\/www.lift-mtb.com\/wp-content\/uploads\/2024\/02\/velo-electrique-hyeres-8-1024x678.jpg\" alt=\"\" class=\"envira-gallery-image envira-gallery-image-10    envira-lazy\" height=\"480\" id=\"envira-gallery-image-49171\" srcset=\"data:image\/gif;base64,R0lGODlhAQABAIAAAP\/\/\/\/\/\/\/yH5BAEKAAEALAAAAAABAAEAAAICTAEAOw==\" tabindex=\"-1\" title=\"velo electrique hyeres &#8211; 8\" width=\"640\" data-caption=\"\" data-envira-gallery-id=\"49090\" data-envira-index=\"9\" data-envira-item-id=\"49171\" data-envira-src=\"https:\/\/www.lift-mtb.com\/wp-content\/uploads\/2024\/02\/velo-electrique-hyeres-8-1024x678.jpg\" data-envira-srcset=\"https:\/\/www.lift-mtb.com\/wp-content\/uploads\/2024\/02\/velo-electrique-hyeres-8-1024x678.jpg 400w, https:\/\/www.lift-mtb.com\/wp-content\/uploads\/2024\/02\/velo-electrique-hyeres-8-1024x678.jpg 2x\" data-title=\"velo electrique hyeres &amp;amp;#8211; 8\" itemprop=\"thumbnailUrl\"  draggable=\"false\" onmousedown=\"event.preventDefault()\"  data-envirabox=\"49090\" \/><\/div><\/a><div class=\"envira-gallery-captioned-data envira-gallery-captioned-data-base\"><\/div><\/div><\/div><div id=\"envira-gallery-item-49101\" class=\"envira-gallery-item envira-gallery-item-11 envira-lazy-load\" style=\"padding-left: 5px; padding-bottom: 10px; padding-right: 5px;\"  itemscope itemtype=\"https:\/\/schema.org\/ImageObject\"><div class=\"envira-gallery-item-inner\"><div class=\"envira-gallery-position-overlay envira-gallery-top-left\"><\/div><div class=\"envira-gallery-position-overlay envira-gallery-top-right\"><\/div><div class=\"envira-gallery-position-overlay envira-gallery-bottom-left\"><\/div><div class=\"envira-gallery-position-overlay envira-gallery-bottom-right\"><\/div><a class=\"envira-gallery-49090 envira-gallery-link\" href=\"https:\/\/lift-mtb.com\/wp-content\/uploads\/2024\/02\/moteur-electrique-velo-hyeres-3-copie-scaled.jpg\" title=\"moteur electrique v\u00e9lo hyeres 3 &amp;#8211; Copie\" data-caption=\"\" data-envira-item-id=\"49101\" data-envira-retina=\"https:\/\/www.lift-mtb.com\/wp-content\/uploads\/2024\/02\/moteur-electrique-velo-hyeres-3-copie-scaled.jpg\" data-thumb=\"https:\/\/lift-mtb.com\/wp-content\/uploads\/2024\/02\/moteur-electrique-velo-hyeres-3-copie-scaled-75x50_c.jpg\" data-title=\"moteur electrique v&eacute;lo hyeres 3 &amp;amp;#8211; Copie\" data-envirabox='49090' itemprop=\"contentUrl\"><div class=\"envira-lazy\" style=\"padding-bottom: 75%;\" data-envira-changed=\"false\" data-width=\"640\" data-height=\"480\"><img decoding=\"async\" src=\"https:\/\/www.lift-mtb.com\/wp-content\/uploads\/2024\/02\/moteur-electrique-velo-hyeres-3-copie-1024x678.jpg\" alt=\"\" class=\"envira-gallery-image envira-gallery-image-11    envira-lazy\" height=\"480\" id=\"envira-gallery-image-49101\" srcset=\"data:image\/gif;base64,R0lGODlhAQABAIAAAP\/\/\/\/\/\/\/yH5BAEKAAEALAAAAAABAAEAAAICTAEAOw==\" tabindex=\"-1\" title=\"moteur electrique v\u00e9lo hyeres 3 &#8211; Copie\" width=\"640\" data-caption=\"\" data-envira-gallery-id=\"49090\" data-envira-index=\"10\" data-envira-item-id=\"49101\" data-envira-src=\"https:\/\/www.lift-mtb.com\/wp-content\/uploads\/2024\/02\/moteur-electrique-velo-hyeres-3-copie-1024x678.jpg\" data-envira-srcset=\"https:\/\/www.lift-mtb.com\/wp-content\/uploads\/2024\/02\/moteur-electrique-velo-hyeres-3-copie-1024x678.jpg 400w, https:\/\/www.lift-mtb.com\/wp-content\/uploads\/2024\/02\/moteur-electrique-velo-hyeres-3-copie-1024x678.jpg 2x\" data-title=\"moteur electrique v&eacute;lo hyeres 3 &amp;amp;#8211; Copie\" itemprop=\"thumbnailUrl\"  draggable=\"false\" onmousedown=\"event.preventDefault()\"  data-envirabox=\"49090\" \/><\/div><\/a><div class=\"envira-gallery-captioned-data envira-gallery-captioned-data-base\"><\/div><\/div><\/div><div id=\"envira-gallery-item-49161\" class=\"envira-gallery-item envira-gallery-item-14 envira-lazy-load\" style=\"padding-left: 5px; padding-bottom: 10px; padding-right: 5px;\"  itemscope itemtype=\"https:\/\/schema.org\/ImageObject\"><div class=\"envira-gallery-item-inner\"><div class=\"envira-gallery-position-overlay envira-gallery-top-left\"><\/div><div class=\"envira-gallery-position-overlay envira-gallery-top-right\"><\/div><div class=\"envira-gallery-position-overlay envira-gallery-bottom-left\"><\/div><div class=\"envira-gallery-position-overlay envira-gallery-bottom-right\"><\/div><a class=\"envira-gallery-49090 envira-gallery-link\" href=\"https:\/\/lift-mtb.com\/wp-content\/uploads\/2024\/02\/velo-electrique-hyeres-6-scaled.jpg\" title=\"velo electrique hyeres &amp;#8211; 6\" data-caption=\"\" data-envira-item-id=\"49161\" data-envira-retina=\"https:\/\/www.lift-mtb.com\/wp-content\/uploads\/2024\/02\/velo-electrique-hyeres-6-scaled.jpg\" data-thumb=\"https:\/\/lift-mtb.com\/wp-content\/uploads\/2024\/02\/velo-electrique-hyeres-6-scaled-75x50_c.jpg\" data-title=\"velo electrique hyeres &amp;amp;#8211; 6\" data-envirabox='49090' itemprop=\"contentUrl\"><div class=\"envira-lazy\" style=\"padding-bottom: 75%;\" data-envira-changed=\"false\" data-width=\"640\" data-height=\"480\"><img decoding=\"async\" src=\"https:\/\/www.lift-mtb.com\/wp-content\/uploads\/2024\/02\/velo-electrique-hyeres-6-1024x678.jpg\" alt=\"\" class=\"envira-gallery-image envira-gallery-image-14    envira-lazy\" height=\"480\" id=\"envira-gallery-image-49161\" srcset=\"data:image\/gif;base64,R0lGODlhAQABAIAAAP\/\/\/\/\/\/\/yH5BAEKAAEALAAAAAABAAEAAAICTAEAOw==\" tabindex=\"-1\" title=\"velo electrique hyeres &#8211; 6\" width=\"640\" data-caption=\"\" data-envira-gallery-id=\"49090\" data-envira-index=\"13\" data-envira-item-id=\"49161\" data-envira-src=\"https:\/\/www.lift-mtb.com\/wp-content\/uploads\/2024\/02\/velo-electrique-hyeres-6-1024x678.jpg\" data-envira-srcset=\"https:\/\/www.lift-mtb.com\/wp-content\/uploads\/2024\/02\/velo-electrique-hyeres-6-1024x678.jpg 400w, https:\/\/www.lift-mtb.com\/wp-content\/uploads\/2024\/02\/velo-electrique-hyeres-6-1024x678.jpg 2x\" data-title=\"velo electrique hyeres &amp;amp;#8211; 6\" itemprop=\"thumbnailUrl\"  draggable=\"false\" onmousedown=\"event.preventDefault()\"  data-envirabox=\"49090\" \/><\/div><\/a><div class=\"envira-gallery-captioned-data envira-gallery-captioned-data-base\"><\/div><\/div><\/div><div id=\"envira-gallery-item-49121\" class=\"envira-gallery-item envira-gallery-item-15 envira-lazy-load\" style=\"padding-left: 5px; padding-bottom: 10px; padding-right: 5px;\"  itemscope itemtype=\"https:\/\/schema.org\/ImageObject\"><div class=\"envira-gallery-item-inner\"><div class=\"envira-gallery-position-overlay envira-gallery-top-left\"><\/div><div class=\"envira-gallery-position-overlay envira-gallery-top-right\"><\/div><div class=\"envira-gallery-position-overlay envira-gallery-bottom-left\"><\/div><div class=\"envira-gallery-position-overlay envira-gallery-bottom-right\"><\/div><a class=\"envira-gallery-49090 envira-gallery-link\" href=\"https:\/\/lift-mtb.com\/wp-content\/uploads\/2024\/02\/moteur-pedalier-vtt-pas-cher-copie-scaled.jpg\" title=\"moteur pedalier vtt pas cher &amp;#8211; Copie\" data-caption=\"\" data-envira-item-id=\"49121\" data-envira-retina=\"https:\/\/www.lift-mtb.com\/wp-content\/uploads\/2024\/02\/moteur-pedalier-vtt-pas-cher-copie-scaled.jpg\" data-thumb=\"https:\/\/lift-mtb.com\/wp-content\/uploads\/2024\/02\/moteur-pedalier-vtt-pas-cher-copie-scaled-75x50_c.jpg\" data-title=\"moteur pedalier vtt pas cher &amp;amp;#8211; Copie\" data-envirabox='49090' itemprop=\"contentUrl\"><div class=\"envira-lazy\" style=\"padding-bottom: 75%;\" data-envira-changed=\"false\" data-width=\"640\" data-height=\"480\"><img decoding=\"async\" src=\"https:\/\/www.lift-mtb.com\/wp-content\/uploads\/2024\/02\/moteur-pedalier-vtt-pas-cher-copie-1024x678.jpg\" alt=\"\" class=\"envira-gallery-image envira-gallery-image-15    envira-lazy\" height=\"480\" id=\"envira-gallery-image-49121\" srcset=\"data:image\/gif;base64,R0lGODlhAQABAIAAAP\/\/\/\/\/\/\/yH5BAEKAAEALAAAAAABAAEAAAICTAEAOw==\" tabindex=\"-1\" title=\"moteur pedalier vtt pas cher &#8211; Copie\" width=\"640\" data-caption=\"\" data-envira-gallery-id=\"49090\" data-envira-index=\"14\" data-envira-item-id=\"49121\" data-envira-src=\"https:\/\/www.lift-mtb.com\/wp-content\/uploads\/2024\/02\/moteur-pedalier-vtt-pas-cher-copie-1024x678.jpg\" data-envira-srcset=\"https:\/\/www.lift-mtb.com\/wp-content\/uploads\/2024\/02\/moteur-pedalier-vtt-pas-cher-copie-1024x678.jpg 400w, https:\/\/www.lift-mtb.com\/wp-content\/uploads\/2024\/02\/moteur-pedalier-vtt-pas-cher-copie-1024x678.jpg 2x\" data-title=\"moteur pedalier vtt pas cher &amp;amp;#8211; Copie\" itemprop=\"thumbnailUrl\"  draggable=\"false\" onmousedown=\"event.preventDefault()\"  data-envirabox=\"49090\" \/><\/div><\/a><div class=\"envira-gallery-captioned-data envira-gallery-captioned-data-base\"><\/div><\/div><\/div><div id=\"envira-gallery-item-49131\" class=\"envira-gallery-item envira-gallery-item-16 envira-lazy-load\" style=\"padding-left: 5px; padding-bottom: 10px; padding-right: 5px;\"  itemscope itemtype=\"https:\/\/schema.org\/ImageObject\"><div class=\"envira-gallery-item-inner\"><div class=\"envira-gallery-position-overlay envira-gallery-top-left\"><\/div><div class=\"envira-gallery-position-overlay envira-gallery-top-right\"><\/div><div class=\"envira-gallery-position-overlay envira-gallery-bottom-left\"><\/div><div class=\"envira-gallery-position-overlay envira-gallery-bottom-right\"><\/div><a class=\"envira-gallery-49090 envira-gallery-link\" href=\"https:\/\/lift-mtb.com\/wp-content\/uploads\/2024\/02\/piste-cyclabe-hyeres-scaled.jpg\" title=\"piste cyclabe hyeres\" data-caption=\"\" data-envira-item-id=\"49131\" data-envira-retina=\"https:\/\/www.lift-mtb.com\/wp-content\/uploads\/2024\/02\/piste-cyclabe-hyeres-scaled.jpg\" data-thumb=\"https:\/\/lift-mtb.com\/wp-content\/uploads\/2024\/02\/piste-cyclabe-hyeres-scaled-75x50_c.jpg\" data-title=\"piste cyclabe hyeres\" data-envirabox='49090' itemprop=\"contentUrl\"><div class=\"envira-lazy\" style=\"padding-bottom: 75%;\" data-envira-changed=\"false\" data-width=\"640\" data-height=\"480\"><img decoding=\"async\" src=\"https:\/\/www.lift-mtb.com\/wp-content\/uploads\/2024\/02\/piste-cyclabe-hyeres-1024x678.jpg\" alt=\"\" class=\"envira-gallery-image envira-gallery-image-16    envira-lazy\" height=\"480\" id=\"envira-gallery-image-49131\" srcset=\"data:image\/gif;base64,R0lGODlhAQABAIAAAP\/\/\/\/\/\/\/yH5BAEKAAEALAAAAAABAAEAAAICTAEAOw==\" tabindex=\"-1\" title=\"piste cyclabe hyeres\" width=\"640\" data-caption=\"\" data-envira-gallery-id=\"49090\" data-envira-index=\"15\" data-envira-item-id=\"49131\" data-envira-src=\"https:\/\/www.lift-mtb.com\/wp-content\/uploads\/2024\/02\/piste-cyclabe-hyeres-1024x678.jpg\" data-envira-srcset=\"https:\/\/www.lift-mtb.com\/wp-content\/uploads\/2024\/02\/piste-cyclabe-hyeres-1024x678.jpg 400w, https:\/\/www.lift-mtb.com\/wp-content\/uploads\/2024\/02\/piste-cyclabe-hyeres-1024x678.jpg 2x\" data-title=\"piste cyclabe hyeres\" itemprop=\"thumbnailUrl\"  draggable=\"false\" onmousedown=\"event.preventDefault()\"  data-envirabox=\"49090\" \/><\/div><\/a><div class=\"envira-gallery-captioned-data envira-gallery-captioned-data-base\"><\/div><\/div><\/div><div id=\"envira-gallery-item-49106\" class=\"envira-gallery-item envira-gallery-item-17 envira-lazy-load\" style=\"padding-left: 5px; padding-bottom: 10px; padding-right: 5px;\"  itemscope itemtype=\"https:\/\/schema.org\/ImageObject\"><div class=\"envira-gallery-item-inner\"><div class=\"envira-gallery-position-overlay envira-gallery-top-left\"><\/div><div class=\"envira-gallery-position-overlay envira-gallery-top-right\"><\/div><div class=\"envira-gallery-position-overlay envira-gallery-bottom-left\"><\/div><div class=\"envira-gallery-position-overlay envira-gallery-bottom-right\"><\/div><a class=\"envira-gallery-49090 envira-gallery-link\" href=\"https:\/\/lift-mtb.com\/wp-content\/uploads\/2024\/02\/moteur-electrique-velo-hyeres-8-scaled.jpg\" title=\"moteur electrique v\u00e9lo hyeres 8\" data-caption=\"\" data-envira-item-id=\"49106\" data-envira-retina=\"https:\/\/www.lift-mtb.com\/wp-content\/uploads\/2024\/02\/moteur-electrique-velo-hyeres-8-scaled.jpg\" data-thumb=\"https:\/\/lift-mtb.com\/wp-content\/uploads\/2024\/02\/moteur-electrique-velo-hyeres-8-scaled-75x50_c.jpg\" data-title=\"moteur electrique v&eacute;lo hyeres 8\" data-envirabox='49090' itemprop=\"contentUrl\"><div class=\"envira-lazy\" style=\"padding-bottom: 75%;\" data-envira-changed=\"false\" data-width=\"640\" data-height=\"480\"><img decoding=\"async\" src=\"https:\/\/www.lift-mtb.com\/wp-content\/uploads\/2024\/02\/moteur-electrique-velo-hyeres-8-1024x678.jpg\" alt=\"\" class=\"envira-gallery-image envira-gallery-image-17    envira-lazy\" height=\"480\" id=\"envira-gallery-image-49106\" srcset=\"data:image\/gif;base64,R0lGODlhAQABAIAAAP\/\/\/\/\/\/\/yH5BAEKAAEALAAAAAABAAEAAAICTAEAOw==\" tabindex=\"-1\" title=\"moteur electrique v\u00e9lo hyeres 8\" width=\"640\" data-caption=\"\" data-envira-gallery-id=\"49090\" data-envira-index=\"16\" data-envira-item-id=\"49106\" data-envira-src=\"https:\/\/www.lift-mtb.com\/wp-content\/uploads\/2024\/02\/moteur-electrique-velo-hyeres-8-1024x678.jpg\" data-envira-srcset=\"https:\/\/www.lift-mtb.com\/wp-content\/uploads\/2024\/02\/moteur-electrique-velo-hyeres-8-1024x678.jpg 400w, https:\/\/www.lift-mtb.com\/wp-content\/uploads\/2024\/02\/moteur-electrique-velo-hyeres-8-1024x678.jpg 2x\" data-title=\"moteur electrique v&eacute;lo hyeres 8\" itemprop=\"thumbnailUrl\"  draggable=\"false\" onmousedown=\"event.preventDefault()\"  data-envirabox=\"49090\" \/><\/div><\/a><div class=\"envira-gallery-captioned-data envira-gallery-captioned-data-base\"><\/div><\/div><\/div><div id=\"envira-gallery-item-49181\" class=\"envira-gallery-item envira-gallery-item-18 envira-lazy-load\" style=\"padding-left: 5px; padding-bottom: 10px; padding-right: 5px;\"  itemscope itemtype=\"https:\/\/schema.org\/ImageObject\"><div class=\"envira-gallery-item-inner\"><div class=\"envira-gallery-position-overlay envira-gallery-top-left\"><\/div><div class=\"envira-gallery-position-overlay envira-gallery-top-right\"><\/div><div class=\"envira-gallery-position-overlay envira-gallery-bottom-left\"><\/div><div class=\"envira-gallery-position-overlay envira-gallery-bottom-right\"><\/div><a class=\"envira-gallery-49090 envira-gallery-link\" href=\"https:\/\/lift-mtb.com\/wp-content\/uploads\/2024\/02\/battery-bag-ebike-2-scaled.jpg\" title=\"battery bag ebike 2\" data-caption=\"\" data-envira-item-id=\"49181\" data-envira-retina=\"https:\/\/www.lift-mtb.com\/wp-content\/uploads\/2024\/02\/battery-bag-ebike-2-scaled.jpg\" data-thumb=\"https:\/\/lift-mtb.com\/wp-content\/uploads\/2024\/02\/battery-bag-ebike-2-scaled-75x50_c.jpg\" data-title=\"battery bag ebike 2\" data-envirabox='49090' itemprop=\"contentUrl\"><div class=\"envira-lazy\" style=\"padding-bottom: 75%;\" data-envira-changed=\"false\" data-width=\"640\" data-height=\"480\"><img decoding=\"async\" src=\"https:\/\/www.lift-mtb.com\/wp-content\/uploads\/2024\/02\/battery-bag-ebike-2-1024x678.jpg\" alt=\"\" class=\"envira-gallery-image envira-gallery-image-18    envira-lazy\" height=\"480\" id=\"envira-gallery-image-49181\" srcset=\"data:image\/gif;base64,R0lGODlhAQABAIAAAP\/\/\/\/\/\/\/yH5BAEKAAEALAAAAAABAAEAAAICTAEAOw==\" tabindex=\"-1\" title=\"battery bag ebike 2\" width=\"640\" data-caption=\"\" data-envira-gallery-id=\"49090\" data-envira-index=\"17\" data-envira-item-id=\"49181\" data-envira-src=\"https:\/\/www.lift-mtb.com\/wp-content\/uploads\/2024\/02\/battery-bag-ebike-2-1024x678.jpg\" data-envira-srcset=\"https:\/\/www.lift-mtb.com\/wp-content\/uploads\/2024\/02\/battery-bag-ebike-2-1024x678.jpg 400w, https:\/\/www.lift-mtb.com\/wp-content\/uploads\/2024\/02\/battery-bag-ebike-2-1024x678.jpg 2x\" data-title=\"battery bag ebike 2\" itemprop=\"thumbnailUrl\"  draggable=\"false\" onmousedown=\"event.preventDefault()\"  data-envirabox=\"49090\" \/><\/div><\/a><div class=\"envira-gallery-captioned-data envira-gallery-captioned-data-base\"><\/div><\/div><\/div><div id=\"envira-gallery-item-49191\" class=\"envira-gallery-item envira-gallery-item-19 envira-lazy-load\" style=\"padding-left: 5px; padding-bottom: 10px; padding-right: 5px;\"  itemscope itemtype=\"https:\/\/schema.org\/ImageObject\"><div class=\"envira-gallery-item-inner\"><div class=\"envira-gallery-position-overlay envira-gallery-top-left\"><\/div><div class=\"envira-gallery-position-overlay envira-gallery-top-right\"><\/div><div class=\"envira-gallery-position-overlay envira-gallery-bottom-left\"><\/div><div class=\"envira-gallery-position-overlay envira-gallery-bottom-right\"><\/div><a class=\"envira-gallery-49090 envira-gallery-link\" href=\"https:\/\/lift-mtb.com\/wp-content\/uploads\/2024\/02\/batterie-cadre-2.png\" title=\"batterie cadre 2\" data-caption=\"\" data-envira-item-id=\"49191\" data-envira-retina=\"https:\/\/www.lift-mtb.com\/wp-content\/uploads\/2024\/02\/batterie-cadre-2.png\" data-thumb=\"https:\/\/lift-mtb.com\/wp-content\/uploads\/2024\/02\/batterie-cadre-2-75x50_c.png\" data-title=\"batterie cadre 2\" data-envirabox='49090' itemprop=\"contentUrl\"><div class=\"envira-lazy\" style=\"padding-bottom: 75%;\" data-envira-changed=\"false\" data-width=\"640\" data-height=\"480\"><img decoding=\"async\" src=\"https:\/\/www.lift-mtb.com\/wp-content\/uploads\/2024\/02\/batterie-cadre-2-1024x726.png\" alt=\"\" class=\"envira-gallery-image envira-gallery-image-19    envira-lazy\" height=\"480\" id=\"envira-gallery-image-49191\" srcset=\"data:image\/gif;base64,R0lGODlhAQABAIAAAP\/\/\/\/\/\/\/yH5BAEKAAEALAAAAAABAAEAAAICTAEAOw==\" tabindex=\"-1\" title=\"batterie cadre 2\" width=\"640\" data-caption=\"\" data-envira-gallery-id=\"49090\" data-envira-index=\"18\" data-envira-item-id=\"49191\" data-envira-src=\"https:\/\/www.lift-mtb.com\/wp-content\/uploads\/2024\/02\/batterie-cadre-2-1024x726.png\" data-envira-srcset=\"https:\/\/www.lift-mtb.com\/wp-content\/uploads\/2024\/02\/batterie-cadre-2-1024x726.png 400w, https:\/\/www.lift-mtb.com\/wp-content\/uploads\/2024\/02\/batterie-cadre-2-1024x726.png 2x\" data-title=\"batterie cadre 2\" itemprop=\"thumbnailUrl\"  draggable=\"false\" onmousedown=\"event.preventDefault()\"  data-envirabox=\"49090\" \/><\/div><\/a><div class=\"envira-gallery-captioned-data envira-gallery-captioned-data-base\"><\/div><\/div><\/div><div id=\"envira-gallery-item-49196\" class=\"envira-gallery-item envira-gallery-item-20 envira-lazy-load\" style=\"padding-left: 5px; padding-bottom: 10px; padding-right: 5px;\"  itemscope itemtype=\"https:\/\/schema.org\/ImageObject\"><div class=\"envira-gallery-item-inner\"><div class=\"envira-gallery-position-overlay envira-gallery-top-left\"><\/div><div class=\"envira-gallery-position-overlay envira-gallery-top-right\"><\/div><div class=\"envira-gallery-position-overlay envira-gallery-bottom-left\"><\/div><div class=\"envira-gallery-position-overlay envira-gallery-bottom-right\"><\/div><a class=\"envira-gallery-49090 envira-gallery-link\" href=\"https:\/\/lift-mtb.com\/wp-content\/uploads\/2024\/02\/bleu-plage-photo-vacances-carte-1.png\" title=\"Bleu Plage Photo Vacances Carte (1)\" data-caption=\"\" data-envira-item-id=\"49196\" data-envira-retina=\"https:\/\/www.lift-mtb.com\/wp-content\/uploads\/2024\/02\/bleu-plage-photo-vacances-carte-1.png\" data-thumb=\"https:\/\/lift-mtb.com\/wp-content\/uploads\/2024\/02\/bleu-plage-photo-vacances-carte-1-75x50_c.png\" data-title=\"Bleu Plage Photo Vacances Carte (1)\" data-envirabox='49090' itemprop=\"contentUrl\"><div class=\"envira-lazy\" style=\"padding-bottom: 75%;\" data-envira-changed=\"false\" data-width=\"640\" data-height=\"480\"><img decoding=\"async\" src=\"https:\/\/www.lift-mtb.com\/wp-content\/uploads\/2024\/02\/bleu-plage-photo-vacances-carte-1-1024x726.png\" alt=\"\" class=\"envira-gallery-image envira-gallery-image-20    envira-lazy\" height=\"480\" id=\"envira-gallery-image-49196\" srcset=\"data:image\/gif;base64,R0lGODlhAQABAIAAAP\/\/\/\/\/\/\/yH5BAEKAAEALAAAAAABAAEAAAICTAEAOw==\" tabindex=\"-1\" title=\"Bleu Plage Photo Vacances Carte (1)\" width=\"640\" data-caption=\"\" data-envira-gallery-id=\"49090\" data-envira-index=\"19\" data-envira-item-id=\"49196\" data-envira-src=\"https:\/\/www.lift-mtb.com\/wp-content\/uploads\/2024\/02\/bleu-plage-photo-vacances-carte-1-1024x726.png\" data-envira-srcset=\"https:\/\/www.lift-mtb.com\/wp-content\/uploads\/2024\/02\/bleu-plage-photo-vacances-carte-1-1024x726.png 400w, https:\/\/www.lift-mtb.com\/wp-content\/uploads\/2024\/02\/bleu-plage-photo-vacances-carte-1-1024x726.png 2x\" data-title=\"Bleu Plage Photo Vacances Carte (1)\" itemprop=\"thumbnailUrl\"  draggable=\"false\" onmousedown=\"event.preventDefault()\"  data-envirabox=\"49090\" \/><\/div><\/a><div class=\"envira-gallery-captioned-data envira-gallery-captioned-data-base\"><\/div><\/div><\/div><div id=\"envira-gallery-item-49575\" class=\"envira-gallery-item envira-gallery-item-21 envira-lazy-load\" style=\"padding-left: 5px; padding-bottom: 10px; padding-right: 5px;\"  itemscope itemtype=\"https:\/\/schema.org\/ImageObject\"><div class=\"envira-gallery-item-inner\"><div class=\"envira-gallery-position-overlay envira-gallery-top-left\"><\/div><div class=\"envira-gallery-position-overlay envira-gallery-top-right\"><\/div><div class=\"envira-gallery-position-overlay envira-gallery-bottom-left\"><\/div><div class=\"envira-gallery-position-overlay envira-gallery-bottom-right\"><\/div><a class=\"envira-gallery-49090 envira-gallery-link\" href=\"https:\/\/lift-mtb.com\/wp-content\/uploads\/2024\/02\/bsa.png\" title=\"BSA\" data-caption=\"\" data-envira-item-id=\"49575\" data-envira-retina=\"https:\/\/www.lift-mtb.com\/wp-content\/uploads\/2024\/02\/bsa.png\" data-thumb=\"https:\/\/lift-mtb.com\/wp-content\/uploads\/2024\/02\/bsa-75x50_c.png\" data-title=\"BSA\" data-envirabox='49090' itemprop=\"contentUrl\"><div class=\"envira-lazy\" style=\"padding-bottom: 75%;\" data-envira-changed=\"false\" data-width=\"640\" data-height=\"480\"><img decoding=\"async\" src=\"https:\/\/www.lift-mtb.com\/wp-content\/uploads\/2024\/02\/bsa.png\" alt=\"\" class=\"envira-gallery-image envira-gallery-image-21    envira-lazy\" height=\"480\" id=\"envira-gallery-image-49575\" srcset=\"data:image\/gif;base64,R0lGODlhAQABAIAAAP\/\/\/\/\/\/\/yH5BAEKAAEALAAAAAABAAEAAAICTAEAOw==\" tabindex=\"-1\" title=\"BSA\" width=\"640\" data-caption=\"\" data-envira-gallery-id=\"49090\" data-envira-index=\"20\" data-envira-item-id=\"49575\" data-envira-src=\"https:\/\/www.lift-mtb.com\/wp-content\/uploads\/2024\/02\/bsa.png\" data-envira-srcset=\"https:\/\/www.lift-mtb.com\/wp-content\/uploads\/2024\/02\/bsa.png 400w, https:\/\/www.lift-mtb.com\/wp-content\/uploads\/2024\/02\/bsa.png 2x\" data-title=\"BSA\" itemprop=\"thumbnailUrl\"  draggable=\"false\" onmousedown=\"event.preventDefault()\"  data-envirabox=\"49090\" \/><\/div><\/a><div class=\"envira-gallery-captioned-data envira-gallery-captioned-data-base\"><\/div><\/div><\/div><\/div><\/div><noscript><img src='http:\/\/lift-mtb.com\/wp-content\/uploads\/2024\/02\/moteur-electrique-pour-velo-scaled.jpg' alt='' class='envira_noscript_images ' \/><img src='http:\/\/lift-mtb.com\/wp-content\/uploads\/2024\/02\/velo-electrique-hyeres-4-scaled.jpg' alt='' class='envira_noscript_images ' \/><img src='http:\/\/lift-mtb.com\/wp-content\/uploads\/2024\/02\/moteur-electrique-velo-hyeres-copie-scaled.jpg' alt='' class='envira_noscript_images ' \/><img src='http:\/\/lift-mtb.com\/wp-content\/uploads\/2024\/02\/velo-electrique-hyeres-1-scaled.jpg' alt='' class='envira_noscript_images ' \/><img src='http:\/\/lift-mtb.com\/wp-content\/uploads\/2024\/02\/moteur-electrique-velo-hyeres-vtt-copie-scaled.jpg' alt='' class='envira_noscript_images ' \/><img src='http:\/\/lift-mtb.com\/wp-content\/uploads\/2024\/02\/velo-electrique-hyeres-2-scaled.jpg' alt='' class='envira_noscript_images ' \/><img src='http:\/\/lift-mtb.com\/wp-content\/uploads\/2024\/02\/moteur-electrique-velo-hyeres-la-crau-scaled.jpg' alt='' class='envira_noscript_images ' \/><img src='http:\/\/lift-mtb.com\/wp-content\/uploads\/2024\/02\/velo-electrique-hyeres-7-scaled.jpg' alt='' class='envira_noscript_images ' \/><img src='http:\/\/lift-mtb.com\/wp-content\/uploads\/2024\/02\/velo-electrique-hyeres-5-scaled.jpg' alt='' class='envira_noscript_images ' \/><img src='http:\/\/lift-mtb.com\/wp-content\/uploads\/2024\/02\/velo-electrique-hyeres-8-scaled.jpg' alt='' class='envira_noscript_images ' \/><img src='http:\/\/lift-mtb.com\/wp-content\/uploads\/2024\/02\/moteur-electrique-velo-hyeres-3-copie-scaled.jpg' alt='' class='envira_noscript_images ' \/><img src='' alt='' class='envira_noscript_images ' \/><img src='' alt='' class='envira_noscript_images ' \/><img src='http:\/\/lift-mtb.com\/wp-content\/uploads\/2024\/02\/velo-electrique-hyeres-6-scaled.jpg' alt='' class='envira_noscript_images ' \/><img src='http:\/\/lift-mtb.com\/wp-content\/uploads\/2024\/02\/moteur-pedalier-vtt-pas-cher-copie-scaled.jpg' alt='' class='envira_noscript_images ' \/><img src='http:\/\/lift-mtb.com\/wp-content\/uploads\/2024\/02\/piste-cyclabe-hyeres-scaled.jpg' alt='' class='envira_noscript_images ' \/><img src='http:\/\/lift-mtb.com\/wp-content\/uploads\/2024\/02\/moteur-electrique-velo-hyeres-8-scaled.jpg' alt='' class='envira_noscript_images ' \/><img src='http:\/\/lift-mtb.com\/wp-content\/uploads\/2024\/02\/battery-bag-ebike-2-scaled.jpg' alt='' class='envira_noscript_images ' \/><img src='http:\/\/lift-mtb.com\/wp-content\/uploads\/2024\/02\/batterie-cadre-2.png' alt='' class='envira_noscript_images ' \/><img src='http:\/\/lift-mtb.com\/wp-content\/uploads\/2024\/02\/bleu-plage-photo-vacances-carte-1.png' alt='' class='envira_noscript_images ' \/><img src='http:\/\/lift-mtb.com\/wp-content\/uploads\/2024\/02\/bsa.png' alt='' class='envira_noscript_images ' \/><\/noscript>\n<p>Ce moteur de 250w adaptable sur v\u00e9lo de ville , v\u00e9lo route , VTC, VTT balade, \u00e9galement adaptable sur des v\u00e9lo \u00e9lectrique pour enfant, il est tr\u00e8s polyvalent.<\/p>\n<p>Il permet de transformer 90% des v\u00e9lo en v\u00e9lo \u00e9lectrique avec une assistance au p\u00e9dalier qui sera bien <a href=\"https:\/bafang-ou-lift-mtb\/\">plus efficace et l\u00e9ger qu&#8217;un moteur dans la roue<\/a>.<\/p>\n<p>Notre kit moteur p\u00e9dalier &#8220;G\u00e9n\u00e9rique&#8221; est un produit avec des sp\u00e9cifications propre a chaque marques.<\/p>\n<p>Vendu sous diff\u00e9rentes marques avec un cahier des charge sur mesure comme chez VIREVOLT, ou ici <a href=\"https:\/choix-du-pedalier-pro-ou-classic\/\">LIFT-MTB<\/a>, ce moteur de conception chinoise reste un bon choix pour transformer un v\u00e9lo de ville ou un v\u00e9lo de route en v\u00e9lo \u00e9lectrique, il est \u00e9galement adapt\u00e9 pour \u00e9lectrifier un VTC, ou VTT pour un usage type balade.<\/p>\n<p>Si votre usage est plus sur du VTT &#8220;engag\u00e9&#8221; type v\u00e9lo enduro , ou vtt de descente, le moteur <a href=\"https:\/bafang-ou-lift-mtb\/\">LIFT MTB V4 ou V4 pro<\/a> sera plus adapt\u00e9, car il est pr\u00e9vu pour encaisser des contrainte lier a une utilisation intensive gros sauts, passages de marches ect&#8230;<\/p>\n<p>Le kit g\u00e9n\u00e9rique LIFT MTB reste un super produit tr\u00e8s fiable, performant pour un usage quotidien en v\u00e9lotaf, ou de longues balade le Week end !<\/p>\n<p>Le Moteur p\u00e9dalier LIFT-MTB &#8220;G\u00e9n\u00e9rique&#8221;\u00a0 est \u00e9ligible aux aide de l&#8217;\u00e9tat, vous pouvez obtenir une prime a la conversion.<\/p>\n<ul>\n<li>L&#8217;\u00e9lectrification permet de redonner vie \u00e0 votre vieux v\u00e9lo, ou d&#8217;\u00e9quiper un v\u00e9lo neuf ou r\u00e9cent en le transformant en v\u00e9lo \u00e0 assistance \u00e9lectrique.<\/li>\n<li>Nos moteurs sont compatibles avec 90% des v\u00e9los, v\u00e9lo de ville, VTC, VTT, route&#8230;<\/li>\n<\/ul>\n<ul>\n<li>Le r\u00e9glage des diff\u00e9rents niveaux d&#8217;assistance du moteur se fait gr\u00e2ce \u00e0 un \u00e9cran LCD plac\u00e9 au guidon, cet \u00e9cran indique aussi d&#8217;autres informations comme le kilom\u00e9trage, la vitesse, le niveau de batterie restante&#8230;<\/li>\n<li>L&#8217;\u00e9lectrification de votre v\u00e9lo permet\u00a0 de vous inscrire dans une d\u00e9marche de d\u00e9veloppement durable et d&#8217;\u00e9conomie circulaire, c&#8217;est une solution sur mesure, plus \u00e9conomique, et transposable sur diff\u00e9rents v\u00e9los.<\/li>\n<\/ul>\n<ul>\n<li>L&#8217;assistance \u00e9lectrique de 250Wh se d\u00e9clenche lorsque l&#8217;utilisateur p\u00e9dale, elle est stopp\u00e9e au del\u00e0 de 25 Km\/h, conform\u00e9ment \u00e0 la norme EN 15194 , homologu\u00e9 pour un usage sur route.<\/li>\n<li>Nous pouvons d\u00e9brider le moteur sur demande votre vitesse sera alors d&#8217;environ 35\u00a0 a 40km\/h sur le plat, dans ce cas votre v\u00e9lo ne sera pas homologu\u00e9 sur la voie publique.<\/li>\n<\/ul>\n<p>Vendu depuis de nombreuses ann\u00e9es au file du temps, il a re\u00e7u de nombreuses am\u00e9liorations pour le fiabiliser d&#8217;une part et pour avoir une douceur d&#8217;utilisation qui permet une assistance a la fois douce et coupleuse.<\/p>\n<p>Nous avons inclus dans notre cahier des charge LIFT MTB un syst\u00e8me de d\u00e9brayage.<\/p>\n<p>Ce qui permet de n&#8217;avoir aucune r\u00e9sistance du moteur \u00e9lectrique sur les p\u00e9dales m\u00eame quand le moteur \u00e9lectrique n&#8217;est pas en fonctionnement.<\/p>\n<p>Vous retrouverez les sensation d&#8217;un v\u00e9lo standard\u00a0 lorsque vous n&#8217;utilisez pas<strong> l&#8217;assistance \u00e9lectrique pour\u00a0<\/strong><b>v\u00e9lo<\/b>.<\/p>\n<p>Id\u00e9al pour une utilisation quotidienne et intensive de votre v\u00e9lo, c&#8217;est un des moteurs les plus fiable du march\u00e9.<\/p>\n<p>Bien sur, il n&#8217;est pas con\u00e7u pour une utilisation extr\u00eame, comme le VTT \u00e9lectrique de comp\u00e9tition, le VTT enduro \u00e9lectrique, voir le VTT \u00e9lectrique de <a href=\"https:\/\/www.youtube.com\/watch?v=g0aRczJ2-uA\">Descente DH.<\/a><\/p>\n<p>Vous pourrez facilement parcourir des millier de kilom\u00e8tres en toute qui\u00e9tudes pour un usage VTC \u00e9lectrique ,v\u00e9lo de route Electrique, ou VTT \u00e9lectrique en mode balade.<\/p>\n<p><strong>Par rapport au Bafang ?<\/strong><\/p>\n<p>Le tarif plus avantageux qu&#8217;un BAFANG , il est plus discret non seulement de par la taille du moteur mais \u00e9galement gr\u00e2ce aux diff\u00e9rents files qui sont mieux int\u00e9gr\u00e9s.<\/p>\n<p>Ce qui en fait un kit de transformation \u00e9lectrique pour v\u00e9lo de premier choix pour une conversion simple et efficace.<\/p>\n<p>Notamment sur les VTC \u00e9lectrique et v\u00e9lo de route \u00e9lectrique, ou l&#8217;assistance doit souvent \u00eatre discr\u00e8te avec une bonne int\u00e9gration.<\/p>\n<p>Compatible avec les boitier de p\u00e9dalier BSA diam\u00e8tre 34.5mm uniquement.<\/p>\n<p>Si vous avez un doute sur la compatibilit\u00e9 par rapport a votre v\u00e9lo, vous pouvez <a href=\"https:\/contactez-nous\/\">nous contacter<\/a>.<\/p>\n<p style=\"text-align: center;\"><span style=\"color: #000000;\"><strong>T\u00e9l\u00e9chargez ci-dessous le manuel de montage et d&#8217;utilisation.<\/strong><\/span><\/p>\n<p style=\"text-align: center;\"><span style=\"color: #ff0000;\"><strong><a style=\"color: #ff0000;\" href=\"http:\/\/lift-mtb.com\/wp-content\/uploads\/2024\/01\/manuel-moteur-pedalier-lift-mtb-generique.pdf\">Manuel de montage et d&#8217;utilisation du moteur pedalier LIFT MTB generique<\/a><\/strong><\/span><\/p>\n","protected":false},"excerpt":{"rendered":"<p><a href=\"http:\/\/lift-mtb.com\/wp-content\/uploads\/2024\/01\/manuel-moteur-pedalier-lift-mtb-generique.pdf\">Manuel moteur pedalier LIFT MTB generique<\/a>Moteur p\u00e9dalier LIFT-MTB &#8220;G\u00e9n\u00e9rique&#8221;:<\/p>\n<ul>\n<li>Moteur p\u00e9dalier pour v\u00e9lo 36V<\/li>\n<li>puissance nominale 250W<\/li>\n<li>Vitesse limit\u00e9 25km\/h pour un usage sur route ou sans limite de vitesse pour usage priv\u00e9 ( a pr\u00e9ciser en commentaire a la commande)<\/li>\n<li>Capteur de couple<\/li>\n<li>de 70 Nm de couple<\/li>\n<li>poids 3.3kg<\/li>\n<li>Large \u00e9cran LCD avec toutes les informations n\u00e9cessaire a la gestions du <strong>moteur \u00e9lectrique pour v\u00e9lo<\/strong>, comme la vitesse, le niveau d&#8217;assistance de 1 a 5 , le kilom\u00e9trage partiel et totale.<\/li>\n<li>choix de batterie possible 400Wh autonomie moyenne 70km , 500Wh autonomie moyenne 90 km , 600Wh autonomie moyenne 110 Km<\/li>\n<li>Batterie coque montage sur le cadre en lieu et place du porte bidon, ou en porte bagage.<\/li>\n<\/ul>\n<p>Ce Moteur p\u00e9dalier LIFT-MTB &#8220;G\u00e9n\u00e9rique&#8221; a la qualit\u00e9 de fabrication et a la fiabilit\u00e9 reconnu de tous, est une valeur sur <strong>pour transformer son v\u00e9lo en v\u00e9lo \u00e9lectrique.<\/strong><\/p>\n<hr \/>\n<p><b>Utilisation : <\/b>moteur pour\u00a0 VTT &#8220;balade&#8221;, moteur pour v\u00e9lo de route , moteur pour VTC, moteur pour v\u00e9lo de ville.<\/p>\n","protected":false},"featured_media":49005,"comment_status":"open","ping_status":"closed","template":"","meta":[],"product_brand":[],"product_cat":[232],"product_tag":[],"class_list":{"0":"post-48916","1":"product","2":"type-product","3":"status-publish","4":"has-post-thumbnail","6":"product_cat-autres-types-motorisation","8":"first","9":"instock","10":"taxable","11":"shipping-taxable","12":"purchasable","13":"product-type-variable"},"yoast_head":"<!-- This site is optimized with the Yoast SEO plugin v26.9 - https:\/\/yoast.com\/product\/yoast-seo-wordpress\/ -->\n<title>Moteur p\u00e9dalier LIFT-MTB &quot;G\u00e9n\u00e9rique&quot; 250w - LIFT-MTB<\/title>\n<meta name=\"description\" content=\"Moteur p\u00e9dalier LIFT-MTB &quot;G\u00e9n\u00e9rique&quot; pour v\u00e9lo de ville, route, VTC, VTT. Le Moteur LIFT MTB tout publique polyvalent, et fiable.\" \/>\n<meta name=\"robots\" content=\"index, follow, max-snippet:-1, max-image-preview:large, max-video-preview:-1\" \/>\n<link rel=\"canonical\" href=\"https:\/\/www.lift-mtb.com\/en\/produit\/moteur-pedalier-generique-par-lift-mtb\/\" \/>\n<meta property=\"og:locale\" content=\"en_US\" \/>\n<meta property=\"og:type\" content=\"article\" \/>\n<meta property=\"og:title\" content=\"Moteur p\u00e9dalier LIFT-MTB &quot;G\u00e9n\u00e9rique&quot; 250w - LIFT-MTB\" \/>\n<meta property=\"og:description\" content=\"Moteur p\u00e9dalier LIFT-MTB &quot;G\u00e9n\u00e9rique&quot; pour v\u00e9lo de ville, route, VTC, VTT. Le Moteur LIFT MTB tout publique polyvalent, et fiable.\" \/>\n<meta property=\"og:url\" content=\"https:\/\/www.lift-mtb.com\/en\/produit\/moteur-pedalier-generique-par-lift-mtb\/\" \/>\n<meta property=\"og:site_name\" content=\"LIFT-MTB\" \/>\n<meta property=\"article:modified_time\" content=\"2025-07-29T13:26:52+00:00\" \/>\n<meta property=\"og:image\" content=\"https:\/\/www.lift-mtb.com\/wp-content\/uploads\/2024\/01\/moteur-electrique-velo-hyeres9-scaled.jpg\" \/>\n\t<meta property=\"og:image:width\" content=\"2560\" \/>\n\t<meta property=\"og:image:height\" content=\"1696\" \/>\n\t<meta property=\"og:image:type\" content=\"image\/jpeg\" \/>\n<meta name=\"twitter:card\" content=\"summary_large_image\" \/>\n<meta name=\"twitter:label1\" content=\"Est. reading time\" \/>\n\t<meta name=\"twitter:data1\" content=\"4 minutes\" \/>\n<script type=\"application\/ld+json\" class=\"yoast-schema-graph\">{\"@context\":\"https:\/\/schema.org\",\"@graph\":[{\"@type\":\"WebPage\",\"@id\":\"https:\/\/www.lift-mtb.com\/en\/produit\/moteur-pedalier-generique-par-lift-mtb\/\",\"url\":\"https:\/\/www.lift-mtb.com\/en\/produit\/moteur-pedalier-generique-par-lift-mtb\/\",\"name\":\"Moteur p\u00e9dalier LIFT-MTB \\\"G\u00e9n\u00e9rique\\\" 250w - LIFT-MTB\",\"isPartOf\":{\"@id\":\"https:\/\/www.lift-mtb.com\/en\/#website\"},\"primaryImageOfPage\":{\"@id\":\"https:\/\/www.lift-mtb.com\/en\/produit\/moteur-pedalier-generique-par-lift-mtb\/#primaryimage\"},\"image\":{\"@id\":\"https:\/\/www.lift-mtb.com\/en\/produit\/moteur-pedalier-generique-par-lift-mtb\/#primaryimage\"},\"thumbnailUrl\":\"https:\/\/www.lift-mtb.com\/wp-content\/uploads\/2024\/01\/moteur-electrique-velo-hyeres9-scaled.jpg\",\"datePublished\":\"2024-01-27T06:11:46+00:00\",\"dateModified\":\"2025-07-29T13:26:52+00:00\",\"description\":\"Moteur p\u00e9dalier LIFT-MTB \\\"G\u00e9n\u00e9rique\\\" pour v\u00e9lo de ville, route, VTC, VTT. Le Moteur LIFT MTB tout publique polyvalent, et fiable.\",\"breadcrumb\":{\"@id\":\"https:\/\/www.lift-mtb.com\/en\/produit\/moteur-pedalier-generique-par-lift-mtb\/#breadcrumb\"},\"inLanguage\":\"en-US\",\"potentialAction\":[{\"@type\":\"ReadAction\",\"target\":[\"https:\/\/www.lift-mtb.com\/en\/produit\/moteur-pedalier-generique-par-lift-mtb\/\"]}]},{\"@type\":\"ImageObject\",\"inLanguage\":\"en-US\",\"@id\":\"https:\/\/www.lift-mtb.com\/en\/produit\/moteur-pedalier-generique-par-lift-mtb\/#primaryimage\",\"url\":\"https:\/\/www.lift-mtb.com\/wp-content\/uploads\/2024\/01\/moteur-electrique-velo-hyeres9-scaled.jpg\",\"contentUrl\":\"https:\/\/www.lift-mtb.com\/wp-content\/uploads\/2024\/01\/moteur-electrique-velo-hyeres9-scaled.jpg\",\"width\":2560,\"height\":1696,\"caption\":\"velo electrique avec moteur amovible\"},{\"@type\":\"BreadcrumbList\",\"@id\":\"https:\/\/www.lift-mtb.com\/en\/produit\/moteur-pedalier-generique-par-lift-mtb\/#breadcrumb\",\"itemListElement\":[{\"@type\":\"ListItem\",\"position\":1,\"name\":\"Accueil\",\"item\":\"https:\/\/www.lift-mtb.com\/en\/\"},{\"@type\":\"ListItem\",\"position\":2,\"name\":\"Store\",\"item\":\"https:\/\/www.lift-mtb.com\/en\/shop\/\"},{\"@type\":\"ListItem\",\"position\":3,\"name\":\"Other types of motorization\",\"item\":\"https:\/\/www.lift-mtb.com\/en\/product-category\/autres-types-de-motorisation\/\"},{\"@type\":\"ListItem\",\"position\":4,\"name\":\"Moteur p\u00e9dalier LIFT-MTB &#8220;G\u00e9n\u00e9rique&#8221; 250w\"}]},{\"@type\":\"WebSite\",\"@id\":\"https:\/\/www.lift-mtb.com\/en\/#website\",\"url\":\"https:\/\/www.lift-mtb.com\/en\/\",\"name\":\"LIFT-MTB\",\"description\":\"Transformer son v\u00e9lo en \u00e9lectrique rapidement !\",\"publisher\":{\"@id\":\"https:\/\/www.lift-mtb.com\/en\/#organization\"},\"potentialAction\":[{\"@type\":\"SearchAction\",\"target\":{\"@type\":\"EntryPoint\",\"urlTemplate\":\"https:\/\/www.lift-mtb.com\/en\/?s={search_term_string}\"},\"query-input\":{\"@type\":\"PropertyValueSpecification\",\"valueRequired\":true,\"valueName\":\"search_term_string\"}}],\"inLanguage\":\"en-US\"},{\"@type\":\"Organization\",\"@id\":\"https:\/\/www.lift-mtb.com\/en\/#organization\",\"name\":\"LIFT-MTB\",\"url\":\"https:\/\/www.lift-mtb.com\/en\/\",\"logo\":{\"@type\":\"ImageObject\",\"inLanguage\":\"en-US\",\"@id\":\"https:\/\/www.lift-mtb.com\/en\/#\/schema\/logo\/image\/\",\"url\":\"https:\/\/www.lift-mtb.com\/wp-content\/uploads\/2022\/01\/electric-kit-for-bike-1.jpg\",\"contentUrl\":\"https:\/\/www.lift-mtb.com\/wp-content\/uploads\/2022\/01\/electric-kit-for-bike-1.jpg\",\"width\":1223,\"height\":560,\"caption\":\"LIFT-MTB\"},\"image\":{\"@id\":\"https:\/\/www.lift-mtb.com\/en\/#\/schema\/logo\/image\/\"}}]}<\/script>\n<!-- \/ Yoast SEO plugin. -->","yoast_head_json":{"title":"Moteur p\u00e9dalier LIFT-MTB \"G\u00e9n\u00e9rique\" 250w - LIFT-MTB","description":"Moteur p\u00e9dalier LIFT-MTB \"G\u00e9n\u00e9rique\" pour v\u00e9lo de ville, route, VTC, VTT. Le Moteur LIFT MTB tout publique polyvalent, et fiable.","robots":{"index":"index","follow":"follow","max-snippet":"max-snippet:-1","max-image-preview":"max-image-preview:large","max-video-preview":"max-video-preview:-1"},"canonical":"https:\/\/www.lift-mtb.com\/en\/produit\/moteur-pedalier-generique-par-lift-mtb\/","og_locale":"en_US","og_type":"article","og_title":"Moteur p\u00e9dalier LIFT-MTB \"G\u00e9n\u00e9rique\" 250w - LIFT-MTB","og_description":"Moteur p\u00e9dalier LIFT-MTB \"G\u00e9n\u00e9rique\" pour v\u00e9lo de ville, route, VTC, VTT. Le Moteur LIFT MTB tout publique polyvalent, et fiable.","og_url":"https:\/\/www.lift-mtb.com\/en\/produit\/moteur-pedalier-generique-par-lift-mtb\/","og_site_name":"LIFT-MTB","article_modified_time":"2025-07-29T13:26:52+00:00","og_image":[{"width":2560,"height":1696,"url":"https:\/\/www.lift-mtb.com\/wp-content\/uploads\/2024\/01\/moteur-electrique-velo-hyeres9-scaled.jpg","type":"image\/jpeg"}],"twitter_card":"summary_large_image","twitter_misc":{"Est. reading time":"4 minutes"},"schema":{"@context":"https:\/\/schema.org","@graph":[{"@type":"WebPage","@id":"https:\/\/www.lift-mtb.com\/en\/produit\/moteur-pedalier-generique-par-lift-mtb\/","url":"https:\/\/www.lift-mtb.com\/en\/produit\/moteur-pedalier-generique-par-lift-mtb\/","name":"Moteur p\u00e9dalier LIFT-MTB \"G\u00e9n\u00e9rique\" 250w - LIFT-MTB","isPartOf":{"@id":"https:\/\/www.lift-mtb.com\/en\/#website"},"primaryImageOfPage":{"@id":"https:\/\/www.lift-mtb.com\/en\/produit\/moteur-pedalier-generique-par-lift-mtb\/#primaryimage"},"image":{"@id":"https:\/\/www.lift-mtb.com\/en\/produit\/moteur-pedalier-generique-par-lift-mtb\/#primaryimage"},"thumbnailUrl":"https:\/\/www.lift-mtb.com\/wp-content\/uploads\/2024\/01\/moteur-electrique-velo-hyeres9-scaled.jpg","datePublished":"2024-01-27T06:11:46+00:00","dateModified":"2025-07-29T13:26:52+00:00","description":"Moteur p\u00e9dalier LIFT-MTB \"G\u00e9n\u00e9rique\" pour v\u00e9lo de ville, route, VTC, VTT. Le Moteur LIFT MTB tout publique polyvalent, et fiable.","breadcrumb":{"@id":"https:\/\/www.lift-mtb.com\/en\/produit\/moteur-pedalier-generique-par-lift-mtb\/#breadcrumb"},"inLanguage":"en-US","potentialAction":[{"@type":"ReadAction","target":["https:\/\/www.lift-mtb.com\/en\/produit\/moteur-pedalier-generique-par-lift-mtb\/"]}]},{"@type":"ImageObject","inLanguage":"en-US","@id":"https:\/\/www.lift-mtb.com\/en\/produit\/moteur-pedalier-generique-par-lift-mtb\/#primaryimage","url":"https:\/\/www.lift-mtb.com\/wp-content\/uploads\/2024\/01\/moteur-electrique-velo-hyeres9-scaled.jpg","contentUrl":"https:\/\/www.lift-mtb.com\/wp-content\/uploads\/2024\/01\/moteur-electrique-velo-hyeres9-scaled.jpg","width":2560,"height":1696,"caption":"velo electrique avec moteur amovible"},{"@type":"BreadcrumbList","@id":"https:\/\/www.lift-mtb.com\/en\/produit\/moteur-pedalier-generique-par-lift-mtb\/#breadcrumb","itemListElement":[{"@type":"ListItem","position":1,"name":"Accueil","item":"https:\/\/www.lift-mtb.com\/en\/"},{"@type":"ListItem","position":2,"name":"Store","item":"https:\/\/www.lift-mtb.com\/en\/shop\/"},{"@type":"ListItem","position":3,"name":"Other types of motorization","item":"https:\/\/www.lift-mtb.com\/en\/product-category\/autres-types-de-motorisation\/"},{"@type":"ListItem","position":4,"name":"Moteur p\u00e9dalier LIFT-MTB &#8220;G\u00e9n\u00e9rique&#8221; 250w"}]},{"@type":"WebSite","@id":"https:\/\/www.lift-mtb.com\/en\/#website","url":"https:\/\/www.lift-mtb.com\/en\/","name":"LIFT-MTB","description":"Transformer son v\u00e9lo en \u00e9lectrique rapidement !","publisher":{"@id":"https:\/\/www.lift-mtb.com\/en\/#organization"},"potentialAction":[{"@type":"SearchAction","target":{"@type":"EntryPoint","urlTemplate":"https:\/\/www.lift-mtb.com\/en\/?s={search_term_string}"},"query-input":{"@type":"PropertyValueSpecification","valueRequired":true,"valueName":"search_term_string"}}],"inLanguage":"en-US"},{"@type":"Organization","@id":"https:\/\/www.lift-mtb.com\/en\/#organization","name":"LIFT-MTB","url":"https:\/\/www.lift-mtb.com\/en\/","logo":{"@type":"ImageObject","inLanguage":"en-US","@id":"https:\/\/www.lift-mtb.com\/en\/#\/schema\/logo\/image\/","url":"https:\/\/www.lift-mtb.com\/wp-content\/uploads\/2022\/01\/electric-kit-for-bike-1.jpg","contentUrl":"https:\/\/www.lift-mtb.com\/wp-content\/uploads\/2022\/01\/electric-kit-for-bike-1.jpg","width":1223,"height":560,"caption":"LIFT-MTB"},"image":{"@id":"https:\/\/www.lift-mtb.com\/en\/#\/schema\/logo\/image\/"}}]}},"_links":{"self":[{"href":"https:\/\/www.lift-mtb.com\/en\/wp-json\/wp\/v2\/product\/48916","targetHints":{"allow":["GET"]}}],"collection":[{"href":"https:\/\/www.lift-mtb.com\/en\/wp-json\/wp\/v2\/product"}],"about":[{"href":"https:\/\/www.lift-mtb.com\/en\/wp-json\/wp\/v2\/types\/product"}],"replies":[{"embeddable":true,"href":"https:\/\/www.lift-mtb.com\/en\/wp-json\/wp\/v2\/comments?post=48916"}],"wp:featuredmedia":[{"embeddable":true,"href":"https:\/\/www.lift-mtb.com\/en\/wp-json\/wp\/v2\/media\/49005"}],"wp:attachment":[{"href":"https:\/\/www.lift-mtb.com\/en\/wp-json\/wp\/v2\/media?parent=48916"}],"wp:term":[{"taxonomy":"product_brand","embeddable":true,"href":"https:\/\/www.lift-mtb.com\/en\/wp-json\/wp\/v2\/product_brand?post=48916"},{"taxonomy":"product_cat","embeddable":true,"href":"https:\/\/www.lift-mtb.com\/en\/wp-json\/wp\/v2\/product_cat?post=48916"},{"taxonomy":"product_tag","embeddable":true,"href":"https:\/\/www.lift-mtb.com\/en\/wp-json\/wp\/v2\/product_tag?post=48916"}],"curies":[{"name":"wp","href":"https:\/\/api.w.org\/{rel}","templated":true}]}}