{"id":47581,"date":"2023-03-02T09:58:18","date_gmt":"2023-03-02T08:58:18","guid":{"rendered":"https:\/?post_type=product&#038;p=47581"},"modified":"2023-03-03T19:29:02","modified_gmt":"2023-03-03T18:29:02","slug":"opcion-pedal-pro-version","status":"publish","type":"product","link":"https:\/\/www.lift-mtb.com\/es\/produit\/opcion-pedal-pro-version\/","title":{"rendered":"OPCI\u00d3N Platos y bielas versi\u00f3n PRO"},"content":{"rendered":"<p>Opci\u00f3n de pedal PRO para convertir tu bicicleta en el\u00e9ctrica.<\/p>\n<h3><strong>Permite disponer de una pedalera de gama superior en sustituci\u00f3n de la pedalera CLASSIC al comprar un nuevo kit.<\/strong><\/h3>\n<p>Se compone de :<strong><br \/>\n<\/strong><\/p>\n<ul>\n<li>Manivela 7075 T6 <a href=\"https:\/fabrication-made-in-france-moteur-electrique-pour-velo\/\">fabricada en Francia<\/a>, anodizada dura, grabada con l\u00e1ser.<\/li>\n<li>Eje hueco mecanizado en el interior para ahorrar peso.<\/li>\n<li>La versi\u00f3n PRO ahorra 400 g en comparaci\u00f3n con los platos y bielas &#8220;Classic&#8221;.<\/li>\n<li>Ofrece una mejor recuperaci\u00f3n gracias a sus 72 puntos de compromiso por ronda.<\/li>\n<li>Relanzamiento m\u00e1s preciso gracias a la rueda libre.<\/li>\n<li>Se suministra con todos los adaptadores de di\u00e1metro de eje ( 22\/24, 24, 28,9 y 30 mm) eje hueco.<\/li>\n<li>Entregado con la estrella espec\u00edfica <a href=\"https:\/\/www.youtube.com\/@LIFTMTBTV\">LIFT MTB<\/a> PRO<\/li>\n<li>Se suministra con plato secundario de 32t o 30t y plato primario de 38 dientes.<\/li>\n<\/ul>\n<p>En resumen, si quieres un juego de bielas ligero y eficiente en tu <strong>kit de Mountain bikes (MTB) el\u00e9ctrica<\/strong>, elige la opci\u00f3n de bielas PRO para transformar tu bicicleta en el\u00e9ctrica.<\/p>\n","protected":false},"excerpt":{"rendered":"<ul>\n<li>La versi\u00f3n PRO ahorra 400 g en comparaci\u00f3n con la versi\u00f3n &#8220;Classic&#8221;.<\/li>\n<li>Se suministra con todos los adaptadores de di\u00e1metro de eje ( 22\/24, 24, 28,9 y 30 mm) eje hueco.<\/li>\n<li>Se suministra con plato de 32 \u00f3 30 y 38 dientes<\/li>\n<li>Se suministra con eje hueco, anillo de cu\u00f1a y tornillos.<\/li>\n<\/ul>\n<p>Opci\u00f3n de pedal PRO para <strong>convertir tu bicicleta en el\u00e9ctrica<\/strong>. Se trata de un juego de bielas PRO que sustituir\u00e1 al juego de bielas Classic al comprar un nuevo kit (s\u00f3lo se entregar\u00e1 1 juego de bielas PRO con el kit).<\/p>\n","protected":false},"featured_media":7912,"comment_status":"open","ping_status":"closed","template":"","meta":[],"product_brand":[],"product_cat":[838],"product_tag":[],"class_list":{"0":"post-47581","1":"product","2":"type-product","3":"status-publish","4":"has-post-thumbnail","6":"product_cat-piezas-de-recambio","8":"first","9":"instock","10":"taxable","11":"shipping-taxable","12":"purchasable","13":"product-type-simple"},"yoast_head":"<!-- This site is optimized with the Yoast SEO plugin v26.9 - https:\/\/yoast.com\/product\/yoast-seo-wordpress\/ -->\n<title>Opci\u00f3n de pedal PRO para convertir tu bicicleta en el\u00e9ctrica.<\/title>\n<meta name=\"description\" content=\"Opci\u00f3n de pedal PRO para convertir f\u00e1cilmente su bicicleta en el\u00e9ctrica. Nuestros platos y bielas 100% Made in France.\" \/>\n<meta name=\"robots\" content=\"index, follow, max-snippet:-1, max-image-preview:large, max-video-preview:-1\" \/>\n<link rel=\"canonical\" href=\"https:\/\/www.lift-mtb.com\/es\/produit\/opcion-pedal-pro-version\/\" \/>\n<meta property=\"og:locale\" content=\"es_ES\" \/>\n<meta property=\"og:type\" content=\"article\" \/>\n<meta property=\"og:title\" content=\"Opci\u00f3n de pedal PRO para convertir tu bicicleta en el\u00e9ctrica.\" \/>\n<meta property=\"og:description\" content=\"Opci\u00f3n de pedal PRO para convertir f\u00e1cilmente su bicicleta en el\u00e9ctrica. Nuestros platos y bielas 100% Made in France.\" \/>\n<meta property=\"og:url\" content=\"https:\/\/www.lift-mtb.com\/es\/produit\/opcion-pedal-pro-version\/\" \/>\n<meta property=\"og:site_name\" content=\"LIFT-MTB\" \/>\n<meta property=\"article:modified_time\" content=\"2023-03-03T18:29:02+00:00\" \/>\n<meta property=\"og:image\" content=\"https:\/\/www.lift-mtb.com\/wp-content\/uploads\/2022\/02\/pedalier-v4-pro-1.png\" \/>\n\t<meta property=\"og:image:width\" content=\"1920\" \/>\n\t<meta property=\"og:image:height\" content=\"1080\" \/>\n\t<meta property=\"og:image:type\" content=\"image\/png\" \/>\n<meta name=\"twitter:card\" content=\"summary_large_image\" \/>\n<meta name=\"twitter:label1\" content=\"Tiempo de lectura\" \/>\n\t<meta name=\"twitter:data1\" content=\"1 minuto\" \/>\n<script type=\"application\/ld+json\" class=\"yoast-schema-graph\">{\"@context\":\"https:\/\/schema.org\",\"@graph\":[{\"@type\":\"WebPage\",\"@id\":\"https:\/\/www.lift-mtb.com\/es\/produit\/opcion-pedal-pro-version\/\",\"url\":\"https:\/\/www.lift-mtb.com\/es\/produit\/opcion-pedal-pro-version\/\",\"name\":\"Opci\u00f3n de pedal PRO para convertir tu bicicleta en el\u00e9ctrica.\",\"isPartOf\":{\"@id\":\"https:\/\/www.lift-mtb.com\/es\/#website\"},\"primaryImageOfPage\":{\"@id\":\"https:\/\/www.lift-mtb.com\/es\/produit\/opcion-pedal-pro-version\/#primaryimage\"},\"image\":{\"@id\":\"https:\/\/www.lift-mtb.com\/es\/produit\/opcion-pedal-pro-version\/#primaryimage\"},\"thumbnailUrl\":\"https:\/\/www.lift-mtb.com\/wp-content\/uploads\/2022\/02\/pedalier-v4-pro-1.png\",\"datePublished\":\"2023-03-02T08:58:18+00:00\",\"dateModified\":\"2023-03-03T18:29:02+00:00\",\"description\":\"Opci\u00f3n de pedal PRO para convertir f\u00e1cilmente su bicicleta en el\u00e9ctrica. Nuestros platos y bielas 100% Made in France.\",\"breadcrumb\":{\"@id\":\"https:\/\/www.lift-mtb.com\/es\/produit\/opcion-pedal-pro-version\/#breadcrumb\"},\"inLanguage\":\"es\",\"potentialAction\":[{\"@type\":\"ReadAction\",\"target\":[\"https:\/\/www.lift-mtb.com\/es\/produit\/opcion-pedal-pro-version\/\"]}]},{\"@type\":\"ImageObject\",\"inLanguage\":\"es\",\"@id\":\"https:\/\/www.lift-mtb.com\/es\/produit\/opcion-pedal-pro-version\/#primaryimage\",\"url\":\"https:\/\/www.lift-mtb.com\/wp-content\/uploads\/2022\/02\/pedalier-v4-pro-1.png\",\"contentUrl\":\"https:\/\/www.lift-mtb.com\/wp-content\/uploads\/2022\/02\/pedalier-v4-pro-1.png\",\"width\":1920,\"height\":1080,\"caption\":\"Platos y bielas versi\u00f3n PRO\"},{\"@type\":\"BreadcrumbList\",\"@id\":\"https:\/\/www.lift-mtb.com\/es\/produit\/opcion-pedal-pro-version\/#breadcrumb\",\"itemListElement\":[{\"@type\":\"ListItem\",\"position\":1,\"name\":\"Accueil\",\"item\":\"https:\/\/www.lift-mtb.com\/es\/\"},{\"@type\":\"ListItem\",\"position\":2,\"name\":\"Tienda\",\"item\":\"https:\/\/www.lift-mtb.com\/es\/tienda\/\"},{\"@type\":\"ListItem\",\"position\":3,\"name\":\"Piezas de recambio\",\"item\":\"https:\/\/www.lift-mtb.com\/es\/categoria-de-productos\/piezas-de-recambio\/\"},{\"@type\":\"ListItem\",\"position\":4,\"name\":\"Piezas del pedal\",\"item\":\"https:\/\/www.lift-mtb.com\/es\/categoria-de-productos\/piezas-de-recambio\/piezas-del-pedal\/\"},{\"@type\":\"ListItem\",\"position\":5,\"name\":\"OPCI\u00d3N Platos y bielas versi\u00f3n PRO\"}]},{\"@type\":\"WebSite\",\"@id\":\"https:\/\/www.lift-mtb.com\/es\/#website\",\"url\":\"https:\/\/www.lift-mtb.com\/es\/\",\"name\":\"LIFT-MTB\",\"description\":\"Transformer son v\u00e9lo en \u00e9lectrique rapidement !\",\"publisher\":{\"@id\":\"https:\/\/www.lift-mtb.com\/es\/#organization\"},\"potentialAction\":[{\"@type\":\"SearchAction\",\"target\":{\"@type\":\"EntryPoint\",\"urlTemplate\":\"https:\/\/www.lift-mtb.com\/es\/?s={search_term_string}\"},\"query-input\":{\"@type\":\"PropertyValueSpecification\",\"valueRequired\":true,\"valueName\":\"search_term_string\"}}],\"inLanguage\":\"es\"},{\"@type\":\"Organization\",\"@id\":\"https:\/\/www.lift-mtb.com\/es\/#organization\",\"name\":\"LIFT-MTB\",\"url\":\"https:\/\/www.lift-mtb.com\/es\/\",\"logo\":{\"@type\":\"ImageObject\",\"inLanguage\":\"es\",\"@id\":\"https:\/\/www.lift-mtb.com\/es\/#\/schema\/logo\/image\/\",\"url\":\"https:\/\/www.lift-mtb.com\/wp-content\/uploads\/2022\/01\/electric-kit-for-bike-1.jpg\",\"contentUrl\":\"https:\/\/www.lift-mtb.com\/wp-content\/uploads\/2022\/01\/electric-kit-for-bike-1.jpg\",\"width\":1223,\"height\":560,\"caption\":\"LIFT-MTB\"},\"image\":{\"@id\":\"https:\/\/www.lift-mtb.com\/es\/#\/schema\/logo\/image\/\"}}]}<\/script>\n<!-- \/ Yoast SEO plugin. -->","yoast_head_json":{"title":"Opci\u00f3n de pedal PRO para convertir tu bicicleta en el\u00e9ctrica.","description":"Opci\u00f3n de pedal PRO para convertir f\u00e1cilmente su bicicleta en el\u00e9ctrica. Nuestros platos y bielas 100% Made in France.","robots":{"index":"index","follow":"follow","max-snippet":"max-snippet:-1","max-image-preview":"max-image-preview:large","max-video-preview":"max-video-preview:-1"},"canonical":"https:\/\/www.lift-mtb.com\/es\/produit\/opcion-pedal-pro-version\/","og_locale":"es_ES","og_type":"article","og_title":"Opci\u00f3n de pedal PRO para convertir tu bicicleta en el\u00e9ctrica.","og_description":"Opci\u00f3n de pedal PRO para convertir f\u00e1cilmente su bicicleta en el\u00e9ctrica. Nuestros platos y bielas 100% Made in France.","og_url":"https:\/\/www.lift-mtb.com\/es\/produit\/opcion-pedal-pro-version\/","og_site_name":"LIFT-MTB","article_modified_time":"2023-03-03T18:29:02+00:00","og_image":[{"width":1920,"height":1080,"url":"https:\/\/www.lift-mtb.com\/wp-content\/uploads\/2022\/02\/pedalier-v4-pro-1.png","type":"image\/png"}],"twitter_card":"summary_large_image","twitter_misc":{"Tiempo de lectura":"1 minuto"},"schema":{"@context":"https:\/\/schema.org","@graph":[{"@type":"WebPage","@id":"https:\/\/www.lift-mtb.com\/es\/produit\/opcion-pedal-pro-version\/","url":"https:\/\/www.lift-mtb.com\/es\/produit\/opcion-pedal-pro-version\/","name":"Opci\u00f3n de pedal PRO para convertir tu bicicleta en el\u00e9ctrica.","isPartOf":{"@id":"https:\/\/www.lift-mtb.com\/es\/#website"},"primaryImageOfPage":{"@id":"https:\/\/www.lift-mtb.com\/es\/produit\/opcion-pedal-pro-version\/#primaryimage"},"image":{"@id":"https:\/\/www.lift-mtb.com\/es\/produit\/opcion-pedal-pro-version\/#primaryimage"},"thumbnailUrl":"https:\/\/www.lift-mtb.com\/wp-content\/uploads\/2022\/02\/pedalier-v4-pro-1.png","datePublished":"2023-03-02T08:58:18+00:00","dateModified":"2023-03-03T18:29:02+00:00","description":"Opci\u00f3n de pedal PRO para convertir f\u00e1cilmente su bicicleta en el\u00e9ctrica. Nuestros platos y bielas 100% Made in France.","breadcrumb":{"@id":"https:\/\/www.lift-mtb.com\/es\/produit\/opcion-pedal-pro-version\/#breadcrumb"},"inLanguage":"es","potentialAction":[{"@type":"ReadAction","target":["https:\/\/www.lift-mtb.com\/es\/produit\/opcion-pedal-pro-version\/"]}]},{"@type":"ImageObject","inLanguage":"es","@id":"https:\/\/www.lift-mtb.com\/es\/produit\/opcion-pedal-pro-version\/#primaryimage","url":"https:\/\/www.lift-mtb.com\/wp-content\/uploads\/2022\/02\/pedalier-v4-pro-1.png","contentUrl":"https:\/\/www.lift-mtb.com\/wp-content\/uploads\/2022\/02\/pedalier-v4-pro-1.png","width":1920,"height":1080,"caption":"Platos y bielas versi\u00f3n PRO"},{"@type":"BreadcrumbList","@id":"https:\/\/www.lift-mtb.com\/es\/produit\/opcion-pedal-pro-version\/#breadcrumb","itemListElement":[{"@type":"ListItem","position":1,"name":"Accueil","item":"https:\/\/www.lift-mtb.com\/es\/"},{"@type":"ListItem","position":2,"name":"Tienda","item":"https:\/\/www.lift-mtb.com\/es\/tienda\/"},{"@type":"ListItem","position":3,"name":"Piezas de recambio","item":"https:\/\/www.lift-mtb.com\/es\/categoria-de-productos\/piezas-de-recambio\/"},{"@type":"ListItem","position":4,"name":"Piezas del pedal","item":"https:\/\/www.lift-mtb.com\/es\/categoria-de-productos\/piezas-de-recambio\/piezas-del-pedal\/"},{"@type":"ListItem","position":5,"name":"OPCI\u00d3N Platos y bielas versi\u00f3n PRO"}]},{"@type":"WebSite","@id":"https:\/\/www.lift-mtb.com\/es\/#website","url":"https:\/\/www.lift-mtb.com\/es\/","name":"LIFT-MTB","description":"Transformer son v\u00e9lo en \u00e9lectrique rapidement !","publisher":{"@id":"https:\/\/www.lift-mtb.com\/es\/#organization"},"potentialAction":[{"@type":"SearchAction","target":{"@type":"EntryPoint","urlTemplate":"https:\/\/www.lift-mtb.com\/es\/?s={search_term_string}"},"query-input":{"@type":"PropertyValueSpecification","valueRequired":true,"valueName":"search_term_string"}}],"inLanguage":"es"},{"@type":"Organization","@id":"https:\/\/www.lift-mtb.com\/es\/#organization","name":"LIFT-MTB","url":"https:\/\/www.lift-mtb.com\/es\/","logo":{"@type":"ImageObject","inLanguage":"es","@id":"https:\/\/www.lift-mtb.com\/es\/#\/schema\/logo\/image\/","url":"https:\/\/www.lift-mtb.com\/wp-content\/uploads\/2022\/01\/electric-kit-for-bike-1.jpg","contentUrl":"https:\/\/www.lift-mtb.com\/wp-content\/uploads\/2022\/01\/electric-kit-for-bike-1.jpg","width":1223,"height":560,"caption":"LIFT-MTB"},"image":{"@id":"https:\/\/www.lift-mtb.com\/es\/#\/schema\/logo\/image\/"}}]}},"_links":{"self":[{"href":"https:\/\/www.lift-mtb.com\/es\/wp-json\/wp\/v2\/product\/47581","targetHints":{"allow":["GET"]}}],"collection":[{"href":"https:\/\/www.lift-mtb.com\/es\/wp-json\/wp\/v2\/product"}],"about":[{"href":"https:\/\/www.lift-mtb.com\/es\/wp-json\/wp\/v2\/types\/product"}],"replies":[{"embeddable":true,"href":"https:\/\/www.lift-mtb.com\/es\/wp-json\/wp\/v2\/comments?post=47581"}],"wp:featuredmedia":[{"embeddable":true,"href":"https:\/\/www.lift-mtb.com\/es\/wp-json\/wp\/v2\/media\/7912"}],"wp:attachment":[{"href":"https:\/\/www.lift-mtb.com\/es\/wp-json\/wp\/v2\/media?parent=47581"}],"wp:term":[{"taxonomy":"product_brand","embeddable":true,"href":"https:\/\/www.lift-mtb.com\/es\/wp-json\/wp\/v2\/product_brand?post=47581"},{"taxonomy":"product_cat","embeddable":true,"href":"https:\/\/www.lift-mtb.com\/es\/wp-json\/wp\/v2\/product_cat?post=47581"},{"taxonomy":"product_tag","embeddable":true,"href":"https:\/\/www.lift-mtb.com\/es\/wp-json\/wp\/v2\/product_tag?post=47581"}],"curies":[{"name":"wp","href":"https:\/\/api.w.org\/{rel}","templated":true}]}}